{"id":1478,"date":"2025-10-24T10:08:26","date_gmt":"2025-10-24T08:08:26","guid":{"rendered":"https:\/\/lesvoltes.eu\/?post_type=cursos&#038;p=1478"},"modified":"2025-10-24T10:08:27","modified_gmt":"2025-10-24T08:08:27","slug":"les-altes-capacitats-a-laula","status":"publish","type":"cursos","link":"https:\/\/lesvoltes.eu\/es\/cursos\/les-altes-capacitats-a-laula\/","title":{"rendered":"Les Altes Capacitats a l&#8217;Aula"},"content":{"rendered":"\n<p>Atendre tot l\u2019alumnat de l\u2019aula \u00e9s un repte constant per als professionals de l&#8217;educaci\u00f3 i detectar aquella part dels nostres infants i joves que tenen altes capacitats sovint \u00e9s una tasca que queda per fer, atrapats entre aquell alumnat que no aconsegueix arribar als m\u00ednims del curs.<\/p>\n\n\n\n<p>Aquest curs ha de servir per aprendre a detectar totes les possibles altes capacitats, con\u00e8ixer el concepte d\u2019intel\u00b7lig\u00e8ncies m\u00faltiples i especialment trobar estrat\u00e8gies per a atendre aquest alumnat.<\/p>\n\n\n\n<p><\/p>\n","protected":false},"featured_media":1479,"template":"","class_list":["post-1478","cursos","type-cursos","status-publish","has-post-thumbnail","hentry"],"yoast_head":"<!-- This site is optimized with the Yoast SEO plugin v26.9 - https:\/\/yoast.com\/product\/yoast-seo-wordpress\/ -->\n<title>Les Altes Capacitats a l&#039;Aula - Fundaci\u00f3 Les Voltes<\/title>\n<meta name=\"robots\" content=\"index, follow, max-snippet:-1, max-image-preview:large, max-video-preview:-1\" \/>\n<link rel=\"canonical\" href=\"https:\/\/lesvoltes.eu\/es\/cursos\/les-altes-capacitats-a-laula\/\" \/>\n<meta property=\"og:locale\" content=\"es_ES\" \/>\n<meta property=\"og:type\" content=\"article\" \/>\n<meta property=\"og:title\" content=\"Les Altes Capacitats a l&#039;Aula - Fundaci\u00f3 Les Voltes\" \/>\n<meta property=\"og:description\" content=\"Atendre tot l\u2019alumnat de l\u2019aula \u00e9s un repte constant per als professionals de l&#8217;educaci\u00f3 i detectar aquella part dels nostres infants i joves que tenen altes capacitats sovint \u00e9s una tasca que queda per fer, atrapats entre aquell alumnat que no aconsegueix arribar als m\u00ednims del curs. Aquest curs ha de servir per aprendre a [&hellip;]\" \/>\n<meta property=\"og:url\" content=\"https:\/\/lesvoltes.eu\/es\/cursos\/les-altes-capacitats-a-laula\/\" \/>\n<meta property=\"og:site_name\" content=\"Fundaci\u00f3 Les Voltes\" \/>\n<meta property=\"article:modified_time\" content=\"2025-10-24T08:08:27+00:00\" \/>\n<meta property=\"og:image\" content=\"https:\/\/lesvoltes.eu\/wp-content\/uploads\/2025\/10\/altes-capacitats-2022-6076bda5.jpeg\" \/>\n\t<meta property=\"og:image:width\" content=\"1024\" \/>\n\t<meta property=\"og:image:height\" content=\"576\" \/>\n\t<meta property=\"og:image:type\" content=\"image\/jpeg\" \/>\n<meta name=\"twitter:card\" content=\"summary_large_image\" \/>\n<script type=\"application\/ld+json\" class=\"yoast-schema-graph\">{\"@context\":\"https:\/\/schema.org\",\"@graph\":[{\"@type\":\"WebPage\",\"@id\":\"https:\/\/lesvoltes.eu\/es\/cursos\/les-altes-capacitats-a-laula\/\",\"url\":\"https:\/\/lesvoltes.eu\/es\/cursos\/les-altes-capacitats-a-laula\/\",\"name\":\"Les Altes Capacitats a l'Aula - Fundaci\u00f3 Les Voltes\",\"isPartOf\":{\"@id\":\"https:\/\/lesvoltes.eu\/es\/#website\"},\"primaryImageOfPage\":{\"@id\":\"https:\/\/lesvoltes.eu\/es\/cursos\/les-altes-capacitats-a-laula\/#primaryimage\"},\"image\":{\"@id\":\"https:\/\/lesvoltes.eu\/es\/cursos\/les-altes-capacitats-a-laula\/#primaryimage\"},\"thumbnailUrl\":\"https:\/\/lesvoltes.eu\/wp-content\/uploads\/2025\/10\/altes-capacitats-2022-6076bda5.jpeg\",\"datePublished\":\"2025-10-24T08:08:26+00:00\",\"dateModified\":\"2025-10-24T08:08:27+00:00\",\"breadcrumb\":{\"@id\":\"https:\/\/lesvoltes.eu\/es\/cursos\/les-altes-capacitats-a-laula\/#breadcrumb\"},\"inLanguage\":\"es\",\"potentialAction\":[{\"@type\":\"ReadAction\",\"target\":[\"https:\/\/lesvoltes.eu\/es\/cursos\/les-altes-capacitats-a-laula\/\"]}]},{\"@type\":\"ImageObject\",\"inLanguage\":\"es\",\"@id\":\"https:\/\/lesvoltes.eu\/es\/cursos\/les-altes-capacitats-a-laula\/#primaryimage\",\"url\":\"https:\/\/lesvoltes.eu\/wp-content\/uploads\/2025\/10\/altes-capacitats-2022-6076bda5.jpeg\",\"contentUrl\":\"https:\/\/lesvoltes.eu\/wp-content\/uploads\/2025\/10\/altes-capacitats-2022-6076bda5.jpeg\",\"width\":1024,\"height\":576,\"caption\":\"Cames d'alumnes asseguts a terra amb llibretes i port\u00e0tils\"},{\"@type\":\"BreadcrumbList\",\"@id\":\"https:\/\/lesvoltes.eu\/es\/cursos\/les-altes-capacitats-a-laula\/#breadcrumb\",\"itemListElement\":[{\"@type\":\"ListItem\",\"position\":1,\"name\":\"Inici\",\"item\":\"https:\/\/lesvoltes.eu\/es\/inicio\/\"},{\"@type\":\"ListItem\",\"position\":2,\"name\":\"Cursos\",\"item\":\"https:\/\/lesvoltes.eu\/es\/cursos\/\"},{\"@type\":\"ListItem\",\"position\":3,\"name\":\"Les Altes Capacitats a l&#8217;Aula\"}]},{\"@type\":\"WebSite\",\"@id\":\"https:\/\/lesvoltes.eu\/es\/#website\",\"url\":\"https:\/\/lesvoltes.eu\/es\/\",\"name\":\"Fundaci\u00f3 Les Voltes\",\"description\":\"El Pa\u00eds el fa la gent, nosaltres hi posem les eines.\",\"publisher\":{\"@id\":\"https:\/\/lesvoltes.eu\/es\/#organization\"},\"potentialAction\":[{\"@type\":\"SearchAction\",\"target\":{\"@type\":\"EntryPoint\",\"urlTemplate\":\"https:\/\/lesvoltes.eu\/es\/?s={search_term_string}\"},\"query-input\":{\"@type\":\"PropertyValueSpecification\",\"valueRequired\":true,\"valueName\":\"search_term_string\"}}],\"inLanguage\":\"es\"},{\"@type\":\"Organization\",\"@id\":\"https:\/\/lesvoltes.eu\/es\/#organization\",\"name\":\"Fundaci\u00f3 Les Voltes\",\"url\":\"https:\/\/lesvoltes.eu\/es\/\",\"logo\":{\"@type\":\"ImageObject\",\"inLanguage\":\"es\",\"@id\":\"https:\/\/lesvoltes.eu\/es\/#\/schema\/logo\/image\/\",\"url\":\"https:\/\/lesvoltes.eu\/wp-content\/uploads\/2025\/07\/favicon-les-voltes-girona.png\",\"contentUrl\":\"https:\/\/lesvoltes.eu\/wp-content\/uploads\/2025\/07\/favicon-les-voltes-girona.png\",\"width\":1407,\"height\":1406,\"caption\":\"Fundaci\u00f3 Les Voltes\"},\"image\":{\"@id\":\"https:\/\/lesvoltes.eu\/es\/#\/schema\/logo\/image\/\"}}]}<\/script>\n<!-- \/ Yoast SEO plugin. -->","yoast_head_json":{"title":"Les Altes Capacitats a l'Aula - Fundaci\u00f3 Les Voltes","robots":{"index":"index","follow":"follow","max-snippet":"max-snippet:-1","max-image-preview":"max-image-preview:large","max-video-preview":"max-video-preview:-1"},"canonical":"https:\/\/lesvoltes.eu\/es\/cursos\/les-altes-capacitats-a-laula\/","og_locale":"es_ES","og_type":"article","og_title":"Les Altes Capacitats a l'Aula - Fundaci\u00f3 Les Voltes","og_description":"Atendre tot l\u2019alumnat de l\u2019aula \u00e9s un repte constant per als professionals de l&#8217;educaci\u00f3 i detectar aquella part dels nostres infants i joves que tenen altes capacitats sovint \u00e9s una tasca que queda per fer, atrapats entre aquell alumnat que no aconsegueix arribar als m\u00ednims del curs. Aquest curs ha de servir per aprendre a [&hellip;]","og_url":"https:\/\/lesvoltes.eu\/es\/cursos\/les-altes-capacitats-a-laula\/","og_site_name":"Fundaci\u00f3 Les Voltes","article_modified_time":"2025-10-24T08:08:27+00:00","og_image":[{"width":1024,"height":576,"url":"https:\/\/lesvoltes.eu\/wp-content\/uploads\/2025\/10\/altes-capacitats-2022-6076bda5.jpeg","type":"image\/jpeg"}],"twitter_card":"summary_large_image","schema":{"@context":"https:\/\/schema.org","@graph":[{"@type":"WebPage","@id":"https:\/\/lesvoltes.eu\/es\/cursos\/les-altes-capacitats-a-laula\/","url":"https:\/\/lesvoltes.eu\/es\/cursos\/les-altes-capacitats-a-laula\/","name":"Les Altes Capacitats a l'Aula - Fundaci\u00f3 Les Voltes","isPartOf":{"@id":"https:\/\/lesvoltes.eu\/es\/#website"},"primaryImageOfPage":{"@id":"https:\/\/lesvoltes.eu\/es\/cursos\/les-altes-capacitats-a-laula\/#primaryimage"},"image":{"@id":"https:\/\/lesvoltes.eu\/es\/cursos\/les-altes-capacitats-a-laula\/#primaryimage"},"thumbnailUrl":"https:\/\/lesvoltes.eu\/wp-content\/uploads\/2025\/10\/altes-capacitats-2022-6076bda5.jpeg","datePublished":"2025-10-24T08:08:26+00:00","dateModified":"2025-10-24T08:08:27+00:00","breadcrumb":{"@id":"https:\/\/lesvoltes.eu\/es\/cursos\/les-altes-capacitats-a-laula\/#breadcrumb"},"inLanguage":"es","potentialAction":[{"@type":"ReadAction","target":["https:\/\/lesvoltes.eu\/es\/cursos\/les-altes-capacitats-a-laula\/"]}]},{"@type":"ImageObject","inLanguage":"es","@id":"https:\/\/lesvoltes.eu\/es\/cursos\/les-altes-capacitats-a-laula\/#primaryimage","url":"https:\/\/lesvoltes.eu\/wp-content\/uploads\/2025\/10\/altes-capacitats-2022-6076bda5.jpeg","contentUrl":"https:\/\/lesvoltes.eu\/wp-content\/uploads\/2025\/10\/altes-capacitats-2022-6076bda5.jpeg","width":1024,"height":576,"caption":"Cames d'alumnes asseguts a terra amb llibretes i port\u00e0tils"},{"@type":"BreadcrumbList","@id":"https:\/\/lesvoltes.eu\/es\/cursos\/les-altes-capacitats-a-laula\/#breadcrumb","itemListElement":[{"@type":"ListItem","position":1,"name":"Inici","item":"https:\/\/lesvoltes.eu\/es\/inicio\/"},{"@type":"ListItem","position":2,"name":"Cursos","item":"https:\/\/lesvoltes.eu\/es\/cursos\/"},{"@type":"ListItem","position":3,"name":"Les Altes Capacitats a l&#8217;Aula"}]},{"@type":"WebSite","@id":"https:\/\/lesvoltes.eu\/es\/#website","url":"https:\/\/lesvoltes.eu\/es\/","name":"Fundaci\u00f3 Les Voltes","description":"El Pa\u00eds el fa la gent, nosaltres hi posem les eines.","publisher":{"@id":"https:\/\/lesvoltes.eu\/es\/#organization"},"potentialAction":[{"@type":"SearchAction","target":{"@type":"EntryPoint","urlTemplate":"https:\/\/lesvoltes.eu\/es\/?s={search_term_string}"},"query-input":{"@type":"PropertyValueSpecification","valueRequired":true,"valueName":"search_term_string"}}],"inLanguage":"es"},{"@type":"Organization","@id":"https:\/\/lesvoltes.eu\/es\/#organization","name":"Fundaci\u00f3 Les Voltes","url":"https:\/\/lesvoltes.eu\/es\/","logo":{"@type":"ImageObject","inLanguage":"es","@id":"https:\/\/lesvoltes.eu\/es\/#\/schema\/logo\/image\/","url":"https:\/\/lesvoltes.eu\/wp-content\/uploads\/2025\/07\/favicon-les-voltes-girona.png","contentUrl":"https:\/\/lesvoltes.eu\/wp-content\/uploads\/2025\/07\/favicon-les-voltes-girona.png","width":1407,"height":1406,"caption":"Fundaci\u00f3 Les Voltes"},"image":{"@id":"https:\/\/lesvoltes.eu\/es\/#\/schema\/logo\/image\/"}}]}},"_links":{"self":[{"href":"https:\/\/lesvoltes.eu\/es\/wp-json\/wp\/v2\/cursos\/1478","targetHints":{"allow":["GET"]}}],"collection":[{"href":"https:\/\/lesvoltes.eu\/es\/wp-json\/wp\/v2\/cursos"}],"about":[{"href":"https:\/\/lesvoltes.eu\/es\/wp-json\/wp\/v2\/types\/cursos"}],"wp:featuredmedia":[{"embeddable":true,"href":"https:\/\/lesvoltes.eu\/es\/wp-json\/wp\/v2\/media\/1479"}],"wp:attachment":[{"href":"https:\/\/lesvoltes.eu\/es\/wp-json\/wp\/v2\/media?parent=1478"}],"curies":[{"name":"wp","href":"https:\/\/api.w.org\/{rel}","templated":true}]}}