{"id":1487,"date":"2025-10-24T10:21:49","date_gmt":"2025-10-24T08:21:49","guid":{"rendered":"https:\/\/lesvoltes.eu\/?post_type=cursos&#038;p=1487"},"modified":"2025-10-24T10:21:50","modified_gmt":"2025-10-24T08:21:50","slug":"curs-de-pedagogies-actives","status":"publish","type":"cursos","link":"https:\/\/lesvoltes.eu\/es\/cursos\/curs-de-pedagogies-actives\/","title":{"rendered":"Curs de Pedagogies Actives"},"content":{"rendered":"\n<p>Principis b\u00e0sics i aplicacions pr\u00e0ctiques a l&#8217;aula 0-6<\/p>\n\n\n\n<p>Aquesta formaci\u00f3 tracta de donar una mirada pr\u00e0ctica a les anomenades pedagogies actives, Emmi Pikler, Reggio Emilia i Montessori, dins l\u2019aula 0-6. Emmarcarem aquest canvi de paradigma dins el m\u00f3n educatiu des del punt de vista de la neuroci\u00e8ncia acabant fent un petit inc\u00eds en la teoria de les intel\u00b7lig\u00e8ncies m\u00faltiples per tal d\u2019universalitzar l\u2019oportunitat d\u2019aprenentatge a l\u2019aula 0-6.<\/p>\n","protected":false},"featured_media":1488,"template":"","class_list":["post-1487","cursos","type-cursos","status-publish","has-post-thumbnail","hentry"],"yoast_head":"<!-- This site is optimized with the Yoast SEO plugin v26.9 - https:\/\/yoast.com\/product\/yoast-seo-wordpress\/ -->\n<title>Curs de Pedagogies Actives - Fundaci\u00f3 Les Voltes<\/title>\n<meta name=\"robots\" content=\"index, follow, max-snippet:-1, max-image-preview:large, max-video-preview:-1\" \/>\n<link rel=\"canonical\" href=\"https:\/\/lesvoltes.eu\/es\/cursos\/curs-de-pedagogies-actives\/\" \/>\n<meta property=\"og:locale\" content=\"es_ES\" \/>\n<meta property=\"og:type\" content=\"article\" \/>\n<meta property=\"og:title\" content=\"Curs de Pedagogies Actives - Fundaci\u00f3 Les Voltes\" \/>\n<meta property=\"og:description\" content=\"Principis b\u00e0sics i aplicacions pr\u00e0ctiques a l&#8217;aula 0-6 Aquesta formaci\u00f3 tracta de donar una mirada pr\u00e0ctica a les anomenades pedagogies actives, Emmi Pikler, Reggio Emilia i Montessori, dins l\u2019aula 0-6. Emmarcarem aquest canvi de paradigma dins el m\u00f3n educatiu des del punt de vista de la neuroci\u00e8ncia acabant fent un petit inc\u00eds en la teoria [&hellip;]\" \/>\n<meta property=\"og:url\" content=\"https:\/\/lesvoltes.eu\/es\/cursos\/curs-de-pedagogies-actives\/\" \/>\n<meta property=\"og:site_name\" content=\"Fundaci\u00f3 Les Voltes\" \/>\n<meta property=\"article:modified_time\" content=\"2025-10-24T08:21:50+00:00\" \/>\n<meta property=\"og:image\" content=\"https:\/\/lesvoltes.eu\/wp-content\/uploads\/2025\/10\/pedagogies-actives-2022-16c7c92a.jpeg\" \/>\n\t<meta property=\"og:image:width\" content=\"1024\" \/>\n\t<meta property=\"og:image:height\" content=\"576\" \/>\n\t<meta property=\"og:image:type\" content=\"image\/jpeg\" \/>\n<meta name=\"twitter:card\" content=\"summary_large_image\" \/>\n<script type=\"application\/ld+json\" class=\"yoast-schema-graph\">{\"@context\":\"https:\/\/schema.org\",\"@graph\":[{\"@type\":\"WebPage\",\"@id\":\"https:\/\/lesvoltes.eu\/es\/cursos\/curs-de-pedagogies-actives\/\",\"url\":\"https:\/\/lesvoltes.eu\/es\/cursos\/curs-de-pedagogies-actives\/\",\"name\":\"Curs de Pedagogies Actives - Fundaci\u00f3 Les Voltes\",\"isPartOf\":{\"@id\":\"https:\/\/lesvoltes.eu\/es\/#website\"},\"primaryImageOfPage\":{\"@id\":\"https:\/\/lesvoltes.eu\/es\/cursos\/curs-de-pedagogies-actives\/#primaryimage\"},\"image\":{\"@id\":\"https:\/\/lesvoltes.eu\/es\/cursos\/curs-de-pedagogies-actives\/#primaryimage\"},\"thumbnailUrl\":\"https:\/\/lesvoltes.eu\/wp-content\/uploads\/2025\/10\/pedagogies-actives-2022-16c7c92a.jpeg\",\"datePublished\":\"2025-10-24T08:21:49+00:00\",\"dateModified\":\"2025-10-24T08:21:50+00:00\",\"breadcrumb\":{\"@id\":\"https:\/\/lesvoltes.eu\/es\/cursos\/curs-de-pedagogies-actives\/#breadcrumb\"},\"inLanguage\":\"es\",\"potentialAction\":[{\"@type\":\"ReadAction\",\"target\":[\"https:\/\/lesvoltes.eu\/es\/cursos\/curs-de-pedagogies-actives\/\"]}]},{\"@type\":\"ImageObject\",\"inLanguage\":\"es\",\"@id\":\"https:\/\/lesvoltes.eu\/es\/cursos\/curs-de-pedagogies-actives\/#primaryimage\",\"url\":\"https:\/\/lesvoltes.eu\/wp-content\/uploads\/2025\/10\/pedagogies-actives-2022-16c7c92a.jpeg\",\"contentUrl\":\"https:\/\/lesvoltes.eu\/wp-content\/uploads\/2025\/10\/pedagogies-actives-2022-16c7c92a.jpeg\",\"width\":1024,\"height\":576,\"caption\":\"Noia dreta davant d'una taula\"},{\"@type\":\"BreadcrumbList\",\"@id\":\"https:\/\/lesvoltes.eu\/es\/cursos\/curs-de-pedagogies-actives\/#breadcrumb\",\"itemListElement\":[{\"@type\":\"ListItem\",\"position\":1,\"name\":\"Inici\",\"item\":\"https:\/\/lesvoltes.eu\/es\/inicio\/\"},{\"@type\":\"ListItem\",\"position\":2,\"name\":\"Cursos\",\"item\":\"https:\/\/lesvoltes.eu\/es\/cursos\/\"},{\"@type\":\"ListItem\",\"position\":3,\"name\":\"Curs de Pedagogies Actives\"}]},{\"@type\":\"WebSite\",\"@id\":\"https:\/\/lesvoltes.eu\/es\/#website\",\"url\":\"https:\/\/lesvoltes.eu\/es\/\",\"name\":\"Fundaci\u00f3 Les Voltes\",\"description\":\"El Pa\u00eds el fa la gent, nosaltres hi posem les eines.\",\"publisher\":{\"@id\":\"https:\/\/lesvoltes.eu\/es\/#organization\"},\"potentialAction\":[{\"@type\":\"SearchAction\",\"target\":{\"@type\":\"EntryPoint\",\"urlTemplate\":\"https:\/\/lesvoltes.eu\/es\/?s={search_term_string}\"},\"query-input\":{\"@type\":\"PropertyValueSpecification\",\"valueRequired\":true,\"valueName\":\"search_term_string\"}}],\"inLanguage\":\"es\"},{\"@type\":\"Organization\",\"@id\":\"https:\/\/lesvoltes.eu\/es\/#organization\",\"name\":\"Fundaci\u00f3 Les Voltes\",\"url\":\"https:\/\/lesvoltes.eu\/es\/\",\"logo\":{\"@type\":\"ImageObject\",\"inLanguage\":\"es\",\"@id\":\"https:\/\/lesvoltes.eu\/es\/#\/schema\/logo\/image\/\",\"url\":\"https:\/\/lesvoltes.eu\/wp-content\/uploads\/2025\/07\/favicon-les-voltes-girona.png\",\"contentUrl\":\"https:\/\/lesvoltes.eu\/wp-content\/uploads\/2025\/07\/favicon-les-voltes-girona.png\",\"width\":1407,\"height\":1406,\"caption\":\"Fundaci\u00f3 Les Voltes\"},\"image\":{\"@id\":\"https:\/\/lesvoltes.eu\/es\/#\/schema\/logo\/image\/\"}}]}<\/script>\n<!-- \/ Yoast SEO plugin. -->","yoast_head_json":{"title":"Curs de Pedagogies Actives - Fundaci\u00f3 Les Voltes","robots":{"index":"index","follow":"follow","max-snippet":"max-snippet:-1","max-image-preview":"max-image-preview:large","max-video-preview":"max-video-preview:-1"},"canonical":"https:\/\/lesvoltes.eu\/es\/cursos\/curs-de-pedagogies-actives\/","og_locale":"es_ES","og_type":"article","og_title":"Curs de Pedagogies Actives - Fundaci\u00f3 Les Voltes","og_description":"Principis b\u00e0sics i aplicacions pr\u00e0ctiques a l&#8217;aula 0-6 Aquesta formaci\u00f3 tracta de donar una mirada pr\u00e0ctica a les anomenades pedagogies actives, Emmi Pikler, Reggio Emilia i Montessori, dins l\u2019aula 0-6. Emmarcarem aquest canvi de paradigma dins el m\u00f3n educatiu des del punt de vista de la neuroci\u00e8ncia acabant fent un petit inc\u00eds en la teoria [&hellip;]","og_url":"https:\/\/lesvoltes.eu\/es\/cursos\/curs-de-pedagogies-actives\/","og_site_name":"Fundaci\u00f3 Les Voltes","article_modified_time":"2025-10-24T08:21:50+00:00","og_image":[{"width":1024,"height":576,"url":"https:\/\/lesvoltes.eu\/wp-content\/uploads\/2025\/10\/pedagogies-actives-2022-16c7c92a.jpeg","type":"image\/jpeg"}],"twitter_card":"summary_large_image","schema":{"@context":"https:\/\/schema.org","@graph":[{"@type":"WebPage","@id":"https:\/\/lesvoltes.eu\/es\/cursos\/curs-de-pedagogies-actives\/","url":"https:\/\/lesvoltes.eu\/es\/cursos\/curs-de-pedagogies-actives\/","name":"Curs de Pedagogies Actives - Fundaci\u00f3 Les Voltes","isPartOf":{"@id":"https:\/\/lesvoltes.eu\/es\/#website"},"primaryImageOfPage":{"@id":"https:\/\/lesvoltes.eu\/es\/cursos\/curs-de-pedagogies-actives\/#primaryimage"},"image":{"@id":"https:\/\/lesvoltes.eu\/es\/cursos\/curs-de-pedagogies-actives\/#primaryimage"},"thumbnailUrl":"https:\/\/lesvoltes.eu\/wp-content\/uploads\/2025\/10\/pedagogies-actives-2022-16c7c92a.jpeg","datePublished":"2025-10-24T08:21:49+00:00","dateModified":"2025-10-24T08:21:50+00:00","breadcrumb":{"@id":"https:\/\/lesvoltes.eu\/es\/cursos\/curs-de-pedagogies-actives\/#breadcrumb"},"inLanguage":"es","potentialAction":[{"@type":"ReadAction","target":["https:\/\/lesvoltes.eu\/es\/cursos\/curs-de-pedagogies-actives\/"]}]},{"@type":"ImageObject","inLanguage":"es","@id":"https:\/\/lesvoltes.eu\/es\/cursos\/curs-de-pedagogies-actives\/#primaryimage","url":"https:\/\/lesvoltes.eu\/wp-content\/uploads\/2025\/10\/pedagogies-actives-2022-16c7c92a.jpeg","contentUrl":"https:\/\/lesvoltes.eu\/wp-content\/uploads\/2025\/10\/pedagogies-actives-2022-16c7c92a.jpeg","width":1024,"height":576,"caption":"Noia dreta davant d'una taula"},{"@type":"BreadcrumbList","@id":"https:\/\/lesvoltes.eu\/es\/cursos\/curs-de-pedagogies-actives\/#breadcrumb","itemListElement":[{"@type":"ListItem","position":1,"name":"Inici","item":"https:\/\/lesvoltes.eu\/es\/inicio\/"},{"@type":"ListItem","position":2,"name":"Cursos","item":"https:\/\/lesvoltes.eu\/es\/cursos\/"},{"@type":"ListItem","position":3,"name":"Curs de Pedagogies Actives"}]},{"@type":"WebSite","@id":"https:\/\/lesvoltes.eu\/es\/#website","url":"https:\/\/lesvoltes.eu\/es\/","name":"Fundaci\u00f3 Les Voltes","description":"El Pa\u00eds el fa la gent, nosaltres hi posem les eines.","publisher":{"@id":"https:\/\/lesvoltes.eu\/es\/#organization"},"potentialAction":[{"@type":"SearchAction","target":{"@type":"EntryPoint","urlTemplate":"https:\/\/lesvoltes.eu\/es\/?s={search_term_string}"},"query-input":{"@type":"PropertyValueSpecification","valueRequired":true,"valueName":"search_term_string"}}],"inLanguage":"es"},{"@type":"Organization","@id":"https:\/\/lesvoltes.eu\/es\/#organization","name":"Fundaci\u00f3 Les Voltes","url":"https:\/\/lesvoltes.eu\/es\/","logo":{"@type":"ImageObject","inLanguage":"es","@id":"https:\/\/lesvoltes.eu\/es\/#\/schema\/logo\/image\/","url":"https:\/\/lesvoltes.eu\/wp-content\/uploads\/2025\/07\/favicon-les-voltes-girona.png","contentUrl":"https:\/\/lesvoltes.eu\/wp-content\/uploads\/2025\/07\/favicon-les-voltes-girona.png","width":1407,"height":1406,"caption":"Fundaci\u00f3 Les Voltes"},"image":{"@id":"https:\/\/lesvoltes.eu\/es\/#\/schema\/logo\/image\/"}}]}},"_links":{"self":[{"href":"https:\/\/lesvoltes.eu\/es\/wp-json\/wp\/v2\/cursos\/1487","targetHints":{"allow":["GET"]}}],"collection":[{"href":"https:\/\/lesvoltes.eu\/es\/wp-json\/wp\/v2\/cursos"}],"about":[{"href":"https:\/\/lesvoltes.eu\/es\/wp-json\/wp\/v2\/types\/cursos"}],"wp:featuredmedia":[{"embeddable":true,"href":"https:\/\/lesvoltes.eu\/es\/wp-json\/wp\/v2\/media\/1488"}],"wp:attachment":[{"href":"https:\/\/lesvoltes.eu\/es\/wp-json\/wp\/v2\/media?parent=1487"}],"curies":[{"name":"wp","href":"https:\/\/api.w.org\/{rel}","templated":true}]}}