{"id":1137,"date":"2025-07-24T10:24:29","date_gmt":"2025-07-24T08:24:29","guid":{"rendered":"https:\/\/lesvoltes.eu\/educa\/"},"modified":"2026-02-09T10:01:43","modified_gmt":"2026-02-09T09:01:43","slug":"educa","status":"publish","type":"page","link":"https:\/\/lesvoltes.eu\/es\/educa\/","title":{"rendered":"Educa"},"content":{"rendered":"\t\t<div data-elementor-type=\"wp-page\" data-elementor-id=\"1137\" class=\"elementor elementor-1137 elementor-422\" data-elementor-post-type=\"page\">\n\t\t\t\t<div class=\"elementor-element elementor-element-8be608f e-con-full e-flex e-con e-parent\" data-id=\"8be608f\" data-element_type=\"container\" data-settings=\"{&quot;background_background&quot;:&quot;classic&quot;}\">\n\t\t<div class=\"elementor-element elementor-element-336746f e-con-full e-flex e-con e-child\" data-id=\"336746f\" data-element_type=\"container\">\n\t\t\t\t<div class=\"elementor-element elementor-element-3793b71 animated-slow elementor-invisible elementor-widget elementor-widget-image\" data-id=\"3793b71\" data-element_type=\"widget\" data-settings=\"{&quot;_animation&quot;:&quot;fadeIn&quot;}\" data-widget_type=\"image.default\">\n\t\t\t\t\t\t\t\t\t\t\t\t\t\t\t<img fetchpriority=\"high\" decoding=\"async\" width=\"748\" height=\"292\" src=\"https:\/\/lesvoltes.eu\/wp-content\/uploads\/2025\/07\/logo-vertical-blanc-1.png\" class=\"attachment-large size-large wp-image-1069\" alt=\"Logo\" srcset=\"https:\/\/lesvoltes.eu\/wp-content\/uploads\/2025\/07\/logo-vertical-blanc-1.png 748w, https:\/\/lesvoltes.eu\/wp-content\/uploads\/2025\/07\/logo-vertical-blanc-1-300x117.png 300w\" sizes=\"(max-width: 748px) 100vw, 748px\" \/>\t\t\t\t\t\t\t\t\t\t\t\t\t\t\t<\/div>\n\t\t\t\t<div class=\"elementor-element elementor-element-9149592 animated-slow elementor-widget-divider--view-line elementor-invisible elementor-widget elementor-widget-divider\" data-id=\"9149592\" data-element_type=\"widget\" data-settings=\"{&quot;_animation&quot;:&quot;fadeInLeft&quot;,&quot;_animation_delay&quot;:200}\" data-widget_type=\"divider.default\">\n\t\t\t\t\t\t\t<div class=\"elementor-divider\">\n\t\t\t<span class=\"elementor-divider-separator\">\n\t\t\t\t\t\t<\/span>\n\t\t<\/div>\n\t\t\t\t\t\t<\/div>\n\t\t\t\t<div class=\"elementor-element elementor-element-f21046a animated-slow elementor-invisible elementor-widget elementor-widget-heading\" data-id=\"f21046a\" data-element_type=\"widget\" data-settings=\"{&quot;_animation&quot;:&quot;fadeInUp&quot;,&quot;_animation_delay&quot;:400}\" data-widget_type=\"heading.default\">\n\t\t\t\t\t<h1 class=\"elementor-heading-title elementor-size-default\">Educa.<\/h1>\t\t\t\t<\/div>\n\t\t\t\t<\/div>\n\t\t\t\t<\/div>\n\t\t<div class=\"elementor-element elementor-element-7df38d2 e-con-full e-flex e-con e-parent\" data-id=\"7df38d2\" data-element_type=\"container\">\n\t\t<div class=\"elementor-element elementor-element-3de40c8 e-con-full e-flex e-con e-child\" data-id=\"3de40c8\" data-element_type=\"container\">\n\t\t\t\t<div class=\"elementor-element elementor-element-738c046 animated-slow elementor-invisible elementor-widget elementor-widget-heading\" data-id=\"738c046\" data-element_type=\"widget\" data-settings=\"{&quot;_animation&quot;:&quot;fadeInLeft&quot;,&quot;_animation_delay&quot;:200}\" data-widget_type=\"heading.default\">\n\t\t\t\t\t<h2 class=\"elementor-heading-title elementor-size-default\">\u00bfQui\u00e9nes somos y qu\u00e9 hacemos en Les Voltes Educa?<\/h2>\t\t\t\t<\/div>\n\t\t\t\t<div class=\"elementor-element elementor-element-634a653 animated-slow elementor-widget-divider--view-line elementor-invisible elementor-widget elementor-widget-divider\" data-id=\"634a653\" data-element_type=\"widget\" data-settings=\"{&quot;_animation&quot;:&quot;fadeInLeft&quot;,&quot;_animation_delay&quot;:600}\" data-widget_type=\"divider.default\">\n\t\t\t\t\t\t\t<div class=\"elementor-divider\">\n\t\t\t<span class=\"elementor-divider-separator\">\n\t\t\t\t\t\t<\/span>\n\t\t<\/div>\n\t\t\t\t\t\t<\/div>\n\t\t\t\t<\/div>\n\t\t<div class=\"elementor-element elementor-element-a91f231 e-con-full e-flex e-con e-child\" data-id=\"a91f231\" data-element_type=\"container\">\n\t\t<div class=\"elementor-element elementor-element-7042971 e-con-full e-flex e-con e-child\" data-id=\"7042971\" data-element_type=\"container\">\n\t\t<div class=\"elementor-element elementor-element-5ff5590 e-con-full animated-slow e-flex elementor-invisible e-con e-child\" data-id=\"5ff5590\" data-element_type=\"container\" data-settings=\"{&quot;animation&quot;:&quot;fadeInUp&quot;,&quot;animation_delay&quot;:200}\">\n\t\t\t\t<div class=\"elementor-element elementor-element-bab01d2 elementor-widget elementor-widget-text-editor\" data-id=\"bab01d2\" data-element_type=\"widget\" data-widget_type=\"text-editor.default\">\n\t\t\t\t\t\t\t\t\t<p>La educaci\u00f3n es uno de los pilares fundamentales en la construcci\u00f3n de una naci\u00f3n.<\/p><p>Cualquier pa\u00eds que pretenda constituirse como tal necesita de una poblaci\u00f3n formada en conocimientos y educa en valores. Asimismo, en un contexto sociopol\u00edtico como el catal\u00e1n, en el que se pone en duda sistem\u00e1ticamente el car\u00e1cter nacional del pa\u00eds, la educaci\u00f3n cobra especial relevancia. Prueba de ello son los constantes ataques contra nuestro sistema educativo, as\u00ed como contra el modelo ling\u00fc\u00edstico de nuestra escuela, por aquellos actores sociales que pretenden borrar la realidad nacional catalana. En este contexto, para reforzar el reconocimiento nacional, es imprescindible que la poblaci\u00f3n catalana sobresalga en formaci\u00f3n acad\u00e9mica, capacidad de pensamiento abstracto, sentido cr\u00edtico y valores sociales. As\u00ed, la calidad de nuestra educaci\u00f3n va a revertir absolutamente en la calidad intelectual y social de la poblaci\u00f3n de nuestro pa\u00eds.    <\/p>\t\t\t\t\t\t\t\t<\/div>\n\t\t\t\t<\/div>\n\t\t<div class=\"elementor-element elementor-element-afac9a9 e-con-full animated-slow e-flex elementor-invisible e-con e-child\" data-id=\"afac9a9\" data-element_type=\"container\" data-settings=\"{&quot;animation&quot;:&quot;fadeInUp&quot;,&quot;animation_delay&quot;:400}\">\n\t\t\t\t<div class=\"elementor-element elementor-element-1cd5b01 elementor-widget elementor-widget-text-editor\" data-id=\"1cd5b01\" data-element_type=\"widget\" data-widget_type=\"text-editor.default\">\n\t\t\t\t\t\t\t\t\t<p>Les Voltes Educa es un espacio de encuentro y formaci\u00f3n para todo aquel que tiene inquietud e inter\u00e9s en mejorar la educaci\u00f3n de nuestro pa\u00eds. Mediante cursos, actividades, conferencias y debates, entre otros, Les Voltes Educa tiene por objetivo crear una red de conocimiento educativo. A su vez, Led Voltes Educa trabaja activamente para promover y normalizar el uso social de la lengua catalana, y para que el catal\u00e1n siga siendo vehicular y prioritario en contextos educativos.  <\/p><p>Si quieres conocer y formar parte del proyecto Les Voltes Educa, no dudes en seguirnos en nuestras redes, o hazte voluntario del grupo <strong><span style=\"color: #e61920;\">\u201cVoluntarios de Les Voltes\u201d<\/span><\/strong> .<\/p>\t\t\t\t\t\t\t\t<\/div>\n\t\t\t\t<\/div>\n\t\t\t\t<\/div>\n\t\t\t\t<\/div>\n\t\t\t\t<\/div>\n\t\t<div class=\"elementor-element elementor-element-eee2290 e-con-full e-flex e-con e-parent\" data-id=\"eee2290\" data-element_type=\"container\">\n\t\t<div class=\"elementor-element elementor-element-cc5480d e-con-full e-flex e-con e-child\" data-id=\"cc5480d\" data-element_type=\"container\">\n\t\t<a class=\"elementor-element elementor-element-41e0696 e-con-full info animated-slow e-flex elementor-invisible e-con e-child\" data-id=\"41e0696\" data-element_type=\"container\" data-settings=\"{&quot;animation&quot;:&quot;fadeInUp&quot;,&quot;animation_delay&quot;:200}\" href=\"https:\/\/lesvoltes.eu\/es\/informacion-institucional-y-organizativa\/\">\n\t\t\t\t<div class=\"elementor-element elementor-element-526c1b9 text elementor-widget elementor-widget-text-editor\" data-id=\"526c1b9\" data-element_type=\"widget\" data-widget_type=\"text-editor.default\">\n\t\t\t\t\t\t\t\t\t<p>Informaci\u00f3n Institucional<\/p>\t\t\t\t\t\t\t\t<\/div>\n\t\t\t\t<\/a>\n\t\t<a class=\"elementor-element elementor-element-783cd77 e-con-full info animated-slow e-flex elementor-invisible e-con e-child\" data-id=\"783cd77\" data-element_type=\"container\" data-settings=\"{&quot;animation&quot;:&quot;fadeInUp&quot;,&quot;animation_delay&quot;:400}\" href=\"https:\/\/lesvoltes.eu\/es\/informacion-social-economica-presupuestaria-y-patrimonial\/\">\n\t\t\t\t<div class=\"elementor-element elementor-element-3dad97e text elementor-widget elementor-widget-text-editor\" data-id=\"3dad97e\" data-element_type=\"widget\" data-widget_type=\"text-editor.default\">\n\t\t\t\t\t\t\t\t\t<p>Informaci\u00f3n Social, Econ\u00f3mica, Presupuestaria y Patrimonial<\/p>\t\t\t\t\t\t\t\t<\/div>\n\t\t\t\t<\/a>\n\t\t<a class=\"elementor-element elementor-element-164a7ec e-con-full info animated-slow e-flex elementor-invisible e-con e-child\" data-id=\"164a7ec\" data-element_type=\"container\" data-settings=\"{&quot;animation&quot;:&quot;fadeInUp&quot;,&quot;animation_delay&quot;:600}\" href=\"https:\/\/lesvoltes.eu\/es\/informacion-de-gestion-administrativa\/\">\n\t\t\t\t<div class=\"elementor-element elementor-element-8cb05da text elementor-widget elementor-widget-text-editor\" data-id=\"8cb05da\" data-element_type=\"widget\" data-widget_type=\"text-editor.default\">\n\t\t\t\t\t\t\t\t\t<p>Informaci\u00f3n de Gesti\u00f3n Administrativa<\/p>\t\t\t\t\t\t\t\t<\/div>\n\t\t\t\t<\/a>\n\t\t\t\t<\/div>\n\t\t<div class=\"elementor-element elementor-element-64b7ccc e-con-full e-flex e-con e-child\" data-id=\"64b7ccc\" data-element_type=\"container\">\n\t\t<div class=\"elementor-element elementor-element-563c986 e-con-full animated-slow e-flex elementor-invisible e-con e-child\" data-id=\"563c986\" data-element_type=\"container\" data-settings=\"{&quot;animation&quot;:&quot;fadeInUp&quot;,&quot;animation_delay&quot;:200}\">\n\t\t\t\t<\/div>\n\t\t<div class=\"elementor-element elementor-element-1c30e50 e-con-full e-flex e-con e-child\" data-id=\"1c30e50\" data-element_type=\"container\">\n\t\t\t\t<div class=\"elementor-element elementor-element-df8a9ec animated-slow elementor-invisible elementor-widget elementor-widget-heading\" data-id=\"df8a9ec\" data-element_type=\"widget\" data-settings=\"{&quot;_animation&quot;:&quot;fadeInRight&quot;,&quot;_animation_delay&quot;:400}\" data-widget_type=\"heading.default\">\n\t\t\t\t\t<h2 class=\"elementor-heading-title elementor-size-default\">Transparencia.<\/h2>\t\t\t\t<\/div>\n\t\t\t\t<\/div>\n\t\t\t\t<\/div>\n\t\t<div class=\"elementor-element elementor-element-08686b9 e-con-full e-flex e-con e-child\" data-id=\"08686b9\" data-element_type=\"container\">\n\t\t<div class=\"elementor-element elementor-element-24204b9 e-con-full e-flex e-con e-child\" data-id=\"24204b9\" data-element_type=\"container\">\n\t\t\t\t<div class=\"elementor-element elementor-element-6ecc615 animated-slow elementor-invisible elementor-widget elementor-widget-heading\" data-id=\"6ecc615\" data-element_type=\"widget\" data-settings=\"{&quot;_animation&quot;:&quot;fadeInLeft&quot;,&quot;_animation_delay&quot;:400}\" data-widget_type=\"heading.default\">\n\t\t\t\t\t<h2 class=\"elementor-heading-title elementor-size-default\">Formaciones.<\/h2>\t\t\t\t<\/div>\n\t\t\t\t<\/div>\n\t\t\t\t<\/div>\n\t\t<div class=\"elementor-element elementor-element-5930a8e e-con-full e-flex e-con e-child\" data-id=\"5930a8e\" data-element_type=\"container\">\n\t\t<a class=\"elementor-element elementor-element-52b5dd9 e-con-full info animated-slow e-flex elementor-invisible e-con e-child\" data-id=\"52b5dd9\" data-element_type=\"container\" data-settings=\"{&quot;animation&quot;:&quot;fadeInUp&quot;,&quot;animation_delay&quot;:200}\" href=\"https:\/\/lesvoltes.eu\/es\/cursos\/\">\n\t\t\t\t<div class=\"elementor-element elementor-element-63ec14d text elementor-widget elementor-widget-text-editor\" data-id=\"63ec14d\" data-element_type=\"widget\" data-widget_type=\"text-editor.default\">\n\t\t\t\t\t\t\t\t\t<p>Cursos<\/p>\t\t\t\t\t\t\t\t<\/div>\n\t\t\t\t<\/a>\n\t\t<a class=\"elementor-element elementor-element-8bf0cb7 e-con-full info animated-slow e-flex elementor-invisible e-con e-child\" data-id=\"8bf0cb7\" data-element_type=\"container\" data-settings=\"{&quot;animation&quot;:&quot;fadeInUp&quot;,&quot;animation_delay&quot;:400}\" href=\"https:\/\/lesvoltes.eu\/es\/propuestas-didacticas-para-escuelas\/\">\n\t\t\t\t<div class=\"elementor-element elementor-element-c146ee5 text elementor-widget elementor-widget-text-editor\" data-id=\"c146ee5\" data-element_type=\"widget\" data-widget_type=\"text-editor.default\">\n\t\t\t\t\t\t\t\t\t<p>Propuestas did\u00e1cticas para escuelas<\/p>\t\t\t\t\t\t\t\t<\/div>\n\t\t\t\t<\/a>\n\t\t<a class=\"elementor-element elementor-element-b7d8d1f e-con-full info animated-slow e-flex elementor-invisible e-con e-child\" data-id=\"b7d8d1f\" data-element_type=\"container\" data-settings=\"{&quot;animation&quot;:&quot;fadeInUp&quot;,&quot;animation_delay&quot;:600}\" href=\"https:\/\/lesvoltes.eu\/es\/talleres-para-familias\/\">\n\t\t\t\t<div class=\"elementor-element elementor-element-6929f83 text elementor-widget elementor-widget-text-editor\" data-id=\"6929f83\" data-element_type=\"widget\" data-widget_type=\"text-editor.default\">\n\t\t\t\t\t\t\t\t\t<p>Talleres para familias<\/p>\t\t\t\t\t\t\t\t<\/div>\n\t\t\t\t<\/a>\n\t\t\t\t<\/div>\n\t\t\t\t<\/div>\n\t\t\t\t<\/div>\n\t\t","protected":false},"excerpt":{"rendered":"<p>Educa. \u00bfQui\u00e9nes somos y qu\u00e9 hacemos en Les Voltes Educa? La educaci\u00f3n es uno de los pilares fundamentales en la construcci\u00f3n de una naci\u00f3n. Cualquier pa\u00eds que pretenda constituirse como tal necesita de una poblaci\u00f3n formada en conocimientos y educa en valores. Asimismo, en un contexto sociopol\u00edtico como el catal\u00e1n, en el que se pone [&hellip;]<\/p>\n","protected":false},"author":1,"featured_media":1086,"parent":0,"menu_order":0,"comment_status":"closed","ping_status":"closed","template":"","meta":{"footnotes":""},"class_list":["post-1137","page","type-page","status-publish","has-post-thumbnail","hentry"],"yoast_head":"<!-- This site is optimized with the Yoast SEO plugin v26.9 - https:\/\/yoast.com\/product\/yoast-seo-wordpress\/ -->\n<title>Educaci\u00f3n y formaci\u00f3n en catal\u00e1n - Fundaci\u00f3 Les Voltes<\/title>\n<meta name=\"description\" content=\"Les Voltes Educa: educaci\u00f3n y formaci\u00f3n en catal\u00e1n con cursos, conferencias y actividades para promover la lengua y la cultura.\" \/>\n<meta name=\"robots\" content=\"index, follow, max-snippet:-1, max-image-preview:large, max-video-preview:-1\" \/>\n<link rel=\"canonical\" href=\"https:\/\/lesvoltes.eu\/es\/educa\/\" \/>\n<meta property=\"og:locale\" content=\"es_ES\" \/>\n<meta property=\"og:type\" content=\"article\" \/>\n<meta property=\"og:title\" content=\"Educaci\u00f3n y formaci\u00f3n en catal\u00e1n - Fundaci\u00f3 Les Voltes\" \/>\n<meta property=\"og:description\" content=\"Les Voltes Educa: educaci\u00f3n y formaci\u00f3n en catal\u00e1n con cursos, conferencias y actividades para promover la lengua y la cultura.\" \/>\n<meta property=\"og:url\" content=\"https:\/\/lesvoltes.eu\/es\/educa\/\" \/>\n<meta property=\"og:site_name\" content=\"Fundaci\u00f3 Les Voltes\" \/>\n<meta property=\"article:modified_time\" content=\"2026-02-09T09:01:43+00:00\" \/>\n<meta property=\"og:image\" content=\"https:\/\/lesvoltes.eu\/wp-content\/uploads\/2025\/07\/favicon-les-voltes-girona.png\" \/>\n\t<meta property=\"og:image:width\" content=\"1407\" \/>\n\t<meta property=\"og:image:height\" content=\"1406\" \/>\n\t<meta property=\"og:image:type\" content=\"image\/png\" \/>\n<meta name=\"twitter:card\" content=\"summary_large_image\" \/>\n<meta name=\"twitter:label1\" content=\"Tiempo de lectura\" \/>\n\t<meta name=\"twitter:data1\" content=\"2 minutos\" \/>\n<script type=\"application\/ld+json\" class=\"yoast-schema-graph\">{\"@context\":\"https:\/\/schema.org\",\"@graph\":[{\"@type\":\"WebPage\",\"@id\":\"https:\/\/lesvoltes.eu\/es\/educa\/\",\"url\":\"https:\/\/lesvoltes.eu\/es\/educa\/\",\"name\":\"Educaci\u00f3n y formaci\u00f3n en catal\u00e1n - Fundaci\u00f3 Les Voltes\",\"isPartOf\":{\"@id\":\"https:\/\/lesvoltes.eu\/es\/#website\"},\"primaryImageOfPage\":{\"@id\":\"https:\/\/lesvoltes.eu\/es\/educa\/#primaryimage\"},\"image\":{\"@id\":\"https:\/\/lesvoltes.eu\/es\/educa\/#primaryimage\"},\"thumbnailUrl\":\"https:\/\/lesvoltes.eu\/wp-content\/uploads\/2025\/07\/favicon-les-voltes-girona.png\",\"datePublished\":\"2025-07-24T08:24:29+00:00\",\"dateModified\":\"2026-02-09T09:01:43+00:00\",\"description\":\"Les Voltes Educa: educaci\u00f3n y formaci\u00f3n en catal\u00e1n con cursos, conferencias y actividades para promover la lengua y la cultura.\",\"breadcrumb\":{\"@id\":\"https:\/\/lesvoltes.eu\/es\/educa\/#breadcrumb\"},\"inLanguage\":\"es\",\"potentialAction\":[{\"@type\":\"ReadAction\",\"target\":[\"https:\/\/lesvoltes.eu\/es\/educa\/\"]}]},{\"@type\":\"ImageObject\",\"inLanguage\":\"es\",\"@id\":\"https:\/\/lesvoltes.eu\/es\/educa\/#primaryimage\",\"url\":\"https:\/\/lesvoltes.eu\/wp-content\/uploads\/2025\/07\/favicon-les-voltes-girona.png\",\"contentUrl\":\"https:\/\/lesvoltes.eu\/wp-content\/uploads\/2025\/07\/favicon-les-voltes-girona.png\",\"width\":1407,\"height\":1406},{\"@type\":\"BreadcrumbList\",\"@id\":\"https:\/\/lesvoltes.eu\/es\/educa\/#breadcrumb\",\"itemListElement\":[{\"@type\":\"ListItem\",\"position\":1,\"name\":\"Inici\",\"item\":\"https:\/\/lesvoltes.eu\/es\/inicio\/\"},{\"@type\":\"ListItem\",\"position\":2,\"name\":\"Educa\"}]},{\"@type\":\"WebSite\",\"@id\":\"https:\/\/lesvoltes.eu\/es\/#website\",\"url\":\"https:\/\/lesvoltes.eu\/es\/\",\"name\":\"Fundaci\u00f3 Les Voltes\",\"description\":\"El Pa\u00eds el fa la gent, nosaltres hi posem les eines.\",\"publisher\":{\"@id\":\"https:\/\/lesvoltes.eu\/es\/#organization\"},\"potentialAction\":[{\"@type\":\"SearchAction\",\"target\":{\"@type\":\"EntryPoint\",\"urlTemplate\":\"https:\/\/lesvoltes.eu\/es\/?s={search_term_string}\"},\"query-input\":{\"@type\":\"PropertyValueSpecification\",\"valueRequired\":true,\"valueName\":\"search_term_string\"}}],\"inLanguage\":\"es\"},{\"@type\":\"Organization\",\"@id\":\"https:\/\/lesvoltes.eu\/es\/#organization\",\"name\":\"Fundaci\u00f3 Les Voltes\",\"url\":\"https:\/\/lesvoltes.eu\/es\/\",\"logo\":{\"@type\":\"ImageObject\",\"inLanguage\":\"es\",\"@id\":\"https:\/\/lesvoltes.eu\/es\/#\/schema\/logo\/image\/\",\"url\":\"https:\/\/lesvoltes.eu\/wp-content\/uploads\/2025\/07\/favicon-les-voltes-girona.png\",\"contentUrl\":\"https:\/\/lesvoltes.eu\/wp-content\/uploads\/2025\/07\/favicon-les-voltes-girona.png\",\"width\":1407,\"height\":1406,\"caption\":\"Fundaci\u00f3 Les Voltes\"},\"image\":{\"@id\":\"https:\/\/lesvoltes.eu\/es\/#\/schema\/logo\/image\/\"}}]}<\/script>\n<!-- \/ Yoast SEO plugin. -->","yoast_head_json":{"title":"Educaci\u00f3n y formaci\u00f3n en catal\u00e1n - Fundaci\u00f3 Les Voltes","description":"Les Voltes Educa: educaci\u00f3n y formaci\u00f3n en catal\u00e1n con cursos, conferencias y actividades para promover la lengua y la cultura.","robots":{"index":"index","follow":"follow","max-snippet":"max-snippet:-1","max-image-preview":"max-image-preview:large","max-video-preview":"max-video-preview:-1"},"canonical":"https:\/\/lesvoltes.eu\/es\/educa\/","og_locale":"es_ES","og_type":"article","og_title":"Educaci\u00f3n y formaci\u00f3n en catal\u00e1n - Fundaci\u00f3 Les Voltes","og_description":"Les Voltes Educa: educaci\u00f3n y formaci\u00f3n en catal\u00e1n con cursos, conferencias y actividades para promover la lengua y la cultura.","og_url":"https:\/\/lesvoltes.eu\/es\/educa\/","og_site_name":"Fundaci\u00f3 Les Voltes","article_modified_time":"2026-02-09T09:01:43+00:00","og_image":[{"width":1407,"height":1406,"url":"https:\/\/lesvoltes.eu\/wp-content\/uploads\/2025\/07\/favicon-les-voltes-girona.png","type":"image\/png"}],"twitter_card":"summary_large_image","twitter_misc":{"Tiempo de lectura":"2 minutos"},"schema":{"@context":"https:\/\/schema.org","@graph":[{"@type":"WebPage","@id":"https:\/\/lesvoltes.eu\/es\/educa\/","url":"https:\/\/lesvoltes.eu\/es\/educa\/","name":"Educaci\u00f3n y formaci\u00f3n en catal\u00e1n - Fundaci\u00f3 Les Voltes","isPartOf":{"@id":"https:\/\/lesvoltes.eu\/es\/#website"},"primaryImageOfPage":{"@id":"https:\/\/lesvoltes.eu\/es\/educa\/#primaryimage"},"image":{"@id":"https:\/\/lesvoltes.eu\/es\/educa\/#primaryimage"},"thumbnailUrl":"https:\/\/lesvoltes.eu\/wp-content\/uploads\/2025\/07\/favicon-les-voltes-girona.png","datePublished":"2025-07-24T08:24:29+00:00","dateModified":"2026-02-09T09:01:43+00:00","description":"Les Voltes Educa: educaci\u00f3n y formaci\u00f3n en catal\u00e1n con cursos, conferencias y actividades para promover la lengua y la cultura.","breadcrumb":{"@id":"https:\/\/lesvoltes.eu\/es\/educa\/#breadcrumb"},"inLanguage":"es","potentialAction":[{"@type":"ReadAction","target":["https:\/\/lesvoltes.eu\/es\/educa\/"]}]},{"@type":"ImageObject","inLanguage":"es","@id":"https:\/\/lesvoltes.eu\/es\/educa\/#primaryimage","url":"https:\/\/lesvoltes.eu\/wp-content\/uploads\/2025\/07\/favicon-les-voltes-girona.png","contentUrl":"https:\/\/lesvoltes.eu\/wp-content\/uploads\/2025\/07\/favicon-les-voltes-girona.png","width":1407,"height":1406},{"@type":"BreadcrumbList","@id":"https:\/\/lesvoltes.eu\/es\/educa\/#breadcrumb","itemListElement":[{"@type":"ListItem","position":1,"name":"Inici","item":"https:\/\/lesvoltes.eu\/es\/inicio\/"},{"@type":"ListItem","position":2,"name":"Educa"}]},{"@type":"WebSite","@id":"https:\/\/lesvoltes.eu\/es\/#website","url":"https:\/\/lesvoltes.eu\/es\/","name":"Fundaci\u00f3 Les Voltes","description":"El Pa\u00eds el fa la gent, nosaltres hi posem les eines.","publisher":{"@id":"https:\/\/lesvoltes.eu\/es\/#organization"},"potentialAction":[{"@type":"SearchAction","target":{"@type":"EntryPoint","urlTemplate":"https:\/\/lesvoltes.eu\/es\/?s={search_term_string}"},"query-input":{"@type":"PropertyValueSpecification","valueRequired":true,"valueName":"search_term_string"}}],"inLanguage":"es"},{"@type":"Organization","@id":"https:\/\/lesvoltes.eu\/es\/#organization","name":"Fundaci\u00f3 Les Voltes","url":"https:\/\/lesvoltes.eu\/es\/","logo":{"@type":"ImageObject","inLanguage":"es","@id":"https:\/\/lesvoltes.eu\/es\/#\/schema\/logo\/image\/","url":"https:\/\/lesvoltes.eu\/wp-content\/uploads\/2025\/07\/favicon-les-voltes-girona.png","contentUrl":"https:\/\/lesvoltes.eu\/wp-content\/uploads\/2025\/07\/favicon-les-voltes-girona.png","width":1407,"height":1406,"caption":"Fundaci\u00f3 Les Voltes"},"image":{"@id":"https:\/\/lesvoltes.eu\/es\/#\/schema\/logo\/image\/"}}]}},"_links":{"self":[{"href":"https:\/\/lesvoltes.eu\/es\/wp-json\/wp\/v2\/pages\/1137","targetHints":{"allow":["GET"]}}],"collection":[{"href":"https:\/\/lesvoltes.eu\/es\/wp-json\/wp\/v2\/pages"}],"about":[{"href":"https:\/\/lesvoltes.eu\/es\/wp-json\/wp\/v2\/types\/page"}],"author":[{"embeddable":true,"href":"https:\/\/lesvoltes.eu\/es\/wp-json\/wp\/v2\/users\/1"}],"replies":[{"embeddable":true,"href":"https:\/\/lesvoltes.eu\/es\/wp-json\/wp\/v2\/comments?post=1137"}],"version-history":[{"count":8,"href":"https:\/\/lesvoltes.eu\/es\/wp-json\/wp\/v2\/pages\/1137\/revisions"}],"predecessor-version":[{"id":1444,"href":"https:\/\/lesvoltes.eu\/es\/wp-json\/wp\/v2\/pages\/1137\/revisions\/1444"}],"wp:featuredmedia":[{"embeddable":true,"href":"https:\/\/lesvoltes.eu\/es\/wp-json\/wp\/v2\/media\/1086"}],"wp:attachment":[{"href":"https:\/\/lesvoltes.eu\/es\/wp-json\/wp\/v2\/media?parent=1137"}],"curies":[{"name":"wp","href":"https:\/\/api.w.org\/{rel}","templated":true}]}}