{"id":1139,"date":"2025-07-24T11:21:12","date_gmt":"2025-07-24T09:21:12","guid":{"rendered":"https:\/\/lesvoltes.eu\/feria-del-dibujo-y-la-pintura\/"},"modified":"2026-02-09T10:10:30","modified_gmt":"2026-02-09T09:10:30","slug":"feria-del-dibujo-y-la-pintura","status":"publish","type":"page","link":"https:\/\/lesvoltes.eu\/es\/feria-del-dibujo-y-la-pintura\/","title":{"rendered":"Feria del dibujo y la pintura"},"content":{"rendered":"\t\t<div data-elementor-type=\"wp-page\" data-elementor-id=\"1139\" class=\"elementor elementor-1139 elementor-487\" data-elementor-post-type=\"page\">\n\t\t\t\t<div class=\"elementor-element elementor-element-4500586 e-con-full e-flex e-con e-parent\" data-id=\"4500586\" data-element_type=\"container\" data-settings=\"{&quot;background_background&quot;:&quot;classic&quot;}\">\n\t\t<div class=\"elementor-element elementor-element-3c6f3a2 e-con-full e-flex e-con e-child\" data-id=\"3c6f3a2\" data-element_type=\"container\">\n\t\t\t\t<div class=\"elementor-element elementor-element-9efed7c animated-slow elementor-invisible elementor-widget elementor-widget-image\" data-id=\"9efed7c\" data-element_type=\"widget\" data-settings=\"{&quot;_animation&quot;:&quot;fadeIn&quot;}\" data-widget_type=\"image.default\">\n\t\t\t\t\t\t\t\t\t\t\t\t\t\t\t<img fetchpriority=\"high\" decoding=\"async\" width=\"748\" height=\"292\" src=\"https:\/\/lesvoltes.eu\/wp-content\/uploads\/2025\/07\/logo-vertical-blanc-1.png\" class=\"attachment-large size-large wp-image-1069\" alt=\"Logo\" srcset=\"https:\/\/lesvoltes.eu\/wp-content\/uploads\/2025\/07\/logo-vertical-blanc-1.png 748w, https:\/\/lesvoltes.eu\/wp-content\/uploads\/2025\/07\/logo-vertical-blanc-1-300x117.png 300w\" sizes=\"(max-width: 748px) 100vw, 748px\" \/>\t\t\t\t\t\t\t\t\t\t\t\t\t\t\t<\/div>\n\t\t\t\t<div class=\"elementor-element elementor-element-d5eb02e animated-slow elementor-widget-divider--view-line elementor-invisible elementor-widget elementor-widget-divider\" data-id=\"d5eb02e\" data-element_type=\"widget\" data-settings=\"{&quot;_animation&quot;:&quot;fadeInLeft&quot;,&quot;_animation_delay&quot;:200}\" data-widget_type=\"divider.default\">\n\t\t\t\t\t\t\t<div class=\"elementor-divider\">\n\t\t\t<span class=\"elementor-divider-separator\">\n\t\t\t\t\t\t<\/span>\n\t\t<\/div>\n\t\t\t\t\t\t<\/div>\n\t\t\t\t<div class=\"elementor-element elementor-element-4b4d000 animated-slow elementor-invisible elementor-widget elementor-widget-heading\" data-id=\"4b4d000\" data-element_type=\"widget\" data-settings=\"{&quot;_animation&quot;:&quot;fadeInUp&quot;,&quot;_animation_delay&quot;:400}\" data-widget_type=\"heading.default\">\n\t\t\t\t\t<h1 class=\"elementor-heading-title elementor-size-default\">Feria del dibujo y la pintura.<\/h1>\t\t\t\t<\/div>\n\t\t\t\t<\/div>\n\t\t<div class=\"elementor-element elementor-element-71a1f61 e-con-full e-flex e-con e-child\" data-id=\"71a1f61\" data-element_type=\"container\">\n\t\t\t\t<div class=\"elementor-element elementor-element-53b4aa3 elementor-align-justify elementor-widget elementor-widget-button\" data-id=\"53b4aa3\" data-element_type=\"widget\" data-widget_type=\"button.default\">\n\t\t\t\t\t\t\t\t\t\t<a class=\"elementor-button elementor-button-link elementor-size-sm\" href=\"#\">\n\t\t\t\t\t\t<span class=\"elementor-button-content-wrapper\">\n\t\t\t\t\t\t\t\t\t<span class=\"elementor-button-text\">\u00c1rea de autores<\/span>\n\t\t\t\t\t<\/span>\n\t\t\t\t\t<\/a>\n\t\t\t\t\t\t\t\t<\/div>\n\t\t\t\t<div class=\"elementor-element elementor-element-ca44746 elementor-align-justify elementor-widget elementor-widget-button\" data-id=\"ca44746\" data-element_type=\"widget\" data-widget_type=\"button.default\">\n\t\t\t\t\t\t\t\t\t\t<a class=\"elementor-button elementor-button-link elementor-size-sm\" href=\"https:\/\/firadeldibuixilapintura.cat\/2-fixes\/14-inscripcio-amb-pagament\" target=\"_blank\">\n\t\t\t\t\t\t<span class=\"elementor-button-content-wrapper\">\n\t\t\t\t\t\t\t\t\t<span class=\"elementor-button-text\">Inscripci\u00f3n 60a edici\u00f3n<\/span>\n\t\t\t\t\t<\/span>\n\t\t\t\t\t<\/a>\n\t\t\t\t\t\t\t\t<\/div>\n\t\t\t\t<\/div>\n\t\t\t\t<\/div>\n\t\t<div class=\"elementor-element elementor-element-90f54b6 e-con-full e-flex e-con e-parent\" data-id=\"90f54b6\" data-element_type=\"container\">\n\t\t<div class=\"elementor-element elementor-element-5d98d54 e-con-full e-flex e-con e-child\" data-id=\"5d98d54\" data-element_type=\"container\">\n\t\t<div class=\"elementor-element elementor-element-7b818d5 e-con-full e-flex e-con e-child\" data-id=\"7b818d5\" data-element_type=\"container\">\n\t\t\t\t<div class=\"elementor-element elementor-element-4a623ff animated-slow elementor-invisible elementor-widget elementor-widget-text-editor\" data-id=\"4a623ff\" data-element_type=\"widget\" data-settings=\"{&quot;_animation&quot;:&quot;fadeInLeft&quot;,&quot;_animation_delay&quot;:200}\" data-widget_type=\"text-editor.default\">\n\t\t\t\t\t\t\t\t\t<p>La Feria del Dibujo y la Pintura de Girona se inici\u00f3 en 1965 a iniciativa de un peque\u00f1o grupo de j\u00f3venes pintores olotenses que despu\u00e9s de la buena experiencia vivida en la Feria de San Lucas de Olot, pensaron que en Girona tambi\u00e9n pod\u00eda ser un buen lugar para aquella iniciativa.<\/p>\t\t\t\t\t\t\t\t<\/div>\n\t\t\t\t<div class=\"elementor-element elementor-element-a42896d animated-slow elementor-invisible elementor-widget elementor-widget-image\" data-id=\"a42896d\" data-element_type=\"widget\" data-settings=\"{&quot;_animation&quot;:&quot;fadeInLeft&quot;,&quot;_animation_delay&quot;:400}\" data-widget_type=\"image.default\">\n\t\t\t\t\t\t\t\t\t\t\t\t\t\t\t<img decoding=\"async\" width=\"800\" height=\"534\" src=\"https:\/\/lesvoltes.eu\/wp-content\/uploads\/2025\/07\/0165ee5d6d712345ec0a7592b98ef8930e7f2dc6-1024x683.webp\" class=\"attachment-large size-large wp-image-1092\" alt=\"Fira al carrer\" srcset=\"https:\/\/lesvoltes.eu\/wp-content\/uploads\/2025\/07\/0165ee5d6d712345ec0a7592b98ef8930e7f2dc6-1024x683.webp 1024w, https:\/\/lesvoltes.eu\/wp-content\/uploads\/2025\/07\/0165ee5d6d712345ec0a7592b98ef8930e7f2dc6-300x200.webp 300w, https:\/\/lesvoltes.eu\/wp-content\/uploads\/2025\/07\/0165ee5d6d712345ec0a7592b98ef8930e7f2dc6-768x512.webp 768w, https:\/\/lesvoltes.eu\/wp-content\/uploads\/2025\/07\/0165ee5d6d712345ec0a7592b98ef8930e7f2dc6-600x400.webp 600w, https:\/\/lesvoltes.eu\/wp-content\/uploads\/2025\/07\/0165ee5d6d712345ec0a7592b98ef8930e7f2dc6.webp 1366w\" sizes=\"(max-width: 800px) 100vw, 800px\" \/>\t\t\t\t\t\t\t\t\t\t\t\t\t\t\t<\/div>\n\t\t\t\t<\/div>\n\t\t<div class=\"elementor-element elementor-element-79cff2f e-con-full e-flex e-con e-child\" data-id=\"79cff2f\" data-element_type=\"container\">\n\t\t<div class=\"elementor-element elementor-element-b885b1e e-con-full animated-slow e-flex elementor-invisible e-con e-child\" data-id=\"b885b1e\" data-element_type=\"container\" data-settings=\"{&quot;animation&quot;:&quot;fadeInDown&quot;,&quot;animation_delay&quot;:400}\">\n\t\t\t\t<div class=\"elementor-element elementor-element-77d9e3b elementor-hidden-mobile elementor-widget elementor-widget-spacer\" data-id=\"77d9e3b\" data-element_type=\"widget\" data-widget_type=\"spacer.default\">\n\t\t\t\t\t\t\t<div class=\"elementor-spacer\">\n\t\t\t<div class=\"elementor-spacer-inner\"><\/div>\n\t\t<\/div>\n\t\t\t\t\t\t<\/div>\n\t\t\t\t<\/div>\n\t\t\t\t<\/div>\n\t\t\t\t<\/div>\n\t\t<div class=\"elementor-element elementor-element-0bad798 e-con-full e-flex e-con e-child\" data-id=\"0bad798\" data-element_type=\"container\">\n\t\t<div class=\"elementor-element elementor-element-c99f5a7 e-con-full e-flex e-con e-child\" data-id=\"c99f5a7\" data-element_type=\"container\">\n\t\t<div class=\"elementor-element elementor-element-8826a8c e-con-full e-flex e-con e-child\" data-id=\"8826a8c\" data-element_type=\"container\">\n\t\t\t\t<div class=\"elementor-element elementor-element-69e9f97 animated-slow elementor-invisible elementor-widget elementor-widget-heading\" data-id=\"69e9f97\" data-element_type=\"widget\" data-settings=\"{&quot;_animation&quot;:&quot;fadeInRight&quot;,&quot;_animation_delay&quot;:400}\" data-widget_type=\"heading.default\">\n\t\t\t\t\t<h2 class=\"elementor-heading-title elementor-size-default\">Conoce la feria.<\/h2>\t\t\t\t<\/div>\n\t\t\t\t<\/div>\n\t\t\t\t<\/div>\n\t\t<div class=\"elementor-element elementor-element-70afbd4 e-con-full e-flex e-con e-child\" data-id=\"70afbd4\" data-element_type=\"container\">\n\t\t<div class=\"elementor-element elementor-element-b9fa4b8 e-con-full e-flex e-con e-child\" data-id=\"b9fa4b8\" data-element_type=\"container\">\n\t\t\t\t<div class=\"elementor-element elementor-element-f361db8 animated-slow elementor-invisible elementor-widget elementor-widget-text-editor\" data-id=\"f361db8\" data-element_type=\"widget\" data-settings=\"{&quot;_animation&quot;:&quot;fadeInUp&quot;,&quot;_animation_delay&quot;:200}\" data-widget_type=\"text-editor.default\">\n\t\t\t\t\t\t\t\t\t<p>El ayuntamiento de Girona de la \u00e9poca se les quit\u00f3 de encima dici\u00e9ndoles que fueran a hablar con la librer\u00eda de al lado a ver si ellos quer\u00edan ayudar.<\/p><p>Fue as\u00ed que la librer\u00eda Les Voltes se hizo suya aquella idea y ese mismo a\u00f1o se organiz\u00f3 la primera edici\u00f3n de la Feria del Dibujo y la Pintura de Girona el d\u00eda de Todos los Santos. Desde entonces se ha celebrado a\u00f1o tras a\u00f1o sin interrupci\u00f3n alguna, logrando en pocos a\u00f1os ser la feria m\u00e1s importante de Catalu\u00f1a de su g\u00e9nero. <\/p><p>La Feria del Dibujo y la Pintura se celebra desde sus inicios el d\u00eda de Todos los Santos (1 de noviembre) en la plaza del Vino, Subida del Puente de Piedra, Rambla Verdaguer, Rambla Libertad y Plaza de Catalu\u00f1a de Girona, y es de las m\u00e1s antiguas que se celebran en nuestro pa\u00eds, con m\u00e1s de 50 a\u00f1os de historia de ininterrumpida.<\/p>\t\t\t\t\t\t\t\t<\/div>\n\t\t\t\t<\/div>\n\t\t<div class=\"elementor-element elementor-element-d023a1b e-con-full e-flex e-con e-child\" data-id=\"d023a1b\" data-element_type=\"container\">\n\t\t\t\t<div class=\"elementor-element elementor-element-2270571 elementor-align-justify animated-slow elementor-invisible elementor-widget elementor-widget-button\" data-id=\"2270571\" data-element_type=\"widget\" data-settings=\"{&quot;_animation&quot;:&quot;fadeInUp&quot;,&quot;_animation_delay&quot;:400}\" data-widget_type=\"button.default\">\n\t\t\t\t\t\t\t\t\t\t<a class=\"elementor-button elementor-button-link elementor-size-sm\" href=\"https:\/\/lesvoltes.eu\/es\/la-fundacion\/\">\n\t\t\t\t\t\t<span class=\"elementor-button-content-wrapper\">\n\t\t\t\t\t\t<span class=\"elementor-button-icon\">\n\t\t\t\t<svg aria-hidden=\"true\" class=\"e-font-icon-svg e-fas-arrow-right\" viewBox=\"0 0 448 512\" xmlns=\"http:\/\/www.w3.org\/2000\/svg\"><path d=\"M190.5 66.9l22.2-22.2c9.4-9.4 24.6-9.4 33.9 0L441 239c9.4 9.4 9.4 24.6 0 33.9L246.6 467.3c-9.4 9.4-24.6 9.4-33.9 0l-22.2-22.2c-9.5-9.5-9.3-25 .4-34.3L311.4 296H24c-13.3 0-24-10.7-24-24v-32c0-13.3 10.7-24 24-24h287.4L190.9 101.2c-9.8-9.3-10-24.8-.4-34.3z\"><\/path><\/svg>\t\t\t<\/span>\n\t\t\t\t\t\t\t\t\t<span class=\"elementor-button-text\">Inscr\u00edbete a la nueva edici\u00f3n<\/span>\n\t\t\t\t\t<\/span>\n\t\t\t\t\t<\/a>\n\t\t\t\t\t\t\t\t<\/div>\n\t\t\t\t<\/div>\n\t\t\t\t<\/div>\n\t\t\t\t<\/div>\n\t\t\t\t<\/div>\n\t\t<div class=\"elementor-element elementor-element-163dc8b e-con-full e-flex e-con e-parent\" data-id=\"163dc8b\" data-element_type=\"container\">\n\t\t<div class=\"elementor-element elementor-element-0b792ba e-con-full animated-slow e-flex elementor-invisible e-con e-child\" data-id=\"0b792ba\" data-element_type=\"container\" data-settings=\"{&quot;animation&quot;:&quot;fadeInLeft&quot;,&quot;animation_delay&quot;:200}\">\n\t\t\t\t<div class=\"elementor-element elementor-element-071aec1 elementor-widget-divider--view-line elementor-widget elementor-widget-divider\" data-id=\"071aec1\" data-element_type=\"widget\" data-widget_type=\"divider.default\">\n\t\t\t\t\t\t\t<div class=\"elementor-divider\">\n\t\t\t<span class=\"elementor-divider-separator\">\n\t\t\t\t\t\t<\/span>\n\t\t<\/div>\n\t\t\t\t\t\t<\/div>\n\t\t\t\t<\/div>\n\t\t<div class=\"elementor-element elementor-element-773f130 e-con-full e-flex e-con e-child\" data-id=\"773f130\" data-element_type=\"container\">\n\t\t<div class=\"elementor-element elementor-element-bf6a487 e-con-full e-flex e-con e-child\" data-id=\"bf6a487\" data-element_type=\"container\">\n\t\t\t\t<div class=\"elementor-element elementor-element-d11738b elementor-widget elementor-widget-counter\" data-id=\"d11738b\" data-element_type=\"widget\" data-widget_type=\"counter.default\">\n\t\t\t\t\t\t\t<div class=\"elementor-counter\">\n\t\t\t<div class=\"elementor-counter-title\">A\u00f1os organizando la feria<\/div>\t\t\t<div class=\"elementor-counter-number-wrapper\">\n\t\t\t\t<span class=\"elementor-counter-number-prefix\"><\/span>\n\t\t\t\t<span class=\"elementor-counter-number\" data-duration=\"2000\" data-to-value=\"60\" data-from-value=\"0\" data-delimiter=\",\">0<\/span>\n\t\t\t\t<span class=\"elementor-counter-number-suffix\"><\/span>\n\t\t\t<\/div>\n\t\t<\/div>\n\t\t\t\t\t\t<\/div>\n\t\t\t\t<\/div>\n\t\t<div class=\"elementor-element elementor-element-dbdce1d e-con-full e-flex e-con e-child\" data-id=\"dbdce1d\" data-element_type=\"container\">\n\t\t\t\t<div class=\"elementor-element elementor-element-f204ced elementor-widget elementor-widget-counter\" data-id=\"f204ced\" data-element_type=\"widget\" data-widget_type=\"counter.default\">\n\t\t\t\t\t\t\t<div class=\"elementor-counter\">\n\t\t\t<div class=\"elementor-counter-title\">Obras expuestas<\/div>\t\t\t<div class=\"elementor-counter-number-wrapper\">\n\t\t\t\t<span class=\"elementor-counter-number-prefix\">+<\/span>\n\t\t\t\t<span class=\"elementor-counter-number\" data-duration=\"2000\" data-to-value=\"260000\" data-from-value=\"0\" data-delimiter=\".\">0<\/span>\n\t\t\t\t<span class=\"elementor-counter-number-suffix\"><\/span>\n\t\t\t<\/div>\n\t\t<\/div>\n\t\t\t\t\t\t<\/div>\n\t\t\t\t<\/div>\n\t\t<div class=\"elementor-element elementor-element-0ddeca9 e-con-full e-flex e-con e-child\" data-id=\"0ddeca9\" data-element_type=\"container\">\n\t\t\t\t<div class=\"elementor-element elementor-element-09eff56 elementor-widget elementor-widget-counter\" data-id=\"09eff56\" data-element_type=\"widget\" data-widget_type=\"counter.default\">\n\t\t\t\t\t\t\t<div class=\"elementor-counter\">\n\t\t\t<div class=\"elementor-counter-title\">Visitantes \/ edici\u00f3n<\/div>\t\t\t<div class=\"elementor-counter-number-wrapper\">\n\t\t\t\t<span class=\"elementor-counter-number-prefix\">+<\/span>\n\t\t\t\t<span class=\"elementor-counter-number\" data-duration=\"2000\" data-to-value=\"12000\" data-from-value=\"0\" data-delimiter=\".\">0<\/span>\n\t\t\t\t<span class=\"elementor-counter-number-suffix\"><\/span>\n\t\t\t<\/div>\n\t\t<\/div>\n\t\t\t\t\t\t<\/div>\n\t\t\t\t<\/div>\n\t\t\t\t<\/div>\n\t\t<div class=\"elementor-element elementor-element-f673153 e-con-full animated-slow e-flex elementor-invisible e-con e-child\" data-id=\"f673153\" data-element_type=\"container\" data-settings=\"{&quot;animation&quot;:&quot;fadeInRight&quot;,&quot;animation_delay&quot;:200}\">\n\t\t\t\t<div class=\"elementor-element elementor-element-f3a0455 elementor-widget-divider--view-line elementor-widget elementor-widget-divider\" data-id=\"f3a0455\" data-element_type=\"widget\" data-widget_type=\"divider.default\">\n\t\t\t\t\t\t\t<div class=\"elementor-divider\">\n\t\t\t<span class=\"elementor-divider-separator\">\n\t\t\t\t\t\t<\/span>\n\t\t<\/div>\n\t\t\t\t\t\t<\/div>\n\t\t\t\t<\/div>\n\t\t\t\t<\/div>\n\t\t<div class=\"elementor-element elementor-element-33db3a8 e-con-full e-flex e-con e-parent\" data-id=\"33db3a8\" data-element_type=\"container\" data-settings=\"{&quot;background_background&quot;:&quot;classic&quot;}\">\n\t\t<div class=\"elementor-element elementor-element-7033eca e-flex e-con-boxed e-con e-child\" data-id=\"7033eca\" data-element_type=\"container\">\n\t\t\t\t\t<div class=\"e-con-inner\">\n\t\t<div class=\"elementor-element elementor-element-6a445af e-con-full e-flex e-con e-child\" data-id=\"6a445af\" data-element_type=\"container\">\n\t\t<div class=\"elementor-element elementor-element-489f5f0 e-con-full e-flex e-con e-child\" data-id=\"489f5f0\" data-element_type=\"container\">\n\t\t\t\t<div class=\"elementor-element elementor-element-bfaabc4 animated-slow elementor-invisible elementor-widget elementor-widget-heading\" data-id=\"bfaabc4\" data-element_type=\"widget\" data-settings=\"{&quot;_animation&quot;:&quot;fadeInLeft&quot;,&quot;_animation_delay&quot;:400}\" data-widget_type=\"heading.default\">\n\t\t\t\t\t<h2 class=\"elementor-heading-title elementor-size-default\">Las revistas descargables.<\/h2>\t\t\t\t<\/div>\n\t\t\t\t<\/div>\n\t\t\t\t<\/div>\n\t\t<div class=\"elementor-element elementor-element-6dfac72 e-con-full animated-slow e-flex elementor-invisible e-con e-child\" data-id=\"6dfac72\" data-element_type=\"container\" data-settings=\"{&quot;animation&quot;:&quot;fadeInRight&quot;,&quot;animation_delay&quot;:200}\">\n\t\t\t\t<div class=\"elementor-element elementor-element-4c8f590 e-transform e-transform elementor-widget elementor-widget-image\" data-id=\"4c8f590\" data-element_type=\"widget\" data-settings=\"{&quot;motion_fx_motion_fx_scrolling&quot;:&quot;yes&quot;,&quot;motion_fx_translateY_effect&quot;:&quot;yes&quot;,&quot;motion_fx_translateY_direction&quot;:&quot;negative&quot;,&quot;motion_fx_translateY_speed&quot;:{&quot;unit&quot;:&quot;px&quot;,&quot;size&quot;:2,&quot;sizes&quot;:[]},&quot;motion_fx_translateY_affectedRange&quot;:{&quot;unit&quot;:&quot;%&quot;,&quot;size&quot;:&quot;&quot;,&quot;sizes&quot;:{&quot;start&quot;:25,&quot;end&quot;:100}},&quot;motion_fx_rotateZ_effect&quot;:&quot;yes&quot;,&quot;motion_fx_rotateZ_speed&quot;:{&quot;unit&quot;:&quot;px&quot;,&quot;size&quot;:0.3,&quot;sizes&quot;:[]},&quot;_transform_translateX_effect&quot;:{&quot;unit&quot;:&quot;px&quot;,&quot;size&quot;:-136,&quot;sizes&quot;:[]},&quot;_transform_scale_effect&quot;:{&quot;unit&quot;:&quot;px&quot;,&quot;size&quot;:0.5,&quot;sizes&quot;:[]},&quot;_transform_translateY_effect&quot;:{&quot;unit&quot;:&quot;px&quot;,&quot;size&quot;:-68,&quot;sizes&quot;:[]},&quot;_transform_translateX_effect_mobile&quot;:{&quot;unit&quot;:&quot;px&quot;,&quot;size&quot;:-26,&quot;sizes&quot;:[]},&quot;_transform_translateY_effect_mobile&quot;:{&quot;unit&quot;:&quot;px&quot;,&quot;size&quot;:0,&quot;sizes&quot;:[]},&quot;motion_fx_rotateZ_affectedRange&quot;:{&quot;unit&quot;:&quot;%&quot;,&quot;size&quot;:&quot;&quot;,&quot;sizes&quot;:{&quot;start&quot;:0,&quot;end&quot;:100}},&quot;motion_fx_devices&quot;:[&quot;desktop&quot;,&quot;tablet&quot;,&quot;mobile&quot;],&quot;_transform_translateX_effect_tablet&quot;:{&quot;unit&quot;:&quot;px&quot;,&quot;size&quot;:&quot;&quot;,&quot;sizes&quot;:[]},&quot;_transform_translateY_effect_tablet&quot;:{&quot;unit&quot;:&quot;px&quot;,&quot;size&quot;:&quot;&quot;,&quot;sizes&quot;:[]},&quot;_transform_scale_effect_tablet&quot;:{&quot;unit&quot;:&quot;px&quot;,&quot;size&quot;:&quot;&quot;,&quot;sizes&quot;:[]},&quot;_transform_scale_effect_mobile&quot;:{&quot;unit&quot;:&quot;px&quot;,&quot;size&quot;:&quot;&quot;,&quot;sizes&quot;:[]}}\" data-widget_type=\"image.default\">\n\t\t\t\t\t\t\t\t\t\t\t\t\t\t\t<img decoding=\"async\" width=\"800\" height=\"415\" src=\"https:\/\/lesvoltes.eu\/wp-content\/uploads\/2025\/07\/logoVermell-1024x531.png\" class=\"attachment-large size-large wp-image-1077\" alt=\"Logotip\" srcset=\"https:\/\/lesvoltes.eu\/wp-content\/uploads\/2025\/07\/logoVermell-1024x531.png 1024w, https:\/\/lesvoltes.eu\/wp-content\/uploads\/2025\/07\/logoVermell-300x156.png 300w, https:\/\/lesvoltes.eu\/wp-content\/uploads\/2025\/07\/logoVermell-768x398.png 768w, https:\/\/lesvoltes.eu\/wp-content\/uploads\/2025\/07\/logoVermell.png 1215w\" sizes=\"(max-width: 800px) 100vw, 800px\" \/>\t\t\t\t\t\t\t\t\t\t\t\t\t\t\t<\/div>\n\t\t\t\t<div class=\"elementor-element elementor-element-ce6a04e elementor-widget-divider--view-line elementor-widget elementor-widget-divider\" data-id=\"ce6a04e\" data-element_type=\"widget\" data-widget_type=\"divider.default\">\n\t\t\t\t\t\t\t<div class=\"elementor-divider\">\n\t\t\t<span class=\"elementor-divider-separator\">\n\t\t\t\t\t\t<\/span>\n\t\t<\/div>\n\t\t\t\t\t\t<\/div>\n\t\t\t\t<\/div>\n\t\t\t\t\t<\/div>\n\t\t\t\t<\/div>\n\t\t<div class=\"elementor-element elementor-element-5a25e7c e-flex e-con-boxed e-con e-child\" data-id=\"5a25e7c\" data-element_type=\"container\">\n\t\t\t\t\t<div class=\"e-con-inner\">\n\t\t<div class=\"elementor-element elementor-element-d99dbcb e-con-full e-flex e-con e-child\" data-id=\"d99dbcb\" data-element_type=\"container\">\n\t\t<div class=\"elementor-element elementor-element-c61a602 e-con-full e-flex e-con e-child\" data-id=\"c61a602\" data-element_type=\"container\">\n\t\t\t\t<div class=\"elementor-element elementor-element-3d07778 animated-slow elementor-invisible elementor-widget elementor-widget-heading\" data-id=\"3d07778\" data-element_type=\"widget\" data-settings=\"{&quot;_animation&quot;:&quot;fadeInLeft&quot;,&quot;_animation_delay&quot;:400}\" data-widget_type=\"heading.default\">\n\t\t\t\t\t<p class=\"elementor-heading-title elementor-size-default\">60<\/p>\t\t\t\t<\/div>\n\t\t\t\t<\/div>\n\t\t\t\t<div class=\"elementor-element elementor-element-5930468 elementor-widget elementor-widget-heading\" data-id=\"5930468\" data-element_type=\"widget\" data-widget_type=\"heading.default\">\n\t\t\t\t\t<h3 class=\"elementor-heading-title elementor-size-default\">Edici\u00f3n de este a\u00f1o<\/h3>\t\t\t\t<\/div>\n\t\t\t\t<\/div>\n\t\t<div class=\"elementor-element elementor-element-1816aa2 e-con-full e-flex e-con e-child\" data-id=\"1816aa2\" data-element_type=\"container\">\n\t\t\t\t<div class=\"elementor-element elementor-element-4bc163a elementor-widget elementor-widget-button\" data-id=\"4bc163a\" data-element_type=\"widget\" data-widget_type=\"button.default\">\n\t\t\t\t\t\t\t\t\t\t<a class=\"elementor-button elementor-button-link elementor-size-sm\" href=\"#\">\n\t\t\t\t\t\t<span class=\"elementor-button-content-wrapper\">\n\t\t\t\t\t\t\t\t\t<span class=\"elementor-button-text\">L\u00e9ela<\/span>\n\t\t\t\t\t<\/span>\n\t\t\t\t\t<\/a>\n\t\t\t\t\t\t\t\t<\/div>\n\t\t\t\t<div class=\"elementor-element elementor-element-c48be93 elementor-widget elementor-widget-button\" data-id=\"c48be93\" data-element_type=\"widget\" data-widget_type=\"button.default\">\n\t\t\t\t\t\t\t\t\t\t<a class=\"elementor-button elementor-button-link elementor-size-sm\" href=\"#\">\n\t\t\t\t\t\t<span class=\"elementor-button-content-wrapper\">\n\t\t\t\t\t\t\t\t\t<span class=\"elementor-button-text\">Desc\u00e1rgala<\/span>\n\t\t\t\t\t<\/span>\n\t\t\t\t\t<\/a>\n\t\t\t\t\t\t\t\t<\/div>\n\t\t\t\t<\/div>\n\t\t\t\t\t<\/div>\n\t\t\t\t<\/div>\n\t\t<div class=\"elementor-element elementor-element-37fc347 e-flex e-con-boxed e-con e-child\" data-id=\"37fc347\" data-element_type=\"container\">\n\t\t\t\t\t<div class=\"e-con-inner\">\n\t\t<div class=\"elementor-element elementor-element-6f80a72 e-con-full e-flex e-con e-child\" data-id=\"6f80a72\" data-element_type=\"container\">\n\t\t<div class=\"elementor-element elementor-element-c52ecd3 e-con-full e-flex e-con e-child\" data-id=\"c52ecd3\" data-element_type=\"container\">\n\t\t\t\t<div class=\"elementor-element elementor-element-2c527b4 animated-slow elementor-invisible elementor-widget elementor-widget-heading\" data-id=\"2c527b4\" data-element_type=\"widget\" data-settings=\"{&quot;_animation&quot;:&quot;fadeInLeft&quot;,&quot;_animation_delay&quot;:400}\" data-widget_type=\"heading.default\">\n\t\t\t\t\t<p class=\"elementor-heading-title elementor-size-default\"><a href=\"https:\/\/firadeldibuixilapintura.cat\/#FLIPBOOK-mpdf_0\/1\/\" target=\"_blank\">59<\/a><\/p>\t\t\t\t<\/div>\n\t\t\t\t<div class=\"elementor-element elementor-element-b1f1ff9 animated-slow elementor-invisible elementor-widget elementor-widget-heading\" data-id=\"b1f1ff9\" data-element_type=\"widget\" data-settings=\"{&quot;_animation&quot;:&quot;fadeInLeft&quot;,&quot;_animation_delay&quot;:400}\" data-widget_type=\"heading.default\">\n\t\t\t\t\t<p class=\"elementor-heading-title elementor-size-default\"><a href=\"https:\/\/firadeldibuixilapintura.cat\/#FLIPBOOK-mpdf_1\/1\/\" target=\"_blank\">58<\/a><\/p>\t\t\t\t<\/div>\n\t\t\t\t<\/div>\n\t\t\t\t<div class=\"elementor-element elementor-element-59d7df7 elementor-widget elementor-widget-heading\" data-id=\"59d7df7\" data-element_type=\"widget\" data-widget_type=\"heading.default\">\n\t\t\t\t\t<h3 class=\"elementor-heading-title elementor-size-default\">Ediciones anteriores<\/h3>\t\t\t\t<\/div>\n\t\t\t\t<\/div>\n\t\t<div class=\"elementor-element elementor-element-da3d5d5 e-con-full e-flex e-con e-child\" data-id=\"da3d5d5\" data-element_type=\"container\">\n\t\t\t\t<div class=\"elementor-element elementor-element-ed4f62d elementor-widget elementor-widget-button\" data-id=\"ed4f62d\" data-element_type=\"widget\" data-widget_type=\"button.default\">\n\t\t\t\t\t\t\t\t\t\t<a class=\"elementor-button elementor-button-link elementor-size-sm\" href=\"https:\/\/firadeldibuixilapintura.cat\/revistes\" target=\"_blank\">\n\t\t\t\t\t\t<span class=\"elementor-button-content-wrapper\">\n\t\t\t\t\t\t\t\t\t<span class=\"elementor-button-text\">+ Ver m\u00e1s<\/span>\n\t\t\t\t\t<\/span>\n\t\t\t\t\t<\/a>\n\t\t\t\t\t\t\t\t<\/div>\n\t\t\t\t<\/div>\n\t\t\t\t\t<\/div>\n\t\t\t\t<\/div>\n\t\t\t\t<\/div>\n\t\t<div class=\"elementor-element elementor-element-ab97e2b e-con-full e-flex e-con e-parent\" data-id=\"ab97e2b\" data-element_type=\"container\" data-settings=\"{&quot;background_background&quot;:&quot;classic&quot;,&quot;background_motion_fx_motion_fx_scrolling&quot;:&quot;yes&quot;,&quot;background_motion_fx_translateY_effect&quot;:&quot;yes&quot;,&quot;background_motion_fx_translateY_speed&quot;:{&quot;unit&quot;:&quot;px&quot;,&quot;size&quot;:4,&quot;sizes&quot;:[]},&quot;background_motion_fx_translateY_affectedRange&quot;:{&quot;unit&quot;:&quot;%&quot;,&quot;size&quot;:&quot;&quot;,&quot;sizes&quot;:{&quot;start&quot;:0,&quot;end&quot;:100}},&quot;background_motion_fx_devices&quot;:[&quot;desktop&quot;,&quot;tablet&quot;,&quot;mobile&quot;]}\">\n\t\t<div class=\"elementor-element elementor-element-1ac4c80 e-con-full e-flex e-con e-child\" data-id=\"1ac4c80\" data-element_type=\"container\">\n\t\t\t\t<div class=\"elementor-element elementor-element-dc7ee2c elementor-widget elementor-widget-button\" data-id=\"dc7ee2c\" data-element_type=\"widget\" data-widget_type=\"button.default\">\n\t\t\t\t\t\t\t\t\t\t<a class=\"elementor-button elementor-button-link elementor-size-sm\" href=\"https:\/\/firadeldibuixilapintura.cat\/2-fixes\/14-inscripcio-amb-pagament\" target=\"_blank\">\n\t\t\t\t\t\t<span class=\"elementor-button-content-wrapper\">\n\t\t\t\t\t\t\t\t\t<span class=\"elementor-button-text\">Inscripci\u00f3n<\/span>\n\t\t\t\t\t<\/span>\n\t\t\t\t\t<\/a>\n\t\t\t\t\t\t\t\t<\/div>\n\t\t\t\t<\/div>\n\t\t<div class=\"elementor-element elementor-element-7a85579 e-con-full e-flex e-con e-child\" data-id=\"7a85579\" data-element_type=\"container\">\n\t\t\t\t<div class=\"elementor-element elementor-element-1fbc565 animated-slow elementor-invisible elementor-widget elementor-widget-heading\" data-id=\"1fbc565\" data-element_type=\"widget\" data-settings=\"{&quot;_animation&quot;:&quot;fadeInLeft&quot;,&quot;_animation_delay&quot;:400}\" data-widget_type=\"heading.default\">\n\t\t\t\t\t<h2 class=\"elementor-heading-title elementor-size-default\">Inscr\u00edbete en la 60 edici\u00f3n de la feria.<\/h2>\t\t\t\t<\/div>\n\t\t\t\t<\/div>\n\t\t\t\t<\/div>\n\t\t\t\t<\/div>\n\t\t","protected":false},"excerpt":{"rendered":"<p>Feria del dibujo y la pintura. \u00c1rea de autores Inscripci\u00f3n 60a edici\u00f3n La Feria del Dibujo y la Pintura de Girona se inici\u00f3 en 1965 a iniciativa de un peque\u00f1o grupo de j\u00f3venes pintores olotenses que despu\u00e9s de la buena experiencia vivida en la Feria de San Lucas de Olot, pensaron que en Girona tambi\u00e9n [&hellip;]<\/p>\n","protected":false},"author":1,"featured_media":1086,"parent":0,"menu_order":0,"comment_status":"closed","ping_status":"closed","template":"","meta":{"footnotes":""},"class_list":["post-1139","page","type-page","status-publish","has-post-thumbnail","hentry"],"yoast_head":"<!-- This site is optimized with the Yoast SEO plugin v26.9 - https:\/\/yoast.com\/product\/yoast-seo-wordpress\/ -->\n<title>Feria del Dibujo y la Pintura de Girona - Fundaci\u00f3 Les Voltes<\/title>\n<meta name=\"description\" content=\"Descubre la Feria del Dibujo y la Pintura de Girona, una feria de arte con m\u00e1s de 60 a\u00f1os de historia, exhibiciones, artistas y creatividad.\" \/>\n<meta name=\"robots\" content=\"index, follow, max-snippet:-1, max-image-preview:large, max-video-preview:-1\" \/>\n<link rel=\"canonical\" href=\"https:\/\/lesvoltes.eu\/es\/feria-del-dibujo-y-la-pintura\/\" \/>\n<meta property=\"og:locale\" content=\"es_ES\" \/>\n<meta property=\"og:type\" content=\"article\" \/>\n<meta property=\"og:title\" content=\"Feria del Dibujo y la Pintura de Girona - Fundaci\u00f3 Les Voltes\" \/>\n<meta property=\"og:description\" content=\"Descubre la Feria del Dibujo y la Pintura de Girona, una feria de arte con m\u00e1s de 60 a\u00f1os de historia, exhibiciones, artistas y creatividad.\" \/>\n<meta property=\"og:url\" content=\"https:\/\/lesvoltes.eu\/es\/feria-del-dibujo-y-la-pintura\/\" \/>\n<meta property=\"og:site_name\" content=\"Fundaci\u00f3 Les Voltes\" \/>\n<meta property=\"article:modified_time\" content=\"2026-02-09T09:10:30+00:00\" \/>\n<meta property=\"og:image\" content=\"https:\/\/lesvoltes.eu\/wp-content\/uploads\/2025\/07\/favicon-les-voltes-girona.png\" \/>\n\t<meta property=\"og:image:width\" content=\"1407\" \/>\n\t<meta property=\"og:image:height\" content=\"1406\" \/>\n\t<meta property=\"og:image:type\" content=\"image\/png\" \/>\n<meta name=\"twitter:card\" content=\"summary_large_image\" \/>\n<meta name=\"twitter:label1\" content=\"Tiempo de lectura\" \/>\n\t<meta name=\"twitter:data1\" content=\"1 minuto\" \/>\n<script type=\"application\/ld+json\" class=\"yoast-schema-graph\">{\"@context\":\"https:\/\/schema.org\",\"@graph\":[{\"@type\":\"WebPage\",\"@id\":\"https:\/\/lesvoltes.eu\/es\/feria-del-dibujo-y-la-pintura\/\",\"url\":\"https:\/\/lesvoltes.eu\/es\/feria-del-dibujo-y-la-pintura\/\",\"name\":\"Feria del Dibujo y la Pintura de Girona - Fundaci\u00f3 Les Voltes\",\"isPartOf\":{\"@id\":\"https:\/\/lesvoltes.eu\/es\/#website\"},\"primaryImageOfPage\":{\"@id\":\"https:\/\/lesvoltes.eu\/es\/feria-del-dibujo-y-la-pintura\/#primaryimage\"},\"image\":{\"@id\":\"https:\/\/lesvoltes.eu\/es\/feria-del-dibujo-y-la-pintura\/#primaryimage\"},\"thumbnailUrl\":\"https:\/\/lesvoltes.eu\/wp-content\/uploads\/2025\/07\/favicon-les-voltes-girona.png\",\"datePublished\":\"2025-07-24T09:21:12+00:00\",\"dateModified\":\"2026-02-09T09:10:30+00:00\",\"description\":\"Descubre la Feria del Dibujo y la Pintura de Girona, una feria de arte con m\u00e1s de 60 a\u00f1os de historia, exhibiciones, artistas y creatividad.\",\"breadcrumb\":{\"@id\":\"https:\/\/lesvoltes.eu\/es\/feria-del-dibujo-y-la-pintura\/#breadcrumb\"},\"inLanguage\":\"es\",\"potentialAction\":[{\"@type\":\"ReadAction\",\"target\":[\"https:\/\/lesvoltes.eu\/es\/feria-del-dibujo-y-la-pintura\/\"]}]},{\"@type\":\"ImageObject\",\"inLanguage\":\"es\",\"@id\":\"https:\/\/lesvoltes.eu\/es\/feria-del-dibujo-y-la-pintura\/#primaryimage\",\"url\":\"https:\/\/lesvoltes.eu\/wp-content\/uploads\/2025\/07\/favicon-les-voltes-girona.png\",\"contentUrl\":\"https:\/\/lesvoltes.eu\/wp-content\/uploads\/2025\/07\/favicon-les-voltes-girona.png\",\"width\":1407,\"height\":1406},{\"@type\":\"BreadcrumbList\",\"@id\":\"https:\/\/lesvoltes.eu\/es\/feria-del-dibujo-y-la-pintura\/#breadcrumb\",\"itemListElement\":[{\"@type\":\"ListItem\",\"position\":1,\"name\":\"Inici\",\"item\":\"https:\/\/lesvoltes.eu\/es\/inicio\/\"},{\"@type\":\"ListItem\",\"position\":2,\"name\":\"Feria del dibujo y la pintura\"}]},{\"@type\":\"WebSite\",\"@id\":\"https:\/\/lesvoltes.eu\/es\/#website\",\"url\":\"https:\/\/lesvoltes.eu\/es\/\",\"name\":\"Fundaci\u00f3 Les Voltes\",\"description\":\"El Pa\u00eds el fa la gent, nosaltres hi posem les eines.\",\"publisher\":{\"@id\":\"https:\/\/lesvoltes.eu\/es\/#organization\"},\"potentialAction\":[{\"@type\":\"SearchAction\",\"target\":{\"@type\":\"EntryPoint\",\"urlTemplate\":\"https:\/\/lesvoltes.eu\/es\/?s={search_term_string}\"},\"query-input\":{\"@type\":\"PropertyValueSpecification\",\"valueRequired\":true,\"valueName\":\"search_term_string\"}}],\"inLanguage\":\"es\"},{\"@type\":\"Organization\",\"@id\":\"https:\/\/lesvoltes.eu\/es\/#organization\",\"name\":\"Fundaci\u00f3 Les Voltes\",\"url\":\"https:\/\/lesvoltes.eu\/es\/\",\"logo\":{\"@type\":\"ImageObject\",\"inLanguage\":\"es\",\"@id\":\"https:\/\/lesvoltes.eu\/es\/#\/schema\/logo\/image\/\",\"url\":\"https:\/\/lesvoltes.eu\/wp-content\/uploads\/2025\/07\/favicon-les-voltes-girona.png\",\"contentUrl\":\"https:\/\/lesvoltes.eu\/wp-content\/uploads\/2025\/07\/favicon-les-voltes-girona.png\",\"width\":1407,\"height\":1406,\"caption\":\"Fundaci\u00f3 Les Voltes\"},\"image\":{\"@id\":\"https:\/\/lesvoltes.eu\/es\/#\/schema\/logo\/image\/\"}}]}<\/script>\n<!-- \/ Yoast SEO plugin. -->","yoast_head_json":{"title":"Feria del Dibujo y la Pintura de Girona - Fundaci\u00f3 Les Voltes","description":"Descubre la Feria del Dibujo y la Pintura de Girona, una feria de arte con m\u00e1s de 60 a\u00f1os de historia, exhibiciones, artistas y creatividad.","robots":{"index":"index","follow":"follow","max-snippet":"max-snippet:-1","max-image-preview":"max-image-preview:large","max-video-preview":"max-video-preview:-1"},"canonical":"https:\/\/lesvoltes.eu\/es\/feria-del-dibujo-y-la-pintura\/","og_locale":"es_ES","og_type":"article","og_title":"Feria del Dibujo y la Pintura de Girona - Fundaci\u00f3 Les Voltes","og_description":"Descubre la Feria del Dibujo y la Pintura de Girona, una feria de arte con m\u00e1s de 60 a\u00f1os de historia, exhibiciones, artistas y creatividad.","og_url":"https:\/\/lesvoltes.eu\/es\/feria-del-dibujo-y-la-pintura\/","og_site_name":"Fundaci\u00f3 Les Voltes","article_modified_time":"2026-02-09T09:10:30+00:00","og_image":[{"width":1407,"height":1406,"url":"https:\/\/lesvoltes.eu\/wp-content\/uploads\/2025\/07\/favicon-les-voltes-girona.png","type":"image\/png"}],"twitter_card":"summary_large_image","twitter_misc":{"Tiempo de lectura":"1 minuto"},"schema":{"@context":"https:\/\/schema.org","@graph":[{"@type":"WebPage","@id":"https:\/\/lesvoltes.eu\/es\/feria-del-dibujo-y-la-pintura\/","url":"https:\/\/lesvoltes.eu\/es\/feria-del-dibujo-y-la-pintura\/","name":"Feria del Dibujo y la Pintura de Girona - Fundaci\u00f3 Les Voltes","isPartOf":{"@id":"https:\/\/lesvoltes.eu\/es\/#website"},"primaryImageOfPage":{"@id":"https:\/\/lesvoltes.eu\/es\/feria-del-dibujo-y-la-pintura\/#primaryimage"},"image":{"@id":"https:\/\/lesvoltes.eu\/es\/feria-del-dibujo-y-la-pintura\/#primaryimage"},"thumbnailUrl":"https:\/\/lesvoltes.eu\/wp-content\/uploads\/2025\/07\/favicon-les-voltes-girona.png","datePublished":"2025-07-24T09:21:12+00:00","dateModified":"2026-02-09T09:10:30+00:00","description":"Descubre la Feria del Dibujo y la Pintura de Girona, una feria de arte con m\u00e1s de 60 a\u00f1os de historia, exhibiciones, artistas y creatividad.","breadcrumb":{"@id":"https:\/\/lesvoltes.eu\/es\/feria-del-dibujo-y-la-pintura\/#breadcrumb"},"inLanguage":"es","potentialAction":[{"@type":"ReadAction","target":["https:\/\/lesvoltes.eu\/es\/feria-del-dibujo-y-la-pintura\/"]}]},{"@type":"ImageObject","inLanguage":"es","@id":"https:\/\/lesvoltes.eu\/es\/feria-del-dibujo-y-la-pintura\/#primaryimage","url":"https:\/\/lesvoltes.eu\/wp-content\/uploads\/2025\/07\/favicon-les-voltes-girona.png","contentUrl":"https:\/\/lesvoltes.eu\/wp-content\/uploads\/2025\/07\/favicon-les-voltes-girona.png","width":1407,"height":1406},{"@type":"BreadcrumbList","@id":"https:\/\/lesvoltes.eu\/es\/feria-del-dibujo-y-la-pintura\/#breadcrumb","itemListElement":[{"@type":"ListItem","position":1,"name":"Inici","item":"https:\/\/lesvoltes.eu\/es\/inicio\/"},{"@type":"ListItem","position":2,"name":"Feria del dibujo y la pintura"}]},{"@type":"WebSite","@id":"https:\/\/lesvoltes.eu\/es\/#website","url":"https:\/\/lesvoltes.eu\/es\/","name":"Fundaci\u00f3 Les Voltes","description":"El Pa\u00eds el fa la gent, nosaltres hi posem les eines.","publisher":{"@id":"https:\/\/lesvoltes.eu\/es\/#organization"},"potentialAction":[{"@type":"SearchAction","target":{"@type":"EntryPoint","urlTemplate":"https:\/\/lesvoltes.eu\/es\/?s={search_term_string}"},"query-input":{"@type":"PropertyValueSpecification","valueRequired":true,"valueName":"search_term_string"}}],"inLanguage":"es"},{"@type":"Organization","@id":"https:\/\/lesvoltes.eu\/es\/#organization","name":"Fundaci\u00f3 Les Voltes","url":"https:\/\/lesvoltes.eu\/es\/","logo":{"@type":"ImageObject","inLanguage":"es","@id":"https:\/\/lesvoltes.eu\/es\/#\/schema\/logo\/image\/","url":"https:\/\/lesvoltes.eu\/wp-content\/uploads\/2025\/07\/favicon-les-voltes-girona.png","contentUrl":"https:\/\/lesvoltes.eu\/wp-content\/uploads\/2025\/07\/favicon-les-voltes-girona.png","width":1407,"height":1406,"caption":"Fundaci\u00f3 Les Voltes"},"image":{"@id":"https:\/\/lesvoltes.eu\/es\/#\/schema\/logo\/image\/"}}]}},"_links":{"self":[{"href":"https:\/\/lesvoltes.eu\/es\/wp-json\/wp\/v2\/pages\/1139","targetHints":{"allow":["GET"]}}],"collection":[{"href":"https:\/\/lesvoltes.eu\/es\/wp-json\/wp\/v2\/pages"}],"about":[{"href":"https:\/\/lesvoltes.eu\/es\/wp-json\/wp\/v2\/types\/page"}],"author":[{"embeddable":true,"href":"https:\/\/lesvoltes.eu\/es\/wp-json\/wp\/v2\/users\/1"}],"replies":[{"embeddable":true,"href":"https:\/\/lesvoltes.eu\/es\/wp-json\/wp\/v2\/comments?post=1139"}],"version-history":[{"count":3,"href":"https:\/\/lesvoltes.eu\/es\/wp-json\/wp\/v2\/pages\/1139\/revisions"}],"predecessor-version":[{"id":1174,"href":"https:\/\/lesvoltes.eu\/es\/wp-json\/wp\/v2\/pages\/1139\/revisions\/1174"}],"wp:featuredmedia":[{"embeddable":true,"href":"https:\/\/lesvoltes.eu\/es\/wp-json\/wp\/v2\/media\/1086"}],"wp:attachment":[{"href":"https:\/\/lesvoltes.eu\/es\/wp-json\/wp\/v2\/media?parent=1139"}],"curies":[{"name":"wp","href":"https:\/\/api.w.org\/{rel}","templated":true}]}}