{"id":1140,"date":"2025-07-18T08:40:28","date_gmt":"2025-07-18T06:40:28","guid":{"rendered":"https:\/\/lesvoltes.eu\/inicio\/"},"modified":"2026-02-09T09:57:45","modified_gmt":"2026-02-09T08:57:45","slug":"inicio","status":"publish","type":"page","link":"https:\/\/lesvoltes.eu\/es\/","title":{"rendered":"Inicio"},"content":{"rendered":"\t\t<div data-elementor-type=\"wp-page\" data-elementor-id=\"1140\" class=\"elementor elementor-1140 elementor-2\" data-elementor-post-type=\"page\">\n\t\t\t\t<div class=\"elementor-element elementor-element-1168574 e-con-full e-flex e-con e-parent\" data-id=\"1168574\" data-element_type=\"container\" data-settings=\"{&quot;background_background&quot;:&quot;classic&quot;}\">\n\t\t<div class=\"elementor-element elementor-element-b8dfc27 e-con-full e-flex e-con e-child\" data-id=\"b8dfc27\" data-element_type=\"container\">\n\t\t\t\t<div class=\"elementor-element elementor-element-3a16999 animated-slow elementor-invisible elementor-widget elementor-widget-image\" data-id=\"3a16999\" data-element_type=\"widget\" data-settings=\"{&quot;_animation&quot;:&quot;fadeIn&quot;}\" data-widget_type=\"image.default\">\n\t\t\t\t\t\t\t\t\t\t\t\t\t\t\t<img fetchpriority=\"high\" decoding=\"async\" width=\"748\" height=\"292\" src=\"https:\/\/lesvoltes.eu\/wp-content\/uploads\/2025\/07\/logo-vertical-blanc-1.png\" class=\"attachment-large size-large wp-image-1069\" alt=\"Logo\" srcset=\"https:\/\/lesvoltes.eu\/wp-content\/uploads\/2025\/07\/logo-vertical-blanc-1.png 748w, https:\/\/lesvoltes.eu\/wp-content\/uploads\/2025\/07\/logo-vertical-blanc-1-300x117.png 300w\" sizes=\"(max-width: 748px) 100vw, 748px\" \/>\t\t\t\t\t\t\t\t\t\t\t\t\t\t\t<\/div>\n\t\t\t\t<div class=\"elementor-element elementor-element-b59a9f5 animated-slow elementor-widget-divider--view-line elementor-invisible elementor-widget elementor-widget-divider\" data-id=\"b59a9f5\" data-element_type=\"widget\" data-settings=\"{&quot;_animation&quot;:&quot;fadeInLeft&quot;,&quot;_animation_delay&quot;:200}\" data-widget_type=\"divider.default\">\n\t\t\t\t\t\t\t<div class=\"elementor-divider\">\n\t\t\t<span class=\"elementor-divider-separator\">\n\t\t\t\t\t\t<\/span>\n\t\t<\/div>\n\t\t\t\t\t\t<\/div>\n\t\t\t\t<div class=\"elementor-element elementor-element-ce7e887 animated-slow elementor-invisible elementor-widget elementor-widget-heading\" data-id=\"ce7e887\" data-element_type=\"widget\" data-settings=\"{&quot;_animation&quot;:&quot;fadeInUp&quot;,&quot;_animation_delay&quot;:400}\" data-widget_type=\"heading.default\">\n\t\t\t\t\t<h1 class=\"elementor-heading-title elementor-size-default\">Catalunya la hace la gente, nosotros ponemos las herramientas.<\/h1>\t\t\t\t<\/div>\n\t\t\t\t<\/div>\n\t\t\t\t<\/div>\n\t\t<div class=\"elementor-element elementor-element-1fa2ccd e-con-full e-flex e-con e-parent\" data-id=\"1fa2ccd\" data-element_type=\"container\">\n\t\t<div class=\"elementor-element elementor-element-d736967 e-con-full e-flex e-con e-child\" data-id=\"d736967\" data-element_type=\"container\">\n\t\t\t\t<div class=\"elementor-element elementor-element-1a958c1 animated-slow elementor-invisible elementor-widget elementor-widget-heading\" data-id=\"1a958c1\" data-element_type=\"widget\" data-settings=\"{&quot;_animation&quot;:&quot;fadeInLeft&quot;,&quot;_animation_delay&quot;:400}\" data-widget_type=\"heading.default\">\n\t\t\t\t\t<h2 class=\"elementor-heading-title elementor-size-default\">Libros recomendados.<\/h2>\t\t\t\t<\/div>\n\t\t\t\t<\/div>\n\t\t<div class=\"elementor-element elementor-element-90c5ceb e-con-full e-flex e-con e-child\" data-id=\"90c5ceb\" data-element_type=\"container\">\n\t\t\t\t<div class=\"elementor-element elementor-element-ed9700a animated-slow elementor-widget-divider--view-line elementor-invisible elementor-widget elementor-widget-divider\" data-id=\"ed9700a\" data-element_type=\"widget\" data-settings=\"{&quot;_animation&quot;:&quot;fadeInRight&quot;,&quot;_animation_delay&quot;:200}\" data-widget_type=\"divider.default\">\n\t\t\t\t\t\t\t<div class=\"elementor-divider\">\n\t\t\t<span class=\"elementor-divider-separator\">\n\t\t\t\t\t\t<\/span>\n\t\t<\/div>\n\t\t\t\t\t\t<\/div>\n\t\t\t\t<\/div>\n\t\t\t\t<\/div>\n\t\t<div class=\"elementor-element elementor-element-6e9259f e-con-full e-flex e-con e-parent\" data-id=\"6e9259f\" data-element_type=\"container\">\n\t\t<div class=\"elementor-element elementor-element-a8ad131 e-con-full e-flex e-con e-child\" data-id=\"a8ad131\" data-element_type=\"container\">\n\t\t\t\t<div class=\"elementor-element elementor-element-9f9cbea animated-slow elementor-invisible elementor-widget elementor-widget-image\" data-id=\"9f9cbea\" data-element_type=\"widget\" data-settings=\"{&quot;_animation&quot;:&quot;fadeInDown&quot;,&quot;_animation_delay&quot;:200}\" data-widget_type=\"image.default\">\n\t\t\t\t\t\t\t\t\t\t\t\t\t\t\t<img decoding=\"async\" width=\"600\" height=\"600\" src=\"https:\/\/lesvoltes.eu\/wp-content\/uploads\/2025\/07\/facanaLlibreria.png\" class=\"attachment-large size-large wp-image-1071\" alt=\"Fa\u00e7ana llibreria Les Voltes\" srcset=\"https:\/\/lesvoltes.eu\/wp-content\/uploads\/2025\/07\/facanaLlibreria.png 600w, https:\/\/lesvoltes.eu\/wp-content\/uploads\/2025\/07\/facanaLlibreria-300x300.png 300w, https:\/\/lesvoltes.eu\/wp-content\/uploads\/2025\/07\/facanaLlibreria-150x150.png 150w\" sizes=\"(max-width: 600px) 100vw, 600px\" \/>\t\t\t\t\t\t\t\t\t\t\t\t\t\t\t<\/div>\n\t\t\t\t<\/div>\n\t\t<div class=\"elementor-element elementor-element-5b73793 e-con-full e-flex e-con e-child\" data-id=\"5b73793\" data-element_type=\"container\">\n\t\t<div class=\"elementor-element elementor-element-ccc0382 e-con-full e-flex e-con e-child\" data-id=\"ccc0382\" data-element_type=\"container\">\n\t\t\t\t<div class=\"elementor-element elementor-element-788f2f0 animated-slow elementor-invisible elementor-widget elementor-widget-heading\" data-id=\"788f2f0\" data-element_type=\"widget\" data-settings=\"{&quot;_animation&quot;:&quot;fadeInRight&quot;,&quot;_animation_delay&quot;:400}\" data-widget_type=\"heading.default\">\n\t\t\t\t\t<h2 class=\"elementor-heading-title elementor-size-default\">Un espacio para vivir y acrecentar la cultura catalana.<\/h2>\t\t\t\t<\/div>\n\t\t\t\t<\/div>\n\t\t<div class=\"elementor-element elementor-element-01ff83f e-con-full e-flex e-con e-child\" data-id=\"01ff83f\" data-element_type=\"container\">\n\t\t<div class=\"elementor-element elementor-element-11f87d3 e-con-full elementor-hidden-mobile e-flex e-con e-child\" data-id=\"11f87d3\" data-element_type=\"container\">\n\t\t\t\t<div class=\"elementor-element elementor-element-523f434 animated-slow elementor-invisible elementor-widget elementor-widget-image\" data-id=\"523f434\" data-element_type=\"widget\" data-settings=\"{&quot;_animation&quot;:&quot;fadeInLeft&quot;,&quot;_animation_delay&quot;:400}\" data-widget_type=\"image.default\">\n\t\t\t\t\t\t\t\t\t\t\t\t\t\t\t<img decoding=\"async\" width=\"517\" height=\"1024\" src=\"https:\/\/lesvoltes.eu\/wp-content\/uploads\/2025\/07\/vectorsDecoracio-517x1024.png\" class=\"attachment-large size-large wp-image-1072\" alt=\"Formes d&#039;arc\" srcset=\"https:\/\/lesvoltes.eu\/wp-content\/uploads\/2025\/07\/vectorsDecoracio-517x1024.png 517w, https:\/\/lesvoltes.eu\/wp-content\/uploads\/2025\/07\/vectorsDecoracio-152x300.png 152w, https:\/\/lesvoltes.eu\/wp-content\/uploads\/2025\/07\/vectorsDecoracio.png 653w\" sizes=\"(max-width: 517px) 100vw, 517px\" \/>\t\t\t\t\t\t\t\t\t\t\t\t\t\t\t<\/div>\n\t\t\t\t<\/div>\n\t\t<div class=\"elementor-element elementor-element-51485c5 e-con-full animated-slow e-flex elementor-invisible e-con e-child\" data-id=\"51485c5\" data-element_type=\"container\" data-settings=\"{&quot;animation&quot;:&quot;fadeInUp&quot;,&quot;animation_delay&quot;:600}\">\n\t\t\t\t<div class=\"elementor-element elementor-element-0c9afaa elementor-widget elementor-widget-text-editor\" data-id=\"0c9afaa\" data-element_type=\"widget\" data-widget_type=\"text-editor.default\">\n\t\t\t\t\t\t\t\t\t<p>Somos una fundaci\u00f3n sin \u00e1nimo de lucro con m\u00e1s de 60 a\u00f1os de historia. Nacimos como una librer\u00eda comprometida con el pa\u00eds, y hoy trabajamos en \u00e1mbitos como la educaci\u00f3n, la docencia, el arte y la literatura infantil, siempre con un claro objetivo: hacer de la cultura catalana una herramienta de transformaci\u00f3n. <\/p>\t\t\t\t\t\t\t\t<\/div>\n\t\t\t\t<div class=\"elementor-element elementor-element-1bf777c elementor-align-left elementor-widget elementor-widget-button\" data-id=\"1bf777c\" data-element_type=\"widget\" data-widget_type=\"button.default\">\n\t\t\t\t\t\t\t\t\t\t<a class=\"elementor-button elementor-button-link elementor-size-sm\" href=\"https:\/\/lesvoltes.eu\/es\/la-fundacion\/\">\n\t\t\t\t\t\t<span class=\"elementor-button-content-wrapper\">\n\t\t\t\t\t\t<span class=\"elementor-button-icon\">\n\t\t\t\t<svg aria-hidden=\"true\" class=\"e-font-icon-svg e-fas-arrow-right\" viewBox=\"0 0 448 512\" xmlns=\"http:\/\/www.w3.org\/2000\/svg\"><path d=\"M190.5 66.9l22.2-22.2c9.4-9.4 24.6-9.4 33.9 0L441 239c9.4 9.4 9.4 24.6 0 33.9L246.6 467.3c-9.4 9.4-24.6 9.4-33.9 0l-22.2-22.2c-9.5-9.5-9.3-25 .4-34.3L311.4 296H24c-13.3 0-24-10.7-24-24v-32c0-13.3 10.7-24 24-24h287.4L190.9 101.2c-9.8-9.3-10-24.8-.4-34.3z\"><\/path><\/svg>\t\t\t<\/span>\n\t\t\t\t\t\t\t\t\t<span class=\"elementor-button-text\">La Fundaci\u00f3n<\/span>\n\t\t\t\t\t<\/span>\n\t\t\t\t\t<\/a>\n\t\t\t\t\t\t\t\t<\/div>\n\t\t\t\t<\/div>\n\t\t\t\t<\/div>\n\t\t\t\t<\/div>\n\t\t\t\t<\/div>\n\t\t<div class=\"elementor-element elementor-element-f528044 e-con-full e-flex e-con e-parent\" data-id=\"f528044\" data-element_type=\"container\">\n\t\t<div class=\"elementor-element elementor-element-bede11c e-con-full e-flex e-con e-child\" data-id=\"bede11c\" data-element_type=\"container\">\n\t\t\t\t<div class=\"elementor-element elementor-element-6ba78a4 animated-slow elementor-invisible elementor-widget elementor-widget-heading\" data-id=\"6ba78a4\" data-element_type=\"widget\" data-settings=\"{&quot;_animation&quot;:&quot;fadeInLeft&quot;,&quot;_animation_delay&quot;:200}\" data-widget_type=\"heading.default\">\n\t\t\t\t\t<h2 class=\"elementor-heading-title elementor-size-default\">Nuestros proyectos.<\/h2>\t\t\t\t<\/div>\n\t\t\t\t<\/div>\n\t\t<div class=\"elementor-element elementor-element-c6f1cc2 e-con-full e-flex e-con e-child\" data-id=\"c6f1cc2\" data-element_type=\"container\">\n\t\t\t\t<div class=\"elementor-element elementor-element-39c7512 animated-slow elementor-widget-divider--view-line elementor-invisible elementor-widget elementor-widget-divider\" data-id=\"39c7512\" data-element_type=\"widget\" data-settings=\"{&quot;_animation&quot;:&quot;fadeInRight&quot;,&quot;_animation_delay&quot;:200}\" data-widget_type=\"divider.default\">\n\t\t\t\t\t\t\t<div class=\"elementor-divider\">\n\t\t\t<span class=\"elementor-divider-separator\">\n\t\t\t\t\t\t<\/span>\n\t\t<\/div>\n\t\t\t\t\t\t<\/div>\n\t\t\t\t<\/div>\n\t\t\t\t<\/div>\n\t\t<div class=\"elementor-element elementor-element-116f4fb e-con-full e-flex e-con e-parent\" data-id=\"116f4fb\" data-element_type=\"container\">\n\t\t<div class=\"elementor-element elementor-element-e75c0bb e-con-full project animated-slow e-flex elementor-invisible e-con e-child\" data-id=\"e75c0bb\" data-element_type=\"container\" data-settings=\"{&quot;background_background&quot;:&quot;classic&quot;,&quot;animation&quot;:&quot;fadeInUp&quot;,&quot;animation_delay&quot;:200}\">\n\t\t\t\t<div class=\"elementor-element elementor-element-7363048 title elementor-hidden-mobile elementor-widget elementor-widget-heading\" data-id=\"7363048\" data-element_type=\"widget\" data-widget_type=\"heading.default\">\n\t\t\t\t\t<h3 class=\"elementor-heading-title elementor-size-default\">Les Voltes Librer\u00eda<\/h3>\t\t\t\t<\/div>\n\t\t\t\t<div class=\"elementor-element elementor-element-8f0dcd5 elementor-hidden-desktop elementor-hidden-tablet elementor-widget elementor-widget-heading\" data-id=\"8f0dcd5\" data-element_type=\"widget\" data-widget_type=\"heading.default\">\n\t\t\t\t\t<h3 class=\"elementor-heading-title elementor-size-default\">Les Voltes Librer\u00eda<\/h3>\t\t\t\t<\/div>\n\t\t\t\t<\/div>\n\t\t<div class=\"elementor-element elementor-element-f11f300 e-con-full project animated-slow e-flex elementor-invisible e-con e-child\" data-id=\"f11f300\" data-element_type=\"container\" data-settings=\"{&quot;background_background&quot;:&quot;classic&quot;,&quot;animation&quot;:&quot;fadeInUp&quot;,&quot;animation_delay&quot;:400}\">\n\t\t\t\t<div class=\"elementor-element elementor-element-1efe6dc title elementor-hidden-mobile elementor-widget elementor-widget-heading\" data-id=\"1efe6dc\" data-element_type=\"widget\" data-widget_type=\"heading.default\">\n\t\t\t\t\t<h3 class=\"elementor-heading-title elementor-size-default\">Les Voltes Educa<\/h3>\t\t\t\t<\/div>\n\t\t\t\t<div class=\"elementor-element elementor-element-0d35dc8 elementor-hidden-desktop elementor-hidden-tablet elementor-widget elementor-widget-heading\" data-id=\"0d35dc8\" data-element_type=\"widget\" data-widget_type=\"heading.default\">\n\t\t\t\t\t<h3 class=\"elementor-heading-title elementor-size-default\">Les Voltes Educa<\/h3>\t\t\t\t<\/div>\n\t\t\t\t<\/div>\n\t\t<div class=\"elementor-element elementor-element-b94d74e e-con-full project animated-slow e-flex elementor-invisible e-con e-child\" data-id=\"b94d74e\" data-element_type=\"container\" data-settings=\"{&quot;background_background&quot;:&quot;classic&quot;,&quot;animation&quot;:&quot;fadeInUp&quot;,&quot;animation_delay&quot;:600}\">\n\t\t\t\t<div class=\"elementor-element elementor-element-b8311ef title elementor-hidden-mobile elementor-widget elementor-widget-heading\" data-id=\"b8311ef\" data-element_type=\"widget\" data-widget_type=\"heading.default\">\n\t\t\t\t\t<h3 class=\"elementor-heading-title elementor-size-default\">Les Voltes Docencia<\/h3>\t\t\t\t<\/div>\n\t\t\t\t<div class=\"elementor-element elementor-element-2a7a77f elementor-hidden-desktop elementor-hidden-tablet elementor-widget elementor-widget-heading\" data-id=\"2a7a77f\" data-element_type=\"widget\" data-widget_type=\"heading.default\">\n\t\t\t\t\t<h3 class=\"elementor-heading-title elementor-size-default\">Les Voltes Docencia<\/h3>\t\t\t\t<\/div>\n\t\t\t\t<\/div>\n\t\t<div class=\"elementor-element elementor-element-8b5932d e-con-full project animated-slow e-flex elementor-invisible e-con e-child\" data-id=\"8b5932d\" data-element_type=\"container\" data-settings=\"{&quot;background_background&quot;:&quot;classic&quot;,&quot;animation&quot;:&quot;fadeInUp&quot;,&quot;animation_delay&quot;:800}\">\n\t\t\t\t<div class=\"elementor-element elementor-element-90e121b title elementor-hidden-mobile elementor-widget elementor-widget-heading\" data-id=\"90e121b\" data-element_type=\"widget\" data-widget_type=\"heading.default\">\n\t\t\t\t\t<h3 class=\"elementor-heading-title elementor-size-default\">Feria del Dibujo y Pintura<\/h3>\t\t\t\t<\/div>\n\t\t\t\t<div class=\"elementor-element elementor-element-bbea70d elementor-hidden-desktop elementor-hidden-tablet elementor-widget elementor-widget-heading\" data-id=\"bbea70d\" data-element_type=\"widget\" data-widget_type=\"heading.default\">\n\t\t\t\t\t<h3 class=\"elementor-heading-title elementor-size-default\">Feria del Dibujo y Pintura<\/h3>\t\t\t\t<\/div>\n\t\t\t\t<\/div>\n\t\t<div class=\"elementor-element elementor-element-7222f6e e-con-full project animated-slow e-flex elementor-invisible e-con e-child\" data-id=\"7222f6e\" data-element_type=\"container\" data-settings=\"{&quot;background_background&quot;:&quot;classic&quot;,&quot;animation&quot;:&quot;fadeInUp&quot;,&quot;animation_delay&quot;:1000}\">\n\t\t\t\t<div class=\"elementor-element elementor-element-ec1c4f4 title elementor-hidden-mobile elementor-widget elementor-widget-heading\" data-id=\"ec1c4f4\" data-element_type=\"widget\" data-widget_type=\"heading.default\">\n\t\t\t\t\t<h3 class=\"elementor-heading-title elementor-size-default\">Feria del Libro Infantil y Juvenil<\/h3>\t\t\t\t<\/div>\n\t\t\t\t<div class=\"elementor-element elementor-element-2f83316 elementor-hidden-desktop elementor-hidden-tablet elementor-widget elementor-widget-heading\" data-id=\"2f83316\" data-element_type=\"widget\" data-widget_type=\"heading.default\">\n\t\t\t\t\t<h3 class=\"elementor-heading-title elementor-size-default\">Feria del Libro Infantil y Juvenil<\/h3>\t\t\t\t<\/div>\n\t\t\t\t<\/div>\n\t\t\t\t<\/div>\n\t\t<div class=\"elementor-element elementor-element-26ee2b1 e-con-full e-flex e-con e-parent\" data-id=\"26ee2b1\" data-element_type=\"container\">\n\t\t<div class=\"elementor-element elementor-element-92d1601 e-con-full e-flex e-con e-child\" data-id=\"92d1601\" data-element_type=\"container\">\n\t\t\t\t<div class=\"elementor-element elementor-element-f2168d1 animated-slow elementor-invisible elementor-widget elementor-widget-image\" data-id=\"f2168d1\" data-element_type=\"widget\" data-settings=\"{&quot;_animation&quot;:&quot;fadeInDown&quot;}\" data-widget_type=\"image.default\">\n\t\t\t\t\t\t\t\t\t\t\t\t\t\t\t<img loading=\"lazy\" decoding=\"async\" width=\"800\" height=\"959\" src=\"https:\/\/lesvoltes.eu\/wp-content\/uploads\/2025\/07\/castellers.png\" class=\"attachment-large size-large wp-image-1076\" alt=\"Mans de castellers\" srcset=\"https:\/\/lesvoltes.eu\/wp-content\/uploads\/2025\/07\/castellers.png 800w, https:\/\/lesvoltes.eu\/wp-content\/uploads\/2025\/07\/castellers-250x300.png 250w, https:\/\/lesvoltes.eu\/wp-content\/uploads\/2025\/07\/castellers-768x921.png 768w\" sizes=\"(max-width: 800px) 100vw, 800px\" \/>\t\t\t\t\t\t\t\t\t\t\t\t\t\t\t<\/div>\n\t\t\t\t<\/div>\n\t\t<div class=\"elementor-element elementor-element-69d5749 e-con-full e-flex e-con e-child\" data-id=\"69d5749\" data-element_type=\"container\">\n\t\t\t\t<div class=\"elementor-element elementor-element-890b8d9 e-transform e-transform elementor-widget elementor-widget-image\" data-id=\"890b8d9\" data-element_type=\"widget\" data-settings=\"{&quot;motion_fx_motion_fx_scrolling&quot;:&quot;yes&quot;,&quot;motion_fx_translateY_effect&quot;:&quot;yes&quot;,&quot;motion_fx_translateY_direction&quot;:&quot;negative&quot;,&quot;motion_fx_translateY_speed&quot;:{&quot;unit&quot;:&quot;px&quot;,&quot;size&quot;:2,&quot;sizes&quot;:[]},&quot;motion_fx_translateY_affectedRange&quot;:{&quot;unit&quot;:&quot;%&quot;,&quot;size&quot;:&quot;&quot;,&quot;sizes&quot;:{&quot;start&quot;:25,&quot;end&quot;:100}},&quot;motion_fx_rotateZ_effect&quot;:&quot;yes&quot;,&quot;motion_fx_rotateZ_speed&quot;:{&quot;unit&quot;:&quot;px&quot;,&quot;size&quot;:0.3,&quot;sizes&quot;:[]},&quot;_transform_translateX_effect&quot;:{&quot;unit&quot;:&quot;px&quot;,&quot;size&quot;:-68,&quot;sizes&quot;:[]},&quot;_transform_scale_effect&quot;:{&quot;unit&quot;:&quot;px&quot;,&quot;size&quot;:2,&quot;sizes&quot;:[]},&quot;_transform_scale_effect_mobile&quot;:{&quot;unit&quot;:&quot;px&quot;,&quot;size&quot;:0.5,&quot;sizes&quot;:[]},&quot;motion_fx_rotateZ_affectedRange&quot;:{&quot;unit&quot;:&quot;%&quot;,&quot;size&quot;:&quot;&quot;,&quot;sizes&quot;:{&quot;start&quot;:0,&quot;end&quot;:100}},&quot;motion_fx_devices&quot;:[&quot;desktop&quot;,&quot;tablet&quot;,&quot;mobile&quot;],&quot;_transform_translateX_effect_tablet&quot;:{&quot;unit&quot;:&quot;px&quot;,&quot;size&quot;:&quot;&quot;,&quot;sizes&quot;:[]},&quot;_transform_translateX_effect_mobile&quot;:{&quot;unit&quot;:&quot;px&quot;,&quot;size&quot;:&quot;&quot;,&quot;sizes&quot;:[]},&quot;_transform_translateY_effect&quot;:{&quot;unit&quot;:&quot;px&quot;,&quot;size&quot;:&quot;&quot;,&quot;sizes&quot;:[]},&quot;_transform_translateY_effect_tablet&quot;:{&quot;unit&quot;:&quot;px&quot;,&quot;size&quot;:&quot;&quot;,&quot;sizes&quot;:[]},&quot;_transform_translateY_effect_mobile&quot;:{&quot;unit&quot;:&quot;px&quot;,&quot;size&quot;:&quot;&quot;,&quot;sizes&quot;:[]},&quot;_transform_scale_effect_tablet&quot;:{&quot;unit&quot;:&quot;px&quot;,&quot;size&quot;:&quot;&quot;,&quot;sizes&quot;:[]}}\" data-widget_type=\"image.default\">\n\t\t\t\t\t\t\t\t\t\t\t\t\t\t\t<img loading=\"lazy\" decoding=\"async\" width=\"800\" height=\"415\" src=\"https:\/\/lesvoltes.eu\/wp-content\/uploads\/2025\/07\/logoVermell-1024x531.png\" class=\"attachment-large size-large wp-image-1077\" alt=\"Logotip\" srcset=\"https:\/\/lesvoltes.eu\/wp-content\/uploads\/2025\/07\/logoVermell-1024x531.png 1024w, https:\/\/lesvoltes.eu\/wp-content\/uploads\/2025\/07\/logoVermell-300x156.png 300w, https:\/\/lesvoltes.eu\/wp-content\/uploads\/2025\/07\/logoVermell-768x398.png 768w, https:\/\/lesvoltes.eu\/wp-content\/uploads\/2025\/07\/logoVermell.png 1215w\" sizes=\"(max-width: 800px) 100vw, 800px\" \/>\t\t\t\t\t\t\t\t\t\t\t\t\t\t\t<\/div>\n\t\t\t\t<\/div>\n\t\t<div class=\"elementor-element elementor-element-601ee9a e-con-full e-flex e-con e-child\" data-id=\"601ee9a\" data-element_type=\"container\">\n\t\t\t\t<div class=\"elementor-element elementor-element-7e31d80 animated-slow elementor-invisible elementor-widget elementor-widget-heading\" data-id=\"7e31d80\" data-element_type=\"widget\" data-settings=\"{&quot;_animation&quot;:&quot;fadeInRight&quot;,&quot;_animation_delay&quot;:200}\" data-widget_type=\"heading.default\">\n\t\t\t\t\t<h2 class=\"elementor-heading-title elementor-size-default\">\u00bfQuieres formar parte de la fundaci\u00f3n?<\/h2>\t\t\t\t<\/div>\n\t\t<div class=\"elementor-element elementor-element-bb84a22 e-con-full animated-slow e-flex elementor-invisible e-con e-child\" data-id=\"bb84a22\" data-element_type=\"container\" data-settings=\"{&quot;animation&quot;:&quot;fadeInUp&quot;,&quot;animation_delay&quot;:400}\">\n\t\t\t\t<div class=\"elementor-element elementor-element-c84e04c elementor-widget elementor-widget-text-editor\" data-id=\"c84e04c\" data-element_type=\"widget\" data-widget_type=\"text-editor.default\">\n\t\t\t\t\t\t\t\t\t<p>Con tu apoyo podemos llegar m\u00e1s lejos. Hazte socio y ay\u00fadanos a hacer crecer la cultura catalana. <\/p>\t\t\t\t\t\t\t\t<\/div>\n\t\t\t\t<div class=\"elementor-element elementor-element-266a38a elementor-align-left elementor-widget elementor-widget-button\" data-id=\"266a38a\" data-element_type=\"widget\" data-widget_type=\"button.default\">\n\t\t\t\t\t\t\t\t\t\t<a class=\"elementor-button elementor-button-link elementor-size-sm\" href=\"#\">\n\t\t\t\t\t\t<span class=\"elementor-button-content-wrapper\">\n\t\t\t\t\t\t<span class=\"elementor-button-icon\">\n\t\t\t\t<svg aria-hidden=\"true\" class=\"e-font-icon-svg e-fas-arrow-right\" viewBox=\"0 0 448 512\" xmlns=\"http:\/\/www.w3.org\/2000\/svg\"><path d=\"M190.5 66.9l22.2-22.2c9.4-9.4 24.6-9.4 33.9 0L441 239c9.4 9.4 9.4 24.6 0 33.9L246.6 467.3c-9.4 9.4-24.6 9.4-33.9 0l-22.2-22.2c-9.5-9.5-9.3-25 .4-34.3L311.4 296H24c-13.3 0-24-10.7-24-24v-32c0-13.3 10.7-24 24-24h287.4L190.9 101.2c-9.8-9.3-10-24.8-.4-34.3z\"><\/path><\/svg>\t\t\t<\/span>\n\t\t\t\t\t\t\t\t\t<span class=\"elementor-button-text\">Hazte socio<\/span>\n\t\t\t\t\t<\/span>\n\t\t\t\t\t<\/a>\n\t\t\t\t\t\t\t\t<\/div>\n\t\t\t\t<\/div>\n\t\t\t\t<\/div>\n\t\t\t\t<\/div>\n\t\t<div class=\"elementor-element elementor-element-a65a328 e-con-full e-flex e-con e-parent\" data-id=\"a65a328\" data-element_type=\"container\" data-settings=\"{&quot;background_background&quot;:&quot;classic&quot;}\">\n\t\t<div class=\"elementor-element elementor-element-ccef76c e-con-full animated-slow e-flex elementor-invisible e-con e-child\" data-id=\"ccef76c\" data-element_type=\"container\" data-settings=\"{&quot;animation&quot;:&quot;fadeInLeft&quot;,&quot;animation_delay&quot;:200}\">\n\t\t\t\t<div class=\"elementor-element elementor-element-bf914ee elementor-grid-1 elementor-grid-tablet-2 elementor-grid-mobile-1 elementor-posts--thumbnail-top elementor-widget elementor-widget-posts\" data-id=\"bf914ee\" data-element_type=\"widget\" data-settings=\"{&quot;classic_columns&quot;:&quot;1&quot;,&quot;classic_columns_tablet&quot;:&quot;2&quot;,&quot;classic_columns_mobile&quot;:&quot;1&quot;,&quot;classic_row_gap&quot;:{&quot;unit&quot;:&quot;px&quot;,&quot;size&quot;:35,&quot;sizes&quot;:[]},&quot;classic_row_gap_tablet&quot;:{&quot;unit&quot;:&quot;px&quot;,&quot;size&quot;:&quot;&quot;,&quot;sizes&quot;:[]},&quot;classic_row_gap_mobile&quot;:{&quot;unit&quot;:&quot;px&quot;,&quot;size&quot;:&quot;&quot;,&quot;sizes&quot;:[]}}\" data-widget_type=\"posts.classic\">\n\t\t\t\t<div class=\"elementor-widget-container\">\n\t\t\t\t\t\t\t<div class=\"elementor-posts-container elementor-posts elementor-posts--skin-classic elementor-grid\" role=\"list\">\n\t\t\t\t<article class=\"elementor-post elementor-grid-item post-1136 post type-post status-publish format-standard has-post-thumbnail hentry category-sin-categoria\" role=\"listitem\">\n\t\t\t\t<a class=\"elementor-post__thumbnail__link\" href=\"https:\/\/lesvoltes.eu\/es\/les-voltes-educa-presenta-16-cursos-de-formacion-dirigidos-a-docentes\/\" tabindex=\"-1\" >\n\t\t\t<div class=\"elementor-post__thumbnail\"><img loading=\"lazy\" decoding=\"async\" width=\"300\" height=\"169\" src=\"https:\/\/lesvoltes.eu\/wp-content\/uploads\/2025\/07\/noticia2-300x169.jpg\" class=\"attachment-medium size-medium wp-image-1079\" alt=\"Taulell de confer\u00e8ncies\" srcset=\"https:\/\/lesvoltes.eu\/wp-content\/uploads\/2025\/07\/noticia2-300x169.jpg 300w, https:\/\/lesvoltes.eu\/wp-content\/uploads\/2025\/07\/noticia2-1024x576.jpg 1024w, https:\/\/lesvoltes.eu\/wp-content\/uploads\/2025\/07\/noticia2-768x432.jpg 768w, https:\/\/lesvoltes.eu\/wp-content\/uploads\/2025\/07\/noticia2.jpg 1366w\" sizes=\"(max-width: 300px) 100vw, 300px\" \/><\/div>\n\t\t<\/a>\n\t\t\t\t<div class=\"elementor-post__text\">\n\t\t\t\t<h3 class=\"elementor-post__title\">\n\t\t\t<a href=\"https:\/\/lesvoltes.eu\/es\/les-voltes-educa-presenta-16-cursos-de-formacion-dirigidos-a-docentes\/\" >\n\t\t\t\tLes Voltes Educa presenta 16 cursos de formaci\u00f3n dirigidos a docentes\t\t\t<\/a>\n\t\t<\/h3>\n\t\t\t\t<div class=\"elementor-post__excerpt\">\n\t\t\t<p>La presentaci\u00f3n ha estado a cargo del presidente de la Fundaci\u00f3n Les Voltes, Joan Matamala, y la directora de Les Voltes Educa, la Dra. Nuri<\/p>\n\t\t<\/div>\n\t\t\n\t\t<a class=\"elementor-post__read-more\" href=\"https:\/\/lesvoltes.eu\/es\/les-voltes-educa-presenta-16-cursos-de-formacion-dirigidos-a-docentes\/\" aria-label=\"M\u00e1s informaci\u00f3n sobre Les Voltes Educa presenta 16 cursos de formaci\u00f3n dirigidos a docentes\" tabindex=\"-1\" >\n\t\t\t  Leer m\u00e1s \u00bb\t\t<\/a>\n\n\t\t\t\t<\/div>\n\t\t\t\t<\/article>\n\t\t\t\t<article class=\"elementor-post elementor-grid-item post-1121 post type-post status-publish format-standard has-post-thumbnail hentry category-sin-categoria\" role=\"listitem\">\n\t\t\t\t<a class=\"elementor-post__thumbnail__link\" href=\"https:\/\/lesvoltes.eu\/es\/gran-acogida-a-llevamos-la-neurociencia-a-la-escuela\/\" tabindex=\"-1\" >\n\t\t\t<div class=\"elementor-post__thumbnail\"><img loading=\"lazy\" decoding=\"async\" width=\"300\" height=\"169\" src=\"https:\/\/lesvoltes.eu\/wp-content\/uploads\/2025\/07\/noticia1-300x169.jpg\" class=\"attachment-medium size-medium wp-image-1078\" alt=\"Sala de confer\u00e8ncies\" srcset=\"https:\/\/lesvoltes.eu\/wp-content\/uploads\/2025\/07\/noticia1-300x169.jpg 300w, https:\/\/lesvoltes.eu\/wp-content\/uploads\/2025\/07\/noticia1-1024x576.jpg 1024w, https:\/\/lesvoltes.eu\/wp-content\/uploads\/2025\/07\/noticia1-768x432.jpg 768w, https:\/\/lesvoltes.eu\/wp-content\/uploads\/2025\/07\/noticia1.jpg 1366w\" sizes=\"(max-width: 300px) 100vw, 300px\" \/><\/div>\n\t\t<\/a>\n\t\t\t\t<div class=\"elementor-post__text\">\n\t\t\t\t<h3 class=\"elementor-post__title\">\n\t\t\t<a href=\"https:\/\/lesvoltes.eu\/es\/gran-acogida-a-llevamos-la-neurociencia-a-la-escuela\/\" >\n\t\t\t\tGran acogida a \u00abLlevamos la neurociencia a la escuela\u00bb\t\t\t<\/a>\n\t\t<\/h3>\n\t\t\t\t<div class=\"elementor-post__excerpt\">\n\t\t\t<p>El pasado s\u00e1bado 3 de septiembre, cincuenta docentes realizaron una jornada formativa muy interesante que bajo el t\u00edtulo de Llevamos la Neurociencia a la Escuela<\/p>\n\t\t<\/div>\n\t\t\n\t\t<a class=\"elementor-post__read-more\" href=\"https:\/\/lesvoltes.eu\/es\/gran-acogida-a-llevamos-la-neurociencia-a-la-escuela\/\" aria-label=\"M\u00e1s informaci\u00f3n sobre Gran acogida a \u00abLlevamos la neurociencia a la escuela\u00bb\" tabindex=\"-1\" >\n\t\t\t  Leer m\u00e1s \u00bb\t\t<\/a>\n\n\t\t\t\t<\/div>\n\t\t\t\t<\/article>\n\t\t\t\t<\/div>\n\t\t\n\t\t\t\t\t\t<\/div>\n\t\t\t\t<\/div>\n\t\t\t\t<\/div>\n\t\t<div class=\"elementor-element elementor-element-fc2f2d2 e-con-full e-flex elementor-invisible e-con e-child\" data-id=\"fc2f2d2\" data-element_type=\"container\" data-settings=\"{&quot;animation&quot;:&quot;fadeInDown&quot;}\">\n\t\t<div class=\"elementor-element elementor-element-b4e6e43 e-con-full e-flex e-con e-child\" data-id=\"b4e6e43\" data-element_type=\"container\">\n\t\t\t\t<div class=\"elementor-element elementor-element-59a1a4b animated-slow elementor-invisible elementor-widget elementor-widget-heading\" data-id=\"59a1a4b\" data-element_type=\"widget\" data-settings=\"{&quot;_animation&quot;:&quot;fadeInRight&quot;,&quot;_animation_delay&quot;:800}\" data-widget_type=\"heading.default\">\n\t\t\t\t\t<h2 class=\"elementor-heading-title elementor-size-default\">\u00daltimas noticias.<\/h2>\t\t\t\t<\/div>\n\t\t\t\t<\/div>\n\t\t\t\t<\/div>\n\t\t\t\t<\/div>\n\t\t\t\t<\/div>\n\t\t","protected":false},"excerpt":{"rendered":"<p>Catalunya la hace la gente, nosotros ponemos las herramientas. Libros recomendados. Un espacio para vivir y acrecentar la cultura catalana. Somos una fundaci\u00f3n sin \u00e1nimo de lucro con m\u00e1s de 60 a\u00f1os de historia. Nacimos como una librer\u00eda comprometida con el pa\u00eds, y hoy trabajamos en \u00e1mbitos como la educaci\u00f3n, la docencia, el arte y [&hellip;]<\/p>\n","protected":false},"author":1,"featured_media":1086,"parent":0,"menu_order":0,"comment_status":"closed","ping_status":"closed","template":"","meta":{"footnotes":""},"class_list":["post-1140","page","type-page","status-publish","has-post-thumbnail","hentry"],"yoast_head":"<!-- This site is optimized with the Yoast SEO plugin v26.9 - https:\/\/yoast.com\/product\/yoast-seo-wordpress\/ -->\n<title>Fundaci\u00f3n cultural catalana - Fundaci\u00f3 Les Voltes<\/title>\n<meta name=\"description\" content=\"Fundaci\u00f3n cultural catalana dedicada a la promoci\u00f3n de la lengua y la cultura catalana a trav\u00e9s de diferentes proyectos.\" \/>\n<meta name=\"robots\" content=\"index, follow, max-snippet:-1, max-image-preview:large, max-video-preview:-1\" \/>\n<link rel=\"canonical\" href=\"https:\/\/lesvoltes.eu\/es\/\" \/>\n<meta property=\"og:locale\" content=\"es_ES\" \/>\n<meta property=\"og:type\" content=\"article\" \/>\n<meta property=\"og:title\" content=\"Fundaci\u00f3n cultural catalana - Fundaci\u00f3 Les Voltes\" \/>\n<meta property=\"og:description\" content=\"Fundaci\u00f3n cultural catalana dedicada a la promoci\u00f3n de la lengua y la cultura catalana a trav\u00e9s de diferentes proyectos.\" \/>\n<meta property=\"og:url\" content=\"https:\/\/lesvoltes.eu\/es\/\" \/>\n<meta property=\"og:site_name\" content=\"Fundaci\u00f3 Les Voltes\" \/>\n<meta property=\"article:modified_time\" content=\"2026-02-09T08:57:45+00:00\" \/>\n<meta property=\"og:image\" content=\"https:\/\/lesvoltes.eu\/wp-content\/uploads\/2025\/07\/favicon-les-voltes-girona.png\" \/>\n\t<meta property=\"og:image:width\" content=\"1407\" \/>\n\t<meta property=\"og:image:height\" content=\"1406\" \/>\n\t<meta property=\"og:image:type\" content=\"image\/png\" \/>\n<meta name=\"twitter:card\" content=\"summary_large_image\" \/>\n<meta name=\"twitter:label1\" content=\"Tiempo de lectura\" \/>\n\t<meta name=\"twitter:data1\" content=\"1 minuto\" \/>\n<script type=\"application\/ld+json\" class=\"yoast-schema-graph\">{\"@context\":\"https:\/\/schema.org\",\"@graph\":[{\"@type\":\"WebPage\",\"@id\":\"https:\/\/lesvoltes.eu\/es\/\",\"url\":\"https:\/\/lesvoltes.eu\/es\/\",\"name\":\"Fundaci\u00f3n cultural catalana - Fundaci\u00f3 Les Voltes\",\"isPartOf\":{\"@id\":\"https:\/\/lesvoltes.eu\/es\/#website\"},\"primaryImageOfPage\":{\"@id\":\"https:\/\/lesvoltes.eu\/es\/#primaryimage\"},\"image\":{\"@id\":\"https:\/\/lesvoltes.eu\/es\/#primaryimage\"},\"thumbnailUrl\":\"https:\/\/lesvoltes.eu\/wp-content\/uploads\/2025\/07\/favicon-les-voltes-girona.png\",\"datePublished\":\"2025-07-18T06:40:28+00:00\",\"dateModified\":\"2026-02-09T08:57:45+00:00\",\"description\":\"Fundaci\u00f3n cultural catalana dedicada a la promoci\u00f3n de la lengua y la cultura catalana a trav\u00e9s de diferentes proyectos.\",\"breadcrumb\":{\"@id\":\"https:\/\/lesvoltes.eu\/es\/#breadcrumb\"},\"inLanguage\":\"es\",\"potentialAction\":[{\"@type\":\"ReadAction\",\"target\":[\"https:\/\/lesvoltes.eu\/es\/\"]}]},{\"@type\":\"ImageObject\",\"inLanguage\":\"es\",\"@id\":\"https:\/\/lesvoltes.eu\/es\/#primaryimage\",\"url\":\"https:\/\/lesvoltes.eu\/wp-content\/uploads\/2025\/07\/favicon-les-voltes-girona.png\",\"contentUrl\":\"https:\/\/lesvoltes.eu\/wp-content\/uploads\/2025\/07\/favicon-les-voltes-girona.png\",\"width\":1407,\"height\":1406},{\"@type\":\"BreadcrumbList\",\"@id\":\"https:\/\/lesvoltes.eu\/es\/#breadcrumb\",\"itemListElement\":[{\"@type\":\"ListItem\",\"position\":1,\"name\":\"Inici\",\"item\":\"https:\/\/lesvoltes.eu\/es\/inicio\/\"},{\"@type\":\"ListItem\",\"position\":2,\"name\":\"Inicio\"}]},{\"@type\":\"WebSite\",\"@id\":\"https:\/\/lesvoltes.eu\/es\/#website\",\"url\":\"https:\/\/lesvoltes.eu\/es\/\",\"name\":\"Fundaci\u00f3 Les Voltes\",\"description\":\"El Pa\u00eds el fa la gent, nosaltres hi posem les eines.\",\"publisher\":{\"@id\":\"https:\/\/lesvoltes.eu\/es\/#organization\"},\"potentialAction\":[{\"@type\":\"SearchAction\",\"target\":{\"@type\":\"EntryPoint\",\"urlTemplate\":\"https:\/\/lesvoltes.eu\/es\/?s={search_term_string}\"},\"query-input\":{\"@type\":\"PropertyValueSpecification\",\"valueRequired\":true,\"valueName\":\"search_term_string\"}}],\"inLanguage\":\"es\"},{\"@type\":\"Organization\",\"@id\":\"https:\/\/lesvoltes.eu\/es\/#organization\",\"name\":\"Fundaci\u00f3 Les Voltes\",\"url\":\"https:\/\/lesvoltes.eu\/es\/\",\"logo\":{\"@type\":\"ImageObject\",\"inLanguage\":\"es\",\"@id\":\"https:\/\/lesvoltes.eu\/es\/#\/schema\/logo\/image\/\",\"url\":\"https:\/\/lesvoltes.eu\/wp-content\/uploads\/2025\/07\/favicon-les-voltes-girona.png\",\"contentUrl\":\"https:\/\/lesvoltes.eu\/wp-content\/uploads\/2025\/07\/favicon-les-voltes-girona.png\",\"width\":1407,\"height\":1406,\"caption\":\"Fundaci\u00f3 Les Voltes\"},\"image\":{\"@id\":\"https:\/\/lesvoltes.eu\/es\/#\/schema\/logo\/image\/\"}}]}<\/script>\n<!-- \/ Yoast SEO plugin. -->","yoast_head_json":{"title":"Fundaci\u00f3n cultural catalana - Fundaci\u00f3 Les Voltes","description":"Fundaci\u00f3n cultural catalana dedicada a la promoci\u00f3n de la lengua y la cultura catalana a trav\u00e9s de diferentes proyectos.","robots":{"index":"index","follow":"follow","max-snippet":"max-snippet:-1","max-image-preview":"max-image-preview:large","max-video-preview":"max-video-preview:-1"},"canonical":"https:\/\/lesvoltes.eu\/es\/","og_locale":"es_ES","og_type":"article","og_title":"Fundaci\u00f3n cultural catalana - Fundaci\u00f3 Les Voltes","og_description":"Fundaci\u00f3n cultural catalana dedicada a la promoci\u00f3n de la lengua y la cultura catalana a trav\u00e9s de diferentes proyectos.","og_url":"https:\/\/lesvoltes.eu\/es\/","og_site_name":"Fundaci\u00f3 Les Voltes","article_modified_time":"2026-02-09T08:57:45+00:00","og_image":[{"width":1407,"height":1406,"url":"https:\/\/lesvoltes.eu\/wp-content\/uploads\/2025\/07\/favicon-les-voltes-girona.png","type":"image\/png"}],"twitter_card":"summary_large_image","twitter_misc":{"Tiempo de lectura":"1 minuto"},"schema":{"@context":"https:\/\/schema.org","@graph":[{"@type":"WebPage","@id":"https:\/\/lesvoltes.eu\/es\/","url":"https:\/\/lesvoltes.eu\/es\/","name":"Fundaci\u00f3n cultural catalana - Fundaci\u00f3 Les Voltes","isPartOf":{"@id":"https:\/\/lesvoltes.eu\/es\/#website"},"primaryImageOfPage":{"@id":"https:\/\/lesvoltes.eu\/es\/#primaryimage"},"image":{"@id":"https:\/\/lesvoltes.eu\/es\/#primaryimage"},"thumbnailUrl":"https:\/\/lesvoltes.eu\/wp-content\/uploads\/2025\/07\/favicon-les-voltes-girona.png","datePublished":"2025-07-18T06:40:28+00:00","dateModified":"2026-02-09T08:57:45+00:00","description":"Fundaci\u00f3n cultural catalana dedicada a la promoci\u00f3n de la lengua y la cultura catalana a trav\u00e9s de diferentes proyectos.","breadcrumb":{"@id":"https:\/\/lesvoltes.eu\/es\/#breadcrumb"},"inLanguage":"es","potentialAction":[{"@type":"ReadAction","target":["https:\/\/lesvoltes.eu\/es\/"]}]},{"@type":"ImageObject","inLanguage":"es","@id":"https:\/\/lesvoltes.eu\/es\/#primaryimage","url":"https:\/\/lesvoltes.eu\/wp-content\/uploads\/2025\/07\/favicon-les-voltes-girona.png","contentUrl":"https:\/\/lesvoltes.eu\/wp-content\/uploads\/2025\/07\/favicon-les-voltes-girona.png","width":1407,"height":1406},{"@type":"BreadcrumbList","@id":"https:\/\/lesvoltes.eu\/es\/#breadcrumb","itemListElement":[{"@type":"ListItem","position":1,"name":"Inici","item":"https:\/\/lesvoltes.eu\/es\/inicio\/"},{"@type":"ListItem","position":2,"name":"Inicio"}]},{"@type":"WebSite","@id":"https:\/\/lesvoltes.eu\/es\/#website","url":"https:\/\/lesvoltes.eu\/es\/","name":"Fundaci\u00f3 Les Voltes","description":"El Pa\u00eds el fa la gent, nosaltres hi posem les eines.","publisher":{"@id":"https:\/\/lesvoltes.eu\/es\/#organization"},"potentialAction":[{"@type":"SearchAction","target":{"@type":"EntryPoint","urlTemplate":"https:\/\/lesvoltes.eu\/es\/?s={search_term_string}"},"query-input":{"@type":"PropertyValueSpecification","valueRequired":true,"valueName":"search_term_string"}}],"inLanguage":"es"},{"@type":"Organization","@id":"https:\/\/lesvoltes.eu\/es\/#organization","name":"Fundaci\u00f3 Les Voltes","url":"https:\/\/lesvoltes.eu\/es\/","logo":{"@type":"ImageObject","inLanguage":"es","@id":"https:\/\/lesvoltes.eu\/es\/#\/schema\/logo\/image\/","url":"https:\/\/lesvoltes.eu\/wp-content\/uploads\/2025\/07\/favicon-les-voltes-girona.png","contentUrl":"https:\/\/lesvoltes.eu\/wp-content\/uploads\/2025\/07\/favicon-les-voltes-girona.png","width":1407,"height":1406,"caption":"Fundaci\u00f3 Les Voltes"},"image":{"@id":"https:\/\/lesvoltes.eu\/es\/#\/schema\/logo\/image\/"}}]}},"_links":{"self":[{"href":"https:\/\/lesvoltes.eu\/es\/wp-json\/wp\/v2\/pages\/1140","targetHints":{"allow":["GET"]}}],"collection":[{"href":"https:\/\/lesvoltes.eu\/es\/wp-json\/wp\/v2\/pages"}],"about":[{"href":"https:\/\/lesvoltes.eu\/es\/wp-json\/wp\/v2\/types\/page"}],"author":[{"embeddable":true,"href":"https:\/\/lesvoltes.eu\/es\/wp-json\/wp\/v2\/users\/1"}],"replies":[{"embeddable":true,"href":"https:\/\/lesvoltes.eu\/es\/wp-json\/wp\/v2\/comments?post=1140"}],"version-history":[{"count":11,"href":"https:\/\/lesvoltes.eu\/es\/wp-json\/wp\/v2\/pages\/1140\/revisions"}],"predecessor-version":[{"id":1196,"href":"https:\/\/lesvoltes.eu\/es\/wp-json\/wp\/v2\/pages\/1140\/revisions\/1196"}],"wp:featuredmedia":[{"embeddable":true,"href":"https:\/\/lesvoltes.eu\/es\/wp-json\/wp\/v2\/media\/1086"}],"wp:attachment":[{"href":"https:\/\/lesvoltes.eu\/es\/wp-json\/wp\/v2\/media?parent=1140"}],"curies":[{"name":"wp","href":"https:\/\/api.w.org\/{rel}","templated":true}]}}