{"id":1141,"date":"2025-07-23T11:46:34","date_gmt":"2025-07-23T09:46:34","guid":{"rendered":"https:\/\/lesvoltes.eu\/la-fundacion\/"},"modified":"2026-02-09T10:07:51","modified_gmt":"2026-02-09T09:07:51","slug":"la-fundacion","status":"publish","type":"page","link":"https:\/\/lesvoltes.eu\/es\/la-fundacion\/","title":{"rendered":"La fundaci\u00f3n"},"content":{"rendered":"\t\t<div data-elementor-type=\"wp-page\" data-elementor-id=\"1141\" class=\"elementor elementor-1141 elementor-207\" data-elementor-post-type=\"page\">\n\t\t\t\t<div class=\"elementor-element elementor-element-92ad0b5 e-con-full e-flex e-con e-parent\" data-id=\"92ad0b5\" data-element_type=\"container\" data-settings=\"{&quot;background_background&quot;:&quot;classic&quot;}\">\n\t\t<div class=\"elementor-element elementor-element-f71a246 e-con-full e-flex e-con e-child\" data-id=\"f71a246\" data-element_type=\"container\">\n\t\t\t\t<div class=\"elementor-element elementor-element-d7b25d6 animated-slow elementor-invisible elementor-widget elementor-widget-image\" data-id=\"d7b25d6\" data-element_type=\"widget\" data-settings=\"{&quot;_animation&quot;:&quot;fadeIn&quot;}\" data-widget_type=\"image.default\">\n\t\t\t\t\t\t\t\t\t\t\t\t\t\t\t<img fetchpriority=\"high\" decoding=\"async\" width=\"748\" height=\"292\" src=\"https:\/\/lesvoltes.eu\/wp-content\/uploads\/2025\/07\/logo-vertical-blanc-1.png\" class=\"attachment-large size-large wp-image-1069\" alt=\"Logo\" srcset=\"https:\/\/lesvoltes.eu\/wp-content\/uploads\/2025\/07\/logo-vertical-blanc-1.png 748w, https:\/\/lesvoltes.eu\/wp-content\/uploads\/2025\/07\/logo-vertical-blanc-1-300x117.png 300w\" sizes=\"(max-width: 748px) 100vw, 748px\" \/>\t\t\t\t\t\t\t\t\t\t\t\t\t\t\t<\/div>\n\t\t\t\t<div class=\"elementor-element elementor-element-1f26f27 animated-slow elementor-widget-divider--view-line elementor-invisible elementor-widget elementor-widget-divider\" data-id=\"1f26f27\" data-element_type=\"widget\" data-settings=\"{&quot;_animation&quot;:&quot;fadeInLeft&quot;,&quot;_animation_delay&quot;:200}\" data-widget_type=\"divider.default\">\n\t\t\t\t\t\t\t<div class=\"elementor-divider\">\n\t\t\t<span class=\"elementor-divider-separator\">\n\t\t\t\t\t\t<\/span>\n\t\t<\/div>\n\t\t\t\t\t\t<\/div>\n\t\t\t\t<div class=\"elementor-element elementor-element-43875b1 animated-slow elementor-invisible elementor-widget elementor-widget-heading\" data-id=\"43875b1\" data-element_type=\"widget\" data-settings=\"{&quot;_animation&quot;:&quot;fadeInUp&quot;,&quot;_animation_delay&quot;:400}\" data-widget_type=\"heading.default\">\n\t\t\t\t\t<h1 class=\"elementor-heading-title elementor-size-default\">La fundaci\u00f3n.<\/h1>\t\t\t\t<\/div>\n\t\t\t\t<\/div>\n\t\t\t\t<\/div>\n\t\t<div class=\"elementor-element elementor-element-7bdd0a2 e-con-full e-flex e-con e-parent\" data-id=\"7bdd0a2\" data-element_type=\"container\">\n\t\t<div class=\"elementor-element elementor-element-5bdf65a e-con-full e-flex e-con e-child\" data-id=\"5bdf65a\" data-element_type=\"container\">\n\t\t\t\t<div class=\"elementor-element elementor-element-5e2dff7 animated-slow elementor-invisible elementor-widget elementor-widget-heading\" data-id=\"5e2dff7\" data-element_type=\"widget\" data-settings=\"{&quot;_animation&quot;:&quot;fadeInLeft&quot;,&quot;_animation_delay&quot;:200}\" data-widget_type=\"heading.default\">\n\t\t\t\t\t<h2 class=\"elementor-heading-title elementor-size-default\">80 a\u00f1os ayudando a hacer crecer a la naci\u00f3n.<\/h2>\t\t\t\t<\/div>\n\t\t<div class=\"elementor-element elementor-element-f377787 e-con-full animated-slow elementor-hidden-mobile e-flex elementor-invisible e-con e-child\" data-id=\"f377787\" data-element_type=\"container\" data-settings=\"{&quot;animation&quot;:&quot;fadeInUp&quot;,&quot;animation_delay&quot;:200}\">\n\t\t\t\t<\/div>\n\t\t\t\t<\/div>\n\t\t<div class=\"elementor-element elementor-element-37cb479 e-con-full e-flex e-con e-child\" data-id=\"37cb479\" data-element_type=\"container\">\n\t\t<div class=\"elementor-element elementor-element-d4155e8 e-con-full e-flex e-con e-child\" data-id=\"d4155e8\" data-element_type=\"container\">\n\t\t<div class=\"elementor-element elementor-element-7c44775 e-con-full animated-slow e-flex elementor-invisible e-con e-child\" data-id=\"7c44775\" data-element_type=\"container\" data-settings=\"{&quot;animation&quot;:&quot;fadeInUp&quot;,&quot;animation_delay&quot;:200}\">\n\t\t\t\t<div class=\"elementor-element elementor-element-87e6b0f elementor-widget elementor-widget-text-editor\" data-id=\"87e6b0f\" data-element_type=\"widget\" data-widget_type=\"text-editor.default\">\n\t\t\t\t\t\t\t\t\t<p>A principios de 1962, en pleno franquismo, Joan Bosch y Agust\u00ed convoc\u00f3 a Joan Boladeres i Roca, Joan Gelada y Casellas ya Antoni Dom\u00e8nech i Roca en una reuni\u00f3n donde decidieron construir la Librer\u00eda Les Voltes con la finalidad de vender s\u00f3lo libros en catal\u00e1n. En mayo de 1963, los 4 impulsores y otros 39 socios, se reunieron para construir la \u00abSociedad Limitada de Libros y Artes Decorativas\u00bb para promover el conocimiento de la lengua y el sentimiento catalanista. La herramienta deb\u00eda ser una librer\u00eda cobijada bajo las b\u00f3vedas de la plaza del Vino. Nac\u00eda la Librer\u00eda Les Voltes. La ambici\u00f3n de los fundadores no era poca: vender s\u00f3lo libros en catal\u00e1n.    <\/p>\t\t\t\t\t\t\t\t<\/div>\n\t\t\t\t<\/div>\n\t\t<div class=\"elementor-element elementor-element-c443e4f e-con-full animated-slow e-flex elementor-invisible e-con e-child\" data-id=\"c443e4f\" data-element_type=\"container\" data-settings=\"{&quot;animation&quot;:&quot;fadeInUp&quot;,&quot;animation_delay&quot;:400}\">\n\t\t\t\t<div class=\"elementor-element elementor-element-d82f863 elementor-widget elementor-widget-text-editor\" data-id=\"d82f863\" data-element_type=\"widget\" data-widget_type=\"text-editor.default\">\n\t\t\t\t\t\t\t\t\t<p>Hab\u00eda pocos y estaban sometidos a estricta censura. Durante m\u00e1s de 40 a\u00f1os la entidad la presidi\u00f3 Feliu Matamala y Teixidor, que a partir de la d\u00e9cada de los setenta convirti\u00f3 la librer\u00eda Les Voltes en el espacio de referencia de la lucha catalanista en las comarcas de Girona. <\/p><p>Hace 10 a\u00f1os, Les Voltes se convirti\u00f3 en una fundaci\u00f3n sin \u00e1nimo de lucro y fue declarada de utilidad p\u00fablica. La Fundaci\u00f3n Librer\u00eda Les Voltes tambi\u00e9n est\u00e1 incluida en el Censo de entidades del fomento de la lengua catalana de la Generalitat de Catalunya. <\/p>\t\t\t\t\t\t\t\t<\/div>\n\t\t\t\t<\/div>\n\t\t\t\t<\/div>\n\t\t<div class=\"elementor-element elementor-element-d6d58cb e-con-full e-flex e-con e-child\" data-id=\"d6d58cb\" data-element_type=\"container\">\n\t\t<div class=\"elementor-element elementor-element-0991db0 e-con-full e-flex e-con e-child\" data-id=\"0991db0\" data-element_type=\"container\">\n\t\t\t\t<div class=\"elementor-element elementor-element-a54bef0 animated-slow elementor-invisible elementor-widget elementor-widget-image\" data-id=\"a54bef0\" data-element_type=\"widget\" data-settings=\"{&quot;_animation&quot;:&quot;fadeIn&quot;,&quot;_animation_delay&quot;:400}\" data-widget_type=\"image.default\">\n\t\t\t\t\t\t\t\t\t\t\t\t\t\t\t<img decoding=\"async\" width=\"600\" height=\"600\" src=\"https:\/\/lesvoltes.eu\/wp-content\/uploads\/2025\/07\/facanaLlibreria.png\" class=\"attachment-large size-large wp-image-1071\" alt=\"Fa\u00e7ana llibreria Les Voltes\" srcset=\"https:\/\/lesvoltes.eu\/wp-content\/uploads\/2025\/07\/facanaLlibreria.png 600w, https:\/\/lesvoltes.eu\/wp-content\/uploads\/2025\/07\/facanaLlibreria-300x300.png 300w, https:\/\/lesvoltes.eu\/wp-content\/uploads\/2025\/07\/facanaLlibreria-150x150.png 150w\" sizes=\"(max-width: 600px) 100vw, 600px\" \/>\t\t\t\t\t\t\t\t\t\t\t\t\t\t\t<\/div>\n\t\t\t\t<\/div>\n\t\t\t\t<\/div>\n\t\t\t\t<\/div>\n\t\t\t\t<\/div>\n\t\t<div class=\"elementor-element elementor-element-a797abc e-con-full e-flex e-con e-parent\" data-id=\"a797abc\" data-element_type=\"container\">\n\t\t<div class=\"elementor-element elementor-element-9736061 e-con-full animated-slow e-flex elementor-invisible e-con e-child\" data-id=\"9736061\" data-element_type=\"container\" data-settings=\"{&quot;animation&quot;:&quot;fadeInDown&quot;,&quot;animation_delay&quot;:200}\">\n\t\t\t\t<div class=\"elementor-element elementor-element-9151820 elementor-widget elementor-widget-video\" data-id=\"9151820\" data-element_type=\"widget\" data-settings=\"{&quot;youtube_url&quot;:&quot;https:\\\/\\\/www.youtube.com\\\/watch?v=fd-5hlkA6nE&quot;,&quot;video_type&quot;:&quot;youtube&quot;,&quot;controls&quot;:&quot;yes&quot;}\" data-widget_type=\"video.default\">\n\t\t\t\t\t\t\t<div class=\"elementor-wrapper elementor-open-inline\">\n\t\t\t<div class=\"elementor-video\"><\/div>\t\t<\/div>\n\t\t\t\t\t\t<\/div>\n\t\t\t\t<div class=\"elementor-element elementor-element-e6247c4 animated-slow elementor-widget-divider--view-line elementor-invisible elementor-widget elementor-widget-divider\" data-id=\"e6247c4\" data-element_type=\"widget\" data-settings=\"{&quot;_animation&quot;:&quot;fadeInLeft&quot;,&quot;_animation_delay&quot;:400}\" data-widget_type=\"divider.default\">\n\t\t\t\t\t\t\t<div class=\"elementor-divider\">\n\t\t\t<span class=\"elementor-divider-separator\">\n\t\t\t\t\t\t<\/span>\n\t\t<\/div>\n\t\t\t\t\t\t<\/div>\n\t\t\t\t<\/div>\n\t\t<div class=\"elementor-element elementor-element-dfec5f8 e-con-full e-flex e-con e-child\" data-id=\"dfec5f8\" data-element_type=\"container\">\n\t\t<div class=\"elementor-element elementor-element-991cf0d e-con-full e-flex e-con e-child\" data-id=\"991cf0d\" data-element_type=\"container\">\n\t\t<div class=\"elementor-element elementor-element-4301720 e-con-full e-flex e-con e-child\" data-id=\"4301720\" data-element_type=\"container\">\n\t\t\t\t<div class=\"elementor-element elementor-element-351a240 animated-slow elementor-invisible elementor-widget elementor-widget-heading\" data-id=\"351a240\" data-element_type=\"widget\" data-settings=\"{&quot;_animation&quot;:&quot;fadeInRight&quot;,&quot;_animation_delay&quot;:200}\" data-widget_type=\"heading.default\">\n\t\t\t\t\t<h2 class=\"elementor-heading-title elementor-size-default\">Acto en defensa de la lengua.<\/h2>\t\t\t\t<\/div>\n\t\t\t\t<div class=\"elementor-element elementor-element-022649b animated-slow elementor-invisible elementor-widget elementor-widget-text-editor\" data-id=\"022649b\" data-element_type=\"widget\" data-settings=\"{&quot;_animation&quot;:&quot;fadeInRight&quot;,&quot;_animation_delay&quot;:400}\" data-widget_type=\"text-editor.default\">\n\t\t\t\t\t\t\t\t\t<p>60 a\u00f1os de defensa de la lengua, la cultura y la naci\u00f3n catalanas.<\/p>\t\t\t\t\t\t\t\t<\/div>\n\t\t\t\t<\/div>\n\t\t<div class=\"elementor-element elementor-element-9fdfce7 e-con-full e-flex e-con e-child\" data-id=\"9fdfce7\" data-element_type=\"container\">\n\t\t\t\t<div class=\"elementor-element elementor-element-c49a737 animated-slow elementor-invisible elementor-widget elementor-widget-image\" data-id=\"c49a737\" data-element_type=\"widget\" data-settings=\"{&quot;_animation&quot;:&quot;fadeInUp&quot;,&quot;_animation_delay&quot;:600}\" data-widget_type=\"image.default\">\n\t\t\t\t\t\t\t\t\t\t\t\t\t\t\t<img decoding=\"async\" width=\"450\" height=\"189\" src=\"https:\/\/lesvoltes.eu\/wp-content\/uploads\/2025\/07\/logosGirona.png\" class=\"attachment-large size-large wp-image-1081\" alt=\"Logotips\" srcset=\"https:\/\/lesvoltes.eu\/wp-content\/uploads\/2025\/07\/logosGirona.png 450w, https:\/\/lesvoltes.eu\/wp-content\/uploads\/2025\/07\/logosGirona-300x126.png 300w\" sizes=\"(max-width: 450px) 100vw, 450px\" \/>\t\t\t\t\t\t\t\t\t\t\t\t\t\t\t<\/div>\n\t\t\t\t<\/div>\n\t\t\t\t<\/div>\n\t\t\t\t<\/div>\n\t\t\t\t<\/div>\n\t\t<div class=\"elementor-element elementor-element-6035d12 e-con-full e-flex e-con e-parent\" data-id=\"6035d12\" data-element_type=\"container\" data-settings=\"{&quot;background_background&quot;:&quot;classic&quot;}\">\n\t\t<div class=\"elementor-element elementor-element-81a3e48 e-con-full e-flex e-con e-child\" data-id=\"81a3e48\" data-element_type=\"container\">\n\t\t\t\t<div class=\"elementor-element elementor-element-f772a22 animated-slow elementor-invisible elementor-widget elementor-widget-heading\" data-id=\"f772a22\" data-element_type=\"widget\" data-settings=\"{&quot;_animation&quot;:&quot;fadeInLeft&quot;,&quot;_animation_delay&quot;:400}\" data-widget_type=\"heading.default\">\n\t\t\t\t\t<h2 class=\"elementor-heading-title elementor-size-default\">Las Vueltas hoy.<\/h2>\t\t\t\t<\/div>\n\t\t<div class=\"elementor-element elementor-element-a7803a2 e-con-full e-flex elementor-invisible e-con e-child\" data-id=\"a7803a2\" data-element_type=\"container\" data-settings=\"{&quot;animation&quot;:&quot;fadeInUp&quot;}\">\n\t\t\t\t<div class=\"elementor-element elementor-element-b0ce09a animated-slow elementor-invisible elementor-widget elementor-widget-text-editor\" data-id=\"b0ce09a\" data-element_type=\"widget\" data-settings=\"{&quot;_animation&quot;:&quot;fadeInLeft&quot;,&quot;_animation_delay&quot;:600}\" data-widget_type=\"text-editor.default\">\n\t\t\t\t\t\t\t\t\t<p>La Fundaci\u00f3 pivota hoy sobre cuatro proyectos que sus patrones consideran imprescindibles en la construcci\u00f3n de la identidad catalana: la lengua, la educaci\u00f3n, la cultura y el ocio. En los \u00faltimos a\u00f1os cuestiones que parec\u00edan superadas a finales del siglo XX se han convertido en urgencias a las que hay que volver a volcar esfuerzos ingentes. <\/p><p>Desde la Fundaci\u00f3 Llibreria Les Voltes el objetivo es llevar a cabo tantas acciones como sean posibles para fomentar el uso p\u00fablico y privado del catal\u00e1n. Convertir al catal\u00e1n en lengua de prestigio es un primer paso. Convertirla en necesaria para la vida cotidiana es su salvaci\u00f3n.  <\/p><p>La Fundaci\u00f3 Llibreria Les Voltes moderniza su estructura e incorpora la figura de un director, con el encargo principal de alcanzar nuevos p\u00fablicos, consolidar nuevas \u00e1reas de trabajo y capitalizar la Fundaci\u00f3, desde los puntos de vista econ\u00f3mico y comunicativo El equipo tambi\u00e9n crece con personas j\u00f3venes para abrir canales de comunicaci\u00f3n con los usuarios sobre todo de redes sociales. <\/p>\t\t\t\t\t\t\t\t<\/div>\n\t\t\t\t<\/div>\n\t\t\t\t<\/div>\n\t\t<div class=\"elementor-element elementor-element-acbddfb e-con-full e-flex e-con e-child\" data-id=\"acbddfb\" data-element_type=\"container\">\n\t\t\t\t<\/div>\n\t\t\t\t<\/div>\n\t\t<div class=\"elementor-element elementor-element-525ea40 e-con-full e-flex e-con e-parent\" data-id=\"525ea40\" data-element_type=\"container\" data-settings=\"{&quot;background_background&quot;:&quot;classic&quot;}\">\n\t\t<div class=\"elementor-element elementor-element-730efec e-con-full e-flex e-con e-child\" data-id=\"730efec\" data-element_type=\"container\">\n\t\t\t\t<div class=\"elementor-element elementor-element-35901d8 animated-slow elementor-widget-divider--view-line elementor-invisible elementor-widget elementor-widget-divider\" data-id=\"35901d8\" data-element_type=\"widget\" data-settings=\"{&quot;_animation&quot;:&quot;fadeInLeft&quot;,&quot;_animation_delay&quot;:200}\" data-widget_type=\"divider.default\">\n\t\t\t\t\t\t\t<div class=\"elementor-divider\">\n\t\t\t<span class=\"elementor-divider-separator\">\n\t\t\t\t\t\t<\/span>\n\t\t<\/div>\n\t\t\t\t\t\t<\/div>\n\t\t\t\t<div class=\"elementor-element elementor-element-ac10ccf animated-slow elementor-invisible elementor-widget elementor-widget-heading\" data-id=\"ac10ccf\" data-element_type=\"widget\" data-settings=\"{&quot;_animation&quot;:&quot;fadeInLeft&quot;,&quot;_animation_delay&quot;:400}\" data-widget_type=\"heading.default\">\n\t\t\t\t\t<h2 class=\"elementor-heading-title elementor-size-default\">Objectivos.<\/h2>\t\t\t\t<\/div>\n\t\t\t\t<\/div>\n\t\t\t\t<\/div>\n\t\t<div class=\"elementor-element elementor-element-519241f e-con-full e-flex e-con e-parent\" data-id=\"519241f\" data-element_type=\"container\">\n\t\t<div class=\"elementor-element elementor-element-50488be e-con-full e-flex e-con e-child\" data-id=\"50488be\" data-element_type=\"container\">\n\t\t<div class=\"elementor-element elementor-element-cfc40ec e-con-full e-flex e-con e-child\" data-id=\"cfc40ec\" data-element_type=\"container\">\n\t\t<div class=\"elementor-element elementor-element-c9765bd e-con-full e-flex e-con e-child\" data-id=\"c9765bd\" data-element_type=\"container\">\n\t\t\t\t<div class=\"elementor-element elementor-element-4120122 animated-slow elementor-invisible elementor-widget elementor-widget-image\" data-id=\"4120122\" data-element_type=\"widget\" data-settings=\"{&quot;_animation&quot;:&quot;fadeInUp&quot;,&quot;_animation_delay&quot;:200}\" data-widget_type=\"image.default\">\n\t\t\t\t\t\t\t\t\t\t\t\t\t\t\t<img loading=\"lazy\" decoding=\"async\" width=\"800\" height=\"959\" src=\"https:\/\/lesvoltes.eu\/wp-content\/uploads\/2025\/07\/castellers.png\" class=\"attachment-large size-large wp-image-1076\" alt=\"Mans de castellers\" srcset=\"https:\/\/lesvoltes.eu\/wp-content\/uploads\/2025\/07\/castellers.png 800w, https:\/\/lesvoltes.eu\/wp-content\/uploads\/2025\/07\/castellers-250x300.png 250w, https:\/\/lesvoltes.eu\/wp-content\/uploads\/2025\/07\/castellers-768x921.png 768w\" sizes=\"(max-width: 800px) 100vw, 800px\" \/>\t\t\t\t\t\t\t\t\t\t\t\t\t\t\t<\/div>\n\t\t<div class=\"elementor-element elementor-element-00fbc66 e-con-full elementor-hidden-mobile e-flex e-con e-child\" data-id=\"00fbc66\" data-element_type=\"container\">\n\t\t\t\t<div class=\"elementor-element elementor-element-4926a66 e-transform e-transform e-transform elementor-invisible elementor-widget elementor-widget-image\" data-id=\"4926a66\" data-element_type=\"widget\" data-settings=\"{&quot;motion_fx_motion_fx_scrolling&quot;:&quot;yes&quot;,&quot;motion_fx_translateX_effect&quot;:&quot;yes&quot;,&quot;motion_fx_translateX_direction&quot;:&quot;negative&quot;,&quot;motion_fx_translateX_affectedRange&quot;:{&quot;unit&quot;:&quot;%&quot;,&quot;size&quot;:&quot;&quot;,&quot;sizes&quot;:{&quot;start&quot;:0,&quot;end&quot;:97}},&quot;motion_fx_rotateZ_effect&quot;:&quot;yes&quot;,&quot;motion_fx_rotateZ_speed&quot;:{&quot;unit&quot;:&quot;px&quot;,&quot;size&quot;:0.5,&quot;sizes&quot;:[]},&quot;motion_fx_rotateZ_affectedRange&quot;:{&quot;unit&quot;:&quot;%&quot;,&quot;size&quot;:&quot;&quot;,&quot;sizes&quot;:{&quot;start&quot;:0,&quot;end&quot;:97}},&quot;_animation&quot;:&quot;fadeIn&quot;,&quot;_transform_rotateZ_effect&quot;:{&quot;unit&quot;:&quot;px&quot;,&quot;size&quot;:15,&quot;sizes&quot;:[]},&quot;_transform_translateX_effect&quot;:{&quot;unit&quot;:&quot;px&quot;,&quot;size&quot;:14,&quot;sizes&quot;:[]},&quot;_transform_translateY_effect&quot;:{&quot;unit&quot;:&quot;px&quot;,&quot;size&quot;:-411,&quot;sizes&quot;:[]},&quot;_transform_scale_effect&quot;:{&quot;unit&quot;:&quot;px&quot;,&quot;size&quot;:0.7,&quot;sizes&quot;:[]},&quot;_transform_translateY_effect_tablet&quot;:{&quot;unit&quot;:&quot;px&quot;,&quot;size&quot;:-384,&quot;sizes&quot;:[]},&quot;_transform_translateY_effect_mobile&quot;:{&quot;unit&quot;:&quot;px&quot;,&quot;size&quot;:-165,&quot;sizes&quot;:[]},&quot;motion_fx_translateX_speed&quot;:{&quot;unit&quot;:&quot;px&quot;,&quot;size&quot;:4,&quot;sizes&quot;:[]},&quot;motion_fx_devices&quot;:[&quot;desktop&quot;,&quot;tablet&quot;,&quot;mobile&quot;],&quot;_transform_rotateZ_effect_tablet&quot;:{&quot;unit&quot;:&quot;deg&quot;,&quot;size&quot;:&quot;&quot;,&quot;sizes&quot;:[]},&quot;_transform_rotateZ_effect_mobile&quot;:{&quot;unit&quot;:&quot;deg&quot;,&quot;size&quot;:&quot;&quot;,&quot;sizes&quot;:[]},&quot;_transform_translateX_effect_tablet&quot;:{&quot;unit&quot;:&quot;px&quot;,&quot;size&quot;:&quot;&quot;,&quot;sizes&quot;:[]},&quot;_transform_translateX_effect_mobile&quot;:{&quot;unit&quot;:&quot;px&quot;,&quot;size&quot;:&quot;&quot;,&quot;sizes&quot;:[]},&quot;_transform_scale_effect_tablet&quot;:{&quot;unit&quot;:&quot;px&quot;,&quot;size&quot;:&quot;&quot;,&quot;sizes&quot;:[]},&quot;_transform_scale_effect_mobile&quot;:{&quot;unit&quot;:&quot;px&quot;,&quot;size&quot;:&quot;&quot;,&quot;sizes&quot;:[]}}\" data-widget_type=\"image.default\">\n\t\t\t\t\t\t\t\t\t\t\t\t\t\t\t<img loading=\"lazy\" decoding=\"async\" width=\"800\" height=\"415\" src=\"https:\/\/lesvoltes.eu\/wp-content\/uploads\/2025\/07\/logoVermell-1024x531.png\" class=\"attachment-large size-large wp-image-1077\" alt=\"Logotip\" srcset=\"https:\/\/lesvoltes.eu\/wp-content\/uploads\/2025\/07\/logoVermell-1024x531.png 1024w, https:\/\/lesvoltes.eu\/wp-content\/uploads\/2025\/07\/logoVermell-300x156.png 300w, https:\/\/lesvoltes.eu\/wp-content\/uploads\/2025\/07\/logoVermell-768x398.png 768w, https:\/\/lesvoltes.eu\/wp-content\/uploads\/2025\/07\/logoVermell.png 1215w\" sizes=\"(max-width: 800px) 100vw, 800px\" \/>\t\t\t\t\t\t\t\t\t\t\t\t\t\t\t<\/div>\n\t\t\t\t<\/div>\n\t\t\t\t<\/div>\n\t\t<div class=\"elementor-element elementor-element-20b15e6 e-con-full e-flex e-con e-child\" data-id=\"20b15e6\" data-element_type=\"container\">\n\t\t\t\t<div class=\"elementor-element elementor-element-4f4c8a1 animated-slow elementor-invisible elementor-widget elementor-widget-image\" data-id=\"4f4c8a1\" data-element_type=\"widget\" data-settings=\"{&quot;_animation&quot;:&quot;fadeInUp&quot;,&quot;_animation_delay&quot;:400}\" data-widget_type=\"image.default\">\n\t\t\t\t\t\t\t\t\t\t\t\t\t\t\t<img loading=\"lazy\" decoding=\"async\" width=\"800\" height=\"534\" src=\"https:\/\/lesvoltes.eu\/wp-content\/uploads\/2025\/07\/mansJuntes-1024x683.jpg\" class=\"attachment-large size-large wp-image-1083\" alt=\"Mans juntes\" srcset=\"https:\/\/lesvoltes.eu\/wp-content\/uploads\/2025\/07\/mansJuntes-1024x683.jpg 1024w, https:\/\/lesvoltes.eu\/wp-content\/uploads\/2025\/07\/mansJuntes-300x200.jpg 300w, https:\/\/lesvoltes.eu\/wp-content\/uploads\/2025\/07\/mansJuntes-768x512.jpg 768w, https:\/\/lesvoltes.eu\/wp-content\/uploads\/2025\/07\/mansJuntes-1536x1024.jpg 1536w, https:\/\/lesvoltes.eu\/wp-content\/uploads\/2025\/07\/mansJuntes-2048x1366.jpg 2048w\" sizes=\"(max-width: 800px) 100vw, 800px\" \/>\t\t\t\t\t\t\t\t\t\t\t\t\t\t\t<\/div>\n\t\t\t\t<\/div>\n\t\t\t\t<\/div>\n\t\t\t\t<div class=\"elementor-element elementor-element-4755434 animated-slow elementor-invisible elementor-widget elementor-widget-heading\" data-id=\"4755434\" data-element_type=\"widget\" data-settings=\"{&quot;_animation&quot;:&quot;fadeInLeft&quot;,&quot;_animation_delay&quot;:400}\" data-widget_type=\"heading.default\">\n\t\t\t\t\t<h2 class=\"elementor-heading-title elementor-size-default\">Les Voltes, proyecto com\u00fan.<\/h2>\t\t\t\t<\/div>\n\t\t\t\t<\/div>\n\t\t<div class=\"elementor-element elementor-element-b952e83 e-con-full e-flex e-con e-child\" data-id=\"b952e83\" data-element_type=\"container\">\n\t\t\t\t<div class=\"elementor-element elementor-element-1e20ff3 animated-slow elementor-invisible elementor-widget elementor-widget-text-editor\" data-id=\"1e20ff3\" data-element_type=\"widget\" data-settings=\"{&quot;_animation&quot;:&quot;fadeInRight&quot;,&quot;_animation_delay&quot;:200}\" data-widget_type=\"text-editor.default\">\n\t\t\t\t\t\t\t\t\t<p>La construcci\u00f3n de la naci\u00f3n no es un trabajo f\u00e1cil. El contexto no nos favorece y hoy es necesario que el conjunto de la sociedad catalana se conciencie de que en cuestiones como la extensi\u00f3n del uso social de la lengua nos jugamos el futuro. <\/p><p>Os hacemos un llamamiento a trabajar conjuntamente con la Fundaci\u00f3 Llibreria Les Voltes para servir a los catalanes y catalanas las herramientas que necesitamos para que Catalu\u00f1a se convierta en el futuro en una realidad acorde con su potencial y su historia.<\/p><p>Nuestra trayectoria es la prueba de un compromiso claro, rotundo y firme con nuestro pa\u00eds.<\/p>\t\t\t\t\t\t\t\t<\/div>\n\t\t<div class=\"elementor-element elementor-element-079cb2d e-con-full e-flex elementor-invisible e-con e-child\" data-id=\"079cb2d\" data-element_type=\"container\" data-settings=\"{&quot;animation&quot;:&quot;fadeInUp&quot;}\">\n\t\t\t\t<div class=\"elementor-element elementor-element-1c49fdc animated-slow elementor-invisible elementor-widget elementor-widget-text-editor\" data-id=\"1c49fdc\" data-element_type=\"widget\" data-settings=\"{&quot;_animation&quot;:&quot;fadeInRight&quot;,&quot;_animation_delay&quot;:600}\" data-widget_type=\"text-editor.default\">\n\t\t\t\t\t\t\t\t\t<p>Solo iremos lejos, juntos llegaremos m\u00e1s lejos y llegaremos m\u00e1s r\u00e1pido.<\/p>\t\t\t\t\t\t\t\t<\/div>\n\t\t\t\t<\/div>\n\t\t\t\t<\/div>\n\t\t\t\t<\/div>\n\t\t<div class=\"elementor-element elementor-element-cace3a0 e-con-full e-flex e-con e-parent\" data-id=\"cace3a0\" data-element_type=\"container\">\n\t\t<div class=\"elementor-element elementor-element-1639aa6 e-con-full e-flex e-con e-child\" data-id=\"1639aa6\" data-element_type=\"container\">\n\t\t\t\t<div class=\"elementor-element elementor-element-c4f4898 animated-slow elementor-widget-divider--view-line elementor-invisible elementor-widget elementor-widget-divider\" data-id=\"c4f4898\" data-element_type=\"widget\" data-settings=\"{&quot;_animation&quot;:&quot;fadeInLeft&quot;,&quot;_animation_delay&quot;:200}\" data-widget_type=\"divider.default\">\n\t\t\t\t\t\t\t<div class=\"elementor-divider\">\n\t\t\t<span class=\"elementor-divider-separator\">\n\t\t\t\t\t\t<\/span>\n\t\t<\/div>\n\t\t\t\t\t\t<\/div>\n\t\t\t\t<\/div>\n\t\t<div class=\"elementor-element elementor-element-c9467c2 e-con-full e-flex e-con e-child\" data-id=\"c9467c2\" data-element_type=\"container\">\n\t\t\t\t<div class=\"elementor-element elementor-element-006deec animated-slow elementor-invisible elementor-widget elementor-widget-heading\" data-id=\"006deec\" data-element_type=\"widget\" data-settings=\"{&quot;_animation&quot;:&quot;fadeInLeft&quot;,&quot;_animation_delay&quot;:400}\" data-widget_type=\"heading.default\">\n\t\t\t\t\t<h2 class=\"elementor-heading-title elementor-size-default\">\u00bfQu\u00e9 hacemos en Les Voltes?<\/h2>\t\t\t\t<\/div>\n\t\t\t\t<div class=\"elementor-element elementor-element-aea37f6 elementor-widget__width-inherit animated-slow elementor-invisible elementor-widget elementor-widget-image\" data-id=\"aea37f6\" data-element_type=\"widget\" data-settings=\"{&quot;_animation&quot;:&quot;fadeInRight&quot;,&quot;_animation_delay&quot;:400}\" data-widget_type=\"image.default\">\n\t\t\t\t\t\t\t\t\t\t\t\t\t\t\t<img loading=\"lazy\" decoding=\"async\" width=\"350\" height=\"311\" src=\"https:\/\/lesvoltes.eu\/wp-content\/uploads\/2025\/07\/a7115fb6ee275f6052757ad33a84b17f1926be96-e1753339370912.png\" class=\"attachment-large size-large wp-image-1084\" alt=\"\" srcset=\"https:\/\/lesvoltes.eu\/wp-content\/uploads\/2025\/07\/a7115fb6ee275f6052757ad33a84b17f1926be96-e1753339370912.png 350w, https:\/\/lesvoltes.eu\/wp-content\/uploads\/2025\/07\/a7115fb6ee275f6052757ad33a84b17f1926be96-e1753339370912-300x267.png 300w\" sizes=\"(max-width: 350px) 100vw, 350px\" \/>\t\t\t\t\t\t\t\t\t\t\t\t\t\t\t<\/div>\n\t\t\t\t<\/div>\n\t\t\t\t<\/div>\n\t\t<div class=\"elementor-element elementor-element-54f005e e-con-full e-flex e-con e-parent\" data-id=\"54f005e\" data-element_type=\"container\">\n\t\t<a class=\"elementor-element elementor-element-0caf18e e-con-full organitzacio animated-slow e-flex elementor-invisible e-con e-child\" data-id=\"0caf18e\" data-element_type=\"container\" data-settings=\"{&quot;background_background&quot;:&quot;classic&quot;,&quot;animation&quot;:&quot;fadeInRight&quot;,&quot;animation_delay&quot;:200}\" href=\"https:\/\/lesvoltes.eu\/es\/libreria\/\">\n\t\t\t\t<div class=\"elementor-element elementor-element-08cfab1 variants elementor-widget elementor-widget-text-editor\" data-id=\"08cfab1\" data-element_type=\"widget\" data-widget_type=\"text-editor.default\">\n\t\t\t\t\t\t\t\t\t<p>Librer\u00eda Les Voltes<\/p>\t\t\t\t\t\t\t\t<\/div>\n\t\t\t\t<\/a>\n\t\t\t\t<\/div>\n\t\t<div class=\"elementor-element elementor-element-5ef97be e-con-full e-flex e-con e-parent\" data-id=\"5ef97be\" data-element_type=\"container\">\n\t\t<a class=\"elementor-element elementor-element-d1dd4ad e-con-full organitzacio animated-slow e-flex elementor-invisible e-con e-child\" data-id=\"d1dd4ad\" data-element_type=\"container\" data-settings=\"{&quot;background_background&quot;:&quot;classic&quot;,&quot;animation&quot;:&quot;fadeInRight&quot;,&quot;animation_delay&quot;:400}\" href=\"https:\/\/lesvoltes.eu\/es\/educa\/\">\n\t\t\t\t<div class=\"elementor-element elementor-element-328fd17 variants elementor-widget elementor-widget-text-editor\" data-id=\"328fd17\" data-element_type=\"widget\" data-widget_type=\"text-editor.default\">\n\t\t\t\t\t\t\t\t\t<p>Les Voltes Educa<\/p>\t\t\t\t\t\t\t\t<\/div>\n\t\t\t\t<\/a>\n\t\t\t\t<\/div>\n\t\t<div class=\"elementor-element elementor-element-d211735 e-con-full e-flex e-con e-parent\" data-id=\"d211735\" data-element_type=\"container\">\n\t\t<a class=\"elementor-element elementor-element-80c1f5f e-con-full organitzacio animated-slow e-flex elementor-invisible e-con e-child\" data-id=\"80c1f5f\" data-element_type=\"container\" data-settings=\"{&quot;background_background&quot;:&quot;classic&quot;,&quot;animation&quot;:&quot;fadeInRight&quot;,&quot;animation_delay&quot;:600}\">\n\t\t\t\t<div class=\"elementor-element elementor-element-62f0f06 variants elementor-widget elementor-widget-text-editor\" data-id=\"62f0f06\" data-element_type=\"widget\" data-widget_type=\"text-editor.default\">\n\t\t\t\t\t\t\t\t\t<p>Les Voltes Docencia<\/p>\t\t\t\t\t\t\t\t<\/div>\n\t\t\t\t<\/a>\n\t\t\t\t<\/div>\n\t\t<div class=\"elementor-element elementor-element-2e54820 e-con-full e-flex e-con e-parent\" data-id=\"2e54820\" data-element_type=\"container\">\n\t\t<a class=\"elementor-element elementor-element-37354cb e-con-full organitzacio animated-slow e-flex elementor-invisible e-con e-child\" data-id=\"37354cb\" data-element_type=\"container\" data-settings=\"{&quot;background_background&quot;:&quot;classic&quot;,&quot;animation&quot;:&quot;fadeInRight&quot;,&quot;animation_delay&quot;:800}\" href=\"https:\/\/lesvoltes.eu\/es\/feria-del-dibujo-y-la-pintura\/\">\n\t\t\t\t<div class=\"elementor-element elementor-element-f68e0dd variants elementor-widget elementor-widget-text-editor\" data-id=\"f68e0dd\" data-element_type=\"widget\" data-widget_type=\"text-editor.default\">\n\t\t\t\t\t\t\t\t\t<p>Feria del Dibujo y la Pintura<\/p>\t\t\t\t\t\t\t\t<\/div>\n\t\t\t\t<\/a>\n\t\t\t\t<\/div>\n\t\t<div class=\"elementor-element elementor-element-22156d1 e-con-full e-flex e-con e-parent\" data-id=\"22156d1\" data-element_type=\"container\">\n\t\t<a class=\"elementor-element elementor-element-4813f2e e-con-full organitzacio animated-slow e-flex elementor-invisible e-con e-child\" data-id=\"4813f2e\" data-element_type=\"container\" data-settings=\"{&quot;background_background&quot;:&quot;classic&quot;,&quot;animation&quot;:&quot;fadeInRight&quot;,&quot;animation_delay&quot;:1000}\">\n\t\t\t\t<div class=\"elementor-element elementor-element-bcf15da variants elementor-widget elementor-widget-text-editor\" data-id=\"bcf15da\" data-element_type=\"widget\" data-widget_type=\"text-editor.default\">\n\t\t\t\t\t\t\t\t\t<p>Feria del Libro Infantil y Juvenil<\/p>\t\t\t\t\t\t\t\t<\/div>\n\t\t\t\t<\/a>\n\t\t\t\t<\/div>\n\t\t<div class=\"elementor-element elementor-element-1d266bc e-con-full e-flex e-con e-parent\" data-id=\"1d266bc\" data-element_type=\"container\">\n\t\t\t\t<div class=\"elementor-element elementor-element-6a82b17 animated-slow elementor-invisible elementor-widget elementor-widget-text-editor\" data-id=\"6a82b17\" data-element_type=\"widget\" data-settings=\"{&quot;_animation&quot;:&quot;fadeIn&quot;,&quot;_animation_delay&quot;:600}\" data-widget_type=\"text-editor.default\">\n\t\t\t\t\t\t\t\t\t<p>\u00bfY qu\u00e9 hacemos en el d\u00eda a d\u00eda?<\/p>\t\t\t\t\t\t\t\t<\/div>\n\t\t\t\t<div class=\"elementor-element elementor-element-a6bf8bf animated-slow elementor-invisible elementor-widget elementor-widget-text-editor\" data-id=\"a6bf8bf\" data-element_type=\"widget\" data-settings=\"{&quot;_animation&quot;:&quot;fadeIn&quot;}\" data-widget_type=\"text-editor.default\">\n\t\t\t\t\t\t\t\t\t<ul><li>Fomentamos que los ni\u00f1os y j\u00f3venes lean en catal\u00e1n.<\/li><li>Hacemos actividades dirigidas a ni\u00f1os y j\u00f3venes los s\u00e1bados por la ma\u00f1ana.<\/li><li>Somos la primera librer\u00eda infantil y juvenil y la primera direcci\u00f3n en la comunidad escolar de publicaciones exclusivamente en catal\u00e1n.<\/li><li>Formamos a padres, maestros, profesores y monitores de ocio en la importancia de educar en catal\u00e1n.<\/li><li>Impulsamos cursos, talleres y seminarios.<\/li><li>Ofrecemos presentaciones de libros.<\/li><li>Organizamos, desde 1965 ininterrumpidamente, la Feria del Dibujo y la Pintura de Girona.<\/li><li>Organizamos, desde 2016, la Feria del Libro Infantil y Juvenil de Girona.<\/li><\/ul>\t\t\t\t\t\t\t\t<\/div>\n\t\t\t\t<\/div>\n\t\t\t\t<\/div>\n\t\t","protected":false},"excerpt":{"rendered":"<p>La fundaci\u00f3n. 80 a\u00f1os ayudando a hacer crecer a la naci\u00f3n. A principios de 1962, en pleno franquismo, Joan Bosch y Agust\u00ed convoc\u00f3 a Joan Boladeres i Roca, Joan Gelada y Casellas ya Antoni Dom\u00e8nech i Roca en una reuni\u00f3n donde decidieron construir la Librer\u00eda Les Voltes con la finalidad de vender s\u00f3lo libros en [&hellip;]<\/p>\n","protected":false},"author":1,"featured_media":1086,"parent":0,"menu_order":0,"comment_status":"closed","ping_status":"closed","template":"","meta":{"footnotes":""},"class_list":["post-1141","page","type-page","status-publish","has-post-thumbnail","hentry"],"yoast_head":"<!-- This site is optimized with the Yoast SEO plugin v26.9 - https:\/\/yoast.com\/product\/yoast-seo-wordpress\/ -->\n<title>Fundaci\u00f3n cultural catalana - Fundaci\u00f3 Les Voltes<\/title>\n<meta name=\"description\" content=\"La Fundaci\u00f3 Les Voltes es una fundaci\u00f3n cultural catalana dedicada a promover la lengua, la cultura y la lectura.\" \/>\n<meta name=\"robots\" content=\"index, follow, max-snippet:-1, max-image-preview:large, max-video-preview:-1\" \/>\n<link rel=\"canonical\" href=\"https:\/\/lesvoltes.eu\/es\/la-fundacion\/\" \/>\n<meta property=\"og:locale\" content=\"es_ES\" \/>\n<meta property=\"og:type\" content=\"article\" \/>\n<meta property=\"og:title\" content=\"Fundaci\u00f3n cultural catalana - Fundaci\u00f3 Les Voltes\" \/>\n<meta property=\"og:description\" content=\"La Fundaci\u00f3 Les Voltes es una fundaci\u00f3n cultural catalana dedicada a promover la lengua, la cultura y la lectura.\" \/>\n<meta property=\"og:url\" content=\"https:\/\/lesvoltes.eu\/es\/la-fundacion\/\" \/>\n<meta property=\"og:site_name\" content=\"Fundaci\u00f3 Les Voltes\" \/>\n<meta property=\"article:modified_time\" content=\"2026-02-09T09:07:51+00:00\" \/>\n<meta property=\"og:image\" content=\"https:\/\/lesvoltes.eu\/wp-content\/uploads\/2025\/07\/favicon-les-voltes-girona.png\" \/>\n\t<meta property=\"og:image:width\" content=\"1407\" \/>\n\t<meta property=\"og:image:height\" content=\"1406\" \/>\n\t<meta property=\"og:image:type\" content=\"image\/png\" \/>\n<meta name=\"twitter:card\" content=\"summary_large_image\" \/>\n<meta name=\"twitter:label1\" content=\"Tiempo de lectura\" \/>\n\t<meta name=\"twitter:data1\" content=\"4 minutos\" \/>\n<script type=\"application\/ld+json\" class=\"yoast-schema-graph\">{\"@context\":\"https:\/\/schema.org\",\"@graph\":[{\"@type\":\"WebPage\",\"@id\":\"https:\/\/lesvoltes.eu\/es\/la-fundacion\/\",\"url\":\"https:\/\/lesvoltes.eu\/es\/la-fundacion\/\",\"name\":\"Fundaci\u00f3n cultural catalana - Fundaci\u00f3 Les Voltes\",\"isPartOf\":{\"@id\":\"https:\/\/lesvoltes.eu\/es\/#website\"},\"primaryImageOfPage\":{\"@id\":\"https:\/\/lesvoltes.eu\/es\/la-fundacion\/#primaryimage\"},\"image\":{\"@id\":\"https:\/\/lesvoltes.eu\/es\/la-fundacion\/#primaryimage\"},\"thumbnailUrl\":\"https:\/\/lesvoltes.eu\/wp-content\/uploads\/2025\/07\/favicon-les-voltes-girona.png\",\"datePublished\":\"2025-07-23T09:46:34+00:00\",\"dateModified\":\"2026-02-09T09:07:51+00:00\",\"description\":\"La Fundaci\u00f3 Les Voltes es una fundaci\u00f3n cultural catalana dedicada a promover la lengua, la cultura y la lectura.\",\"breadcrumb\":{\"@id\":\"https:\/\/lesvoltes.eu\/es\/la-fundacion\/#breadcrumb\"},\"inLanguage\":\"es\",\"potentialAction\":[{\"@type\":\"ReadAction\",\"target\":[\"https:\/\/lesvoltes.eu\/es\/la-fundacion\/\"]}]},{\"@type\":\"ImageObject\",\"inLanguage\":\"es\",\"@id\":\"https:\/\/lesvoltes.eu\/es\/la-fundacion\/#primaryimage\",\"url\":\"https:\/\/lesvoltes.eu\/wp-content\/uploads\/2025\/07\/favicon-les-voltes-girona.png\",\"contentUrl\":\"https:\/\/lesvoltes.eu\/wp-content\/uploads\/2025\/07\/favicon-les-voltes-girona.png\",\"width\":1407,\"height\":1406},{\"@type\":\"BreadcrumbList\",\"@id\":\"https:\/\/lesvoltes.eu\/es\/la-fundacion\/#breadcrumb\",\"itemListElement\":[{\"@type\":\"ListItem\",\"position\":1,\"name\":\"Inici\",\"item\":\"https:\/\/lesvoltes.eu\/es\/inicio\/\"},{\"@type\":\"ListItem\",\"position\":2,\"name\":\"La fundaci\u00f3n\"}]},{\"@type\":\"WebSite\",\"@id\":\"https:\/\/lesvoltes.eu\/es\/#website\",\"url\":\"https:\/\/lesvoltes.eu\/es\/\",\"name\":\"Fundaci\u00f3 Les Voltes\",\"description\":\"El Pa\u00eds el fa la gent, nosaltres hi posem les eines.\",\"publisher\":{\"@id\":\"https:\/\/lesvoltes.eu\/es\/#organization\"},\"potentialAction\":[{\"@type\":\"SearchAction\",\"target\":{\"@type\":\"EntryPoint\",\"urlTemplate\":\"https:\/\/lesvoltes.eu\/es\/?s={search_term_string}\"},\"query-input\":{\"@type\":\"PropertyValueSpecification\",\"valueRequired\":true,\"valueName\":\"search_term_string\"}}],\"inLanguage\":\"es\"},{\"@type\":\"Organization\",\"@id\":\"https:\/\/lesvoltes.eu\/es\/#organization\",\"name\":\"Fundaci\u00f3 Les Voltes\",\"url\":\"https:\/\/lesvoltes.eu\/es\/\",\"logo\":{\"@type\":\"ImageObject\",\"inLanguage\":\"es\",\"@id\":\"https:\/\/lesvoltes.eu\/es\/#\/schema\/logo\/image\/\",\"url\":\"https:\/\/lesvoltes.eu\/wp-content\/uploads\/2025\/07\/favicon-les-voltes-girona.png\",\"contentUrl\":\"https:\/\/lesvoltes.eu\/wp-content\/uploads\/2025\/07\/favicon-les-voltes-girona.png\",\"width\":1407,\"height\":1406,\"caption\":\"Fundaci\u00f3 Les Voltes\"},\"image\":{\"@id\":\"https:\/\/lesvoltes.eu\/es\/#\/schema\/logo\/image\/\"}}]}<\/script>\n<!-- \/ Yoast SEO plugin. -->","yoast_head_json":{"title":"Fundaci\u00f3n cultural catalana - Fundaci\u00f3 Les Voltes","description":"La Fundaci\u00f3 Les Voltes es una fundaci\u00f3n cultural catalana dedicada a promover la lengua, la cultura y la lectura.","robots":{"index":"index","follow":"follow","max-snippet":"max-snippet:-1","max-image-preview":"max-image-preview:large","max-video-preview":"max-video-preview:-1"},"canonical":"https:\/\/lesvoltes.eu\/es\/la-fundacion\/","og_locale":"es_ES","og_type":"article","og_title":"Fundaci\u00f3n cultural catalana - Fundaci\u00f3 Les Voltes","og_description":"La Fundaci\u00f3 Les Voltes es una fundaci\u00f3n cultural catalana dedicada a promover la lengua, la cultura y la lectura.","og_url":"https:\/\/lesvoltes.eu\/es\/la-fundacion\/","og_site_name":"Fundaci\u00f3 Les Voltes","article_modified_time":"2026-02-09T09:07:51+00:00","og_image":[{"width":1407,"height":1406,"url":"https:\/\/lesvoltes.eu\/wp-content\/uploads\/2025\/07\/favicon-les-voltes-girona.png","type":"image\/png"}],"twitter_card":"summary_large_image","twitter_misc":{"Tiempo de lectura":"4 minutos"},"schema":{"@context":"https:\/\/schema.org","@graph":[{"@type":"WebPage","@id":"https:\/\/lesvoltes.eu\/es\/la-fundacion\/","url":"https:\/\/lesvoltes.eu\/es\/la-fundacion\/","name":"Fundaci\u00f3n cultural catalana - Fundaci\u00f3 Les Voltes","isPartOf":{"@id":"https:\/\/lesvoltes.eu\/es\/#website"},"primaryImageOfPage":{"@id":"https:\/\/lesvoltes.eu\/es\/la-fundacion\/#primaryimage"},"image":{"@id":"https:\/\/lesvoltes.eu\/es\/la-fundacion\/#primaryimage"},"thumbnailUrl":"https:\/\/lesvoltes.eu\/wp-content\/uploads\/2025\/07\/favicon-les-voltes-girona.png","datePublished":"2025-07-23T09:46:34+00:00","dateModified":"2026-02-09T09:07:51+00:00","description":"La Fundaci\u00f3 Les Voltes es una fundaci\u00f3n cultural catalana dedicada a promover la lengua, la cultura y la lectura.","breadcrumb":{"@id":"https:\/\/lesvoltes.eu\/es\/la-fundacion\/#breadcrumb"},"inLanguage":"es","potentialAction":[{"@type":"ReadAction","target":["https:\/\/lesvoltes.eu\/es\/la-fundacion\/"]}]},{"@type":"ImageObject","inLanguage":"es","@id":"https:\/\/lesvoltes.eu\/es\/la-fundacion\/#primaryimage","url":"https:\/\/lesvoltes.eu\/wp-content\/uploads\/2025\/07\/favicon-les-voltes-girona.png","contentUrl":"https:\/\/lesvoltes.eu\/wp-content\/uploads\/2025\/07\/favicon-les-voltes-girona.png","width":1407,"height":1406},{"@type":"BreadcrumbList","@id":"https:\/\/lesvoltes.eu\/es\/la-fundacion\/#breadcrumb","itemListElement":[{"@type":"ListItem","position":1,"name":"Inici","item":"https:\/\/lesvoltes.eu\/es\/inicio\/"},{"@type":"ListItem","position":2,"name":"La fundaci\u00f3n"}]},{"@type":"WebSite","@id":"https:\/\/lesvoltes.eu\/es\/#website","url":"https:\/\/lesvoltes.eu\/es\/","name":"Fundaci\u00f3 Les Voltes","description":"El Pa\u00eds el fa la gent, nosaltres hi posem les eines.","publisher":{"@id":"https:\/\/lesvoltes.eu\/es\/#organization"},"potentialAction":[{"@type":"SearchAction","target":{"@type":"EntryPoint","urlTemplate":"https:\/\/lesvoltes.eu\/es\/?s={search_term_string}"},"query-input":{"@type":"PropertyValueSpecification","valueRequired":true,"valueName":"search_term_string"}}],"inLanguage":"es"},{"@type":"Organization","@id":"https:\/\/lesvoltes.eu\/es\/#organization","name":"Fundaci\u00f3 Les Voltes","url":"https:\/\/lesvoltes.eu\/es\/","logo":{"@type":"ImageObject","inLanguage":"es","@id":"https:\/\/lesvoltes.eu\/es\/#\/schema\/logo\/image\/","url":"https:\/\/lesvoltes.eu\/wp-content\/uploads\/2025\/07\/favicon-les-voltes-girona.png","contentUrl":"https:\/\/lesvoltes.eu\/wp-content\/uploads\/2025\/07\/favicon-les-voltes-girona.png","width":1407,"height":1406,"caption":"Fundaci\u00f3 Les Voltes"},"image":{"@id":"https:\/\/lesvoltes.eu\/es\/#\/schema\/logo\/image\/"}}]}},"_links":{"self":[{"href":"https:\/\/lesvoltes.eu\/es\/wp-json\/wp\/v2\/pages\/1141","targetHints":{"allow":["GET"]}}],"collection":[{"href":"https:\/\/lesvoltes.eu\/es\/wp-json\/wp\/v2\/pages"}],"about":[{"href":"https:\/\/lesvoltes.eu\/es\/wp-json\/wp\/v2\/types\/page"}],"author":[{"embeddable":true,"href":"https:\/\/lesvoltes.eu\/es\/wp-json\/wp\/v2\/users\/1"}],"replies":[{"embeddable":true,"href":"https:\/\/lesvoltes.eu\/es\/wp-json\/wp\/v2\/comments?post=1141"}],"version-history":[{"count":3,"href":"https:\/\/lesvoltes.eu\/es\/wp-json\/wp\/v2\/pages\/1141\/revisions"}],"predecessor-version":[{"id":1272,"href":"https:\/\/lesvoltes.eu\/es\/wp-json\/wp\/v2\/pages\/1141\/revisions\/1272"}],"wp:featuredmedia":[{"embeddable":true,"href":"https:\/\/lesvoltes.eu\/es\/wp-json\/wp\/v2\/media\/1086"}],"wp:attachment":[{"href":"https:\/\/lesvoltes.eu\/es\/wp-json\/wp\/v2\/media?parent=1141"}],"curies":[{"name":"wp","href":"https:\/\/api.w.org\/{rel}","templated":true}]}}