{"id":1143,"date":"2025-07-18T08:40:28","date_gmt":"2025-07-18T06:40:28","guid":{"rendered":"https:\/\/lesvoltes.eu\/?page_id=1143"},"modified":"2025-10-23T13:18:59","modified_gmt":"2025-10-23T11:18:59","slug":"politica-de-privacidad","status":"publish","type":"page","link":"https:\/\/lesvoltes.eu\/es\/politica-de-privacidad\/","title":{"rendered":"Pol\u00edtica de privacidad"},"content":{"rendered":"\t\t<div data-elementor-type=\"wp-page\" data-elementor-id=\"1143\" class=\"elementor elementor-1143 elementor-3\" data-elementor-post-type=\"page\">\n\t\t\t\t<div class=\"elementor-element elementor-element-fbdf250 e-con-full e-flex e-con e-parent\" data-id=\"fbdf250\" data-element_type=\"container\" data-settings=\"{&quot;background_background&quot;:&quot;classic&quot;}\">\n\t\t<div class=\"elementor-element elementor-element-9c4d4a6 e-con-full e-flex e-con e-child\" data-id=\"9c4d4a6\" data-element_type=\"container\">\n\t\t<div class=\"elementor-element elementor-element-f2f49f2 e-con-full e-flex e-con e-child\" data-id=\"f2f49f2\" data-element_type=\"container\">\n\t\t\t\t<div class=\"elementor-element elementor-element-99bb21e animated-slow elementor-invisible elementor-widget elementor-widget-heading\" data-id=\"99bb21e\" data-element_type=\"widget\" data-settings=\"{&quot;_animation&quot;:&quot;fadeInRight&quot;,&quot;_animation_delay&quot;:400}\" data-widget_type=\"heading.default\">\n\t\t\t\t\t<h1 class=\"elementor-heading-title elementor-size-default\">Pl\u00edtica de privacidad.<\/h1>\t\t\t\t<\/div>\n\t\t\t\t<\/div>\n\t\t\t\t<\/div>\n\t\t\t\t<\/div>\n\t\t<div class=\"elementor-element elementor-element-73c4534 e-con-full e-flex e-con e-parent\" data-id=\"73c4534\" data-element_type=\"container\">\n\t\t<div class=\"elementor-element elementor-element-30f6d01 e-con-full e-flex e-con e-child\" data-id=\"30f6d01\" data-element_type=\"container\">\n\t\t<div class=\"elementor-element elementor-element-bdf98df e-con-full e-flex e-con e-child\" data-id=\"bdf98df\" data-element_type=\"container\">\n\t\t<div class=\"elementor-element elementor-element-7b1b35e e-con-full e-flex e-con e-child\" data-id=\"7b1b35e\" data-element_type=\"container\">\n\t\t\t\t<div class=\"elementor-element elementor-element-290423d animated-slow elementor-invisible elementor-widget elementor-widget-text-editor\" data-id=\"290423d\" data-element_type=\"widget\" data-settings=\"{&quot;_animation&quot;:&quot;fadeInUp&quot;,&quot;_animation_delay&quot;:200}\" data-widget_type=\"text-editor.default\">\n\t\t\t\t\t\t\t\t\t<p>En cumplimiento de lo dispuesto en el art\u00edculo 10 de la Ley 34\/2002 de Servicios de la Sociedad de la Informaci\u00f3n y el Comercio Electr\u00f3nico (LSSI) se informa de lo siguiente:<\/p>\t\t\t\t\t\t\t\t<\/div>\n\t\t\t\t<\/div>\n\t\t\t\t<\/div>\n\t\t\t\t<\/div>\n\t\t\t\t<\/div>\n\t\t<div class=\"elementor-element elementor-element-802f693 e-con-full e-flex e-con e-parent\" data-id=\"802f693\" data-element_type=\"container\">\n\t\t<div class=\"elementor-element elementor-element-08432d7 e-con-full e-flex e-con e-child\" data-id=\"08432d7\" data-element_type=\"container\">\n\t\t<div class=\"elementor-element elementor-element-be6b626 e-con-full e-flex e-con e-child\" data-id=\"be6b626\" data-element_type=\"container\">\n\t\t<div class=\"elementor-element elementor-element-3e54ef1 e-con-full e-flex e-con e-child\" data-id=\"3e54ef1\" data-element_type=\"container\">\n\t\t\t\t<div class=\"elementor-element elementor-element-c3b7928 animated-slow elementor-invisible elementor-widget elementor-widget-heading\" data-id=\"c3b7928\" data-element_type=\"widget\" data-settings=\"{&quot;_animation&quot;:&quot;fadeInRight&quot;,&quot;_animation_delay&quot;:400}\" data-widget_type=\"heading.default\">\n\t\t\t\t\t<h2 class=\"elementor-heading-title elementor-size-default\">Responsable del Archivo.<\/h2>\t\t\t\t<\/div>\n\t\t\t\t<\/div>\n\t\t\t\t<\/div>\n\t\t<div class=\"elementor-element elementor-element-c2a0407 e-con-full e-flex e-con e-child\" data-id=\"c2a0407\" data-element_type=\"container\">\n\t\t<div class=\"elementor-element elementor-element-1cbed63 e-con-full e-flex e-con e-child\" data-id=\"1cbed63\" data-element_type=\"container\">\n\t\t\t\t<div class=\"elementor-element elementor-element-0358f7b animated-slow elementor-invisible elementor-widget elementor-widget-text-editor\" data-id=\"0358f7b\" data-element_type=\"widget\" data-settings=\"{&quot;_animation&quot;:&quot;fadeInUp&quot;,&quot;_animation_delay&quot;:200}\" data-widget_type=\"text-editor.default\">\n\t\t\t\t\t\t\t\t\t<p>Los datos del responsable de los<\/p><p>archivos en los que se incluir\u00e1n datos personales recogidos y tratados desde esta p\u00e1gina web son:<\/p><p><strong>Fundaci\u00f3n Librer\u00eda Les Voltes.<\/strong><br> Plaza del Vino, 2 \u00b7 17004 \u00b7 GIRONA<br> 972 201 969<br> <a href=\"mailto:info@lesvolteseduca.cat\">libreria@lesvoltes.cat<\/a><\/p>\t\t\t\t\t\t\t\t<\/div>\n\t\t\t\t<\/div>\n\t\t\t\t<\/div>\n\t\t\t\t<\/div>\n\t\t\t\t<\/div>\n\t\t<div class=\"elementor-element elementor-element-d854210 e-con-full e-flex e-con e-parent\" data-id=\"d854210\" data-element_type=\"container\">\n\t\t<div class=\"elementor-element elementor-element-1cdc0f3 e-con-full e-flex e-con e-child\" data-id=\"1cdc0f3\" data-element_type=\"container\">\n\t\t<div class=\"elementor-element elementor-element-191987b e-con-full e-flex e-con e-child\" data-id=\"191987b\" data-element_type=\"container\">\n\t\t<div class=\"elementor-element elementor-element-2ec1205 e-con-full e-flex e-con e-child\" data-id=\"2ec1205\" data-element_type=\"container\">\n\t\t\t\t<div class=\"elementor-element elementor-element-956efb4 animated-slow elementor-invisible elementor-widget elementor-widget-heading\" data-id=\"956efb4\" data-element_type=\"widget\" data-settings=\"{&quot;_animation&quot;:&quot;fadeInRight&quot;,&quot;_animation_delay&quot;:400}\" data-widget_type=\"heading.default\">\n\t\t\t\t\t<h2 class=\"elementor-heading-title elementor-size-default\">Usos y Finalidades de los Datos Recogidos.<\/h2>\t\t\t\t<\/div>\n\t\t\t\t<\/div>\n\t\t\t\t<\/div>\n\t\t<div class=\"elementor-element elementor-element-fec9cc8 e-con-full e-flex e-con e-child\" data-id=\"fec9cc8\" data-element_type=\"container\">\n\t\t<div class=\"elementor-element elementor-element-52e1be7 e-con-full e-flex e-con e-child\" data-id=\"52e1be7\" data-element_type=\"container\">\n\t\t\t\t<div class=\"elementor-element elementor-element-371d1b3 animated-slow elementor-invisible elementor-widget elementor-widget-text-editor\" data-id=\"371d1b3\" data-element_type=\"widget\" data-settings=\"{&quot;_animation&quot;:&quot;fadeInUp&quot;,&quot;_animation_delay&quot;:200}\" data-widget_type=\"text-editor.default\">\n\t\t\t\t\t\t\t\t\t<ul><li>Los datos que usted nos facilita a trav\u00e9s de esta web, formar\u00e1n parte de ficheros titularidad de Fundaci\u00f3 Llibreria Les Voltes, siendo las finalidades las que se detallan a continuaci\u00f3n:<\/li><li>Gesti\u00f3n de Venta: Cuando adquiere un producto a trav\u00e9s de nuestra web, los datos facilitados en los apartados \u00abdatos de env\u00edo\u00bb y \u00abdatos de facturaci\u00f3n\u00bb, en su caso, se utilizar\u00e1n para llevar a cabo la tramitaci\u00f3n y gesti\u00f3n de la venta y su posterior facturaci\u00f3n. Asimismo, los datos facilitados a trav\u00e9s del formulario \u00abPedidos especiales\u00bb se utilizar\u00e1n igualmente para tramitar su solicitud de pedido especial. <\/li><li>Realizar Ofertas, Promociones y Sorteos: La informaci\u00f3n que usted nos proporcione a trav\u00e9s de nuestros formularios de recogida de datos podr\u00e1 ser utilizada para la organizaci\u00f3n de promociones y sorteos de productos comercializados a trav\u00e9s de nuestra p\u00e1gina web. Cada promoci\u00f3n, oferta o sorteo contar\u00e1 con sus propias condiciones particulares. <\/li><li>Env\u00edo de Informaci\u00f3n: La librer\u00eda utilizar\u00e1 los datos personales que el usuario proporcione en el apartado \u00abcontacte con nosotros\u00bb para responder a las solicitudes de informaci\u00f3n que nos solicite. La informaci\u00f3n introducida en los formularios o correos electr\u00f3nicos de contacto se emplear\u00e1 adem\u00e1s para enviarle informaci\u00f3n de inter\u00e9s sobre las novedades de los productos comercializados, as\u00ed como promociones, concursos y ofertas realizadas por la librer\u00eda. Esta informaci\u00f3n se env\u00eda por v\u00eda postal y\/o electr\u00f3nica. Los usuarios que no deseen recibir este tipo de informaci\u00f3n pueden comunicarlo a la direcci\u00f3n de correo electr\u00f3nico <a href=\"mailto:info@lesvolteseduca.cat\">info@lesvolteseduca.cat<\/a>   <\/li><li>Gesti\u00f3n de Usuarios: La informaci\u00f3n que nos proporcione en el formulario de registro \u00abmi cuenta\u00bb ser\u00e1 utilizada para la gesti\u00f3n de clientes y usuarios que utilizan nuestros servicios a trav\u00e9s de la p\u00e1gina web.<\/li><li>La cumplimentaci\u00f3n de los respectivos cuestionarios ser\u00e1 obligatoria para alcanzar los respectivos objetivos, no siendo posible alcanzar las finalidades indicadas sin la obtenci\u00f3n de la referida informaci\u00f3n personal.<\/li><\/ul>\t\t\t\t\t\t\t\t<\/div>\n\t\t\t\t<\/div>\n\t\t\t\t<\/div>\n\t\t\t\t<\/div>\n\t\t\t\t<\/div>\n\t\t<div class=\"elementor-element elementor-element-fe9a2fc e-con-full e-flex e-con e-parent\" data-id=\"fe9a2fc\" data-element_type=\"container\">\n\t\t<div class=\"elementor-element elementor-element-58da5ad e-con-full e-flex e-con e-child\" data-id=\"58da5ad\" data-element_type=\"container\">\n\t\t<div class=\"elementor-element elementor-element-8d5517b e-con-full e-flex e-con e-child\" data-id=\"8d5517b\" data-element_type=\"container\">\n\t\t<div class=\"elementor-element elementor-element-595db31 e-con-full e-flex e-con e-child\" data-id=\"595db31\" data-element_type=\"container\">\n\t\t\t\t<div class=\"elementor-element elementor-element-4ebf273 animated-slow elementor-invisible elementor-widget elementor-widget-heading\" data-id=\"4ebf273\" data-element_type=\"widget\" data-settings=\"{&quot;_animation&quot;:&quot;fadeInRight&quot;,&quot;_animation_delay&quot;:400}\" data-widget_type=\"heading.default\">\n\t\t\t\t\t<h2 class=\"elementor-heading-title elementor-size-default\">Comunicaci\u00f3n de Datos en Terceros.<\/h2>\t\t\t\t<\/div>\n\t\t\t\t<\/div>\n\t\t\t\t<\/div>\n\t\t<div class=\"elementor-element elementor-element-cf57b5b e-con-full e-flex e-con e-child\" data-id=\"cf57b5b\" data-element_type=\"container\">\n\t\t<div class=\"elementor-element elementor-element-71a9f7e e-con-full e-flex e-con e-child\" data-id=\"71a9f7e\" data-element_type=\"container\">\n\t\t\t\t<div class=\"elementor-element elementor-element-e612e0b animated-slow elementor-invisible elementor-widget elementor-widget-text-editor\" data-id=\"e612e0b\" data-element_type=\"widget\" data-settings=\"{&quot;_animation&quot;:&quot;fadeInUp&quot;,&quot;_animation_delay&quot;:200}\" data-widget_type=\"text-editor.default\">\n\t\t\t\t\t\t\t\t\t<ul><li>El responsable del archivo tiene previsto la comunicaci\u00f3n de sus datos personales a terceros en los supuestos que se detallan a continuaci\u00f3n:<\/li><li>Por disposici\u00f3n legal: Sus datos ser\u00e1n comunicados a terceros en los supuestos en que una disposici\u00f3n legal as\u00ed lo establezca (administraciones p\u00fablicas, autoridades administrativas o judiciales&#8230;).<\/li><li>Gesti\u00f3n de pagos y cobros: Sus datos personales ser\u00e1n comunicados a terceros cuando resulte necesario para formalizar y gestionar el pago de los productos o servicios adquiridos (Paypal, entidades bancarias o cajas de ahorros).<\/li><li>A terceros necesarios para la prestaci\u00f3n de nuestros servicios: se comunicar\u00e1n a terceros (administraciones p\u00fablicas, registros oficiales u otros profesionales como notarios\u2026) los datos de car\u00e1cter personal que resulten necesarios para prestar los servicios contratados.<\/li><li>Ganadores de Sorteos, Promociones y Concursos: la librer\u00eda publicar\u00e1 los datos identificativos de los ganadores de sorteos, promociones o concursos. Estos datos (nombres), ser\u00e1n publicados en nuestra p\u00e1gina web y en las diversas redes sociales en las que la librer\u00eda tenga cuenta o perfil corporativo. <\/li><\/ul>\t\t\t\t\t\t\t\t<\/div>\n\t\t\t\t<\/div>\n\t\t\t\t<\/div>\n\t\t\t\t<\/div>\n\t\t\t\t<\/div>\n\t\t<div class=\"elementor-element elementor-element-87e5b63 e-con-full e-flex e-con e-parent\" data-id=\"87e5b63\" data-element_type=\"container\">\n\t\t<div class=\"elementor-element elementor-element-d0ee005 e-con-full e-flex e-con e-child\" data-id=\"d0ee005\" data-element_type=\"container\">\n\t\t<div class=\"elementor-element elementor-element-28b47af e-con-full e-flex e-con e-child\" data-id=\"28b47af\" data-element_type=\"container\">\n\t\t<div class=\"elementor-element elementor-element-7d3e330 e-con-full e-flex e-con e-child\" data-id=\"7d3e330\" data-element_type=\"container\">\n\t\t\t\t<div class=\"elementor-element elementor-element-5c087c1 animated-slow elementor-invisible elementor-widget elementor-widget-heading\" data-id=\"5c087c1\" data-element_type=\"widget\" data-settings=\"{&quot;_animation&quot;:&quot;fadeInRight&quot;,&quot;_animation_delay&quot;:400}\" data-widget_type=\"heading.default\">\n\t\t\t\t\t<h2 class=\"elementor-heading-title elementor-size-default\">Confidencialidad.<\/h2>\t\t\t\t<\/div>\n\t\t\t\t<\/div>\n\t\t\t\t<\/div>\n\t\t<div class=\"elementor-element elementor-element-cee41fd e-con-full e-flex e-con e-child\" data-id=\"cee41fd\" data-element_type=\"container\">\n\t\t<div class=\"elementor-element elementor-element-b14bd44 e-con-full e-flex e-con e-child\" data-id=\"b14bd44\" data-element_type=\"container\">\n\t\t\t\t<div class=\"elementor-element elementor-element-200ee8b animated-slow elementor-invisible elementor-widget elementor-widget-text-editor\" data-id=\"200ee8b\" data-element_type=\"widget\" data-settings=\"{&quot;_animation&quot;:&quot;fadeInUp&quot;,&quot;_animation_delay&quot;:200}\" data-widget_type=\"text-editor.default\">\n\t\t\t\t\t\t\t\t\t<p>La librer\u00eda se obliga, conforme establece el art\u00edculo 10 LOPD, a guardar secreto respecto a los datos personales tratados, y todo despu\u00e9s de finalizada la relaci\u00f3n comercial entre ambas partes, debiendo extender esta obligaci\u00f3n a todo el personal de su organizaci\u00f3n que acceda a estos ficheros.<\/p>\t\t\t\t\t\t\t\t<\/div>\n\t\t\t\t<\/div>\n\t\t\t\t<\/div>\n\t\t\t\t<\/div>\n\t\t\t\t<\/div>\n\t\t<div class=\"elementor-element elementor-element-9f25a3a e-con-full e-flex e-con e-parent\" data-id=\"9f25a3a\" data-element_type=\"container\">\n\t\t<div class=\"elementor-element elementor-element-a4a89aa e-con-full e-flex e-con e-child\" data-id=\"a4a89aa\" data-element_type=\"container\">\n\t\t<div class=\"elementor-element elementor-element-e04a63b e-con-full e-flex e-con e-child\" data-id=\"e04a63b\" data-element_type=\"container\">\n\t\t<div class=\"elementor-element elementor-element-e1c45b4 e-con-full e-flex e-con e-child\" data-id=\"e1c45b4\" data-element_type=\"container\">\n\t\t\t\t<div class=\"elementor-element elementor-element-4480348 animated-slow elementor-invisible elementor-widget elementor-widget-heading\" data-id=\"4480348\" data-element_type=\"widget\" data-settings=\"{&quot;_animation&quot;:&quot;fadeInRight&quot;,&quot;_animation_delay&quot;:400}\" data-widget_type=\"heading.default\">\n\t\t\t\t\t<h2 class=\"elementor-heading-title elementor-size-default\">Ejercicio de Derechos.<\/h2>\t\t\t\t<\/div>\n\t\t\t\t<\/div>\n\t\t\t\t<\/div>\n\t\t<div class=\"elementor-element elementor-element-706d2ba e-con-full e-flex e-con e-child\" data-id=\"706d2ba\" data-element_type=\"container\">\n\t\t<div class=\"elementor-element elementor-element-591f28d e-con-full e-flex e-con e-child\" data-id=\"591f28d\" data-element_type=\"container\">\n\t\t\t\t<div class=\"elementor-element elementor-element-30fc3e3 animated-slow elementor-invisible elementor-widget elementor-widget-text-editor\" data-id=\"30fc3e3\" data-element_type=\"widget\" data-settings=\"{&quot;_animation&quot;:&quot;fadeInUp&quot;,&quot;_animation_delay&quot;:200}\" data-widget_type=\"text-editor.default\">\n\t\t\t\t\t\t\t\t\t<p>Le informamos el derecho que le asiste para ejercer sus derechos de acceso, rectificaci\u00f3n, cancelaci\u00f3n y oposici\u00f3n mediante el env\u00edo de la solicitud de ejercicio correspondiente junto con copia del documento oficial que le identifique (DNI, carn\u00e9 de conducir o pasaporte) a la direcci\u00f3n del responsable del Archivo. Para pedir informaci\u00f3n sobre la forma de ejercer estos derechos Vd. Puede dirigirse a la p\u00e1gina web de la Agencia Espa\u00f1ola de Protecci\u00f3n de Datos: www.agpd.es  <\/p>\t\t\t\t\t\t\t\t<\/div>\n\t\t\t\t<\/div>\n\t\t\t\t<\/div>\n\t\t\t\t<\/div>\n\t\t\t\t<\/div>\n\t\t\t\t<\/div>\n\t\t","protected":false},"excerpt":{"rendered":"<p>Pl\u00edtica de privacidad. En cumplimiento de lo dispuesto en el art\u00edculo 10 de la Ley 34\/2002 de Servicios de la Sociedad de la Informaci\u00f3n y el Comercio Electr\u00f3nico (LSSI) se informa de lo siguiente: Responsable del Archivo. Los datos del responsable de los archivos en los que se incluir\u00e1n datos personales recogidos y tratados desde [&hellip;]<\/p>\n","protected":false},"author":1,"featured_media":0,"parent":0,"menu_order":0,"comment_status":"closed","ping_status":"closed","template":"","meta":{"footnotes":""},"class_list":["post-1143","page","type-page","status-publish","hentry"],"yoast_head":"<!-- This site is optimized with the Yoast SEO plugin v26.9 - https:\/\/yoast.com\/product\/yoast-seo-wordpress\/ -->\n<title>Pol\u00edtica de privacidad - Fundaci\u00f3 Les Voltes<\/title>\n<meta name=\"robots\" content=\"index, follow, max-snippet:-1, max-image-preview:large, max-video-preview:-1\" \/>\n<link rel=\"canonical\" href=\"https:\/\/lesvoltes.eu\/es\/politica-de-privacidad\/\" \/>\n<meta property=\"og:locale\" content=\"es_ES\" \/>\n<meta property=\"og:type\" content=\"article\" \/>\n<meta property=\"og:title\" content=\"Pol\u00edtica de privacidad - Fundaci\u00f3 Les Voltes\" \/>\n<meta property=\"og:description\" content=\"Pl\u00edtica de privacidad. En cumplimiento de lo dispuesto en el art\u00edculo 10 de la Ley 34\/2002 de Servicios de la Sociedad de la Informaci\u00f3n y el Comercio Electr\u00f3nico (LSSI) se informa de lo siguiente: Responsable del Archivo. Los datos del responsable de los archivos en los que se incluir\u00e1n datos personales recogidos y tratados desde [&hellip;]\" \/>\n<meta property=\"og:url\" content=\"https:\/\/lesvoltes.eu\/es\/politica-de-privacidad\/\" \/>\n<meta property=\"og:site_name\" content=\"Fundaci\u00f3 Les Voltes\" \/>\n<meta property=\"article:modified_time\" content=\"2025-10-23T11:18:59+00:00\" \/>\n<meta name=\"twitter:card\" content=\"summary_large_image\" \/>\n<meta name=\"twitter:label1\" content=\"Tiempo de lectura\" \/>\n\t<meta name=\"twitter:data1\" content=\"4 minutos\" \/>\n<script type=\"application\/ld+json\" class=\"yoast-schema-graph\">{\"@context\":\"https:\/\/schema.org\",\"@graph\":[{\"@type\":\"WebPage\",\"@id\":\"https:\/\/lesvoltes.eu\/es\/politica-de-privacidad\/\",\"url\":\"https:\/\/lesvoltes.eu\/es\/politica-de-privacidad\/\",\"name\":\"Pol\u00edtica de privacidad - Fundaci\u00f3 Les Voltes\",\"isPartOf\":{\"@id\":\"https:\/\/lesvoltes.eu\/es\/#website\"},\"datePublished\":\"2025-07-18T06:40:28+00:00\",\"dateModified\":\"2025-10-23T11:18:59+00:00\",\"breadcrumb\":{\"@id\":\"https:\/\/lesvoltes.eu\/es\/politica-de-privacidad\/#breadcrumb\"},\"inLanguage\":\"es\",\"potentialAction\":[{\"@type\":\"ReadAction\",\"target\":[\"https:\/\/lesvoltes.eu\/es\/politica-de-privacidad\/\"]}]},{\"@type\":\"BreadcrumbList\",\"@id\":\"https:\/\/lesvoltes.eu\/es\/politica-de-privacidad\/#breadcrumb\",\"itemListElement\":[{\"@type\":\"ListItem\",\"position\":1,\"name\":\"Inici\",\"item\":\"https:\/\/lesvoltes.eu\/es\/inicio\/\"},{\"@type\":\"ListItem\",\"position\":2,\"name\":\"Pol\u00edtica de privacidad\"}]},{\"@type\":\"WebSite\",\"@id\":\"https:\/\/lesvoltes.eu\/es\/#website\",\"url\":\"https:\/\/lesvoltes.eu\/es\/\",\"name\":\"Fundaci\u00f3 Les Voltes\",\"description\":\"El Pa\u00eds el fa la gent, nosaltres hi posem les eines.\",\"publisher\":{\"@id\":\"https:\/\/lesvoltes.eu\/es\/#organization\"},\"potentialAction\":[{\"@type\":\"SearchAction\",\"target\":{\"@type\":\"EntryPoint\",\"urlTemplate\":\"https:\/\/lesvoltes.eu\/es\/?s={search_term_string}\"},\"query-input\":{\"@type\":\"PropertyValueSpecification\",\"valueRequired\":true,\"valueName\":\"search_term_string\"}}],\"inLanguage\":\"es\"},{\"@type\":\"Organization\",\"@id\":\"https:\/\/lesvoltes.eu\/es\/#organization\",\"name\":\"Fundaci\u00f3 Les Voltes\",\"url\":\"https:\/\/lesvoltes.eu\/es\/\",\"logo\":{\"@type\":\"ImageObject\",\"inLanguage\":\"es\",\"@id\":\"https:\/\/lesvoltes.eu\/es\/#\/schema\/logo\/image\/\",\"url\":\"https:\/\/lesvoltes.eu\/wp-content\/uploads\/2025\/07\/favicon-les-voltes-girona.png\",\"contentUrl\":\"https:\/\/lesvoltes.eu\/wp-content\/uploads\/2025\/07\/favicon-les-voltes-girona.png\",\"width\":1407,\"height\":1406,\"caption\":\"Fundaci\u00f3 Les Voltes\"},\"image\":{\"@id\":\"https:\/\/lesvoltes.eu\/es\/#\/schema\/logo\/image\/\"}}]}<\/script>\n<!-- \/ Yoast SEO plugin. -->","yoast_head_json":{"title":"Pol\u00edtica de privacidad - Fundaci\u00f3 Les Voltes","robots":{"index":"index","follow":"follow","max-snippet":"max-snippet:-1","max-image-preview":"max-image-preview:large","max-video-preview":"max-video-preview:-1"},"canonical":"https:\/\/lesvoltes.eu\/es\/politica-de-privacidad\/","og_locale":"es_ES","og_type":"article","og_title":"Pol\u00edtica de privacidad - Fundaci\u00f3 Les Voltes","og_description":"Pl\u00edtica de privacidad. En cumplimiento de lo dispuesto en el art\u00edculo 10 de la Ley 34\/2002 de Servicios de la Sociedad de la Informaci\u00f3n y el Comercio Electr\u00f3nico (LSSI) se informa de lo siguiente: Responsable del Archivo. Los datos del responsable de los archivos en los que se incluir\u00e1n datos personales recogidos y tratados desde [&hellip;]","og_url":"https:\/\/lesvoltes.eu\/es\/politica-de-privacidad\/","og_site_name":"Fundaci\u00f3 Les Voltes","article_modified_time":"2025-10-23T11:18:59+00:00","twitter_card":"summary_large_image","twitter_misc":{"Tiempo de lectura":"4 minutos"},"schema":{"@context":"https:\/\/schema.org","@graph":[{"@type":"WebPage","@id":"https:\/\/lesvoltes.eu\/es\/politica-de-privacidad\/","url":"https:\/\/lesvoltes.eu\/es\/politica-de-privacidad\/","name":"Pol\u00edtica de privacidad - Fundaci\u00f3 Les Voltes","isPartOf":{"@id":"https:\/\/lesvoltes.eu\/es\/#website"},"datePublished":"2025-07-18T06:40:28+00:00","dateModified":"2025-10-23T11:18:59+00:00","breadcrumb":{"@id":"https:\/\/lesvoltes.eu\/es\/politica-de-privacidad\/#breadcrumb"},"inLanguage":"es","potentialAction":[{"@type":"ReadAction","target":["https:\/\/lesvoltes.eu\/es\/politica-de-privacidad\/"]}]},{"@type":"BreadcrumbList","@id":"https:\/\/lesvoltes.eu\/es\/politica-de-privacidad\/#breadcrumb","itemListElement":[{"@type":"ListItem","position":1,"name":"Inici","item":"https:\/\/lesvoltes.eu\/es\/inicio\/"},{"@type":"ListItem","position":2,"name":"Pol\u00edtica de privacidad"}]},{"@type":"WebSite","@id":"https:\/\/lesvoltes.eu\/es\/#website","url":"https:\/\/lesvoltes.eu\/es\/","name":"Fundaci\u00f3 Les Voltes","description":"El Pa\u00eds el fa la gent, nosaltres hi posem les eines.","publisher":{"@id":"https:\/\/lesvoltes.eu\/es\/#organization"},"potentialAction":[{"@type":"SearchAction","target":{"@type":"EntryPoint","urlTemplate":"https:\/\/lesvoltes.eu\/es\/?s={search_term_string}"},"query-input":{"@type":"PropertyValueSpecification","valueRequired":true,"valueName":"search_term_string"}}],"inLanguage":"es"},{"@type":"Organization","@id":"https:\/\/lesvoltes.eu\/es\/#organization","name":"Fundaci\u00f3 Les Voltes","url":"https:\/\/lesvoltes.eu\/es\/","logo":{"@type":"ImageObject","inLanguage":"es","@id":"https:\/\/lesvoltes.eu\/es\/#\/schema\/logo\/image\/","url":"https:\/\/lesvoltes.eu\/wp-content\/uploads\/2025\/07\/favicon-les-voltes-girona.png","contentUrl":"https:\/\/lesvoltes.eu\/wp-content\/uploads\/2025\/07\/favicon-les-voltes-girona.png","width":1407,"height":1406,"caption":"Fundaci\u00f3 Les Voltes"},"image":{"@id":"https:\/\/lesvoltes.eu\/es\/#\/schema\/logo\/image\/"}}]}},"_links":{"self":[{"href":"https:\/\/lesvoltes.eu\/es\/wp-json\/wp\/v2\/pages\/1143","targetHints":{"allow":["GET"]}}],"collection":[{"href":"https:\/\/lesvoltes.eu\/es\/wp-json\/wp\/v2\/pages"}],"about":[{"href":"https:\/\/lesvoltes.eu\/es\/wp-json\/wp\/v2\/types\/page"}],"author":[{"embeddable":true,"href":"https:\/\/lesvoltes.eu\/es\/wp-json\/wp\/v2\/users\/1"}],"replies":[{"embeddable":true,"href":"https:\/\/lesvoltes.eu\/es\/wp-json\/wp\/v2\/comments?post=1143"}],"version-history":[{"count":4,"href":"https:\/\/lesvoltes.eu\/es\/wp-json\/wp\/v2\/pages\/1143\/revisions"}],"predecessor-version":[{"id":1402,"href":"https:\/\/lesvoltes.eu\/es\/wp-json\/wp\/v2\/pages\/1143\/revisions\/1402"}],"wp:attachment":[{"href":"https:\/\/lesvoltes.eu\/es\/wp-json\/wp\/v2\/media?parent=1143"}],"curies":[{"name":"wp","href":"https:\/\/api.w.org\/{rel}","templated":true}]}}