{"id":1296,"date":"2025-10-23T10:29:45","date_gmt":"2025-10-23T08:29:45","guid":{"rendered":"https:\/\/lesvoltes.eu\/informacion-institucional-y-organizativa\/"},"modified":"2025-10-23T12:59:35","modified_gmt":"2025-10-23T10:59:35","slug":"informacion-institucional-y-organizativa","status":"publish","type":"page","link":"https:\/\/lesvoltes.eu\/es\/informacion-institucional-y-organizativa\/","title":{"rendered":"Informaci\u00f3n institucional y organizativa"},"content":{"rendered":"\t\t<div data-elementor-type=\"wp-page\" data-elementor-id=\"1296\" class=\"elementor elementor-1296 elementor-1294\" data-elementor-post-type=\"page\">\n\t\t\t\t<div class=\"elementor-element elementor-element-ffc29b3 e-con-full e-flex e-con e-parent\" data-id=\"ffc29b3\" data-element_type=\"container\" data-settings=\"{&quot;background_background&quot;:&quot;classic&quot;}\">\n\t\t<div class=\"elementor-element elementor-element-b3cea74 e-con-full e-flex e-con e-child\" data-id=\"b3cea74\" data-element_type=\"container\">\n\t\t<div class=\"elementor-element elementor-element-7627fe3 e-con-full e-flex e-con e-child\" data-id=\"7627fe3\" data-element_type=\"container\">\n\t\t\t\t<div class=\"elementor-element elementor-element-dd69a04 animated-slow elementor-invisible elementor-widget elementor-widget-heading\" data-id=\"dd69a04\" data-element_type=\"widget\" data-settings=\"{&quot;_animation&quot;:&quot;fadeInRight&quot;,&quot;_animation_delay&quot;:400}\" data-widget_type=\"heading.default\">\n\t\t\t\t\t<h1 class=\"elementor-heading-title elementor-size-default\">Informaci\u00f3n institucional y organizativa.<\/h1>\t\t\t\t<\/div>\n\t\t\t\t<\/div>\n\t\t\t\t<\/div>\n\t\t\t\t<\/div>\n\t\t<div class=\"elementor-element elementor-element-2442e6a e-con-full e-flex e-con e-parent\" data-id=\"2442e6a\" data-element_type=\"container\">\n\t\t<div class=\"elementor-element elementor-element-54ee36f e-con-full e-flex e-con e-child\" data-id=\"54ee36f\" data-element_type=\"container\">\n\t\t<div class=\"elementor-element elementor-element-7b7fd21 e-con-full e-flex e-con e-child\" data-id=\"7b7fd21\" data-element_type=\"container\">\n\t\t<div class=\"elementor-element elementor-element-4d0e6cc e-con-full e-flex e-con e-child\" data-id=\"4d0e6cc\" data-element_type=\"container\">\n\t\t\t\t<div class=\"elementor-element elementor-element-47eb8ee animated-slow elementor-invisible elementor-widget elementor-widget-heading\" data-id=\"47eb8ee\" data-element_type=\"widget\" data-settings=\"{&quot;_animation&quot;:&quot;fadeInRight&quot;,&quot;_animation_delay&quot;:400}\" data-widget_type=\"heading.default\">\n\t\t\t\t\t<h2 class=\"elementor-heading-title elementor-size-default\">Informaci\u00f3n relativa a la misi\u00f3n, fines y actividades de la fundaci\u00f3n.<\/h2>\t\t\t\t<\/div>\n\t\t\t\t<\/div>\n\t\t\t\t<\/div>\n\t\t<div class=\"elementor-element elementor-element-9319733 e-con-full e-flex e-con e-child\" data-id=\"9319733\" data-element_type=\"container\">\n\t\t<div class=\"elementor-element elementor-element-3ab865d e-con-full e-flex e-con e-child\" data-id=\"3ab865d\" data-element_type=\"container\">\n\t\t\t\t<div class=\"elementor-element elementor-element-d33764f animated-slow elementor-invisible elementor-widget elementor-widget-text-editor\" data-id=\"d33764f\" data-element_type=\"widget\" data-settings=\"{&quot;_animation&quot;:&quot;fadeInUp&quot;,&quot;_animation_delay&quot;:200}\" data-widget_type=\"text-editor.default\">\n\t\t\t\t\t\t\t\t\t<p>De conformidad con el art\u00edculo 5 y siguientes de la Ley 19\/2014, de 20 de diciembre, as\u00ed como del art\u00edculo 7 de la ORDEN JUS\/152\/2018, de 12 de septiembre, de transparencia, acceso a la informaci\u00f3n p\u00fablica y buen gobierno, se informa:<\/p>\t\t\t\t\t\t\t\t<\/div>\n\t\t<div class=\"elementor-element elementor-element-ca06246 e-con-full e-flex e-con e-child\" data-id=\"ca06246\" data-element_type=\"container\">\n\t\t\t\t<div class=\"elementor-element elementor-element-38663ab animated-slow elementor-invisible elementor-widget elementor-widget-heading\" data-id=\"38663ab\" data-element_type=\"widget\" data-settings=\"{&quot;_animation&quot;:&quot;fadeInRight&quot;,&quot;_animation_delay&quot;:400}\" data-widget_type=\"heading.default\">\n\t\t\t\t\t<h3 class=\"elementor-heading-title elementor-size-default\">Misi\u00f3n.<\/h3>\t\t\t\t<\/div>\n\t\t\t\t<div class=\"elementor-element elementor-element-c67adb6 animated-slow elementor-invisible elementor-widget elementor-widget-text-editor\" data-id=\"c67adb6\" data-element_type=\"widget\" data-settings=\"{&quot;_animation&quot;:&quot;fadeInUp&quot;,&quot;_animation_delay&quot;:200}\" data-widget_type=\"text-editor.default\">\n\t\t\t\t\t\t\t\t\t<p>La misi\u00f3n de la Fundaci\u00f3n es ser un instrumento para la promoci\u00f3n y normalizaci\u00f3n de la lengua catalana, la cultura y la identidad nacional de Catalu\u00f1a a trav\u00e9s del libro en catal\u00e1n (de todo tipo, novela, ensayo, poes\u00eda, biograf\u00edas, prosa, cocina, gu\u00edas\u2026) y la ejecuci\u00f3n de otras actividades y proyectos al servicio de esta finalidad, como los ejes de la educaci\u00f3n y la educaci\u00f3n.<\/p>\t\t\t\t\t\t\t\t<\/div>\n\t\t\t\t<\/div>\n\t\t<div class=\"elementor-element elementor-element-7f2d147 e-con-full e-flex e-con e-child\" data-id=\"7f2d147\" data-element_type=\"container\">\n\t\t\t\t<div class=\"elementor-element elementor-element-be0e768 animated-slow elementor-invisible elementor-widget elementor-widget-heading\" data-id=\"be0e768\" data-element_type=\"widget\" data-settings=\"{&quot;_animation&quot;:&quot;fadeInRight&quot;,&quot;_animation_delay&quot;:400}\" data-widget_type=\"heading.default\">\n\t\t\t\t\t<h3 class=\"elementor-heading-title elementor-size-default\">Actividades.<\/h3>\t\t\t\t<\/div>\n\t\t\t\t<div class=\"elementor-element elementor-element-e868ae5 animated-slow elementor-invisible elementor-widget elementor-widget-text-editor\" data-id=\"e868ae5\" data-element_type=\"widget\" data-settings=\"{&quot;_animation&quot;:&quot;fadeInUp&quot;,&quot;_animation_delay&quot;:200}\" data-widget_type=\"text-editor.default\">\n\t\t\t\t\t\t\t\t\t<p>Para la consecuci\u00f3n de los fines fundacionales, la Fundaci\u00f3n desarrolla las actividades que el Patronato considera necesarias directamente y\/o en colaboraci\u00f3n con otras entidades, instituciones o personas, de acuerdo con lo que establece la normativa sobre fundaciones.<br> En concreto, a fin de llevar a cabo la finalidad fundacional, la Fundaci\u00f3n puede desarrollar las actividades que, sin \u00e1nimo exhaustivo, ni exclusivo, se enumeran a continuaci\u00f3n:<\/p><ol><li>La venta de libros, revistas y folletos en catal\u00e1n, as\u00ed como material audiovisual y multimedia en lengua catalana o, en otras lenguas, cuya tem\u00e1tica sea conforme a las finalidades fundacionales.<\/li><li>La elaboraci\u00f3n, edici\u00f3n y publicaci\u00f3n de libros, revistas, folletos y material audiovisual y multimedia en lengua catalana o, en otras lenguas, cuya tem\u00e1tica sea conforme a las finalidades fundacionales.<\/li><li>La organizaci\u00f3n de exposiciones, conferencias, coloquios, cursos o seminarios acordes con las finalidades fundacionales.<\/li><li>La organizaci\u00f3n de representaciones musicales, coreogr\u00e1ficas, teatrales, cinematogr\u00e1ficas o circenses conformes a los fines fundacionales.<\/li><li>La concesi\u00f3n de ayudas individuales oa entidades para la ejecuci\u00f3n de proyectos conformes a las finalidades fundacionales.<\/li><li>La creaci\u00f3n, promoci\u00f3n, organizaci\u00f3n, inversi\u00f3n y gesti\u00f3n de cualquier tipo de iniciativa destinada a la educaci\u00f3n para promover la lengua y la cultura catalana en este \u00e1mbito, tan reglado como no reglado, desde los 0 a\u00f1os hasta la edad m\u00e1s adulta, comprendiendo todas sus vertientes (como todos los niveles y grados del sistema educativo, educaci\u00f3n infantil hasta los tres a\u00f1os, educaci\u00f3n infantil hasta los tres a\u00f1os educaci\u00f3n especial, educaci\u00f3n compensatoria, educaci\u00f3n permanente y de adultos); incluyendo la posibilidad de desarrollar explotaciones econ\u00f3micas relacionadas con este \u00e1mbito, directa o indirectamente, individualmente o con alianza con terceros (como con una UTE). A t\u00edtulo informativo y no limitativo a crear, gestionar, impulsar guarder\u00edas, cursos de todo tipo en todas las edades, desde ense\u00f1anza primaria, secundaria, superior, para adultos, y todas las actividades an\u00e1logas que con la mayor interpretaci\u00f3n posible. <p>Las actividades relacionadas con los fines fundacionales deben llevarse a cabo seg\u00fan las normas que las regulan espec\u00edficamente, mediante la obtenci\u00f3n, en su caso, de los permisos o licencias pertinentes.<\/p><\/li><\/ol>\t\t\t\t\t\t\t\t<\/div>\n\t\t\t\t<\/div>\n\t\t\t\t<\/div>\n\t\t\t\t<\/div>\n\t\t\t\t<\/div>\n\t\t\t\t<\/div>\n\t\t<div class=\"elementor-element elementor-element-d5078ab e-con-full e-flex e-con e-parent\" data-id=\"d5078ab\" data-element_type=\"container\">\n\t\t<div class=\"elementor-element elementor-element-62daf9a e-con-full e-flex e-con e-child\" data-id=\"62daf9a\" data-element_type=\"container\">\n\t\t<div class=\"elementor-element elementor-element-852b866 e-con-full e-flex e-con e-child\" data-id=\"852b866\" data-element_type=\"container\">\n\t\t<div class=\"elementor-element elementor-element-5fcb7f7 e-con-full e-flex e-con e-child\" data-id=\"5fcb7f7\" data-element_type=\"container\">\n\t\t\t\t<div class=\"elementor-element elementor-element-a0e3baf animated-slow elementor-invisible elementor-widget elementor-widget-heading\" data-id=\"a0e3baf\" data-element_type=\"widget\" data-settings=\"{&quot;_animation&quot;:&quot;fadeInRight&quot;,&quot;_animation_delay&quot;:400}\" data-widget_type=\"heading.default\">\n\t\t\t\t\t<h2 class=\"elementor-heading-title elementor-size-default\">Informaci\u00f3n relativa a la normativa aplicable en la fundaci\u00f3n.<\/h2>\t\t\t\t<\/div>\n\t\t\t\t<\/div>\n\t\t\t\t<\/div>\n\t\t<div class=\"elementor-element elementor-element-bef31e8 e-con-full e-flex e-con e-child\" data-id=\"bef31e8\" data-element_type=\"container\">\n\t\t<div class=\"elementor-element elementor-element-4bcb16a e-con-full e-flex e-con e-child\" data-id=\"4bcb16a\" data-element_type=\"container\">\n\t\t\t\t<div class=\"elementor-element elementor-element-b5b5e08 animated-slow elementor-invisible elementor-widget elementor-widget-text-editor\" data-id=\"b5b5e08\" data-element_type=\"widget\" data-settings=\"{&quot;_animation&quot;:&quot;fadeInUp&quot;,&quot;_animation_delay&quot;:200}\" data-widget_type=\"text-editor.default\">\n\t\t\t\t\t\t\t\t\t<p>La FUNDACI\u00d3N LIBRER\u00cdA LAS VOLTES se rige, desde el punto de vista <em>civil<\/em> , por lo establecido en el T\u00edtulo III \u2013 De las Fundaciones, de la Ley 4\/2008, de 24 de abril, del Libro tercero del C\u00f3digo Civil de Catalu\u00f1a, relativo a las personas jur\u00eddicas, que entr\u00f3 en vigor el 2 de agosto de 2008; por la Ley estatal 50\/2002, de 26 de diciembre, de Fundaciones en aquellas previsiones que le sean de aplicaci\u00f3n; por la Ley 19\/2014, de 29 de diciembre, de transparencia; por la Ley 21\/2014, de 29 de diciembre, del protectorado de las Fundaciones; por el Decreto 8\/2021, de 9 de febrero, sobre la transparencia y el derecho de acceso a la informaci\u00f3n p\u00fablica; y por la Orden JUS\/152\/2018 por la que se establece el nivel de sujeci\u00f3n de las fundaciones a los instrumentos de transparencia establecidos por la Ley 21\/2014.<\/p><p>A nivel <em>fiscal<\/em> se rige por la Ley 49\/2002, de 23 de diciembre, de R\u00e9gimen Fiscal de las entidades sin fines lucrativos y de los incentivos fiscales en el mecenazgo y Reglamento que la desarrolla (RD 1270\/2003).<\/p><p>Y, por \u00faltimo, a nivel <em>contable<\/em> , es de aplicaci\u00f3n el Decreto 259\/2008, de 23 de diciembre, por el que se aprueba el Plan de contabilidad de las fundaciones y asociaciones sujetas a la legislaci\u00f3n de la Generalidad de Catalu\u00f1a.<\/p>\t\t\t\t\t\t\t\t<\/div>\n\t\t\t\t<\/div>\n\t\t\t\t<\/div>\n\t\t\t\t<\/div>\n\t\t\t\t<\/div>\n\t\t<div class=\"elementor-element elementor-element-c8d0296 e-con-full e-flex e-con e-parent\" data-id=\"c8d0296\" data-element_type=\"container\">\n\t\t<div class=\"elementor-element elementor-element-8c94c0d e-con-full e-flex e-con e-child\" data-id=\"8c94c0d\" data-element_type=\"container\">\n\t\t<div class=\"elementor-element elementor-element-4422c60 e-con-full e-flex e-con e-child\" data-id=\"4422c60\" data-element_type=\"container\">\n\t\t<div class=\"elementor-element elementor-element-d335c63 e-con-full e-flex e-con e-child\" data-id=\"d335c63\" data-element_type=\"container\">\n\t\t\t\t<div class=\"elementor-element elementor-element-ae24b87 animated-slow elementor-invisible elementor-widget elementor-widget-heading\" data-id=\"ae24b87\" data-element_type=\"widget\" data-settings=\"{&quot;_animation&quot;:&quot;fadeInRight&quot;,&quot;_animation_delay&quot;:400}\" data-widget_type=\"heading.default\">\n\t\t\t\t\t<h2 class=\"elementor-heading-title elementor-size-default\">Informaci\u00f3n relativa n\u00famero de registro y los estatutos de la fundaci\u00f3n.<\/h2>\t\t\t\t<\/div>\n\t\t\t\t<\/div>\n\t\t\t\t<\/div>\n\t\t<div class=\"elementor-element elementor-element-ed99b92 e-con-full e-flex e-con e-child\" data-id=\"ed99b92\" data-element_type=\"container\">\n\t\t<div class=\"elementor-element elementor-element-4426300 e-con-full e-flex e-con e-child\" data-id=\"4426300\" data-element_type=\"container\">\n\t\t\t\t<div class=\"elementor-element elementor-element-fe4e0aa animated-slow elementor-invisible elementor-widget elementor-widget-text-editor\" data-id=\"fe4e0aa\" data-element_type=\"widget\" data-settings=\"{&quot;_animation&quot;:&quot;fadeInUp&quot;,&quot;_animation_delay&quot;:200}\" data-widget_type=\"text-editor.default\">\n\t\t\t\t\t\t\t\t\t<p>La FUNDACI\u00d3N LIBRER\u00cdA LES VOLTES est\u00e1 inscrita en el Registro de Fundaciones del Departamento de Justicia de la Generalidad de Catalu\u00f1a con el n\u00famero 2828.<br> Por otra parte, el texto refundido de los ESTATUTOS vigentes de la FUNDACI\u00d3N es el siguiente:<\/p>\t\t\t\t\t\t\t\t<\/div>\n\t\t<div class=\"elementor-element elementor-element-50dd0bd e-con-full e-flex e-con e-child\" data-id=\"50dd0bd\" data-element_type=\"container\">\n\t\t\t\t<div class=\"elementor-element elementor-element-7a7585a animated-slow elementor-invisible elementor-widget elementor-widget-heading\" data-id=\"7a7585a\" data-element_type=\"widget\" data-settings=\"{&quot;_animation&quot;:&quot;fadeInRight&quot;,&quot;_animation_delay&quot;:400}\" data-widget_type=\"heading.default\">\n\t\t\t\t\t<h3 class=\"elementor-heading-title elementor-size-default\">Cap\u00edtulo I.<\/h3>\t\t\t\t<\/div>\n\t\t\t\t<div class=\"elementor-element elementor-element-dd9cd9e animated-slow elementor-invisible elementor-widget elementor-widget-text-editor\" data-id=\"dd9cd9e\" data-element_type=\"widget\" data-settings=\"{&quot;_animation&quot;:&quot;fadeInUp&quot;,&quot;_animation_delay&quot;:200}\" data-widget_type=\"text-editor.default\">\n\t\t\t\t\t\t\t\t\t<p>Denominaci\u00f3n, naturaleza, duraci\u00f3n, domicilio, \u00e1mbito de actuaci\u00f3n y r\u00e9gimen jur\u00eddico<\/p><p><em>Art\u00edculo 1. Denominaci\u00f3n, naturaleza y duraci\u00f3n <\/em><\/p><p>Con la denominaci\u00f3n Fundaci\u00f3 Llibreria Les Voltes se constituye una fundaci\u00f3n privada que tiene vocaci\u00f3n de permanencia y se constituye con duraci\u00f3n indefinida.<\/p><p>La fundaci\u00f3n es una entidad sin \u00e1nimo de lucro que tiene el patrimonio, rendimientos y recursos obtenidos afectados de forma permanente a la realizaci\u00f3n de las finalidades de inter\u00e9s general previstas en estos estatutos.<\/p><p><em>Art\u00edculo 2. Domicilio <\/em><\/p><p>El domicilio de la Fundaci\u00f3n queda fijado en la ciudad de Gerona (17004), Plaza del Vino, n\u00famero 2.<\/p><p><em>Art\u00edculo 3. \u00c1mbito de actuaci\u00f3n <\/em><\/p><p>La Fundaci\u00f3n ejerce sus funciones mayoritariamente en Catalu\u00f1a. Sin embargo, puede actuar en el resto del territorio del Estado espa\u00f1ol, as\u00ed como a escala internacional. <\/p><p><em>Art\u00edculo 4. R\u00e9gimen jur\u00eddico <\/em><\/p><p>La Fundaci\u00f3n tiene personalidad jur\u00eddica propia y goza de plena capacidad jur\u00eddica y de obrar por el otorgamiento de su carta fundacional en escritura p\u00fablica y la inscripci\u00f3n en el Registro de Fundaciones de la Generalidad de Catalu\u00f1a.<\/p><p>La Fundaci\u00f3n se rige por las declaraciones contenidas en la carta fundacional, por las disposiciones legales que le son de aplicaci\u00f3n, y en especial, la legislaci\u00f3n de la Generalidad de Catalu\u00f1a, por las establecidas en estos estatutos y por los acuerdos que adopte el Patronato en el ejercicio de sus funciones.<\/p>\t\t\t\t\t\t\t\t<\/div>\n\t\t\t\t<\/div>\n\t\t<div class=\"elementor-element elementor-element-d8f464f e-con-full e-flex e-con e-child\" data-id=\"d8f464f\" data-element_type=\"container\">\n\t\t\t\t<div class=\"elementor-element elementor-element-14b33e2 animated-slow elementor-invisible elementor-widget elementor-widget-heading\" data-id=\"14b33e2\" data-element_type=\"widget\" data-settings=\"{&quot;_animation&quot;:&quot;fadeInRight&quot;,&quot;_animation_delay&quot;:400}\" data-widget_type=\"heading.default\">\n\t\t\t\t\t<h3 class=\"elementor-heading-title elementor-size-default\">Cap\u00edtulo II.<\/h3>\t\t\t\t<\/div>\n\t\t\t\t<div class=\"elementor-element elementor-element-51f34f3 animated-slow elementor-invisible elementor-widget elementor-widget-text-editor\" data-id=\"51f34f3\" data-element_type=\"widget\" data-settings=\"{&quot;_animation&quot;:&quot;fadeInUp&quot;,&quot;_animation_delay&quot;:200}\" data-widget_type=\"text-editor.default\">\n\t\t\t\t\t\t\t\t\t<p>Finalidades fundacionales y actividades<\/p><p><em>Art\u00edculo 5. Finalidades fundacionales <\/em><\/p><p>La Fundaci\u00f3n tiene por objeto: La promoci\u00f3n y normalizaci\u00f3n de la lengua catalana, la cultura y la identidad nacional de Catalu\u00f1a.<\/p><p><em>Art\u00edculo 6. Capacidad y actividades. <\/em><\/p><p>Para la consecuci\u00f3n de los fines fundacionales, la Fundaci\u00f3n desarrolla las actividades que el Patronato considera necesarias directamente y\/o en colaboraci\u00f3n con otras entidades, instituciones o personas, de acuerdo con lo que establece la normativa sobre fundaciones.<\/p><p>En concreto, a fin de llevar a cabo la finalidad fundacional, la Fundaci\u00f3n puede desarrollar las actividades que, sin \u00e1nimo exhaustivo, ni exclusivo, se enumeran a continuaci\u00f3n:<\/p><ul><li>a) La venta de libros, revistas y folletos en catal\u00e1n, as\u00ed como material audiovisual y multimedia en lengua catalana o, en otras lenguas, cuya tem\u00e1tica sea conforme a las finalidades fundacionales.<\/li><li>b) La elaboraci\u00f3n, edici\u00f3n y publicaci\u00f3n de libros, revistas, folletos y material audiovisual y multimedia en lengua catalana o, en otras lenguas, cuya tem\u00e1tica sea conforme a las finalidades fundacionales.<\/li><li>c) La organizaci\u00f3n de exposiciones, conferencias, coloquios, cursos o seminarios conformes a los fines fundacionales.<\/li><li>d) La organizaci\u00f3n de representaciones musicales, coreogr\u00e1ficas, teatrales, cinematogr\u00e1ficas o circenses conformes a los fines fundacionales.<\/li><li>e) La concesi\u00f3n de ayudas individuales oa entidades para la ejecuci\u00f3n de proyectos conformes a las finalidades fundacionales.<\/li><li>f) La creaci\u00f3n, promoci\u00f3n, organizaci\u00f3n, inversi\u00f3n y gesti\u00f3n de cualquier tipo de iniciativa destinada a la educaci\u00f3n para promover la lengua y la cultura catalana en este \u00e1mbito, tan reglado como no reglado, desde los 0 a\u00f1os hasta la edad m\u00e1s adulta, comprendiendo todas sus vertientes (como todos los niveles y grados del sistema educativo, hasta los tres a\u00f1os edad, educaci\u00f3n especial, educaci\u00f3n compensatoria, educaci\u00f3n permanente y de adultos); incluyendo la posibilidad de desarrollar explotaciones econ\u00f3micas relacionadas con este \u00e1mbito, directa o indirectamente, individualmente o con alianza con terceros (como con una UTE). A t\u00edtulo informativo y no limitativo a crear, gestionar, impulsar guarder\u00edas, cursos de todo tipo en todas las edades, desde ense\u00f1anza primaria, secundaria, superior, para adultos, y todas las actividades an\u00e1logas que con la mayor interpretaci\u00f3n posible. <\/li><\/ul><p>Las actividades relacionadas con los fines fundacionales deben llevarse a cabo seg\u00fan las normas que las regulan espec\u00edficamente, mediante la obtenci\u00f3n, en su caso, de los permisos o licencias pertinentes.<\/p><p><em>Art\u00edculo 7. Reglas b\u00e1sicas para la aplicaci\u00f3n de los recursos a las finalidades <\/em><\/p><p>Las rentas y dem\u00e1s ingresos anuales que obtenga la entidad se destinar\u00e1n al cumplimiento de los fines fundacionales dentro de los l\u00edmites establecidos por la legislaci\u00f3n vigente.<\/p><p>La Fundaci\u00f3n puede realizar todo tipo de actividad econ\u00f3mica, actas, contratos, operaciones y negocios l\u00edcitos, sin m\u00e1s restricciones que las impuestas por la legislaci\u00f3n aplicable.<\/p><p><em>Art\u00edculo 8. Reglas b\u00e1sicas para la determinaci\u00f3n de los beneficiarios <\/em><\/p><p>Son beneficiarios de la Fundaci\u00f3n las personas f\u00edsicas y jur\u00eddicas que se encuentren en situaciones propias de las actividades de la Fundaci\u00f3n, e integradas en el plano de actuaciones elaborado por el Patronato de la Fundaci\u00f3n.<\/p><p>La elecci\u00f3n de los beneficiarios y la elaboraci\u00f3n del plano de actuaciones por parte del Patronato, se realizar\u00e1 de acuerdo con los principios de imparcialidad y no discriminaci\u00f3n.<\/p>\t\t\t\t\t\t\t\t<\/div>\n\t\t\t\t<\/div>\n\t\t<div class=\"elementor-element elementor-element-2137976 e-con-full e-flex e-con e-child\" data-id=\"2137976\" data-element_type=\"container\">\n\t\t\t\t<div class=\"elementor-element elementor-element-67a05a3 animated-slow elementor-invisible elementor-widget elementor-widget-heading\" data-id=\"67a05a3\" data-element_type=\"widget\" data-settings=\"{&quot;_animation&quot;:&quot;fadeInRight&quot;,&quot;_animation_delay&quot;:400}\" data-widget_type=\"heading.default\">\n\t\t\t\t\t<h3 class=\"elementor-heading-title elementor-size-default\">Cap\u00edtulo III.<\/h3>\t\t\t\t<\/div>\n\t\t\t\t<div class=\"elementor-element elementor-element-997fabb animated-slow elementor-invisible elementor-widget elementor-widget-text-editor\" data-id=\"997fabb\" data-element_type=\"widget\" data-settings=\"{&quot;_animation&quot;:&quot;fadeInUp&quot;,&quot;_animation_delay&quot;:200}\" data-widget_type=\"text-editor.default\">\n\t\t\t\t\t\t\t\t\t<p>R\u00e9gimen econ\u00f3mico<\/p><p><em>Art\u00edculo 9. Patrimonio de la Fundaci\u00f3n y actividades econ\u00f3micas <\/em><\/p><p>El patrimonio de la fundaci\u00f3n queda vinculado al cumplimiento de los fines fundacionales. El patrimonio est\u00e1 integrado: <\/p><ul><li>a) por la dotaci\u00f3n inicial que consta en la carta fundacional.<\/li><li>b) por todos los bienes y derechos de contenido econ\u00f3mico que acepte y reciba la Fundaci\u00f3n, por cualquier t\u00edtulo o concepto, con el fin de incrementar la dotaci\u00f3n, y<\/li><li>c) por todos los rendimientos, frutos, rentas y productos, y dem\u00e1s bienes incorporados al patrimonio de la Fundaci\u00f3n por cualquier t\u00edtulo o concepto.<\/li><\/ul><p><em>Art\u00edculo 10. Actas de disposici\u00f3n <\/em><\/p><p><em>10.1.<\/em>  La enajenaci\u00f3n, gravamen o cualesquiera otros actos de disposici\u00f3n de los bienes y derechos que integran el patrimonio fundacional se realizar\u00e1 a t\u00edtulo oneroso y respetando las condiciones de los fundadores o donantes de dichos bienes. En cualquier caso, el importe obtenido debe reinvertirse en la adquisici\u00f3n de otros bienes y derechos que se subroguen en lugar de los enajenados o en la mejora de los bienes de la Fundaci\u00f3n aplicando el principio de subrogaci\u00f3n real. <\/p><p><em>10.2<\/em> Si se dan circunstancias excepcionales que impiden cumplir total o parcialmente el deber de reinversi\u00f3n, el patronato, antes de llevar a cabo el acto de disposici\u00f3n, debe presentar una declaraci\u00f3n responsable al protectorado en el que haga constar que se dan estas circunstancias y debe aportar un informe suscrito por t\u00e9cnicos independientes que acredite la necesidad del acto de disposici\u00f3n y las razones. Tambi\u00e9n debe justificar el destino que se d\u00e9 al producto que no se reinvierta, que debe estar siempre dentro de los fines de la fundaci\u00f3n. <\/p><p><em>10.3<\/em> La necesidad y la conveniencia de las operaciones de disposici\u00f3n o gravamen directo o indirecto deben estar justificadas y acreditadas documentalmente. El Patronato, antes de realizar los actos de disposici\u00f3n, debe contar con la informaci\u00f3n adecuada para tomar la decisi\u00f3n responsablemente <\/p><p><em>10.4<\/em> Se requiere previa autorizaci\u00f3n del Protectorado para realizar actos de disposici\u00f3n, gravamen o administraci\u00f3n extraordinaria en los siguientes casos:<\/p><ul><li>a) si el donante lo ha exigido expresamente,<\/li><li>b) si lo establece una disposici\u00f3n estatutaria<\/li><li>c) si los bienes o derechos objeto de disposici\u00f3n se han recibido de instituciones p\u00fablicas o se han adquirido con fondos p\u00fablicos.<\/li><\/ul><p><em>10.5.<\/em>  El Patronato podr\u00e1 realizar, siempre que sea necesario y de conformidad con lo que aconsejen la coyuntura econ\u00f3mica y la legislaci\u00f3n vigente, las modificaciones convenientes en las inversiones del patrimonio fundacional.<\/p><p><em>10.6.<\/em>  Para la realizaci\u00f3n de actos de disposici\u00f3n sobre los bienes y derechos que constituyan el patrimonio fundacional y para la aceptaci\u00f3n de herencias, legados u otros bienes y derechos susceptibles de integrar el capital fundacional, se exige el voto favorable del Patronato con la mayor\u00eda establecida en el art\u00edculo 26.2 de los estatutos y el cumplimiento de los requisitos legalmente previstos.<\/p><p><em>10.7.<\/em>  Cuando los actos de disposici\u00f3n, enajenaci\u00f3n o gravamen requieran la adopci\u00f3n de una declaraci\u00f3n responsable ser\u00e1 necesaria la mayor\u00eda establecida en el art\u00edculo 26.1 de los estatutos, sin computar los que no puedan votar por raz\u00f3n de conflicto de intereses con la fundaci\u00f3n.<\/p><p><em>Art\u00edculo 11. R\u00e9gimen contable <\/em><\/p><p><em>11.1.<\/em>  La Fundaci\u00f3n debe llevar un libro diario y un libro de inventario y cuentas anuales.<\/p><p><em>11.2.<\/em>  El Patronato de la Fundaci\u00f3n realizar\u00e1 el inventario y formular\u00e1 las cuentas anuales de forma simult\u00e1nea y con fecha del d\u00eda de cierre del ejercicio econ\u00f3mico, de conformidad con los principios de contabilidad generalmente admitidos y con las disposiciones que en cada caso sean aplicables.<\/p><p>El ejercicio debe cerrarse el 31 de diciembre de cada a\u00f1o.<\/p><p><em>11.3.  <\/em>Las cuentas anuales forman una unidad y est\u00e1n integradas por:<\/p><ul><li>a) el balance de situaci\u00f3n,<\/li><li>b) la cuenta de resultados,<\/li><li>c) la cuenta de estado de situaci\u00f3n de cambios en el patrimonio neto,<\/li><li>d) la cuenta de estado de situaci\u00f3n de flujos en efectivo y<\/li><li>e) la memoria, en la que se completar\u00e1, ampliar\u00e1 y comentar\u00e1 la informaci\u00f3n contenida en el balance y en la cuenta de resultados, detallando las actuaciones realizadas en cumplimiento de los fines fundacionales y concretando el n\u00famero de beneficiarios y los servicios que \u00e9stos han recibido, as\u00ed como los recursos procedentes de otros ejercicios pendientes de destino, si los hubiere, y los hubiere.<\/li><\/ul><p><em>11.4.<\/em>  La informaci\u00f3n sobre las declaraciones responsables y sobre la perfecci\u00f3n de los actos o contratos objeto de la misma debe formar parte del contenido m\u00ednimo de la memoria de las cuentas anuales.<\/p><p><em>11.5.<\/em>  El Patronato debe aprobar dentro de los seis meses siguientes a la fecha de cierre del ejercicio las cuentas anuales, las cuales debe presentar en la forma prevista legalmente al Protectorado de la Generalidad de Catalu\u00f1a para su dep\u00f3sito en el plazo de 30 d\u00edas a contar desde su aprobaci\u00f3n.<\/p><p><em>11.6.<\/em>  El Patronato debe aprobar y presentar, en relaci\u00f3n con las inversiones financieras temporales que realice en el mercado de valores, un informe anual sobre el grado de cumplimiento del c\u00f3digo de conducta que deben seguir las entidades sin \u00e1nimo de lucro, de conformidad con la normativa vigente o con lo que disponga la autoridad reguladora.<\/p><p><em>11.7.<\/em>  Las cuentas anuales deben someterse a una auditor\u00eda externa cuando se dan las circunstancias legalmente previstas.<br>Aunque no se produzcan las circunstancias legalmente previstas para que las cuentas deban someterse a una auditor\u00eda, si una tercera parte de los patronos la pide por razones justificadas, al considerar que existe alguna circunstancia<br> excepcional en la gesti\u00f3n de la Fundaci\u00f3n que aconseja que se lleve a cabo, debe convocarse una reuni\u00f3n del Patronato en el plazo m\u00e1ximo de 15 d\u00edas a contar desde la petici\u00f3n, a fin de acordar de forma motivada la realizaci\u00f3n o no realizaci\u00f3n de la auditor\u00eda de cuentas solicitada. Si no se convoca al Patronato en el plazo indicado o si, una vez convocado a tal fin, se acuerda no llevar a cabo la auditor\u00eda, los patronos interesados \u200b\u200bpueden dirigir su petici\u00f3n al Protectorado, de acuerdo con lo que establece el C\u00f3digo civil de Catalu\u00f1a. <\/p><p><em>Art\u00edculo 12. Recursos anuales <\/em><\/p><p>Los recursos econ\u00f3micos anuales de la Fundaci\u00f3n deben estar integrados por:<\/p><ul><li>a) las rentas y rendimientos producidos por el activo y el patrimonio en general de la Fundaci\u00f3n.<\/li><li>b) los saldos favorables que pudieran resultar de las actividades fundacionales y los servicios que pueda desarrollar la Fundaci\u00f3n.<\/li><li>c) las subvenciones y otras liberalidades recibidas a tal fin que no deban incorporarse al patrimonio fundacional y de otros ingresos que pudieran obtenerse por cualquier causa.<\/li><\/ul><p><em>Art\u00edculo 13. Aplicaci\u00f3n obligatoria <\/em><\/p><p>La Fundaci\u00f3n debe destinar al cumplimiento de los fines fundacionales al menos el setenta por ciento de las rentas y otros ingresos netos anuales obtenidos. El resto debe destinarlo bien al cumplimiento diferido de las finalidades o al incremento de sus fondos propios. El Patronato debe aprobar la aplicaci\u00f3n de los ingresos.  <\/p><p>Si la Fundaci\u00f3n recibe bienes y derechos sin que se especifique su destino, el Patronato debe decidir si deben integrar la dotaci\u00f3n o deben aplicarse directamente a la consecuci\u00f3n de los fines fundacionales.<\/p><p>La aplicaci\u00f3n de al menos el setenta por ciento de los ingresos al cumplimiento de los fines fundacionales, se har\u00e1 efectiva en el plazo de cuatro ejercicios a contar desde el inicio del siguiente al de la acreditaci\u00f3n contable.<\/p><p><em>Art\u00edculo 14. Gastos de funcionamiento <\/em><\/p><p>Los gastos derivados del funcionamiento del Patronato y de sus \u00f3rganos delegados, sin contar al efecto el coste de las funciones de direcci\u00f3n o gerencia, no pueden ser superiores al 15% de los ingresos netos obtenidos durante el ejercicio.<\/p><p><em>Art\u00edculo 15. Participaci\u00f3n en sociedades <\/em><\/p><p>La Fundaci\u00f3n puede constituir sociedades y participar sin necesidad de autorizaci\u00f3n previa, salvo que ello comporte la asunci\u00f3n de responsabilidad personal por las deudas sociales.<\/p><p>La Fundaci\u00f3n debe comunicar al Protectorado en el plazo de 30 d\u00edas la adquisici\u00f3n y tenencia de acciones o participaciones sociales que le confieran, directa o indirectamente, el control de sociedades que limiten la responsabilidad de los socios.<\/p><p>En cualquier caso, el ejercicio por parte de la Fundaci\u00f3n de tareas de administraci\u00f3n de sociedades debe ser compatible con el cumplimiento de los fines fundacionales.<\/p>\t\t\t\t\t\t\t\t<\/div>\n\t\t\t\t<\/div>\n\t\t<div class=\"elementor-element elementor-element-0c14704 e-con-full e-flex e-con e-child\" data-id=\"0c14704\" data-element_type=\"container\">\n\t\t\t\t<div class=\"elementor-element elementor-element-e16d50b animated-slow elementor-invisible elementor-widget elementor-widget-heading\" data-id=\"e16d50b\" data-element_type=\"widget\" data-settings=\"{&quot;_animation&quot;:&quot;fadeInRight&quot;,&quot;_animation_delay&quot;:400}\" data-widget_type=\"heading.default\">\n\t\t\t\t\t<h3 class=\"elementor-heading-title elementor-size-default\">Cap\u00edtulo IV.<\/h3>\t\t\t\t<\/div>\n\t\t\t\t<div class=\"elementor-element elementor-element-8a5850c animated-slow elementor-invisible elementor-widget elementor-widget-text-editor\" data-id=\"8a5850c\" data-element_type=\"widget\" data-settings=\"{&quot;_animation&quot;:&quot;fadeInUp&quot;,&quot;_animation_delay&quot;:200}\" data-widget_type=\"text-editor.default\">\n\t\t\t\t\t\t\t\t\t<p>Organizaci\u00f3n y funcionamiento<\/p><p><em>Art\u00edculo 16. El Patronato <\/em><\/p><p>El Patronato es el \u00f3rgano de gobierno y administraci\u00f3n de la Fundaci\u00f3n, la representa y gestiona, y asume todas las facultades y funciones necesarias para la consecuci\u00f3n de los fines fundacionales.<\/p><p><em>Art\u00edculo 17. Composici\u00f3n del Patronato y requisitos para ser miembro <\/em><\/p><p>El Patronato es un \u00f3rgano colegiado integrado por personas f\u00edsicas o jur\u00eddicas y constituido por un m\u00ednimo de 3 miembros y un m\u00e1ximo de 12 miembros.<\/p><p>Podr\u00e1 ser miembro del Patronato cualquier persona f\u00edsica con capacidad de obrar plena; que no se encuentre inhabilitada o incapacitada para ejercer funciones o cargos p\u00fablicos o para administrar bienes y no haya sido condenada por delitos contra el patrimonio o contra el orden socioecon\u00f3mico o por delitos de falsedad.<\/p><p>Las personas jur\u00eddicas deben estar representadas en el Patronato, de forma estable, por la persona en quien recaiga esta funci\u00f3n de acuerdo con las normas que las regulen, o por la persona que designe al efecto el correspondiente \u00f3rgano competente.<\/p><p><em>Art\u00edculo 18. Designaci\u00f3n, renovaci\u00f3n y ejercicio del cargo <\/em><\/p><p>El fundador ser\u00e1 patr\u00f3n con car\u00e1cter vitalicio, haciendo constar as\u00ed en la carta fundacional. Sin embargo, el fundador se reserva hasta su muerte -y as\u00ed consta tambi\u00e9n en la carta fundacional- el derecho a designar, renovar y separar la mitad m\u00e1s uno de los patronos y cargos del patronato en la misma proporci\u00f3n. El fundador elegir\u00e1 como patrones, preferiblemente, a miembros de la familia Matamala y Alsina.  <\/p><p>Se entiende para familia Matamala Alsina a los parientes de consanguinidad en l\u00ednea recta descendiente con el fundador, se\u00f1or Joan Matamala i Alsina, y, de consanguinidad en l\u00ednea colateral con \u00e9ste, en ambos casos, sin l\u00edmite de grado.<\/p><p>El primer Patronato debe designarse en la carta fundacional. Los nombramientos de nuevos patronos y la cubrici\u00f3n de vacantes, en lo que respecta al resto de patronos no escogidos por el fundador, deben ser acordados por el Patronato con la mayor\u00eda establecida en el art\u00edculo 26.2 de los estatutos. <\/p><p>Para el momento en que se produzca la muerte del fundador, la designaci\u00f3n, renovaci\u00f3n y separaci\u00f3n de la mitad m\u00e1s uno de los patronos y cargos del patronato, recaer\u00e1 en la(s) persona(s) que nombre el fundador a tal efecto en su testamento o codicilo, que ejercer\u00e1 dichas facultades hasta su fallecimiento, quedando obligada la persona que ejerza la patrono. en la definici\u00f3n indicada en el p\u00e1rrafo segundo de este art\u00edculo. En caso de falta de indicaci\u00f3n de la persona que debe proceder a la designaci\u00f3n, renovaci\u00f3n y separaci\u00f3n de los patronos y de los cargos, o en caso de renuncia o imposibilidad, esta indicaci\u00f3n de la persona que debe realizar dichas facultades corresponder\u00e1 a los herederos del fundador. <\/p><p>Al fallecimiento de la persona designada por el fundador o sus herederos para designar, renovar y separar la mitad m\u00e1s uno de los patronos y cargos del patronato en los t\u00e9rminos indicados, los sucesivos nombramientos de todos los nuevos patronos y la cubrici\u00f3n de vacantes deber\u00e1n ser acordados por el Patronato, ordinariamente, con la mayor\u00eda establecida en el art\u00edculo 26. y cargos del patronato, que las personas que ostenten dichos cargos tendr\u00e1n que ser necesariamente miembros de la familia Matamala y Alsina, en la definici\u00f3n indicada en el p\u00e1rrafo segundo de este art\u00edculo.<\/p><p>Los patronos ejercen sus cargos por un plazo de 4 a\u00f1os.<\/p><p>Los patronos designados por el fundador ser\u00e1n reelegibles indefinidamente por per\u00edodos de igual duraci\u00f3n.<\/p><p>Por el resto de patronos, una vez agotado el mandato, no pueden ser reelegidos por un segundo mandato consecutivo. Transcurrido este segundo mandato podr\u00e1n ser elegidos de nuevo por un tercer mandato, y as\u00ed sucesivamente. Excepcionalmente, un patr\u00f3n podr\u00e1 ser reelegible de forma consecutiva, y s\u00f3lo por un \u00fanico mandato, en caso de que pasara a ocupar el cargo de Presidente.  <\/p><p>Los patronos que por cualquier causa cesen antes de cumplir el plazo por el que fueron designados, podr\u00e1n ser sustituidos por nombramiento del Patronato respetando, en todo caso, el r\u00e9gimen previsto en el apartado primero de este art\u00edculo. La persona sustituta ser\u00e1 designada por el tiempo que falte para que se agote el mandato del patr\u00f3n sustituido, pero podr\u00e1 ser reelegida por los mismos plazos establecidos para el resto de miembros. <\/p><p>El cargo de Patr\u00f3n no podr\u00e1 ser en ning\u00fan caso prolongado o prorrogado m\u00e1s all\u00e1 del per\u00edodo estatutariamente previsto, por lo que, en caso de no renovaci\u00f3n el cargo quedar\u00e1 vacante hasta el nombramiento de nuevo patr\u00f3n en la forma legal y estatutariamente establecida.<\/p><p>El Patronato cubrir\u00e1, en el plazo m\u00e1ximo de 60 d\u00edas, las vacantes que por cualquier causa se produzcan entre sus miembros, y que no dependan del cumplimiento de ning\u00fan plazo legalmente establecido, de acuerdo con el procedimiento establecido en estos estatutos.<\/p><p>Los miembros del Patronato entrar\u00e1n en funciones despu\u00e9s de haber aceptado expresamente el cargo mediante alguna de las formas establecidas en la legislaci\u00f3n aplicable.<\/p><p>Los Patronos cesar\u00e1n de su cargo por muerte, incapacidad, renuncia, caducidad del cargo o cualquier otra causa establecida en las leyes o en estos estatutos.<\/p><p><em>Art\u00edculo 19. Gratuidad. Director o directora general.  <\/em><\/p><p>Los Patronos ejercer\u00e1n el cargo gratuitamente, sin perjuicio del derecho a ser reembolsados \u200b\u200bde los gastos debidamente justificados ya la indemnizaci\u00f3n por los da\u00f1os producidos por raz\u00f3n de este ejercicio.<\/p><p>No obstante lo anterior, los patronos pueden establecer una relaci\u00f3n laboral o profesional retribuida con la fundaci\u00f3n siempre que se articule mediante contrato que determine claramente las tareas laborales o profesionales que se retribuyen. En cualquier caso, estas tareas laborales o profesionales retribuidas deben ser diferentes a las tareas y funciones que son propias del cargo de patr\u00f3n. <\/p><p>El patronato, antes de la formalizaci\u00f3n del contrato del patr\u00f3n con la fundaci\u00f3n, debe presentar al protectorado una declaraci\u00f3n responsable. Esta declaraci\u00f3n responsable deber\u00e1 ser acordada con el voto favorable de dos tercios del n\u00famero total de patrones, sin computar a quienes no puedan votar por raz\u00f3n de conflicto de intereses con la Fundaci\u00f3n, y en el acta de la reuni\u00f3n y en los certificados que dejen constancia de estos acuerdos, debe hacerse constar el sentido del voto de los patronos. <\/p><p>Si el importe de los contratos formalizados con un patr\u00f3n es superior a 100.000 euros anuales o al 10% de los ingresos devengados en el \u00faltimo ejercicio econ\u00f3mico cerrado y aprobado por el patronato, debe acompa\u00f1arse la declaraci\u00f3n responsable con un informe validado por t\u00e9cnicos independientes que justifique que la contrataci\u00f3n es beneficiosa para la fundaci\u00f3n y responde a criterios del mercado. Tambi\u00e9n se requiere dicho informe si el coste anual de los contratos formalizados con patrones, m\u00e1s el coste del nuevo contrato que se quiere formalizar, es superior a dicho 10%. <\/p><p>El n\u00famero de patrones con relaci\u00f3n laboral o profesional con la fundaci\u00f3n debe ser inferior al n\u00famero de patrones previsto para que el patronato se considere v\u00e1lidamente constituido.<\/p><p>El Patronato puede nombrar a un director o directora que desarrolle la direcci\u00f3n ejecutiva de la Fundaci\u00f3n. Este cargo podr\u00e1 ser ocupado por un patr\u00f3n, en cuyo caso la relaci\u00f3n deber\u00e1 regirse de conformidad con las anteriores previsiones contenidas en este art\u00edculo. El cargo de director\/a es retribuido, en los t\u00e9rminos que se consideren adecuados a la naturaleza ya la representatividad propias del cargo y sus funciones. Cuando no es patr\u00f3n, el director\/a asiste a todas las reuniones del Patronato a las que se le convoca y puede intervenir con voz pero sin voto.   <\/p><p><em>Art\u00edculo 20. Facultades y delegaci\u00f3n de funciones <\/em><\/p><p>Corresponden al Patronato todas las facultades que tiene estatutariamente atribuidas y, en general, las que requiera para la consecuci\u00f3n de los fines fundacionales, sin m\u00e1s salvedades que las establecidas en la legislaci\u00f3n aplicable y en estos estatutos.<\/p><p>Expresamente, son funciones del patronato:<\/p><ul><li>La realizaci\u00f3n de todo tipo de actos de negocios jur\u00eddicos, tanto de administraci\u00f3n como de disposici\u00f3n y gravamen, sobre toda clase de bienes muebles, inmuebles y valores, sin otras formalidades que las establecidas en los estatutos, y con la autorizaci\u00f3n, cuando sea legalmente exigible, del Protectorado.<\/li><li>Cobrar y percibir rentas, frutos, dividendos, intereses, utilidades y cualquier otro producto o beneficio derivado de los bienes que integran el patrimonio de la Fundaci\u00f3n y los rendimientos obtenidos en el desarrollo de sus fines.<\/li><li>Hacer toda clase de pagos y en especial los que hagan falta para atender a los gastos necesarios para la administraci\u00f3n, financiaci\u00f3n y protecci\u00f3n del patrimonio, y las rentas de la Fundaci\u00f3n.<\/li><li>Realizar todo tipo de operaciones bancarias, tomando dinero a pr\u00e9stamo y cr\u00e9dito, como abrir, seguir y cancelar cuentas corrientes, de cr\u00e9dito y cauci\u00f3n, y suscribir todo tipo de contratos de cr\u00e9dito y dep\u00f3sitos en met\u00e1lico, valor e imposiciones a plazo, contratos de contragarant\u00eda de aval.<\/li><li>Aprobar las memorias, inventarios, balances y estados de cuentas de formulaci\u00f3n anual y obligatoria.<\/li><li>Modificaci\u00f3n, en su caso, de los presentes estatutos, de acuerdo con la ley vigente en cada momento.<\/li><li>Representar a la Fundaci\u00f3n en juicio y fuera de \u00e9l, por la v\u00eda de Procuradores o de otros apoderados, que podr\u00e1 nombrar mediante otorgamiento de los poderes oportunos, ante toda clase de autoridades, Juzgados, Tribunales, Delegaciones, Comisiones, Juntas, Ministerios, Dependencias del Estado, Generalitat de Catalunya, Provincia o Municipio, y cualquiera expedientes, pleitos, causas o juicios de cualquier clase.<\/li><\/ul><p>El Patronato puede delegar sus funciones de conformidad con estos estatutos y la legislaci\u00f3n aplicable. En todo caso, son indelegables y corresponden al Patronato con car\u00e1cter exclusivo las siguientes facultades: <\/p><ul><li>a) La modificaci\u00f3n de los estatutos.<\/li><li>b) La fusi\u00f3n, escisi\u00f3n o disoluci\u00f3n de la Fundaci\u00f3n.<\/li><li>c) La elaboraci\u00f3n y aprobaci\u00f3n del presupuesto y de los documentos que integran las cuentas anuales.<\/li><li>d) Los actos de disposici\u00f3n sobre bienes que, en su conjunto o individualmente, tengan un valor superior a una vig\u00e9sima parte del activo de la Fundaci\u00f3n, salvo que se trate de la venta de t\u00edtulos valor con cotizaci\u00f3n oficial por un precio que sea al menos el de cotizaci\u00f3n. Sin embargo, se pueden realizar apoderamientos para el otorgamiento del acto correspondiente en las condiciones aprobadas por el Patronato. <\/li><li>e) La constituci\u00f3n o dotaci\u00f3n de otra persona jur\u00eddica.<\/li><li>f) La fusi\u00f3n, escisi\u00f3n y cesi\u00f3n de todos o parte de los activos y pasivos.<\/li><li>g) La disoluci\u00f3n de sociedades o de otras personas jur\u00eddicas.<\/li><li>h) Los que requieren la autorizaci\u00f3n o aprobaci\u00f3n del Protectorado o la adopci\u00f3n de una declaraci\u00f3n responsable<\/li><li>i) La adopci\u00f3n y formalizaci\u00f3n de las declaraciones responsables<\/li><\/ul><p>Lo dispuesto en este art\u00edculo debe entenderse sin perjuicio de las autorizaciones del Protectorado que sean necesarias o de las comunicaciones que se le tengan que hacer de conformidad con la legislaci\u00f3n vigente.<\/p><p><em>Art\u00edculo 21. R\u00e9gimen de convocatoria <\/em><\/p><p><em>21.1.<\/em>  El Patronato se reunir\u00e1 en sesi\u00f3n ordinaria al menos una vez al trimestre, y obligatoriamente durante el primer semestre del a\u00f1o natural con el fin de aprobar las cuentas anuales del ejercicio anterior.<\/p><p>Debe reunirse en sesi\u00f3n extraordinaria, previa convocatoria ya iniciativa de su presidente\/a, tantas veces como \u00e9ste\/a lo considere necesario para el buen funcionamiento de la Fundaci\u00f3n. Tambi\u00e9n se reunir\u00e1 cuando lo solicite una cuarta parte de sus miembros, presentando con la solicitud, propuesta del orden del d\u00eda, en cuyo caso la reuni\u00f3n deber\u00e1 realizarse dentro de los treinta d\u00edas siguientes a la solicitud. <\/p><p><em>21.2.<\/em>  El Patronato podr\u00e1 reunirse excepcionalmente mediante videoconferencia, multiconferencia o cualquier otro sistema que no implique la presencia f\u00edsica de los patrones. En estos casos ser\u00e1 necesario garantizar la identificaci\u00f3n de los asistentes a la reuni\u00f3n, la continuidad en la comunicaci\u00f3n, la posibilidad de intervenir en las deliberaciones y la emisi\u00f3n del voto. La reuni\u00f3n debe entenderse celebrada en el lugar donde se encuentre el presidente. En las reuniones virtuales deben considerarse patrones asistentes aquellos que hayan participado en la multiconferencia y\/o videoconferencia. La convocatoria de las reuniones corresponder\u00e1 al presidente y contendr\u00e1 el orden del d\u00eda de todos aquellos asuntos a tratar en la reuni\u00f3n, fuera de los cuales no podr\u00e1n tomarse acuerdos v\u00e1lidos.    <br><br><em>21.3.<\/em>  La reuni\u00f3n debe convocarse al menos con 15 d\u00edas de antelaci\u00f3n respecto de la fecha prevista para que tenga lugar.<\/p><p><em>21.4.<\/em>  El Patronato podr\u00e1 adoptar acuerdos mediante la emisi\u00f3n del voto por correspondencia postal, comunicaci\u00f3n telem\u00e1tica o cualquier otro medio, siempre que queden garantizados los derechos de informaci\u00f3n y de voto, que quede constancia de la recepci\u00f3n del voto y se garantice su autenticidad. Se entiende que el acuerdo se adopta en el lugar del domicilio de la persona jur\u00eddica y en la fecha de recepci\u00f3n del \u00faltimo de los votos v\u00e1lidamente emitidos. <\/p><p><em>Art\u00edculo 22. Cargos <\/em><\/p><p>El Patronato nombrar\u00e1 a un presidente o presidenta, un vicepresidente o vicepresidenta, y un secretario o secretaria que podr\u00e1 no tener la condici\u00f3n de patr\u00f3n. Los patronos que no ocupen ninguno de estos cargos tienen la condici\u00f3n de vocales. <\/p><p><em>Art\u00edculo 23. El presidente o presidenta <\/em><\/p><p>El presidente\/ay, en su ausencia, el vicepresidente\/a tienen las siguientes facultades:<\/p><ul><li>a) Representar institucionalmente a la Fundaci\u00f3n.<\/li><li>b) Ordenar la convocatoria, fijar su orden del d\u00eda y presidir, suspender y levantar las sesiones del Patronato, as\u00ed como dirigir las deliberaciones.<\/li><li>c) Decidir con su voto de calidad el resultado de las votaciones en caso de empate.<\/li><li>d) El resto de facultades indicadas en estos estatutos y aquellas que le sean expresamente encomendadas por el Patronato, de acuerdo con lo que prev\u00e9 la normativa aplicable.<\/li><\/ul><p><em>Art\u00edculo 24. El secretario o secretaria <\/em><\/p><p>El secretario\/a convoca, en nombre del presidente\/a, las reuniones del Patronato y extiende las actas, conserva el libro de actas y entrega los certificados con el visto bueno del presidente\/ao por orden, en su ausencia, del vicepresidente\/a.<\/p><p>Asimismo ejerce las dem\u00e1s funciones que son inherentes a su cargo y le atribuyen estos estatutos.<\/p><p>Este \u00faltimo cargo podr\u00e1 corresponder a una persona que no tenga la condici\u00f3n de miembro del \u00f3rgano colegiado. El Secretario, en este caso, interviene en las reuniones con voz pero sin voto, teniendo el deber de advertir de la legalidad de los acuerdos que pretenda adoptar el \u00f3rgano. Si tiene la condici\u00f3n de patr\u00f3n, puede asistir con voz y voto.  <\/p><p><em>Art\u00edculo 25. Manera de deliberar y adoptar acuerdos <\/em><\/p><p>El Patronato quedar\u00e1 v\u00e1lidamente constituido en primera convocatoria cuando asisten a la reuni\u00f3n, en persona o representados en la forma legalmente permitida, la mitad m\u00e1s uno de los patronos y en segunda convocatoria ser\u00e1 necesaria la asistencia de una cuarta parte de sus miembros. Para que sea v\u00e1lida la constituci\u00f3n de las reuniones del Patronato tendr\u00e1n que asistir, como m\u00ednimo, dos patrones en las dos convocatorias. <\/p><p>Los miembros del Patronato pueden delegar a favor de otros patronos su voto respecto a actos concretos.<\/p><p>En ning\u00fan caso, los miembros del Patronato podr\u00e1n delegar su voto a personas que no ostenten la condici\u00f3n de Patronos, pues el ejercicio de su cargo es personal\u00edsimo.<\/p><p>Sin embargo, si un patr\u00f3n lo es porque tiene la titularidad de un cargo de una instituci\u00f3n, puede actuar en su nombre la persona que pueda sustituirlo seg\u00fan las reglas de organizaci\u00f3n de la misma instituci\u00f3n.<\/p><p>Cada patr\u00f3n tiene un voto y los acuerdos se adoptan por mayor\u00eda de votos de los asistentes, presentes y representados, en la reuni\u00f3n. En caso de empate decide el voto de calidad del presidente\/a. <\/p><p>El Patronato tambi\u00e9n puede invitar a asistir a las reuniones, con voz y sin voto, a las personas que considere conveniente. Tambi\u00e9n pueden asistir a estas reuniones, con voz y sin voto, las personas que el Patronato considere conveniente invitar a ellas. <\/p><p><em>Art\u00edculo 26. Mayor\u00eda calificada <\/em><\/p><p>1.- Ser\u00e1 necesario el voto favorable de dos tercios de los miembros del Patronato para la adopci\u00f3n de los siguientes acuerdos:<\/p><ul><li>a) Por actos de disposici\u00f3n, enajenaci\u00f3n o gravamen que requieran la adopci\u00f3n de una declaraci\u00f3n responsable. En estos casos, no se computar\u00e1n los votos de los Patronos que no puedan votar por raz\u00f3n de conflicto de intereses con la fundaci\u00f3n. <\/li><li>b) Para los acuerdos relativos a lo dispuesto en los art\u00edculos 30 y 31 de estos estatutos.<\/li><\/ul><p>2.- Ser\u00e1 necesario el voto favorable de la mayor\u00eda absoluta de los miembros del Patronato para la adopci\u00f3n de los siguientes acuerdos:<\/p><ul><li>a) Para la realizaci\u00f3n de actos de disposici\u00f3n sobre los bienes y derechos que constituyan el patrimonio fundacional y para la aceptaci\u00f3n de herencias, legados u otros bienes y derechos susceptibles de integrar el capital fundacional, independientemente, adem\u00e1s, del cumplimiento de los requisitos legalmente previstos.<\/li><li>b) Para los acuerdos relativos a lo dispuesto en el art\u00edculo 18 de estos estatutos.<\/li><\/ul><p><em>Art\u00edculo 27. De las actas <\/em><\/p><p>La Fundaci\u00f3n debe llevar un libro de actas en el que consten todas las que hayan sido aprobadas por el Patronato, autentificadas en la forma que prev\u00e9n estos estatutos.<\/p><p>De cada reuni\u00f3n, el secretario\/a levantar\u00e1 el acta correspondiente, que incluir\u00e1 la fecha, el lugar, el orden del d\u00eda, las personas asistentes, un resumen de los asuntos tratados, las intervenciones de las que se haya solicitado que quede constancia y los acuerdos adoptados, con indicaci\u00f3n del resultado de las votaciones y de las mayor\u00edas.<\/p><p>Las actas deben ser redactadas y firmadas por el secretario\/a con el visto bueno del presidente\/ay pueden ser aprobadas por el Patronato a continuaci\u00f3n de haberse realizado la sesi\u00f3n correspondiente o bien en la pr\u00f3xima reuni\u00f3n. Sin embargo, los acuerdos tienen fuerza ejecutiva desde su adopci\u00f3n, salvo si se prev\u00e9 expresamente, en los estatutos oa la hora de adoptar el acuerdo, que no son ejecutivos hasta la aprobaci\u00f3n del acta. <\/p><p>Si son de inscripci\u00f3n obligatoria, tendr\u00e1n fuerza ejecutiva desde el momento de la inscripci\u00f3n.<\/p><p><em>Art\u00edculo 28. Conflicto de intereses <\/em><\/p><p>Los patronos tendr\u00e1n que abstenerse de intervenir en la toma de decisiones o la adopci\u00f3n de acuerdos en los asuntos en que tenga un conflicto de intereses con la Fundaci\u00f3n.<\/p><p>Los patronos deben comunicar al Patronato cualquier situaci\u00f3n de conflicto, directo o indirecto, que tengan con la Fundaci\u00f3n. Antes de que el Patronato adopte un acuerdo en el que pueda haber un conflicto entre un inter\u00e9s personal y el inter\u00e9s de la Fundaci\u00f3n, la persona afectada debe proporcionar al Patronato la informaci\u00f3n relevante y debe abstenerse de intervenir en la deliberaci\u00f3n y la votaci\u00f3n. <\/p><p>En caso de que los patronos sean personas f\u00edsicas, esta prescripci\u00f3n se extiende a su c\u00f3nyuge y de otras personas con las que se est\u00e9 especialmente vinculado por lazos de afectividad, sus parientes en l\u00ednea recta y, en l\u00ednea colateral, hasta el tercer grado de consanguinidad o afinidad.<\/p><p>En caso de que los Patronos se trate de personas jur\u00eddicas, la presente obligaci\u00f3n se extiende a los administradores o apoderados y socios de control tanto de \u00e9stas como de aquellas entidades con las que se constituya, directamente o por medio de una persona interpuesta, una unidad de decisi\u00f3n, de acuerdo con la legislaci\u00f3n mercantil.<\/p><p>Los patronos y las personas que a ellos se equiparan en el presente art\u00edculo, s\u00f3lo pueden realizar operaciones con la fundaci\u00f3n si queda suficientemente acreditada la necesidad y la prevalencia de los intereses de la fundaci\u00f3n sobre los particulares del patr\u00f3n o persona equiparada. Antes de llevar a cabo la operaci\u00f3n, el patronato debe adoptar una declaraci\u00f3n responsable y debe presentarla al protectorado junto con la documentaci\u00f3n justificativa pertinente. <\/p><p>Esta declaraci\u00f3n responsable deber\u00e1 ser acordada con el voto favorable de dos tercios del n\u00famero total de patrones, sin computar a quienes no puedan votar por raz\u00f3n de conflicto de intereses con la Fundaci\u00f3n, y en el acta de la reuni\u00f3n y en los certificados que dejen constancia de estos acuerdos, debe hacerse constar el sentido del voto de los patronos.<\/p><p><em>Art\u00edculo 29. Cese <\/em><\/p><p>1. Los patronos cesan en el cargo por las siguientes causas:<\/p><ul><li>a) Muerte o declaraci\u00f3n de ausencia, en el caso de las personas f\u00edsicas, o extinci\u00f3n, en el caso de las personas jur\u00eddicas.<\/li><li>b) Incapacidad o inhabilitaci\u00f3n.<\/li><li>c) Cese de la persona en el cargo por cuya raz\u00f3n formaba parte del Patronato.<\/li><li>d) Finalizaci\u00f3n del plazo del mandato, salvo que se renueve antes del cumplimiento del plazo.<\/li><li>e) Renuncia notificada al Patronato.<\/li><li>f) Sentencia judicial firme que estime la acci\u00f3n de responsabilidad por da\u00f1os a la Fundaci\u00f3n o que decrete la remoci\u00f3n del cargo.<\/li><li>g) Las dem\u00e1s que establecen la ley o los estatutos.<\/li><\/ul><p>2. La renuncia al cargo de patr\u00f3n debe constar de cualquiera de las formas establecidas para la aceptaci\u00f3n del cargo, pero s\u00f3lo produce efectos frente a terceros cuando se inscribe en el Registro de Fundaciones.<\/p>\t\t\t\t\t\t\t\t<\/div>\n\t\t\t\t<\/div>\n\t\t<div class=\"elementor-element elementor-element-b06f5c8 e-con-full e-flex e-con e-child\" data-id=\"b06f5c8\" data-element_type=\"container\">\n\t\t\t\t<div class=\"elementor-element elementor-element-3d31d9e animated-slow elementor-invisible elementor-widget elementor-widget-heading\" data-id=\"3d31d9e\" data-element_type=\"widget\" data-settings=\"{&quot;_animation&quot;:&quot;fadeInRight&quot;,&quot;_animation_delay&quot;:400}\" data-widget_type=\"heading.default\">\n\t\t\t\t\t<h3 class=\"elementor-heading-title elementor-size-default\">Cap\u00edtulo V.<\/h3>\t\t\t\t<\/div>\n\t\t\t\t<div class=\"elementor-element elementor-element-2ceb9f4 animated-slow elementor-invisible elementor-widget elementor-widget-text-editor\" data-id=\"2ceb9f4\" data-element_type=\"widget\" data-settings=\"{&quot;_animation&quot;:&quot;fadeInUp&quot;,&quot;_animation_delay&quot;:200}\" data-widget_type=\"text-editor.default\">\n\t\t\t\t\t\t\t\t\t<p>Modificaciones estatutarias y estructurales y disoluci\u00f3n<\/p><p><em>Art\u00edculo 30. Modificaciones estatutarias y estructurales y disoluci\u00f3n <\/em><\/p><p>El Patronato, mediante acuerdo adoptado de conformidad con lo establecido en el art\u00edculo 26 de estos estatutos y la normativa aplicable, y previa convocatoria expresa, puede modificar los estatutos, acordar la fusi\u00f3n, la escisi\u00f3n o la disoluci\u00f3n o extinci\u00f3n de la Fundaci\u00f3n, con la autorizaci\u00f3n del Protectorado de acuerdo con la legislaci\u00f3n aplicable.<\/p><p><em>Art\u00edculo 31. Causas de disoluci\u00f3n <\/em><\/p><p>La Fundaci\u00f3n se constituye con duraci\u00f3n indefinida y deseo de perpetuidad, y se disolver\u00e1 por las siguientes causas:<\/p><ul><li>a) Cumplimiento \u00edntegro de la finalidad para la que se ha constituido o imposibilidad de alcanzarla, salvo que sea procedente de modificarla y que el Patronato acuerde su modificaci\u00f3n.<\/li><li>b) Ilicitud civil o penal de sus actividades o finalidades declarada por sentencia firme.<\/li><li>c) Apertura de la fase de finiquito en el concurso.<\/li><li>d) Las dem\u00e1s que establecen la ley o los estatutos.<\/li><\/ul><p><em>Art\u00edculo 32. Procedimiento de disoluci\u00f3n y destino de su patrimonio <\/em><\/p><p>La disoluci\u00f3n de la Fundaci\u00f3n requiere el acuerdo motivado del Patronato adoptado de conformidad con lo que se establece en los art\u00edculos 26 y 31 de estos estatutos y debe aprobarlo el Protectorado.<\/p><p>El Patronato para llevar a cabo la liquidaci\u00f3n del patrimonio fundacional, optar\u00e1 por uno de los sistemas de liquidaci\u00f3n previstos en el C\u00f3digo civil de Catalu\u00f1a: liquidaci\u00f3n de los activos y pasivos o cesi\u00f3n global de los mismos.<\/p><p>Si no pudiera realizarse una cesi\u00f3n global, se proceder\u00e1 a la liquidaci\u00f3n de los activos y pasivos, y, en ambos supuestos, el patrimonio remanente se destinar\u00e1 en su totalidad a la fundaci\u00f3n, fundaciones, entidades sin \u00e1nimo de lucro privadas o entidades p\u00fablicas que persigan finalidades an\u00e1logas a las de esta fundaci\u00f3n y tengan afectados a sus bienes a la misma. En todo caso, las entidades destinatarias del patrimonio deben estar consideradas como entidades beneficiarias del mecenazgo, a los efectos previstos en los art\u00edculos 16 al 25, ambos incluidos, de la Ley 49\/2002, de 23 de diciembre, de r\u00e9gimen fiscal de las entidades sin \u00e1nimo de lucro y de los incentivos fiscales al mecenazgo (o legislaci\u00f3n fiscal vigente que la sustituya fines de inter\u00e9s general; todo ello de conformidad con el art\u00edculo 3.6 de la mencionada Ley 49\/2002 (o legislaci\u00f3n fiscal vigente que la sustituya). <\/p><p>Corresponder\u00e1 al Patronato optar por uno u otro en el momento de realizar la liquidaci\u00f3n.<\/p><p>La disoluci\u00f3n de la Fundaci\u00f3n comporta su liquidaci\u00f3n, que deben llevar a cabo el Patronato, los liquidadores, si los hubiere, o, subsidiariamente, el Protectorado.<\/p>\t\t\t\t\t\t\t\t<\/div>\n\t\t\t\t<\/div>\n\t\t\t\t<\/div>\n\t\t\t\t<\/div>\n\t\t\t\t<\/div>\n\t\t\t\t<\/div>\n\t\t<div class=\"elementor-element elementor-element-8713dc3 e-con-full e-flex e-con e-parent\" data-id=\"8713dc3\" data-element_type=\"container\">\n\t\t<div class=\"elementor-element elementor-element-d56bf15 e-con-full e-flex e-con e-child\" data-id=\"d56bf15\" data-element_type=\"container\">\n\t\t<div class=\"elementor-element elementor-element-14db448 e-con-full e-flex e-con e-child\" data-id=\"14db448\" data-element_type=\"container\">\n\t\t<div class=\"elementor-element elementor-element-9cf330b e-con-full e-flex e-con e-child\" data-id=\"9cf330b\" data-element_type=\"container\">\n\t\t\t\t<div class=\"elementor-element elementor-element-b329727 animated-slow elementor-invisible elementor-widget elementor-widget-heading\" data-id=\"b329727\" data-element_type=\"widget\" data-settings=\"{&quot;_animation&quot;:&quot;fadeInRight&quot;,&quot;_animation_delay&quot;:400}\" data-widget_type=\"heading.default\">\n\t\t\t\t\t<h2 class=\"elementor-heading-title elementor-size-default\">Informaci\u00f3n relativa al organigrama (composici\u00f3n del equipo directivo).<\/h2>\t\t\t\t<\/div>\n\t\t\t\t<\/div>\n\t\t\t\t<\/div>\n\t\t<div class=\"elementor-element elementor-element-c11d5fd e-con-full e-flex e-con e-child\" data-id=\"c11d5fd\" data-element_type=\"container\">\n\t\t<div class=\"elementor-element elementor-element-a63a97a e-con-full e-flex e-con e-child\" data-id=\"a63a97a\" data-element_type=\"container\">\n\t\t\t\t<div class=\"elementor-element elementor-element-fac7933 animated-slow elementor-invisible elementor-widget elementor-widget-text-editor\" data-id=\"fac7933\" data-element_type=\"widget\" data-settings=\"{&quot;_animation&quot;:&quot;fadeInUp&quot;,&quot;_animation_delay&quot;:200}\" data-widget_type=\"text-editor.default\">\n\t\t\t\t\t\t\t\t\t<p>De conformidad con el art\u00edculo 5 y siguientes de la Ley 19\/2014, de 20 de diciembre, as\u00ed como del art\u00edculo 7 de la ORDEN JUS\/152\/2018, de 12 de septiembre, de transparencia, acceso a la informaci\u00f3n p\u00fablica y buen gobierno, se informa:<\/p>\t\t\t\t\t\t\t\t<\/div>\n\t\t\t\t<\/div>\n\t\t\t\t<\/div>\n\t\t\t\t<\/div>\n\t\t\t\t<\/div>\n\t\t<div class=\"elementor-element elementor-element-33e668b e-con-full e-flex e-con e-parent\" data-id=\"33e668b\" data-element_type=\"container\">\n\t\t<div class=\"elementor-element elementor-element-4be44fd e-con-full e-flex e-con e-child\" data-id=\"4be44fd\" data-element_type=\"container\">\n\t\t<div class=\"elementor-element elementor-element-253136b e-con-full e-flex e-con e-child\" data-id=\"253136b\" data-element_type=\"container\">\n\t\t<div class=\"elementor-element elementor-element-574e367 e-con-full e-flex e-con e-child\" data-id=\"574e367\" data-element_type=\"container\">\n\t\t\t\t<div class=\"elementor-element elementor-element-58e4d25 animated-slow elementor-invisible elementor-widget elementor-widget-heading\" data-id=\"58e4d25\" data-element_type=\"widget\" data-settings=\"{&quot;_animation&quot;:&quot;fadeInRight&quot;,&quot;_animation_delay&quot;:400}\" data-widget_type=\"heading.default\">\n\t\t\t\t\t<h2 class=\"elementor-heading-title elementor-size-default\">Informaci\u00f3n relativa a las direcciones de correo electr\u00f3nico y postal.<\/h2>\t\t\t\t<\/div>\n\t\t\t\t<\/div>\n\t\t\t\t<\/div>\n\t\t<div class=\"elementor-element elementor-element-9042133 e-con-full e-flex e-con e-child\" data-id=\"9042133\" data-element_type=\"container\">\n\t\t<div class=\"elementor-element elementor-element-77563b7 e-con-full e-flex e-con e-child\" data-id=\"77563b7\" data-element_type=\"container\">\n\t\t\t\t<div class=\"elementor-element elementor-element-1e7787f animated-slow elementor-invisible elementor-widget elementor-widget-text-editor\" data-id=\"1e7787f\" data-element_type=\"widget\" data-settings=\"{&quot;_animation&quot;:&quot;fadeInUp&quot;,&quot;_animation_delay&quot;:200}\" data-widget_type=\"text-editor.default\">\n\t\t\t\t\t\t\t\t\t<p>De conformidad con el art\u00edculo 5 y siguientes de la Ley 19\/2014, de 20 de diciembre, as\u00ed como del art\u00edculo 7 de la ORDEN JUS\/152\/2018, de 12 de septiembre, de transparencia, acceso a la informaci\u00f3n p\u00fablica y buen gobierno, se informa:<\/p><p>Direcci\u00f3n de correo electr\u00f3nico: <a href=\"mailto:llibreria@lesvoltes.cat\">llibreria@lesvoltes.cat<\/a><\/p><p>Direcci\u00f3n de correo postal: Plaza del Vino, 2, 17004, Girona<\/p><p>Tel\u00e9fono: (+34) 972201969<\/p>\t\t\t\t\t\t\t\t<\/div>\n\t\t\t\t<\/div>\n\t\t\t\t<\/div>\n\t\t\t\t<\/div>\n\t\t\t\t<\/div>\n\t\t\t\t<\/div>\n\t\t","protected":false},"excerpt":{"rendered":"<p>Informaci\u00f3n institucional y organizativa. Informaci\u00f3n relativa a la misi\u00f3n, fines y actividades de la fundaci\u00f3n. De conformidad con el art\u00edculo 5 y siguientes de la Ley 19\/2014, de 20 de diciembre, as\u00ed como del art\u00edculo 7 de la ORDEN JUS\/152\/2018, de 12 de septiembre, de transparencia, acceso a la informaci\u00f3n p\u00fablica y buen gobierno, se [&hellip;]<\/p>\n","protected":false},"author":1,"featured_media":0,"parent":0,"menu_order":0,"comment_status":"closed","ping_status":"closed","template":"","meta":{"footnotes":""},"class_list":["post-1296","page","type-page","status-publish","hentry"],"yoast_head":"<!-- This site is optimized with the Yoast SEO plugin v26.9 - https:\/\/yoast.com\/product\/yoast-seo-wordpress\/ -->\n<title>Informaci\u00f3n institucional y organizativa - Fundaci\u00f3 Les Voltes<\/title>\n<meta name=\"robots\" content=\"index, follow, max-snippet:-1, max-image-preview:large, max-video-preview:-1\" \/>\n<link rel=\"canonical\" href=\"https:\/\/lesvoltes.eu\/es\/informacion-institucional-y-organizativa\/\" \/>\n<meta property=\"og:locale\" content=\"es_ES\" \/>\n<meta property=\"og:type\" content=\"article\" \/>\n<meta property=\"og:title\" content=\"Informaci\u00f3n institucional y organizativa - Fundaci\u00f3 Les Voltes\" \/>\n<meta property=\"og:description\" content=\"Informaci\u00f3n institucional y organizativa. Informaci\u00f3n relativa a la misi\u00f3n, fines y actividades de la fundaci\u00f3n. De conformidad con el art\u00edculo 5 y siguientes de la Ley 19\/2014, de 20 de diciembre, as\u00ed como del art\u00edculo 7 de la ORDEN JUS\/152\/2018, de 12 de septiembre, de transparencia, acceso a la informaci\u00f3n p\u00fablica y buen gobierno, se [&hellip;]\" \/>\n<meta property=\"og:url\" content=\"https:\/\/lesvoltes.eu\/es\/informacion-institucional-y-organizativa\/\" \/>\n<meta property=\"og:site_name\" content=\"Fundaci\u00f3 Les Voltes\" \/>\n<meta property=\"article:modified_time\" content=\"2025-10-23T10:59:35+00:00\" \/>\n<meta name=\"twitter:card\" content=\"summary_large_image\" \/>\n<meta name=\"twitter:label1\" content=\"Tiempo de lectura\" \/>\n\t<meta name=\"twitter:data1\" content=\"36 minutos\" \/>\n<script type=\"application\/ld+json\" class=\"yoast-schema-graph\">{\"@context\":\"https:\/\/schema.org\",\"@graph\":[{\"@type\":\"WebPage\",\"@id\":\"https:\/\/lesvoltes.eu\/es\/informacion-institucional-y-organizativa\/\",\"url\":\"https:\/\/lesvoltes.eu\/es\/informacion-institucional-y-organizativa\/\",\"name\":\"Informaci\u00f3n institucional y organizativa - Fundaci\u00f3 Les Voltes\",\"isPartOf\":{\"@id\":\"https:\/\/lesvoltes.eu\/es\/#website\"},\"datePublished\":\"2025-10-23T08:29:45+00:00\",\"dateModified\":\"2025-10-23T10:59:35+00:00\",\"breadcrumb\":{\"@id\":\"https:\/\/lesvoltes.eu\/es\/informacion-institucional-y-organizativa\/#breadcrumb\"},\"inLanguage\":\"es\",\"potentialAction\":[{\"@type\":\"ReadAction\",\"target\":[\"https:\/\/lesvoltes.eu\/es\/informacion-institucional-y-organizativa\/\"]}]},{\"@type\":\"BreadcrumbList\",\"@id\":\"https:\/\/lesvoltes.eu\/es\/informacion-institucional-y-organizativa\/#breadcrumb\",\"itemListElement\":[{\"@type\":\"ListItem\",\"position\":1,\"name\":\"Inici\",\"item\":\"https:\/\/lesvoltes.eu\/es\/inicio\/\"},{\"@type\":\"ListItem\",\"position\":2,\"name\":\"Informaci\u00f3n institucional y organizativa\"}]},{\"@type\":\"WebSite\",\"@id\":\"https:\/\/lesvoltes.eu\/es\/#website\",\"url\":\"https:\/\/lesvoltes.eu\/es\/\",\"name\":\"Fundaci\u00f3 Les Voltes\",\"description\":\"El Pa\u00eds el fa la gent, nosaltres hi posem les eines.\",\"publisher\":{\"@id\":\"https:\/\/lesvoltes.eu\/es\/#organization\"},\"potentialAction\":[{\"@type\":\"SearchAction\",\"target\":{\"@type\":\"EntryPoint\",\"urlTemplate\":\"https:\/\/lesvoltes.eu\/es\/?s={search_term_string}\"},\"query-input\":{\"@type\":\"PropertyValueSpecification\",\"valueRequired\":true,\"valueName\":\"search_term_string\"}}],\"inLanguage\":\"es\"},{\"@type\":\"Organization\",\"@id\":\"https:\/\/lesvoltes.eu\/es\/#organization\",\"name\":\"Fundaci\u00f3 Les Voltes\",\"url\":\"https:\/\/lesvoltes.eu\/es\/\",\"logo\":{\"@type\":\"ImageObject\",\"inLanguage\":\"es\",\"@id\":\"https:\/\/lesvoltes.eu\/es\/#\/schema\/logo\/image\/\",\"url\":\"https:\/\/lesvoltes.eu\/wp-content\/uploads\/2025\/07\/favicon-les-voltes-girona.png\",\"contentUrl\":\"https:\/\/lesvoltes.eu\/wp-content\/uploads\/2025\/07\/favicon-les-voltes-girona.png\",\"width\":1407,\"height\":1406,\"caption\":\"Fundaci\u00f3 Les Voltes\"},\"image\":{\"@id\":\"https:\/\/lesvoltes.eu\/es\/#\/schema\/logo\/image\/\"}}]}<\/script>\n<!-- \/ Yoast SEO plugin. -->","yoast_head_json":{"title":"Informaci\u00f3n institucional y organizativa - Fundaci\u00f3 Les Voltes","robots":{"index":"index","follow":"follow","max-snippet":"max-snippet:-1","max-image-preview":"max-image-preview:large","max-video-preview":"max-video-preview:-1"},"canonical":"https:\/\/lesvoltes.eu\/es\/informacion-institucional-y-organizativa\/","og_locale":"es_ES","og_type":"article","og_title":"Informaci\u00f3n institucional y organizativa - Fundaci\u00f3 Les Voltes","og_description":"Informaci\u00f3n institucional y organizativa. Informaci\u00f3n relativa a la misi\u00f3n, fines y actividades de la fundaci\u00f3n. De conformidad con el art\u00edculo 5 y siguientes de la Ley 19\/2014, de 20 de diciembre, as\u00ed como del art\u00edculo 7 de la ORDEN JUS\/152\/2018, de 12 de septiembre, de transparencia, acceso a la informaci\u00f3n p\u00fablica y buen gobierno, se [&hellip;]","og_url":"https:\/\/lesvoltes.eu\/es\/informacion-institucional-y-organizativa\/","og_site_name":"Fundaci\u00f3 Les Voltes","article_modified_time":"2025-10-23T10:59:35+00:00","twitter_card":"summary_large_image","twitter_misc":{"Tiempo de lectura":"36 minutos"},"schema":{"@context":"https:\/\/schema.org","@graph":[{"@type":"WebPage","@id":"https:\/\/lesvoltes.eu\/es\/informacion-institucional-y-organizativa\/","url":"https:\/\/lesvoltes.eu\/es\/informacion-institucional-y-organizativa\/","name":"Informaci\u00f3n institucional y organizativa - Fundaci\u00f3 Les Voltes","isPartOf":{"@id":"https:\/\/lesvoltes.eu\/es\/#website"},"datePublished":"2025-10-23T08:29:45+00:00","dateModified":"2025-10-23T10:59:35+00:00","breadcrumb":{"@id":"https:\/\/lesvoltes.eu\/es\/informacion-institucional-y-organizativa\/#breadcrumb"},"inLanguage":"es","potentialAction":[{"@type":"ReadAction","target":["https:\/\/lesvoltes.eu\/es\/informacion-institucional-y-organizativa\/"]}]},{"@type":"BreadcrumbList","@id":"https:\/\/lesvoltes.eu\/es\/informacion-institucional-y-organizativa\/#breadcrumb","itemListElement":[{"@type":"ListItem","position":1,"name":"Inici","item":"https:\/\/lesvoltes.eu\/es\/inicio\/"},{"@type":"ListItem","position":2,"name":"Informaci\u00f3n institucional y organizativa"}]},{"@type":"WebSite","@id":"https:\/\/lesvoltes.eu\/es\/#website","url":"https:\/\/lesvoltes.eu\/es\/","name":"Fundaci\u00f3 Les Voltes","description":"El Pa\u00eds el fa la gent, nosaltres hi posem les eines.","publisher":{"@id":"https:\/\/lesvoltes.eu\/es\/#organization"},"potentialAction":[{"@type":"SearchAction","target":{"@type":"EntryPoint","urlTemplate":"https:\/\/lesvoltes.eu\/es\/?s={search_term_string}"},"query-input":{"@type":"PropertyValueSpecification","valueRequired":true,"valueName":"search_term_string"}}],"inLanguage":"es"},{"@type":"Organization","@id":"https:\/\/lesvoltes.eu\/es\/#organization","name":"Fundaci\u00f3 Les Voltes","url":"https:\/\/lesvoltes.eu\/es\/","logo":{"@type":"ImageObject","inLanguage":"es","@id":"https:\/\/lesvoltes.eu\/es\/#\/schema\/logo\/image\/","url":"https:\/\/lesvoltes.eu\/wp-content\/uploads\/2025\/07\/favicon-les-voltes-girona.png","contentUrl":"https:\/\/lesvoltes.eu\/wp-content\/uploads\/2025\/07\/favicon-les-voltes-girona.png","width":1407,"height":1406,"caption":"Fundaci\u00f3 Les Voltes"},"image":{"@id":"https:\/\/lesvoltes.eu\/es\/#\/schema\/logo\/image\/"}}]}},"_links":{"self":[{"href":"https:\/\/lesvoltes.eu\/es\/wp-json\/wp\/v2\/pages\/1296","targetHints":{"allow":["GET"]}}],"collection":[{"href":"https:\/\/lesvoltes.eu\/es\/wp-json\/wp\/v2\/pages"}],"about":[{"href":"https:\/\/lesvoltes.eu\/es\/wp-json\/wp\/v2\/types\/page"}],"author":[{"embeddable":true,"href":"https:\/\/lesvoltes.eu\/es\/wp-json\/wp\/v2\/users\/1"}],"replies":[{"embeddable":true,"href":"https:\/\/lesvoltes.eu\/es\/wp-json\/wp\/v2\/comments?post=1296"}],"version-history":[{"count":6,"href":"https:\/\/lesvoltes.eu\/es\/wp-json\/wp\/v2\/pages\/1296\/revisions"}],"predecessor-version":[{"id":1370,"href":"https:\/\/lesvoltes.eu\/es\/wp-json\/wp\/v2\/pages\/1296\/revisions\/1370"}],"wp:attachment":[{"href":"https:\/\/lesvoltes.eu\/es\/wp-json\/wp\/v2\/media?parent=1296"}],"curies":[{"name":"wp","href":"https:\/\/api.w.org\/{rel}","templated":true}]}}