{"id":1318,"date":"2025-10-23T11:56:23","date_gmt":"2025-10-23T09:56:23","guid":{"rendered":"https:\/\/lesvoltes.eu\/informacion-social-economica-presupuestaria-y-patrimonial\/"},"modified":"2025-10-23T13:00:21","modified_gmt":"2025-10-23T11:00:21","slug":"informacion-social-economica-presupuestaria-y-patrimonial","status":"publish","type":"page","link":"https:\/\/lesvoltes.eu\/es\/informacion-social-economica-presupuestaria-y-patrimonial\/","title":{"rendered":"Informaci\u00f3n social, econ\u00f3mica, presupuestaria y patrimonial"},"content":{"rendered":"\t\t<div data-elementor-type=\"wp-page\" data-elementor-id=\"1318\" class=\"elementor elementor-1318 elementor-1316\" data-elementor-post-type=\"page\">\n\t\t\t\t<div class=\"elementor-element elementor-element-cd2b8c7 e-con-full e-flex e-con e-parent\" data-id=\"cd2b8c7\" data-element_type=\"container\" data-settings=\"{&quot;background_background&quot;:&quot;classic&quot;}\">\n\t\t<div class=\"elementor-element elementor-element-53a3e96 e-con-full e-flex e-con e-child\" data-id=\"53a3e96\" data-element_type=\"container\">\n\t\t<div class=\"elementor-element elementor-element-c39dfcb e-con-full e-flex e-con e-child\" data-id=\"c39dfcb\" data-element_type=\"container\">\n\t\t\t\t<div class=\"elementor-element elementor-element-b274a84 animated-slow elementor-invisible elementor-widget elementor-widget-heading\" data-id=\"b274a84\" data-element_type=\"widget\" data-settings=\"{&quot;_animation&quot;:&quot;fadeInRight&quot;,&quot;_animation_delay&quot;:400}\" data-widget_type=\"heading.default\">\n\t\t\t\t\t<h1 class=\"elementor-heading-title elementor-size-default\">Informaci\u00f3n social, econ\u00f3mica, presupuestaria y patrimonial.<\/h1>\t\t\t\t<\/div>\n\t\t\t\t<\/div>\n\t\t\t\t<\/div>\n\t\t\t\t<\/div>\n\t\t<div class=\"elementor-element elementor-element-2dc265d e-con-full e-flex e-con e-parent\" data-id=\"2dc265d\" data-element_type=\"container\">\n\t\t<div class=\"elementor-element elementor-element-5982697 e-con-full e-flex e-con e-child\" data-id=\"5982697\" data-element_type=\"container\">\n\t\t<div class=\"elementor-element elementor-element-76a9740 e-con-full e-flex e-con e-child\" data-id=\"76a9740\" data-element_type=\"container\">\n\t\t<div class=\"elementor-element elementor-element-90968f7 e-con-full e-flex e-con e-child\" data-id=\"90968f7\" data-element_type=\"container\">\n\t\t\t\t<div class=\"elementor-element elementor-element-9113cee animated-slow elementor-invisible elementor-widget elementor-widget-heading\" data-id=\"9113cee\" data-element_type=\"widget\" data-settings=\"{&quot;_animation&quot;:&quot;fadeInRight&quot;,&quot;_animation_delay&quot;:400}\" data-widget_type=\"heading.default\">\n\t\t\t\t\t<h2 class=\"elementor-heading-title elementor-size-default\">Informaci\u00f3n relativa al programa anual de actividades.<\/h2>\t\t\t\t<\/div>\n\t\t\t\t<\/div>\n\t\t\t\t<\/div>\n\t\t<div class=\"elementor-element elementor-element-3d14667 e-con-full e-flex e-con e-child\" data-id=\"3d14667\" data-element_type=\"container\">\n\t\t<div class=\"elementor-element elementor-element-2e9df50 e-con-full e-flex e-con e-child\" data-id=\"2e9df50\" data-element_type=\"container\">\n\t\t\t\t<div class=\"elementor-element elementor-element-3de3e45 animated-slow elementor-invisible elementor-widget elementor-widget-text-editor\" data-id=\"3de3e45\" data-element_type=\"widget\" data-settings=\"{&quot;_animation&quot;:&quot;fadeInUp&quot;,&quot;_animation_delay&quot;:200}\" data-widget_type=\"text-editor.default\">\n\t\t\t\t\t\t\t\t\t<p>De conformidad con el art\u00edculo 5 y siguientes de la Ley 19\/2014, de 20 de diciembre, as\u00ed como del art\u00edculo 8 de la ORDEN JUS\/152\/2018, de 12 de septiembre, de transparencia, acceso a la informaci\u00f3n p\u00fablica y buen gobierno, se informa que el PROGRAMA ANUAL DE ACTIVIDADES es el siguiente:<\/p><p>El programa de actividades para 2021 para cumplir con el objetivo fundacional ser\u00e1 principalmente la gesti\u00f3n de la propia librer\u00eda dedicada exclusivamente a la difusi\u00f3n y promoci\u00f3n de libros exclusivamente en catal\u00e1n, actividad que venimos desarrollando desde mayo de 1963. Complementaremos esta actividad principal con las complementarias que vamos haciendo desde siempre como son las presentaciones de libros, los cuentacontas conferencias y ciclos de conferencias, &#8230; todo siempre dependiendo de las circunstancias sanitarias de nuestro entorno. <\/p>\t\t\t\t\t\t\t\t<\/div>\n\t\t\t\t<\/div>\n\t\t\t\t<\/div>\n\t\t\t\t<\/div>\n\t\t\t\t<\/div>\n\t\t<div class=\"elementor-element elementor-element-672994a e-con-full e-flex e-con e-parent\" data-id=\"672994a\" data-element_type=\"container\">\n\t\t<div class=\"elementor-element elementor-element-f55be76 e-con-full e-flex e-con e-child\" data-id=\"f55be76\" data-element_type=\"container\">\n\t\t<div class=\"elementor-element elementor-element-8005402 e-con-full e-flex e-con e-child\" data-id=\"8005402\" data-element_type=\"container\">\n\t\t<div class=\"elementor-element elementor-element-4a53ee7 e-con-full e-flex e-con e-child\" data-id=\"4a53ee7\" data-element_type=\"container\">\n\t\t\t\t<div class=\"elementor-element elementor-element-5142e73 animated-slow elementor-invisible elementor-widget elementor-widget-heading\" data-id=\"5142e73\" data-element_type=\"widget\" data-settings=\"{&quot;_animation&quot;:&quot;fadeInRight&quot;,&quot;_animation_delay&quot;:400}\" data-widget_type=\"heading.default\">\n\t\t\t\t\t<h2 class=\"elementor-heading-title elementor-size-default\">Informaci\u00f3n relativa a la memoria anual de actividades, con el resultado de las actividades cumplidas.<\/h2>\t\t\t\t<\/div>\n\t\t\t\t<\/div>\n\t\t\t\t<\/div>\n\t\t<div class=\"elementor-element elementor-element-6f26b2e e-con-full e-flex e-con e-child\" data-id=\"6f26b2e\" data-element_type=\"container\">\n\t\t<div class=\"elementor-element elementor-element-aa9a3b2 e-con-full e-flex e-con e-child\" data-id=\"aa9a3b2\" data-element_type=\"container\">\n\t\t\t\t<div class=\"elementor-element elementor-element-b4fc26e animated-slow elementor-invisible elementor-widget elementor-widget-text-editor\" data-id=\"b4fc26e\" data-element_type=\"widget\" data-settings=\"{&quot;_animation&quot;:&quot;fadeInUp&quot;,&quot;_animation_delay&quot;:200}\" data-widget_type=\"text-editor.default\">\n\t\t\t\t\t\t\t\t\t<p>De conformidad con el art\u00edculo 5 y siguientes de la Ley 19\/2014, de 20 de diciembre, as\u00ed como del art\u00edculo 8 de la ORDEN JUS\/152\/2018, de 12 de septiembre, de transparencia, acceso a la informaci\u00f3n p\u00fablica y buen gobierno, se informa a continuaci\u00f3n de la MEMORIA ANUAL DE ACTIVIDAD<\/p><p>La promoci\u00f3n y comercializaci\u00f3n (venta presencial y venta online) del libro en catal\u00e1n ha sido la principal actividad desarrollada.<\/p><p>En 2020, a pesar de las circunstancias, hemos seguido impulsando las actividades que hist\u00f3ricamente ha ido haciendo Librer\u00eda Les Voltes a lo largo de todos estos a\u00f1os, como son la celebraci\u00f3n del d\u00eda de Sant Jordi, actividad que iniciaron, en 1958, los que ser\u00edan m\u00e1s tarde el \u201cn\u00facleo duro\u201d de los fundadores de la librer\u00eda para hacer libros en catal\u00e1n en la Librer\u00eda Rambla de Gerona. \u00c9ste fue el embri\u00f3n de la Librer\u00eda Les Voltes y, a partir de 1963, llevamos a cabo esta actividad ininterrumpidamente, ya como librer\u00eda, siendo la impulsora y la \u00fanica librer\u00eda que hac\u00eda esta actividad en Girona durante los primeros a\u00f1os. Este a\u00f1o 2020, en medio de un confinamiento duro por la pandemia, realizamos una gran campa\u00f1a para hacer llegar libros y rosas a las casas de muchos gerundenses, convirti\u00e9ndose en un d\u00eda de \u00e9xito.  <\/p><p>Participamos tambi\u00e9n en el D\u00eda del libro que se celebr\u00f3 el d\u00eda 23 de julio de forma presencial en la ciudad de Girona, con una parada de libros durante todo el d\u00eda y con autores firmando ejemplares as\u00ed como cuentacuentos.<\/p><p>Otra actividad en pro de la cultura catalana que llevamos haciendo ininterrumpidamente desde el a\u00f1o 1965 es la organizaci\u00f3n de la Feria del Dibujo y la Pintura que se celebra el d\u00eda de Todos los Santos, coincidiendo con el \u00faltimo d\u00eda de las Ferias de Girona. Ya hemos celebrado la 55a. edici\u00f3n con la que se ha convertido en una de las actividades principales y m\u00e1s tradicionales del programa de Ferias y Fiestas de Girona. Adapt\u00e1ndonos a las nuevas circunstancias, este a\u00f1o hemos celebrado la primera edici\u00f3n virtual de la feria que se ha prolongado en el tiempo hasta el 7 de enero de 2021.   <\/p><p>Llevamos muchos a\u00f1os promoviendo la creaci\u00f3n de parejas ling\u00fc\u00edsticas como establecimiento colaborador de la campa\u00f1a \u00abVoluntariado por la Lengua\u00bb del Consorcio para la Normalizaci\u00f3n Ling\u00fc\u00edstica. Esta promoci\u00f3n, adem\u00e1s de ayudar a integrar a reci\u00e9n llegados, hace que los aprendices se conviertan en defensores y divulgadores de nuestra lengua. Adem\u00e1s, somos establecimiento colaborador en la campa\u00f1a \u201cAdivina-la\u201d que promueve el conocimiento de dichos y adivinanzas populares catalanas que promueve el mismo consorcio entre diferentes establecimientos de Girona.  <\/p><p>La Librer\u00eda Les Voltes es punto distribuidor de la compa\u00f1\u00eda Parlem Telecom en la ciudad de Girona, una compa\u00f1\u00eda que promueve y ofrece un servicio de telecomunicaciones en catal\u00e1n en Catalu\u00f1a.<\/p><p>Otras actividades realizadas:<\/p><p>Organizaci\u00f3n de \u201cConta Contes\u201d los s\u00e1bados por la ma\u00f1ana de los meses de junio y julio en los porches de la plaza del Vino en Girona, para ni\u00f1os y ni\u00f1as de 6 a 8 a\u00f1os, con el fin de promover el inter\u00e9s en la lectura de los ni\u00f1os de esta franja de edad, que sientan esta actividad como algo divertido y que se acostumbren a visitar explicarles que a los libreros nos encanta recibirlos en la librer\u00eda aunque no compren nada, que vean la librer\u00eda como un lugar distra\u00eddo y divertido para pasar un rato disfrutando de los libros.<\/p><p>Asimismo, hemos organizado las siguientes conferencias:<\/p><ul><li>23 de abril publicaci\u00f3n de v\u00eddeos de varios autores<\/li><li>23 de abril campa\u00f1a para enviar libros a domicilio con motivo del Sant Jordi (confinado)<\/li><li>17 de junio conversa por Instagram con M\u00f2nica Batet<\/li><li>26 de junio conversa por Instagram con Rafa Nadal<\/li><li>8 de julio conversa por instagram con Mar Bosch<\/li><li>9 de julio, presentaci\u00f3n de libro &#8216;5 continentes y 1 libertad&#8217; de Josep Llu\u00eds Alay<\/li><li>16 de julio, presentaci\u00f3n del libro &#8216;1 d\u00eda de octubre y dos poemas&#8217; de Josep Rull<\/li><li>17 de julio, presentaci\u00f3n del libro &#8216;Fal\u00e7 i estrelles&#8217; de Pilar Parcerisas<\/li><li>22 de julio, presentaci\u00f3n del libro &#8216;Cr\u00edmenes&#8217; de Carles Porta<\/li><li>28 de julio, presentaci\u00f3n del libro &#8216;El 5\u00ba poder&#8217; del HC Jordi Puigner\u00f3<\/li><li>6 de agosto, presentaci\u00f3n del libro &#8216;Ensanchando la Esquerda&#8217; de Josep Costa<\/li><li>14 de agosto, presentaci\u00f3n del libro &#8216;Cargadas de razones&#8217; de Dolors y Montse Bassa<\/li><li>3 de septiembre, presentaci\u00f3n del libro &#8216;Catalunya, sota cero&#8217; de Quico Sall\u00e9s<\/li><li>12 de septiembre, presentaci\u00f3n del libro &#8216;La lucha en el exilio&#8217; del MHP Carles Puigdemont<\/li><li>16 de septiembre, presentaci\u00f3n del libro &#8216;El futuro del catal\u00e1n depende de ti&#8217; de Carme Junyent<\/li><li>18 de septiembre, presentaci\u00f3n del libro &#8216;Corregir mata&#8217; de Pau Vidal<\/li><li>30 de septiembre, presentaci\u00f3n del libro &#8216;Guilleries, mossos independentistes&#8217; del colectivo Guilleries<\/li><li>8 de octubre, presentaci\u00f3n del libro &#8216;Ramon Cotarelo. Vivencias y creencias&#8217; de Ramon Cotarelo y Enric Pujol<\/li><li>15 de octubre, presentaci\u00f3n del libro &#8216;la independencia es posible&#8217; de Josep Maria Forn\u00e9<\/li><li>19 de octubre, acto de apoyo a los s\u00edndicos del 1 de octubre<\/li><li>20 de noviembre, presentaci\u00f3n del libro &#8216;Ubuntu&#8217; de Ra\u00fcl Romeva<\/li><li>2 de diciembre, presentaci\u00f3n del libro &#8216;La traves\u00eda m\u00e1s dif\u00edcil&#8217; de Tatxo Benet<\/li><li>3 de diciembre, presentaci\u00f3n del libro &#8216;Cerimon\u00eda del t\u00e9&#8217; de Cristina \u00c1lvarez Roig&#8217;<\/li><li>10 de diciembre, presentaci\u00f3n del libro &#8216;Catalunya, potencia log\u00edstica natural de Ramon Tremosa<\/li><li>17 de diciembre, presentaci\u00f3n del libro &#8216;Tirant lo Blanc&#8217;, adaptado por M\u00e0rius Serra<\/li><li>22 de diciembre, presentaci\u00f3n del libro &#8216;Por Raz\u00f3n de Estado&#8217;, de Sara Gonz\u00e1lez<\/li><\/ul>\t\t\t\t\t\t\t\t<\/div>\n\t\t\t\t<\/div>\n\t\t\t\t<\/div>\n\t\t\t\t<\/div>\n\t\t\t\t<\/div>\n\t\t<div class=\"elementor-element elementor-element-a352134 e-con-full e-flex e-con e-parent\" data-id=\"a352134\" data-element_type=\"container\">\n\t\t<div class=\"elementor-element elementor-element-0f3b6e3 e-con-full e-flex e-con e-child\" data-id=\"0f3b6e3\" data-element_type=\"container\">\n\t\t<div class=\"elementor-element elementor-element-76bed5b e-con-full e-flex e-con e-child\" data-id=\"76bed5b\" data-element_type=\"container\">\n\t\t<div class=\"elementor-element elementor-element-66069c3 e-con-full e-flex e-con e-child\" data-id=\"66069c3\" data-element_type=\"container\">\n\t\t\t\t<div class=\"elementor-element elementor-element-1ea8441 animated-slow elementor-invisible elementor-widget elementor-widget-heading\" data-id=\"1ea8441\" data-element_type=\"widget\" data-settings=\"{&quot;_animation&quot;:&quot;fadeInRight&quot;,&quot;_animation_delay&quot;:400}\" data-widget_type=\"heading.default\">\n\t\t\t\t\t<h2 class=\"elementor-heading-title elementor-size-default\">Informaci\u00f3n relativa al balance social.<\/h2>\t\t\t\t<\/div>\n\t\t\t\t<\/div>\n\t\t\t\t<\/div>\n\t\t<div class=\"elementor-element elementor-element-270d6eb e-con-full e-flex e-con e-child\" data-id=\"270d6eb\" data-element_type=\"container\">\n\t\t<div class=\"elementor-element elementor-element-66690ab e-con-full e-flex e-con e-child\" data-id=\"66690ab\" data-element_type=\"container\">\n\t\t\t\t<div class=\"elementor-element elementor-element-d64e392 animated-slow elementor-invisible elementor-widget elementor-widget-text-editor\" data-id=\"d64e392\" data-element_type=\"widget\" data-settings=\"{&quot;_animation&quot;:&quot;fadeInUp&quot;,&quot;_animation_delay&quot;:200}\" data-widget_type=\"text-editor.default\">\n\t\t\t\t\t\t\t\t\t<p>De conformidad con el art\u00edculo 5 y siguientes de la Ley 19\/2014, de 20 de diciembre, as\u00ed como del art\u00edculo 8 de la ORDEN JUS\/152\/2018, de 12 de septiembre, de transparencia, acceso a la informaci\u00f3n p\u00fablica y buen gobierno, se informa a continuaci\u00f3n del BALANCE SOCIAL durante el ejercicio 2020<\/p>\t\t\t\t\t\t\t\t<\/div>\n\t\t<div class=\"elementor-element elementor-element-a527c02 e-con-full e-flex e-con e-child\" data-id=\"a527c02\" data-element_type=\"container\">\n\t\t\t\t<div class=\"elementor-element elementor-element-0ed9c8f animated-slow elementor-invisible elementor-widget elementor-widget-heading\" data-id=\"0ed9c8f\" data-element_type=\"widget\" data-settings=\"{&quot;_animation&quot;:&quot;fadeInRight&quot;,&quot;_animation_delay&quot;:400}\" data-widget_type=\"heading.default\">\n\t\t\t\t\t<h3 class=\"elementor-heading-title elementor-size-default\">I - Finalidades.<\/h3>\t\t\t\t<\/div>\n\t\t\t\t<div class=\"elementor-element elementor-element-f23b0cb animated-slow elementor-invisible elementor-widget elementor-widget-text-editor\" data-id=\"f23b0cb\" data-element_type=\"widget\" data-settings=\"{&quot;_animation&quot;:&quot;fadeInUp&quot;,&quot;_animation_delay&quot;:200}\" data-widget_type=\"text-editor.default\">\n\t\t\t\t\t\t\t\t\t<p>La Fundaci\u00f3n tiene por objeto: la promoci\u00f3n y normalizaci\u00f3n de la lengua catalana, la cultura y la identidad nacional de Catalu\u00f1a.<\/p>\t\t\t\t\t\t\t\t<\/div>\n\t\t\t\t<\/div>\n\t\t<div class=\"elementor-element elementor-element-6c1f432 e-con-full e-flex e-con e-child\" data-id=\"6c1f432\" data-element_type=\"container\">\n\t\t\t\t<div class=\"elementor-element elementor-element-d201a69 animated-slow elementor-invisible elementor-widget elementor-widget-heading\" data-id=\"d201a69\" data-element_type=\"widget\" data-settings=\"{&quot;_animation&quot;:&quot;fadeInRight&quot;,&quot;_animation_delay&quot;:400}\" data-widget_type=\"heading.default\">\n\t\t\t\t\t<h3 class=\"elementor-heading-title elementor-size-default\">II - Actividades.<\/h3>\t\t\t\t<\/div>\n\t\t\t\t<div class=\"elementor-element elementor-element-48e1b1e animated-slow elementor-invisible elementor-widget elementor-widget-text-editor\" data-id=\"48e1b1e\" data-element_type=\"widget\" data-settings=\"{&quot;_animation&quot;:&quot;fadeInUp&quot;,&quot;_animation_delay&quot;:200}\" data-widget_type=\"text-editor.default\">\n\t\t\t\t\t\t\t\t\t<p>Para la consecuci\u00f3n de los fines fundacionales, la Fundaci\u00f3n desarrolla las actividades que el Patronato considera necesarias directamente y\/o en colaboraci\u00f3n con otras entidades, instituciones o personas, de acuerdo con lo que establece la normativa sobre fundaciones.<\/p><p>En concreto, a fin de llevar a cabo la finalidad fundacional, la Fundaci\u00f3n puede desarrollar las actividades que, sin \u00e1nimo exhaustivo, ni exclusivo, se enumeran a continuaci\u00f3n:<\/p><ul><li>a) La venta de libros, revistas y folletos en catal\u00e1n, as\u00ed como material audiovisual y multimedia en lengua catalana o, en otras lenguas, cuya tem\u00e1tica sea conforme a las finalidades fundacionales.<\/li><li>b) La elaboraci\u00f3n, edici\u00f3n y publicaci\u00f3n de libros, revistas, folletos y material audiovisual y multimedia en lengua catalana o, en otras lenguas, cuya tem\u00e1tica sea conforme a las finalidades fundacionales.<\/li><li>c) La organizaci\u00f3n de exposiciones, conferencias, coloquios, cursos o seminarios conformes a los fines fundacionales.<\/li><li>d) La organizaci\u00f3n de representaciones musicales, coreogr\u00e1ficas, teatrales, cinematogr\u00e1ficas o circenses conformes a los fines fundacionales.<\/li><li>e) La concesi\u00f3n de ayudas individuales oa entidades para la ejecuci\u00f3n de proyectos conformes a las finalidades fundacionales.<\/li><li>f) La creaci\u00f3n, promoci\u00f3n, organizaci\u00f3n, inversi\u00f3n y gesti\u00f3n de cualquier tipo de iniciativa destinada a la educaci\u00f3n para promover la lengua y la cultura catalana en este \u00e1mbito, tan reglado como no reglado, desde los 0 a\u00f1os hasta la edad m\u00e1s adulta, comprendiendo todas sus vertientes (como todos los niveles y grados del sistema educativo, hasta los tres a\u00f1os edad, educaci\u00f3n especial, educaci\u00f3n compensatoria, educaci\u00f3n permanente y de adultos); incluyendo la posibilidad de desarrollar explotaciones econ\u00f3micas relacionadas con este \u00e1mbito, directa o indirectamente, individualmente o con alianza con terceros (como con una UTE). A t\u00edtulo informativo y no limitativo a crear, gestionar, impulsar guarder\u00edas, cursos de todo tipo en todas las edades, desde ense\u00f1anza primaria, secundaria, superior, para adultos, y todas las actividades an\u00e1logas que con la mayor interpretaci\u00f3n posible. <\/li><\/ul><p>Las actividades relacionadas con los fines fundacionales deben llevarse a cabo seg\u00fan las normas que las regulan espec\u00edficamente, mediante la obtenci\u00f3n, en su caso, de los permisos o licencias pertinentes.<\/p>\t\t\t\t\t\t\t\t<\/div>\n\t\t\t\t<\/div>\n\t\t<div class=\"elementor-element elementor-element-21c9754 e-con-full e-flex e-con e-child\" data-id=\"21c9754\" data-element_type=\"container\">\n\t\t\t\t<div class=\"elementor-element elementor-element-d927806 animated-slow elementor-invisible elementor-widget elementor-widget-heading\" data-id=\"d927806\" data-element_type=\"widget\" data-settings=\"{&quot;_animation&quot;:&quot;fadeInRight&quot;,&quot;_animation_delay&quot;:400}\" data-widget_type=\"heading.default\">\n\t\t\t\t\t<h3 class=\"elementor-heading-title elementor-size-default\">III - Actividades realizadas y su repercusi\u00f3n social.<\/h3>\t\t\t\t<\/div>\n\t\t\t\t<div class=\"elementor-element elementor-element-8b3324e animated-slow elementor-invisible elementor-widget elementor-widget-text-editor\" data-id=\"8b3324e\" data-element_type=\"widget\" data-settings=\"{&quot;_animation&quot;:&quot;fadeInUp&quot;,&quot;_animation_delay&quot;:200}\" data-widget_type=\"text-editor.default\">\n\t\t\t\t\t\t\t\t\t<p>La comercializaci\u00f3n (venta presencial y venta online) del libro en catal\u00e1n ha sido la principal actividad desarrollada.<\/p><p>En 2020, a pesar de las circunstancias, hemos seguido impulsando las actividades que hist\u00f3ricamente ha ido haciendo Librer\u00eda Les Voltes a lo largo de todos estos a\u00f1os para la promoci\u00f3n de libros en catal\u00e1n, como son la celebraci\u00f3n del d\u00eda de Sant Jordi, actividad que iniciaron, en 1958, los que ser\u00edan m\u00e1s tarde el \u201cn\u00facleo duro\u201d de los fundadores de la librer\u00eda para de libros exclusivamente en catal\u00e1n en la Rambla de Girona. \u00c9ste fue el embri\u00f3n de la Librer\u00eda Les Voltes y, a partir de 1963, llevamos a cabo esta actividad ininterrumpidamente, ya como librer\u00eda, siendo la impulsora y la \u00fanica librer\u00eda que hac\u00eda esta actividad en Girona durante los primeros a\u00f1os. Este a\u00f1o 2020, en medio de un confinamiento duro por la pandemia, realizamos una gran campa\u00f1a para hacer llegar libros y rosas a las casas de muchos gerundenses, convirti\u00e9ndose en un d\u00eda de \u00e9xito.  <\/p><p>Participamos tambi\u00e9n en el D\u00eda del libro que se celebr\u00f3 el d\u00eda 23 de julio de forma presencial en la ciudad de Girona, con una parada de libros durante todo el d\u00eda y con autores firmando ejemplares as\u00ed como cuentacuentos.<\/p><p>En definitiva, la repercusi\u00f3n social de esta actividad ha sido importante, puesto que el n\u00famero de libros vendidos ha alcanzado la cifra de m\u00e1s de 22.000 vol\u00famenes, ya sea presencialmente, ya sea mediante venta por internet.<\/p><p>Otra actividad en pro de la cultura catalana que llevamos haciendo ininterrumpidamente desde el a\u00f1o 1965 es la organizaci\u00f3n de la Feria del Dibujo y la Pintura que se celebra el d\u00eda de Todos los Santos, coincidiendo con el \u00faltimo d\u00eda de las Ferias de Girona. Ya hemos celebrado la 55a. edici\u00f3n con la que se ha convertido en una de las actividades principales y m\u00e1s tradicionales del programa de Ferias y Fiestas de Girona. Adapt\u00e1ndonos a las nuevas circunstancias, este a\u00f1o hemos celebrado la primera edici\u00f3n virtual de la feria que se ha prolongado en el tiempo hasta el 7 de enero de 2021.   <\/p><p>As\u00ed pues, el impacto social de esta actividad es significativa, estim\u00e1ndose una participaci\u00f3n ciudadana en a\u00f1os sin Covi superior a 15.000 visitantes. Es sin duda la feria m\u00e1s importante de este sector de las que se celebran anualmente en el pa\u00eds] <\/p><p>Por otro lado, llevamos muchos a\u00f1os promoviendo la creaci\u00f3n de parejas ling\u00fc\u00edsticas como establecimiento colaborador de la campa\u00f1a \u00abVoluntariado por la Lengua\u00bb, del Consorcio para la Normalizaci\u00f3n Ling\u00fc\u00edstica. Esta promoci\u00f3n, adem\u00e1s de ayudar a integrar a reci\u00e9n llegados, hace que los aprendices se conviertan en defensores y divulgadores de nuestra lengua. El colectivo de personas beneficiarias es 12 en este 2020  <\/p><p>Adem\u00e1s, somos establecimiento colaborador en la campa\u00f1a \u201cAdivina-la\u201d que promueve el conocimiento de dichos y adivinanzas populares catalanas que promueve el mismo consorcio entre diferentes establecimientos de Girona.<\/p><p>La Librer\u00eda Les Voltes es punto distribuidor de la compa\u00f1\u00eda Parlem Telecom en la ciudad de Girona, una compa\u00f1\u00eda que promueve y ofrece un servicio de telecomunicaciones en catal\u00e1n en Catalu\u00f1a.<\/p><p><em>Otras actividades realizadas:<\/em><\/p><p>Organizaci\u00f3n de \u201cConta Contes\u201d los s\u00e1bados por la ma\u00f1ana de los meses de junio y julio en los porches de la plaza del Vino en Girona, para ni\u00f1os y ni\u00f1as de 6 a 8 a\u00f1os, con el fin de promover el inter\u00e9s en la lectura de los ni\u00f1os de esta franja de edad, que sientan esta actividad como algo divertido y que se acostumbren a visitar explicarles que a los libreros nos encanta recibirlos en la librer\u00eda aunque no compren nada, que vean la librer\u00eda como un lugar distra\u00eddo y divertido para pasar un rato disfrutando de los libros.<\/p><p>Se estima una media de 8[&#8230;] en cuanto la asistencia de ni\u00f1os en cada una de los \u201cCuenta Cuentos\u201d, celebrados el s\u00e1bado por la ma\u00f1ana.<\/p><p>Y en cuanto al ciclo de conferencias y actividades organizadas (un total de m\u00e1s de 50), muchas de ellas realizadas exclusivamente por striming debido a las restricciones sanitarias. En situaciones de normalidad sanitaria se estima que el p\u00fablico asistente a nuestros actos de media renta de los 50 a 70 asistentes. A lo largo del a\u00f1o, los actos m\u00e1s emblem\u00e1ticos los retransmitimos en directo y posteriormente en diferido en dos franjas horarias distintas, por TvGirona con una audiencia estimada de m\u00e1s de 3.000 telespectadores por emisi\u00f3n, seg\u00fan los \u00edndices de audiencia.  <\/p>\t\t\t\t\t\t\t\t<\/div>\n\t\t\t\t<\/div>\n\t\t\t\t<\/div>\n\t\t\t\t<\/div>\n\t\t\t\t<\/div>\n\t\t\t\t<\/div>\n\t\t<div class=\"elementor-element elementor-element-9416b6f e-con-full e-flex e-con e-parent\" data-id=\"9416b6f\" data-element_type=\"container\">\n\t\t<div class=\"elementor-element elementor-element-69991d3 e-con-full e-flex e-con e-child\" data-id=\"69991d3\" data-element_type=\"container\">\n\t\t<div class=\"elementor-element elementor-element-81a206f e-con-full e-flex e-con e-child\" data-id=\"81a206f\" data-element_type=\"container\">\n\t\t<div class=\"elementor-element elementor-element-9c52f8e e-con-full e-flex e-con e-child\" data-id=\"9c52f8e\" data-element_type=\"container\">\n\t\t\t\t<div class=\"elementor-element elementor-element-723318d animated-slow elementor-invisible elementor-widget elementor-widget-heading\" data-id=\"723318d\" data-element_type=\"widget\" data-settings=\"{&quot;_animation&quot;:&quot;fadeInRight&quot;,&quot;_animation_delay&quot;:400}\" data-widget_type=\"heading.default\">\n\t\t\t\t\t<h2 class=\"elementor-heading-title elementor-size-default\">Informaci\u00f3n relativa al colectivo de personas beneficiadas.<\/h2>\t\t\t\t<\/div>\n\t\t\t\t<\/div>\n\t\t\t\t<\/div>\n\t\t<div class=\"elementor-element elementor-element-0e200dc e-con-full e-flex e-con e-child\" data-id=\"0e200dc\" data-element_type=\"container\">\n\t\t<div class=\"elementor-element elementor-element-ec439d2 e-con-full e-flex e-con e-child\" data-id=\"ec439d2\" data-element_type=\"container\">\n\t\t\t\t<div class=\"elementor-element elementor-element-ea55c41 animated-slow elementor-invisible elementor-widget elementor-widget-text-editor\" data-id=\"ea55c41\" data-element_type=\"widget\" data-settings=\"{&quot;_animation&quot;:&quot;fadeInUp&quot;,&quot;_animation_delay&quot;:200}\" data-widget_type=\"text-editor.default\">\n\t\t\t\t\t\t\t\t\t<p>De conformidad con el art\u00edculo 5 y siguientes de la Ley 19\/2014, de 20 de diciembre, as\u00ed como del art\u00edculo 8 de la ORDEN JUS\/152\/2018, de 12 de septiembre, de transparencia, acceso a la informaci\u00f3n p\u00fablica y buen gobierno, se informa a continuaci\u00f3n del COLECTIVO DE PERSONAS BENEFI<\/p><p>El colectivo al que va dirigida nuestras actividades es gen\u00e9rico, pues ofrecemos todas nuestras actividades a todos los p\u00fablicos en general.<\/p><p>Tanto a quien quiere aprender catal\u00e1n, a quien quiere mejorarlo, qui\u00e9n quiere ser pareja ling\u00fc\u00edstica, como quien quiere asesoramiento, o simplemente barajar o comprar libros. Quien se interesa por nuestras conferencias ya sea presencialmente como online, nuestros debates, nuestras campa\u00f1as de sensibilizaci\u00f3n, etc&#8230;. En definitiva, todas estas actividades, tendentes todas ellas a la consecuci\u00f3n de la finalidad de promoci\u00f3n y la normalizaci\u00f3n de la lengua catalana, la cultura y la identidad nacional de Catalu\u00f1a, van destinadas a todos los p\u00fablicos ya todas las edades.  <\/p>\t\t\t\t\t\t\t\t<\/div>\n\t\t\t\t<\/div>\n\t\t\t\t<\/div>\n\t\t\t\t<\/div>\n\t\t\t\t<\/div>\n\t\t<div class=\"elementor-element elementor-element-5747e18 e-con-full e-flex e-con e-parent\" data-id=\"5747e18\" data-element_type=\"container\">\n\t\t<div class=\"elementor-element elementor-element-1bb1a0a e-con-full e-flex e-con e-child\" data-id=\"1bb1a0a\" data-element_type=\"container\">\n\t\t<div class=\"elementor-element elementor-element-bed83be e-con-full e-flex e-con e-child\" data-id=\"bed83be\" data-element_type=\"container\">\n\t\t<div class=\"elementor-element elementor-element-4709a5c e-con-full e-flex e-con e-child\" data-id=\"4709a5c\" data-element_type=\"container\">\n\t\t\t\t<div class=\"elementor-element elementor-element-acc210a animated-slow elementor-invisible elementor-widget elementor-widget-heading\" data-id=\"acc210a\" data-element_type=\"widget\" data-settings=\"{&quot;_animation&quot;:&quot;fadeInRight&quot;,&quot;_animation_delay&quot;:400}\" data-widget_type=\"heading.default\">\n\t\t\t\t\t<h2 class=\"elementor-heading-title elementor-size-default\">Retribuciones del \u00f3rgano de gobierno -patronado- y \u00f3rganos de direcci\u00f3n.<\/h2>\t\t\t\t<\/div>\n\t\t\t\t<\/div>\n\t\t\t\t<\/div>\n\t\t<div class=\"elementor-element elementor-element-87d474d e-con-full e-flex e-con e-child\" data-id=\"87d474d\" data-element_type=\"container\">\n\t\t<div class=\"elementor-element elementor-element-95908f7 e-con-full e-flex e-con e-child\" data-id=\"95908f7\" data-element_type=\"container\">\n\t\t\t\t<div class=\"elementor-element elementor-element-9f97011 animated-slow elementor-invisible elementor-widget elementor-widget-text-editor\" data-id=\"9f97011\" data-element_type=\"widget\" data-settings=\"{&quot;_animation&quot;:&quot;fadeInUp&quot;,&quot;_animation_delay&quot;:200}\" data-widget_type=\"text-editor.default\">\n\t\t\t\t\t\t\t\t\t<p>De conformidad con el art\u00edculo 5 y siguientes de la Ley 19\/2014, de 20 de diciembre, de transparencia, acceso a la informaci\u00f3n p\u00fablica y buen gobierno, se informa que al amparo de los art\u00edculos 332-10 del C\u00f3digo Civil de Catalu\u00f1a y art\u00edculo 3.5\u00ba. de la Ley 49\/2002, de 23 de diciembre, del R\u00e9gimen Fiscal de Entidades Sin Finalidades Lucrativas e Incentivos Fiscales al Mecenazgo, <u>los patronos de la FUNDACI\u00d3N LIBRER\u00cdA LAS VOLTES ejercen sus cargos gratuitamente<\/u> . <\/p><p>Por su parte, el Director de la Fundaci\u00f3n, durante el ejercicio 2020, ha percibido una remuneraci\u00f3n total de 12.506,68 euros.<\/p>\t\t\t\t\t\t\t\t<\/div>\n\t\t\t\t<\/div>\n\t\t\t\t<\/div>\n\t\t\t\t<\/div>\n\t\t\t\t<\/div>\n\t\t<div class=\"elementor-element elementor-element-d462a4d e-con-full e-flex e-con e-parent\" data-id=\"d462a4d\" data-element_type=\"container\">\n\t\t<div class=\"elementor-element elementor-element-e15869a e-con-full e-flex e-con e-child\" data-id=\"e15869a\" data-element_type=\"container\">\n\t\t<div class=\"elementor-element elementor-element-2580e42 e-con-full e-flex e-con e-child\" data-id=\"2580e42\" data-element_type=\"container\">\n\t\t<div class=\"elementor-element elementor-element-f392fa6 e-con-full e-flex e-con e-child\" data-id=\"f392fa6\" data-element_type=\"container\">\n\t\t\t\t<div class=\"elementor-element elementor-element-c78efbb animated-slow elementor-invisible elementor-widget elementor-widget-heading\" data-id=\"c78efbb\" data-element_type=\"widget\" data-settings=\"{&quot;_animation&quot;:&quot;fadeInRight&quot;,&quot;_animation_delay&quot;:400}\" data-widget_type=\"heading.default\">\n\t\t\t\t\t<h2 class=\"elementor-heading-title elementor-size-default\">Inventario del patrimonio.<\/h2>\t\t\t\t<\/div>\n\t\t\t\t<\/div>\n\t\t\t\t<\/div>\n\t\t<div class=\"elementor-element elementor-element-5e06ed4 e-con-full e-flex e-con e-child\" data-id=\"5e06ed4\" data-element_type=\"container\">\n\t\t<div class=\"elementor-element elementor-element-0789373 e-con-full e-flex e-con e-child\" data-id=\"0789373\" data-element_type=\"container\">\n\t\t\t\t<div class=\"elementor-element elementor-element-4ed5422 animated-slow elementor-invisible elementor-widget elementor-widget-text-editor\" data-id=\"4ed5422\" data-element_type=\"widget\" data-settings=\"{&quot;_animation&quot;:&quot;fadeInUp&quot;,&quot;_animation_delay&quot;:200}\" data-widget_type=\"text-editor.default\">\n\t\t\t\t\t\t\t\t\t<p>De conformidad con el art\u00edculo 5 y siguientes de la Ley 19\/2014, de 20 de diciembre, de transparencia, acceso a la informaci\u00f3n p\u00fablica y buen gobierno, se informa que durante el ejercicio 2020, el PATRIMONIO de la FUNDACI\u00d3N LIBRER\u00cdA LES VOLTES es:<\/p>\t\t\t\t\t\t\t\t<\/div>\n\t\t<div class=\"elementor-element elementor-element-9856cba e-con-full e-flex e-con e-child\" data-id=\"9856cba\" data-element_type=\"container\">\n\t\t\t\t<div class=\"elementor-element elementor-element-3ea0efd animated-slow elementor-invisible elementor-widget elementor-widget-heading\" data-id=\"3ea0efd\" data-element_type=\"widget\" data-settings=\"{&quot;_animation&quot;:&quot;fadeInRight&quot;,&quot;_animation_delay&quot;:400}\" data-widget_type=\"heading.default\">\n\t\t\t\t\t<h3 class=\"elementor-heading-title elementor-size-default\">I - Inmovilizado intangible.<\/h3>\t\t\t\t<\/div>\n\t\t\t\t<div class=\"elementor-element elementor-element-9b9e7c7 animated-slow elementor-invisible elementor-widget elementor-widget-text-editor\" data-id=\"9b9e7c7\" data-element_type=\"widget\" data-settings=\"{&quot;_animation&quot;:&quot;fadeInUp&quot;,&quot;_animation_delay&quot;:200}\" data-widget_type=\"text-editor.default\">\n\t\t\t\t\t\t\t\t\t<p>Aplicaciones inform\u00e1ticas con un valor neto contable de 67,58\u20ac.<\/p>\t\t\t\t\t\t\t\t<\/div>\n\t\t\t\t<\/div>\n\t\t<div class=\"elementor-element elementor-element-aab10c1 e-con-full e-flex e-con e-child\" data-id=\"aab10c1\" data-element_type=\"container\">\n\t\t\t\t<div class=\"elementor-element elementor-element-be4e391 animated-slow elementor-invisible elementor-widget elementor-widget-heading\" data-id=\"be4e391\" data-element_type=\"widget\" data-settings=\"{&quot;_animation&quot;:&quot;fadeInRight&quot;,&quot;_animation_delay&quot;:400}\" data-widget_type=\"heading.default\">\n\t\t\t\t\t<h3 class=\"elementor-heading-title elementor-size-default\">II - Inmovilizado material.<\/h3>\t\t\t\t<\/div>\n\t\t\t\t<div class=\"elementor-element elementor-element-72d5b0c animated-slow elementor-invisible elementor-widget elementor-widget-text-editor\" data-id=\"72d5b0c\" data-element_type=\"widget\" data-settings=\"{&quot;_animation&quot;:&quot;fadeInUp&quot;,&quot;_animation_delay&quot;:200}\" data-widget_type=\"text-editor.default\">\n\t\t\t\t\t\t\t\t\t<p>Instalaciones t\u00e9cnicas y alto. Inm. Material con un Valor Neto Contable de 2.074,63\u20ac  <\/p>\t\t\t\t\t\t\t\t<\/div>\n\t\t\t\t<\/div>\n\t\t<div class=\"elementor-element elementor-element-56dea73 e-con-full e-flex e-con e-child\" data-id=\"56dea73\" data-element_type=\"container\">\n\t\t\t\t<div class=\"elementor-element elementor-element-2b016c1 animated-slow elementor-invisible elementor-widget elementor-widget-heading\" data-id=\"2b016c1\" data-element_type=\"widget\" data-settings=\"{&quot;_animation&quot;:&quot;fadeInRight&quot;,&quot;_animation_delay&quot;:400}\" data-widget_type=\"heading.default\">\n\t\t\t\t\t<h3 class=\"elementor-heading-title elementor-size-default\">III - Existencias.<\/h3>\t\t\t\t<\/div>\n\t\t\t\t<div class=\"elementor-element elementor-element-0fa3cae animated-slow elementor-invisible elementor-widget elementor-widget-text-editor\" data-id=\"0fa3cae\" data-element_type=\"widget\" data-settings=\"{&quot;_animation&quot;:&quot;fadeInUp&quot;,&quot;_animation_delay&quot;:200}\" data-widget_type=\"text-editor.default\">\n\t\t\t\t\t\t\t\t\t<p>Existencias comerciales con un valor de 92.367,68\u20ac.<\/p>\t\t\t\t\t\t\t\t<\/div>\n\t\t\t\t<\/div>\n\t\t<div class=\"elementor-element elementor-element-de5d75a e-con-full e-flex e-con e-child\" data-id=\"de5d75a\" data-element_type=\"container\">\n\t\t\t\t<div class=\"elementor-element elementor-element-71f207b animated-slow elementor-invisible elementor-widget elementor-widget-heading\" data-id=\"71f207b\" data-element_type=\"widget\" data-settings=\"{&quot;_animation&quot;:&quot;fadeInRight&quot;,&quot;_animation_delay&quot;:400}\" data-widget_type=\"heading.default\">\n\t\t\t\t\t<h3 class=\"elementor-heading-title elementor-size-default\">IV - Otras partidas de activo corriente.<\/h3>\t\t\t\t<\/div>\n\t\t\t\t<div class=\"elementor-element elementor-element-6f25b98 animated-slow elementor-invisible elementor-widget elementor-widget-text-editor\" data-id=\"6f25b98\" data-element_type=\"widget\" data-settings=\"{&quot;_animation&quot;:&quot;fadeInUp&quot;,&quot;_animation_delay&quot;:200}\" data-widget_type=\"text-editor.default\">\n\t\t\t\t\t\t\t\t\t<p>(Deudores varios, inversiones financieras a corto plazo, tesorer\u00eda&#8230; Con un Valor Contable de 98.042,75\u20ac <\/p>\t\t\t\t\t\t\t\t<\/div>\n\t\t\t\t<\/div>\n\t\t\t\t<\/div>\n\t\t\t\t<\/div>\n\t\t\t\t<\/div>\n\t\t\t\t<\/div>\n\t\t\t\t<\/div>\n\t\t","protected":false},"excerpt":{"rendered":"<p>Informaci\u00f3n social, econ\u00f3mica, presupuestaria y patrimonial. Informaci\u00f3n relativa al programa anual de actividades. De conformidad con el art\u00edculo 5 y siguientes de la Ley 19\/2014, de 20 de diciembre, as\u00ed como del art\u00edculo 8 de la ORDEN JUS\/152\/2018, de 12 de septiembre, de transparencia, acceso a la informaci\u00f3n p\u00fablica y buen gobierno, se informa que [&hellip;]<\/p>\n","protected":false},"author":1,"featured_media":0,"parent":0,"menu_order":0,"comment_status":"closed","ping_status":"closed","template":"","meta":{"footnotes":""},"class_list":["post-1318","page","type-page","status-publish","hentry"],"yoast_head":"<!-- This site is optimized with the Yoast SEO plugin v26.9 - https:\/\/yoast.com\/product\/yoast-seo-wordpress\/ -->\n<title>Informaci\u00f3n social, econ\u00f3mica, presupuestaria y patrimonial - Fundaci\u00f3 Les Voltes<\/title>\n<meta name=\"robots\" content=\"index, follow, max-snippet:-1, max-image-preview:large, max-video-preview:-1\" \/>\n<link rel=\"canonical\" href=\"https:\/\/lesvoltes.eu\/es\/informacion-social-economica-presupuestaria-y-patrimonial\/\" \/>\n<meta property=\"og:locale\" content=\"es_ES\" \/>\n<meta property=\"og:type\" content=\"article\" \/>\n<meta property=\"og:title\" content=\"Informaci\u00f3n social, econ\u00f3mica, presupuestaria y patrimonial - Fundaci\u00f3 Les Voltes\" \/>\n<meta property=\"og:description\" content=\"Informaci\u00f3n social, econ\u00f3mica, presupuestaria y patrimonial. Informaci\u00f3n relativa al programa anual de actividades. De conformidad con el art\u00edculo 5 y siguientes de la Ley 19\/2014, de 20 de diciembre, as\u00ed como del art\u00edculo 8 de la ORDEN JUS\/152\/2018, de 12 de septiembre, de transparencia, acceso a la informaci\u00f3n p\u00fablica y buen gobierno, se informa que [&hellip;]\" \/>\n<meta property=\"og:url\" content=\"https:\/\/lesvoltes.eu\/es\/informacion-social-economica-presupuestaria-y-patrimonial\/\" \/>\n<meta property=\"og:site_name\" content=\"Fundaci\u00f3 Les Voltes\" \/>\n<meta property=\"article:modified_time\" content=\"2025-10-23T11:00:21+00:00\" \/>\n<meta name=\"twitter:card\" content=\"summary_large_image\" \/>\n<meta name=\"twitter:label1\" content=\"Tiempo de lectura\" \/>\n\t<meta name=\"twitter:data1\" content=\"14 minutos\" \/>\n<script type=\"application\/ld+json\" class=\"yoast-schema-graph\">{\"@context\":\"https:\/\/schema.org\",\"@graph\":[{\"@type\":\"WebPage\",\"@id\":\"https:\/\/lesvoltes.eu\/es\/informacion-social-economica-presupuestaria-y-patrimonial\/\",\"url\":\"https:\/\/lesvoltes.eu\/es\/informacion-social-economica-presupuestaria-y-patrimonial\/\",\"name\":\"Informaci\u00f3n social, econ\u00f3mica, presupuestaria y patrimonial - Fundaci\u00f3 Les Voltes\",\"isPartOf\":{\"@id\":\"https:\/\/lesvoltes.eu\/es\/#website\"},\"datePublished\":\"2025-10-23T09:56:23+00:00\",\"dateModified\":\"2025-10-23T11:00:21+00:00\",\"breadcrumb\":{\"@id\":\"https:\/\/lesvoltes.eu\/es\/informacion-social-economica-presupuestaria-y-patrimonial\/#breadcrumb\"},\"inLanguage\":\"es\",\"potentialAction\":[{\"@type\":\"ReadAction\",\"target\":[\"https:\/\/lesvoltes.eu\/es\/informacion-social-economica-presupuestaria-y-patrimonial\/\"]}]},{\"@type\":\"BreadcrumbList\",\"@id\":\"https:\/\/lesvoltes.eu\/es\/informacion-social-economica-presupuestaria-y-patrimonial\/#breadcrumb\",\"itemListElement\":[{\"@type\":\"ListItem\",\"position\":1,\"name\":\"Inici\",\"item\":\"https:\/\/lesvoltes.eu\/es\/inicio\/\"},{\"@type\":\"ListItem\",\"position\":2,\"name\":\"Informaci\u00f3n social, econ\u00f3mica, presupuestaria y patrimonial\"}]},{\"@type\":\"WebSite\",\"@id\":\"https:\/\/lesvoltes.eu\/es\/#website\",\"url\":\"https:\/\/lesvoltes.eu\/es\/\",\"name\":\"Fundaci\u00f3 Les Voltes\",\"description\":\"El Pa\u00eds el fa la gent, nosaltres hi posem les eines.\",\"publisher\":{\"@id\":\"https:\/\/lesvoltes.eu\/es\/#organization\"},\"potentialAction\":[{\"@type\":\"SearchAction\",\"target\":{\"@type\":\"EntryPoint\",\"urlTemplate\":\"https:\/\/lesvoltes.eu\/es\/?s={search_term_string}\"},\"query-input\":{\"@type\":\"PropertyValueSpecification\",\"valueRequired\":true,\"valueName\":\"search_term_string\"}}],\"inLanguage\":\"es\"},{\"@type\":\"Organization\",\"@id\":\"https:\/\/lesvoltes.eu\/es\/#organization\",\"name\":\"Fundaci\u00f3 Les Voltes\",\"url\":\"https:\/\/lesvoltes.eu\/es\/\",\"logo\":{\"@type\":\"ImageObject\",\"inLanguage\":\"es\",\"@id\":\"https:\/\/lesvoltes.eu\/es\/#\/schema\/logo\/image\/\",\"url\":\"https:\/\/lesvoltes.eu\/wp-content\/uploads\/2025\/07\/favicon-les-voltes-girona.png\",\"contentUrl\":\"https:\/\/lesvoltes.eu\/wp-content\/uploads\/2025\/07\/favicon-les-voltes-girona.png\",\"width\":1407,\"height\":1406,\"caption\":\"Fundaci\u00f3 Les Voltes\"},\"image\":{\"@id\":\"https:\/\/lesvoltes.eu\/es\/#\/schema\/logo\/image\/\"}}]}<\/script>\n<!-- \/ Yoast SEO plugin. -->","yoast_head_json":{"title":"Informaci\u00f3n social, econ\u00f3mica, presupuestaria y patrimonial - Fundaci\u00f3 Les Voltes","robots":{"index":"index","follow":"follow","max-snippet":"max-snippet:-1","max-image-preview":"max-image-preview:large","max-video-preview":"max-video-preview:-1"},"canonical":"https:\/\/lesvoltes.eu\/es\/informacion-social-economica-presupuestaria-y-patrimonial\/","og_locale":"es_ES","og_type":"article","og_title":"Informaci\u00f3n social, econ\u00f3mica, presupuestaria y patrimonial - Fundaci\u00f3 Les Voltes","og_description":"Informaci\u00f3n social, econ\u00f3mica, presupuestaria y patrimonial. Informaci\u00f3n relativa al programa anual de actividades. De conformidad con el art\u00edculo 5 y siguientes de la Ley 19\/2014, de 20 de diciembre, as\u00ed como del art\u00edculo 8 de la ORDEN JUS\/152\/2018, de 12 de septiembre, de transparencia, acceso a la informaci\u00f3n p\u00fablica y buen gobierno, se informa que [&hellip;]","og_url":"https:\/\/lesvoltes.eu\/es\/informacion-social-economica-presupuestaria-y-patrimonial\/","og_site_name":"Fundaci\u00f3 Les Voltes","article_modified_time":"2025-10-23T11:00:21+00:00","twitter_card":"summary_large_image","twitter_misc":{"Tiempo de lectura":"14 minutos"},"schema":{"@context":"https:\/\/schema.org","@graph":[{"@type":"WebPage","@id":"https:\/\/lesvoltes.eu\/es\/informacion-social-economica-presupuestaria-y-patrimonial\/","url":"https:\/\/lesvoltes.eu\/es\/informacion-social-economica-presupuestaria-y-patrimonial\/","name":"Informaci\u00f3n social, econ\u00f3mica, presupuestaria y patrimonial - Fundaci\u00f3 Les Voltes","isPartOf":{"@id":"https:\/\/lesvoltes.eu\/es\/#website"},"datePublished":"2025-10-23T09:56:23+00:00","dateModified":"2025-10-23T11:00:21+00:00","breadcrumb":{"@id":"https:\/\/lesvoltes.eu\/es\/informacion-social-economica-presupuestaria-y-patrimonial\/#breadcrumb"},"inLanguage":"es","potentialAction":[{"@type":"ReadAction","target":["https:\/\/lesvoltes.eu\/es\/informacion-social-economica-presupuestaria-y-patrimonial\/"]}]},{"@type":"BreadcrumbList","@id":"https:\/\/lesvoltes.eu\/es\/informacion-social-economica-presupuestaria-y-patrimonial\/#breadcrumb","itemListElement":[{"@type":"ListItem","position":1,"name":"Inici","item":"https:\/\/lesvoltes.eu\/es\/inicio\/"},{"@type":"ListItem","position":2,"name":"Informaci\u00f3n social, econ\u00f3mica, presupuestaria y patrimonial"}]},{"@type":"WebSite","@id":"https:\/\/lesvoltes.eu\/es\/#website","url":"https:\/\/lesvoltes.eu\/es\/","name":"Fundaci\u00f3 Les Voltes","description":"El Pa\u00eds el fa la gent, nosaltres hi posem les eines.","publisher":{"@id":"https:\/\/lesvoltes.eu\/es\/#organization"},"potentialAction":[{"@type":"SearchAction","target":{"@type":"EntryPoint","urlTemplate":"https:\/\/lesvoltes.eu\/es\/?s={search_term_string}"},"query-input":{"@type":"PropertyValueSpecification","valueRequired":true,"valueName":"search_term_string"}}],"inLanguage":"es"},{"@type":"Organization","@id":"https:\/\/lesvoltes.eu\/es\/#organization","name":"Fundaci\u00f3 Les Voltes","url":"https:\/\/lesvoltes.eu\/es\/","logo":{"@type":"ImageObject","inLanguage":"es","@id":"https:\/\/lesvoltes.eu\/es\/#\/schema\/logo\/image\/","url":"https:\/\/lesvoltes.eu\/wp-content\/uploads\/2025\/07\/favicon-les-voltes-girona.png","contentUrl":"https:\/\/lesvoltes.eu\/wp-content\/uploads\/2025\/07\/favicon-les-voltes-girona.png","width":1407,"height":1406,"caption":"Fundaci\u00f3 Les Voltes"},"image":{"@id":"https:\/\/lesvoltes.eu\/es\/#\/schema\/logo\/image\/"}}]}},"_links":{"self":[{"href":"https:\/\/lesvoltes.eu\/es\/wp-json\/wp\/v2\/pages\/1318","targetHints":{"allow":["GET"]}}],"collection":[{"href":"https:\/\/lesvoltes.eu\/es\/wp-json\/wp\/v2\/pages"}],"about":[{"href":"https:\/\/lesvoltes.eu\/es\/wp-json\/wp\/v2\/types\/page"}],"author":[{"embeddable":true,"href":"https:\/\/lesvoltes.eu\/es\/wp-json\/wp\/v2\/users\/1"}],"replies":[{"embeddable":true,"href":"https:\/\/lesvoltes.eu\/es\/wp-json\/wp\/v2\/comments?post=1318"}],"version-history":[{"count":4,"href":"https:\/\/lesvoltes.eu\/es\/wp-json\/wp\/v2\/pages\/1318\/revisions"}],"predecessor-version":[{"id":1374,"href":"https:\/\/lesvoltes.eu\/es\/wp-json\/wp\/v2\/pages\/1318\/revisions\/1374"}],"wp:attachment":[{"href":"https:\/\/lesvoltes.eu\/es\/wp-json\/wp\/v2\/media?parent=1318"}],"curies":[{"name":"wp","href":"https:\/\/api.w.org\/{rel}","templated":true}]}}