{"id":1366,"date":"2025-10-23T12:57:38","date_gmt":"2025-10-23T10:57:38","guid":{"rendered":"https:\/\/lesvoltes.eu\/aviso-legal\/"},"modified":"2025-10-23T13:07:05","modified_gmt":"2025-10-23T11:07:05","slug":"aviso-legal","status":"publish","type":"page","link":"https:\/\/lesvoltes.eu\/es\/aviso-legal\/","title":{"rendered":"Aviso Legal"},"content":{"rendered":"\t\t<div data-elementor-type=\"wp-page\" data-elementor-id=\"1366\" class=\"elementor elementor-1366 elementor-1364\" data-elementor-post-type=\"page\">\n\t\t\t\t<div class=\"elementor-element elementor-element-374431b e-con-full e-flex e-con e-parent\" data-id=\"374431b\" data-element_type=\"container\" data-settings=\"{&quot;background_background&quot;:&quot;classic&quot;}\">\n\t\t<div class=\"elementor-element elementor-element-cbedd4e e-con-full e-flex e-con e-child\" data-id=\"cbedd4e\" data-element_type=\"container\">\n\t\t<div class=\"elementor-element elementor-element-33df2d9 e-con-full e-flex e-con e-child\" data-id=\"33df2d9\" data-element_type=\"container\">\n\t\t\t\t<div class=\"elementor-element elementor-element-776d091 animated-slow elementor-invisible elementor-widget elementor-widget-heading\" data-id=\"776d091\" data-element_type=\"widget\" data-settings=\"{&quot;_animation&quot;:&quot;fadeInRight&quot;,&quot;_animation_delay&quot;:400}\" data-widget_type=\"heading.default\">\n\t\t\t\t\t<h1 class=\"elementor-heading-title elementor-size-default\">Aviso Legal.<\/h1>\t\t\t\t<\/div>\n\t\t\t\t<\/div>\n\t\t\t\t<\/div>\n\t\t\t\t<\/div>\n\t\t<div class=\"elementor-element elementor-element-692fbc6 e-con-full e-flex e-con e-parent\" data-id=\"692fbc6\" data-element_type=\"container\">\n\t\t<div class=\"elementor-element elementor-element-e9e87d3 e-con-full e-flex e-con e-child\" data-id=\"e9e87d3\" data-element_type=\"container\">\n\t\t<div class=\"elementor-element elementor-element-450df58 e-con-full e-flex e-con e-child\" data-id=\"450df58\" data-element_type=\"container\">\n\t\t<div class=\"elementor-element elementor-element-56cae7f e-con-full e-flex e-con e-child\" data-id=\"56cae7f\" data-element_type=\"container\">\n\t\t\t\t<div class=\"elementor-element elementor-element-427c68a animated-slow elementor-invisible elementor-widget elementor-widget-heading\" data-id=\"427c68a\" data-element_type=\"widget\" data-settings=\"{&quot;_animation&quot;:&quot;fadeInRight&quot;,&quot;_animation_delay&quot;:400}\" data-widget_type=\"heading.default\">\n\t\t\t\t\t<h2 class=\"elementor-heading-title elementor-size-default\">1. Titular de la p\u00e1gina web.<\/h2>\t\t\t\t<\/div>\n\t\t\t\t<\/div>\n\t\t\t\t<\/div>\n\t\t<div class=\"elementor-element elementor-element-8c66c53 e-con-full e-flex e-con e-child\" data-id=\"8c66c53\" data-element_type=\"container\">\n\t\t<div class=\"elementor-element elementor-element-d5efce3 e-con-full e-flex e-con e-child\" data-id=\"d5efce3\" data-element_type=\"container\">\n\t\t\t\t<div class=\"elementor-element elementor-element-e67c677 animated-slow elementor-invisible elementor-widget elementor-widget-text-editor\" data-id=\"e67c677\" data-element_type=\"widget\" data-settings=\"{&quot;_animation&quot;:&quot;fadeInUp&quot;,&quot;_animation_delay&quot;:200}\" data-widget_type=\"text-editor.default\">\n\t\t\t\t\t\t\t\t\t<p><strong>Fundaci\u00f3n Librer\u00eda Les Voltes.<\/strong><br> CIF. G55188700<br> Inscrita en el Servicio de Registro y Asesoramiento de Entidades de Derecho Privado con el n\u00famero de inscripci\u00f3n 2828<br> Direcci\u00f3n social: Plaza del Vino, 2 \u00b7 17004 \u00b7 GIRONA<br> Correo electr\u00f3nico de contacto: <a href=\"mailto:info@lesvolteseduca.cat\">info@lesvolteseduca.cat<\/a> <\/p>\t\t\t\t\t\t\t\t<\/div>\n\t\t\t\t<\/div>\n\t\t\t\t<\/div>\n\t\t\t\t<\/div>\n\t\t\t\t<\/div>\n\t\t<div class=\"elementor-element elementor-element-c80f995 e-con-full e-flex e-con e-parent\" data-id=\"c80f995\" data-element_type=\"container\">\n\t\t<div class=\"elementor-element elementor-element-cf47956 e-con-full e-flex e-con e-child\" data-id=\"cf47956\" data-element_type=\"container\">\n\t\t<div class=\"elementor-element elementor-element-42dbee8 e-con-full e-flex e-con e-child\" data-id=\"42dbee8\" data-element_type=\"container\">\n\t\t<div class=\"elementor-element elementor-element-adc1ee4 e-con-full e-flex e-con e-child\" data-id=\"adc1ee4\" data-element_type=\"container\">\n\t\t\t\t<div class=\"elementor-element elementor-element-2acf238 animated-slow elementor-invisible elementor-widget elementor-widget-heading\" data-id=\"2acf238\" data-element_type=\"widget\" data-settings=\"{&quot;_animation&quot;:&quot;fadeInRight&quot;,&quot;_animation_delay&quot;:400}\" data-widget_type=\"heading.default\">\n\t\t\t\t\t<h2 class=\"elementor-heading-title elementor-size-default\">2. Protecci\u00f3n de datos.<\/h2>\t\t\t\t<\/div>\n\t\t\t\t<\/div>\n\t\t\t\t<\/div>\n\t\t<div class=\"elementor-element elementor-element-8aea3c1 e-con-full e-flex e-con e-child\" data-id=\"8aea3c1\" data-element_type=\"container\">\n\t\t<div class=\"elementor-element elementor-element-e3dc068 e-con-full e-flex e-con e-child\" data-id=\"e3dc068\" data-element_type=\"container\">\n\t\t\t\t<div class=\"elementor-element elementor-element-5a81ba6 animated-slow elementor-invisible elementor-widget elementor-widget-text-editor\" data-id=\"5a81ba6\" data-element_type=\"widget\" data-settings=\"{&quot;_animation&quot;:&quot;fadeInUp&quot;,&quot;_animation_delay&quot;:200}\" data-widget_type=\"text-editor.default\">\n\t\t\t\t\t\t\t\t\t<p>Los formularios \u00abRegistro\u00bb sirven para dar de alta al usuario en la plataforma y as\u00ed poder consultar el estado de sus pedidos, crear y gestionar una lista de deseos as\u00ed como suscribir el env\u00edo de informaci\u00f3n de Llibreria Les Voltes. El formulario \u00abcontacto\u00bb se entiende como un buz\u00f3n de atenci\u00f3n al usuario y tiene como finalidad, de conformidad con lo dispuesto en el art\u00edculo 5.2 de la Ley Org\u00e1nica 15\/1999, de 13 de diciembre, de protecci\u00f3n de datos de car\u00e1cter personal, canalizar aquellas cuestiones que puedan ser planteadas por el contactante. <\/p><p>La respuesta a los campos recogidos en los referidos formularios es obligatoria y su omisi\u00f3n imposibilitar\u00e1 que Llibreria Les Voltes pueda cumplir los fines que se quieren pactar.<br><br> Los datos recogidos son almacenados bajo la confidencialidad y las medidas de seguridad legalmente establecidas y no ser\u00e1n cedidas ni compartidas con empresas ni entidades ajenas a Llibreria Les Voltes, excepto en los siguientes casos:<\/p><p>Por disposici\u00f3n legal: los datos ser\u00e1n comunicados en caso de una disposici\u00f3n legal emitida por autoridades judiciales, administraciones p\u00fablicas o autoridades administrativas.<\/p><p>Gesti\u00f3n de pagos y cobros: se facilitar\u00e1n los datos personales imprescindibles para formalizar y gestionar el pago de los productos o servicios adquiridos en las entidades de cobro o bancarias (paypal, Banco o Caja de ahorros).<\/p><p>Ser\u00e1n comunicados a empresas de transporte o empleados postales los datos imprescindibles para el env\u00edo de los art\u00edculos adquiridos.<\/p><p>La Fundaci\u00f3n Librer\u00eda Les Voltes est\u00e1 obligada, de acuerdo con lo que se establece en el art\u00edculo 10 LOPD, a guardar confidencialidad sobre los datos personales tratados, incluso despu\u00e9s de las relaciones comerciales entre las partes y hay que extender esta obligaci\u00f3n a todas las organizaciones que hayan tenido acceso a la misma en la prestaci\u00f3n del servicio.<\/p>\t\t\t\t\t\t\t\t<\/div>\n\t\t\t\t<\/div>\n\t\t\t\t<\/div>\n\t\t\t\t<\/div>\n\t\t\t\t<\/div>\n\t\t<div class=\"elementor-element elementor-element-6ccea54 e-con-full e-flex e-con e-parent\" data-id=\"6ccea54\" data-element_type=\"container\">\n\t\t<div class=\"elementor-element elementor-element-b65d1c9 e-con-full e-flex e-con e-child\" data-id=\"b65d1c9\" data-element_type=\"container\">\n\t\t<div class=\"elementor-element elementor-element-05bde5b e-con-full e-flex e-con e-child\" data-id=\"05bde5b\" data-element_type=\"container\">\n\t\t<div class=\"elementor-element elementor-element-b7dae00 e-con-full e-flex e-con e-child\" data-id=\"b7dae00\" data-element_type=\"container\">\n\t\t\t\t<div class=\"elementor-element elementor-element-05635b6 animated-slow elementor-invisible elementor-widget elementor-widget-heading\" data-id=\"05635b6\" data-element_type=\"widget\" data-settings=\"{&quot;_animation&quot;:&quot;fadeInRight&quot;,&quot;_animation_delay&quot;:400}\" data-widget_type=\"heading.default\">\n\t\t\t\t\t<h2 class=\"elementor-heading-title elementor-size-default\">3. Uso de cookies.<\/h2>\t\t\t\t<\/div>\n\t\t\t\t<\/div>\n\t\t\t\t<\/div>\n\t\t<div class=\"elementor-element elementor-element-ec51c0b e-con-full e-flex e-con e-child\" data-id=\"ec51c0b\" data-element_type=\"container\">\n\t\t<div class=\"elementor-element elementor-element-cd7cee4 e-con-full e-flex e-con e-child\" data-id=\"cd7cee4\" data-element_type=\"container\">\n\t\t\t\t<div class=\"elementor-element elementor-element-23f9140 animated-slow elementor-invisible elementor-widget elementor-widget-text-editor\" data-id=\"23f9140\" data-element_type=\"widget\" data-settings=\"{&quot;_animation&quot;:&quot;fadeInUp&quot;,&quot;_animation_delay&quot;:200}\" data-widget_type=\"text-editor.default\">\n\t\t\t\t\t\t\t\t\t<p>Este sitio web requiere el uso de \u00abcookies\u00bb para su correcto funcionamiento. Una \u201ccookie\u201d es una peque\u00f1a informaci\u00f3n enviada por la web y que se almacena en el navegador del usuario, de modo que el sitio web puede consultar algunos datos del usuario. Esta web utiliza las siguientes \u201ccookies\u201d:  <\/p><p>Cookies de an\u00e1lisis: Permiten la monitorizaci\u00f3n y el an\u00e1lisis del comportamiento de los usuarios en nuestro sitio web. La informaci\u00f3n recogida se utiliza para la medida de la actividad de los usuarios en la web y la elaboraci\u00f3n de perfiles de navegaci\u00f3n de los usuarios, como el tiempo que permanecen y cuando se produce la visita, todo ello con el fin de mejorar la web. <\/p><p>Cookies t\u00e9cnicas: Permiten mostrar correctamente al usuario la navegaci\u00f3n a trav\u00e9s de una p\u00e1gina web, permitiendo tambi\u00e9n el uso de los diferentes servicios; como -por ejemplo- identificar y gestionar, acceder a partes de acceso restringido o comprar contenido mediante las redes sociales.<\/p><p>Cookies de personalizaci\u00f3n: Permiten adaptar la navegaci\u00f3n a nuestra p\u00e1gina web a las preferencias del usuario.<\/p><p><strong>\u00bfC\u00f3mo puedo inhabilitar o eliminar las cookies?<\/strong><\/p><p>Puede permitir, bloquear o eliminar las cookies instaladas en su ordenador configurando las opciones de su navegador. En los siguientes enlaces encontrar\u00e1 m\u00e1s informaci\u00f3n sobre la configuraci\u00f3n de las opciones de cookies en los distintos navegadores: <\/p><ul><li><a href=\"https:\/\/support.mozilla.org\/es\/kb\/habilitar-y-deshabilitar-cookies-que-los-sitios-we\" target=\"_blank\" rel=\"noopener noreferrer\">Firefox<\/a><\/li><li><a href=\"https:\/\/support.google.com\/chrome\/answer\/95647?hl=es\" target=\"_blank\" rel=\"noopener noreferrer\">Chrome<\/a><\/li><li><a href=\"https:\/\/support.microsoft.com\/es-es\/windows\/microsoft-edge-datos-de-exploraci%C3%B3n-y-privacidad-bb8174ba-9d73-dcf2-9b4a-c582b4e640dd\" target=\"_blank\" rel=\"noopener noreferrer\">Microsoft Edge<\/a><\/li><li><a href=\"https:\/\/windows.microsoft.com\/es-es\/internet-explorer\/delete-manage-cookies\" target=\"_blank\" rel=\"noopener noreferrer\">Internet Explorer<\/a><\/li><li><a href=\"http:\/\/support.apple.com\/kb\/PH11913\" target=\"_blank\" rel=\"noopener noreferrer\">Safari<\/a><\/li><\/ul>\t\t\t\t\t\t\t\t<\/div>\n\t\t\t\t<\/div>\n\t\t\t\t<\/div>\n\t\t\t\t<\/div>\n\t\t\t\t<\/div>\n\t\t<div class=\"elementor-element elementor-element-a88a25e e-con-full e-flex e-con e-parent\" data-id=\"a88a25e\" data-element_type=\"container\">\n\t\t<div class=\"elementor-element elementor-element-6a96ad7 e-con-full e-flex e-con e-child\" data-id=\"6a96ad7\" data-element_type=\"container\">\n\t\t<div class=\"elementor-element elementor-element-6b44215 e-con-full e-flex e-con e-child\" data-id=\"6b44215\" data-element_type=\"container\">\n\t\t<div class=\"elementor-element elementor-element-5fa7d0b e-con-full e-flex e-con e-child\" data-id=\"5fa7d0b\" data-element_type=\"container\">\n\t\t\t\t<div class=\"elementor-element elementor-element-af82273 animated-slow elementor-invisible elementor-widget elementor-widget-heading\" data-id=\"af82273\" data-element_type=\"widget\" data-settings=\"{&quot;_animation&quot;:&quot;fadeInRight&quot;,&quot;_animation_delay&quot;:400}\" data-widget_type=\"heading.default\">\n\t\t\t\t\t<h2 class=\"elementor-heading-title elementor-size-default\">4. Recogida de datos estad\u00edsticos.<\/h2>\t\t\t\t<\/div>\n\t\t\t\t<\/div>\n\t\t\t\t<\/div>\n\t\t<div class=\"elementor-element elementor-element-5272b74 e-con-full e-flex e-con e-child\" data-id=\"5272b74\" data-element_type=\"container\">\n\t\t<div class=\"elementor-element elementor-element-32aa2b9 e-con-full e-flex e-con e-child\" data-id=\"32aa2b9\" data-element_type=\"container\">\n\t\t\t\t<div class=\"elementor-element elementor-element-236c3a8 animated-slow elementor-invisible elementor-widget elementor-widget-text-editor\" data-id=\"236c3a8\" data-element_type=\"widget\" data-settings=\"{&quot;_animation&quot;:&quot;fadeInUp&quot;,&quot;_animation_delay&quot;:200}\" data-widget_type=\"text-editor.default\">\n\t\t\t\t\t\t\t\t\t<p>Esta p\u00e1gina web no recoge ni almacena datos personales de los visitantes no registrados y no compradores. \u00danicamente, con el fin de ofrecer el mejor servicio, y con el fin de facilitar su uso, se analizan el n\u00famero de p\u00e1ginas visitadas, el n\u00famero de visitas, as\u00ed como la actividad de los visitantes de la web, y su frecuencia de utilizaci\u00f3n. <br>Con esta informaci\u00f3n se analiza la frecuencia de uso de la web de Librer\u00eda Les Voltes a partir de los datos de conexi\u00f3n, y las secciones m\u00e1s visitadas. Llibreria Les Voltes no utiliza cookies para recoger informaci\u00f3n de los usuarios desde su p\u00e1gina web ni registra sus direcciones IP. <\/p>\t\t\t\t\t\t\t\t<\/div>\n\t\t\t\t<\/div>\n\t\t\t\t<\/div>\n\t\t\t\t<\/div>\n\t\t\t\t<\/div>\n\t\t<div class=\"elementor-element elementor-element-b6ecab0 e-con-full e-flex e-con e-parent\" data-id=\"b6ecab0\" data-element_type=\"container\">\n\t\t<div class=\"elementor-element elementor-element-5d505eb e-con-full e-flex e-con e-child\" data-id=\"5d505eb\" data-element_type=\"container\">\n\t\t<div class=\"elementor-element elementor-element-840e14d e-con-full e-flex e-con e-child\" data-id=\"840e14d\" data-element_type=\"container\">\n\t\t<div class=\"elementor-element elementor-element-e047587 e-con-full e-flex e-con e-child\" data-id=\"e047587\" data-element_type=\"container\">\n\t\t\t\t<div class=\"elementor-element elementor-element-9f62d3f animated-slow elementor-invisible elementor-widget elementor-widget-heading\" data-id=\"9f62d3f\" data-element_type=\"widget\" data-settings=\"{&quot;_animation&quot;:&quot;fadeInRight&quot;,&quot;_animation_delay&quot;:400}\" data-widget_type=\"heading.default\">\n\t\t\t\t\t<h2 class=\"elementor-heading-title elementor-size-default\">5. Derecho de acceso, oposici\u00f3n, rectificaci\u00f3n y cancelaci\u00f3n.<\/h2>\t\t\t\t<\/div>\n\t\t\t\t<\/div>\n\t\t\t\t<\/div>\n\t\t<div class=\"elementor-element elementor-element-9d9f71c e-con-full e-flex e-con e-child\" data-id=\"9d9f71c\" data-element_type=\"container\">\n\t\t<div class=\"elementor-element elementor-element-a0a9ff4 e-con-full e-flex e-con e-child\" data-id=\"a0a9ff4\" data-element_type=\"container\">\n\t\t\t\t<div class=\"elementor-element elementor-element-6ade7aa animated-slow elementor-invisible elementor-widget elementor-widget-text-editor\" data-id=\"6ade7aa\" data-element_type=\"widget\" data-settings=\"{&quot;_animation&quot;:&quot;fadeInUp&quot;,&quot;_animation_delay&quot;:200}\" data-widget_type=\"text-editor.default\">\n\t\t\t\t\t\t\t\t\t<p>Se informa que se pueden ejercitar los derechos de acceso, oposici\u00f3n, rectificaci\u00f3n y cancelaci\u00f3n enviando comunicaci\u00f3n escrita al responsable legal del fichero:<\/p><p><strong>Fundaci\u00f3 Llibreria Les Voltes<\/strong><br> Plaza del Vino, 2<br> 17004 &#8211; GIRONA<\/p><p>El usuario puede completar la informaci\u00f3n sobre sus derechos en esta materia y la forma de ejercerlos en la p\u00e1gina web de Autoridad Catalana de protecci\u00f3n de Datos: http:\/\/www.apd.cat<\/p><p>Queda prohibida la reproducci\u00f3n total o parcial de cualquier parte de esta p\u00e1gina, incluso el volcado del contenido a cualquier soporte, sin expresa autorizaci\u00f3n de Fundaci\u00f3 Llibreria Les Voltes.<\/p>\t\t\t\t\t\t\t\t<\/div>\n\t\t\t\t<\/div>\n\t\t\t\t<\/div>\n\t\t\t\t<\/div>\n\t\t\t\t<\/div>\n\t\t\t\t<\/div>\n\t\t","protected":false},"excerpt":{"rendered":"<p>Aviso Legal. 1. Titular de la p\u00e1gina web. Fundaci\u00f3n Librer\u00eda Les Voltes. CIF. G55188700 Inscrita en el Servicio de Registro y Asesoramiento de Entidades de Derecho Privado con el n\u00famero de inscripci\u00f3n 2828 Direcci\u00f3n social: Plaza del Vino, 2 \u00b7 17004 \u00b7 GIRONA Correo electr\u00f3nico de contacto: info@lesvolteseduca.cat 2. Protecci\u00f3n de datos. Los formularios \u00abRegistro\u00bb [&hellip;]<\/p>\n","protected":false},"author":1,"featured_media":0,"parent":0,"menu_order":0,"comment_status":"closed","ping_status":"closed","template":"","meta":{"footnotes":""},"class_list":["post-1366","page","type-page","status-publish","hentry"],"yoast_head":"<!-- This site is optimized with the Yoast SEO plugin v26.9 - https:\/\/yoast.com\/product\/yoast-seo-wordpress\/ -->\n<title>Aviso Legal - Fundaci\u00f3 Les Voltes<\/title>\n<meta name=\"robots\" content=\"index, follow, max-snippet:-1, max-image-preview:large, max-video-preview:-1\" \/>\n<link rel=\"canonical\" href=\"https:\/\/lesvoltes.eu\/es\/aviso-legal\/\" \/>\n<meta property=\"og:locale\" content=\"es_ES\" \/>\n<meta property=\"og:type\" content=\"article\" \/>\n<meta property=\"og:title\" content=\"Aviso Legal - Fundaci\u00f3 Les Voltes\" \/>\n<meta property=\"og:description\" content=\"Aviso Legal. 1. Titular de la p\u00e1gina web. Fundaci\u00f3n Librer\u00eda Les Voltes. CIF. G55188700 Inscrita en el Servicio de Registro y Asesoramiento de Entidades de Derecho Privado con el n\u00famero de inscripci\u00f3n 2828 Direcci\u00f3n social: Plaza del Vino, 2 \u00b7 17004 \u00b7 GIRONA Correo electr\u00f3nico de contacto: info@lesvolteseduca.cat 2. Protecci\u00f3n de datos. Los formularios \u00abRegistro\u00bb [&hellip;]\" \/>\n<meta property=\"og:url\" content=\"https:\/\/lesvoltes.eu\/es\/aviso-legal\/\" \/>\n<meta property=\"og:site_name\" content=\"Fundaci\u00f3 Les Voltes\" \/>\n<meta property=\"article:modified_time\" content=\"2025-10-23T11:07:05+00:00\" \/>\n<meta name=\"twitter:card\" content=\"summary_large_image\" \/>\n<meta name=\"twitter:label1\" content=\"Tiempo de lectura\" \/>\n\t<meta name=\"twitter:data1\" content=\"4 minutos\" \/>\n<script type=\"application\/ld+json\" class=\"yoast-schema-graph\">{\"@context\":\"https:\/\/schema.org\",\"@graph\":[{\"@type\":\"WebPage\",\"@id\":\"https:\/\/lesvoltes.eu\/es\/aviso-legal\/\",\"url\":\"https:\/\/lesvoltes.eu\/es\/aviso-legal\/\",\"name\":\"Aviso Legal - Fundaci\u00f3 Les Voltes\",\"isPartOf\":{\"@id\":\"https:\/\/lesvoltes.eu\/es\/#website\"},\"datePublished\":\"2025-10-23T10:57:38+00:00\",\"dateModified\":\"2025-10-23T11:07:05+00:00\",\"breadcrumb\":{\"@id\":\"https:\/\/lesvoltes.eu\/es\/aviso-legal\/#breadcrumb\"},\"inLanguage\":\"es\",\"potentialAction\":[{\"@type\":\"ReadAction\",\"target\":[\"https:\/\/lesvoltes.eu\/es\/aviso-legal\/\"]}]},{\"@type\":\"BreadcrumbList\",\"@id\":\"https:\/\/lesvoltes.eu\/es\/aviso-legal\/#breadcrumb\",\"itemListElement\":[{\"@type\":\"ListItem\",\"position\":1,\"name\":\"Inici\",\"item\":\"https:\/\/lesvoltes.eu\/es\/inicio\/\"},{\"@type\":\"ListItem\",\"position\":2,\"name\":\"Aviso Legal\"}]},{\"@type\":\"WebSite\",\"@id\":\"https:\/\/lesvoltes.eu\/es\/#website\",\"url\":\"https:\/\/lesvoltes.eu\/es\/\",\"name\":\"Fundaci\u00f3 Les Voltes\",\"description\":\"El Pa\u00eds el fa la gent, nosaltres hi posem les eines.\",\"publisher\":{\"@id\":\"https:\/\/lesvoltes.eu\/es\/#organization\"},\"potentialAction\":[{\"@type\":\"SearchAction\",\"target\":{\"@type\":\"EntryPoint\",\"urlTemplate\":\"https:\/\/lesvoltes.eu\/es\/?s={search_term_string}\"},\"query-input\":{\"@type\":\"PropertyValueSpecification\",\"valueRequired\":true,\"valueName\":\"search_term_string\"}}],\"inLanguage\":\"es\"},{\"@type\":\"Organization\",\"@id\":\"https:\/\/lesvoltes.eu\/es\/#organization\",\"name\":\"Fundaci\u00f3 Les Voltes\",\"url\":\"https:\/\/lesvoltes.eu\/es\/\",\"logo\":{\"@type\":\"ImageObject\",\"inLanguage\":\"es\",\"@id\":\"https:\/\/lesvoltes.eu\/es\/#\/schema\/logo\/image\/\",\"url\":\"https:\/\/lesvoltes.eu\/wp-content\/uploads\/2025\/07\/favicon-les-voltes-girona.png\",\"contentUrl\":\"https:\/\/lesvoltes.eu\/wp-content\/uploads\/2025\/07\/favicon-les-voltes-girona.png\",\"width\":1407,\"height\":1406,\"caption\":\"Fundaci\u00f3 Les Voltes\"},\"image\":{\"@id\":\"https:\/\/lesvoltes.eu\/es\/#\/schema\/logo\/image\/\"}}]}<\/script>\n<!-- \/ Yoast SEO plugin. -->","yoast_head_json":{"title":"Aviso Legal - Fundaci\u00f3 Les Voltes","robots":{"index":"index","follow":"follow","max-snippet":"max-snippet:-1","max-image-preview":"max-image-preview:large","max-video-preview":"max-video-preview:-1"},"canonical":"https:\/\/lesvoltes.eu\/es\/aviso-legal\/","og_locale":"es_ES","og_type":"article","og_title":"Aviso Legal - Fundaci\u00f3 Les Voltes","og_description":"Aviso Legal. 1. Titular de la p\u00e1gina web. Fundaci\u00f3n Librer\u00eda Les Voltes. CIF. G55188700 Inscrita en el Servicio de Registro y Asesoramiento de Entidades de Derecho Privado con el n\u00famero de inscripci\u00f3n 2828 Direcci\u00f3n social: Plaza del Vino, 2 \u00b7 17004 \u00b7 GIRONA Correo electr\u00f3nico de contacto: info@lesvolteseduca.cat 2. Protecci\u00f3n de datos. Los formularios \u00abRegistro\u00bb [&hellip;]","og_url":"https:\/\/lesvoltes.eu\/es\/aviso-legal\/","og_site_name":"Fundaci\u00f3 Les Voltes","article_modified_time":"2025-10-23T11:07:05+00:00","twitter_card":"summary_large_image","twitter_misc":{"Tiempo de lectura":"4 minutos"},"schema":{"@context":"https:\/\/schema.org","@graph":[{"@type":"WebPage","@id":"https:\/\/lesvoltes.eu\/es\/aviso-legal\/","url":"https:\/\/lesvoltes.eu\/es\/aviso-legal\/","name":"Aviso Legal - Fundaci\u00f3 Les Voltes","isPartOf":{"@id":"https:\/\/lesvoltes.eu\/es\/#website"},"datePublished":"2025-10-23T10:57:38+00:00","dateModified":"2025-10-23T11:07:05+00:00","breadcrumb":{"@id":"https:\/\/lesvoltes.eu\/es\/aviso-legal\/#breadcrumb"},"inLanguage":"es","potentialAction":[{"@type":"ReadAction","target":["https:\/\/lesvoltes.eu\/es\/aviso-legal\/"]}]},{"@type":"BreadcrumbList","@id":"https:\/\/lesvoltes.eu\/es\/aviso-legal\/#breadcrumb","itemListElement":[{"@type":"ListItem","position":1,"name":"Inici","item":"https:\/\/lesvoltes.eu\/es\/inicio\/"},{"@type":"ListItem","position":2,"name":"Aviso Legal"}]},{"@type":"WebSite","@id":"https:\/\/lesvoltes.eu\/es\/#website","url":"https:\/\/lesvoltes.eu\/es\/","name":"Fundaci\u00f3 Les Voltes","description":"El Pa\u00eds el fa la gent, nosaltres hi posem les eines.","publisher":{"@id":"https:\/\/lesvoltes.eu\/es\/#organization"},"potentialAction":[{"@type":"SearchAction","target":{"@type":"EntryPoint","urlTemplate":"https:\/\/lesvoltes.eu\/es\/?s={search_term_string}"},"query-input":{"@type":"PropertyValueSpecification","valueRequired":true,"valueName":"search_term_string"}}],"inLanguage":"es"},{"@type":"Organization","@id":"https:\/\/lesvoltes.eu\/es\/#organization","name":"Fundaci\u00f3 Les Voltes","url":"https:\/\/lesvoltes.eu\/es\/","logo":{"@type":"ImageObject","inLanguage":"es","@id":"https:\/\/lesvoltes.eu\/es\/#\/schema\/logo\/image\/","url":"https:\/\/lesvoltes.eu\/wp-content\/uploads\/2025\/07\/favicon-les-voltes-girona.png","contentUrl":"https:\/\/lesvoltes.eu\/wp-content\/uploads\/2025\/07\/favicon-les-voltes-girona.png","width":1407,"height":1406,"caption":"Fundaci\u00f3 Les Voltes"},"image":{"@id":"https:\/\/lesvoltes.eu\/es\/#\/schema\/logo\/image\/"}}]}},"_links":{"self":[{"href":"https:\/\/lesvoltes.eu\/es\/wp-json\/wp\/v2\/pages\/1366","targetHints":{"allow":["GET"]}}],"collection":[{"href":"https:\/\/lesvoltes.eu\/es\/wp-json\/wp\/v2\/pages"}],"about":[{"href":"https:\/\/lesvoltes.eu\/es\/wp-json\/wp\/v2\/types\/page"}],"author":[{"embeddable":true,"href":"https:\/\/lesvoltes.eu\/es\/wp-json\/wp\/v2\/users\/1"}],"replies":[{"embeddable":true,"href":"https:\/\/lesvoltes.eu\/es\/wp-json\/wp\/v2\/comments?post=1366"}],"version-history":[{"count":2,"href":"https:\/\/lesvoltes.eu\/es\/wp-json\/wp\/v2\/pages\/1366\/revisions"}],"predecessor-version":[{"id":1384,"href":"https:\/\/lesvoltes.eu\/es\/wp-json\/wp\/v2\/pages\/1366\/revisions\/1384"}],"wp:attachment":[{"href":"https:\/\/lesvoltes.eu\/es\/wp-json\/wp\/v2\/media?parent=1366"}],"curies":[{"name":"wp","href":"https:\/\/api.w.org\/{rel}","templated":true}]}}