{"id":1207,"date":"2025-07-29T16:22:17","date_gmt":"2025-07-29T14:22:17","guid":{"rendered":"https:\/\/lesvoltes.eu\/producte\/el-retorno-del-soldado\/"},"modified":"2025-07-29T16:22:17","modified_gmt":"2025-07-29T14:22:17","slug":"el-retorno-del-soldado","status":"publish","type":"product","link":"https:\/\/lesvoltes.eu\/es\/producte\/el-retorno-del-soldado\/","title":{"rendered":"El Retorno del Soldado"},"content":{"rendered":"<p>Desde el estallido de la guerra, nada se ha sabido del capit\u00e1n Chris Baldry, movilizado en el frente. En su casa, en las afueras de Londres, su esposa y su prima, devota admiradora de Chris, esperan con impaciencia cualquier novedad que les permita mantener la esperanza. Finalmente, llega una carta de un pariente cura que asegura que le ha encontrado en un hospital de campa\u00f1a sin un ara\u00f1azo, pero afectado por una crisis de amnesia que le ha borrado de la memoria en los \u00faltimos quince a\u00f1os. Ambas mujeres respiran aliviadas, pensando que su recuperaci\u00f3n es s\u00f3lo cuesti\u00f3n de d\u00edas o semanas; sin embargo, al llegar a casa, \u00e9l ni siquiera es capaz de identificar a su esposa, y le cuesta reconocer a su prima, que ahora de repente voz convertida en una mujer ya madura. El regreso del soldado es una novela extraordinariamente bella ya la vez inquietante, en la que Rebecca West explora la forma en que las emociones modifican, a veces dram\u00e1ticamente, el laberinto de nuestros recuerdos. En 1982 se realiz\u00f3 una versi\u00f3n cinematogr\u00e1fica, dirigida por Alan Bridges, con Alan Bates, Glenda Jackson, Julie Christie y Ann-Margret en los papeles protagonistas.     <\/p>\n","protected":false},"excerpt":{"rendered":"<p>Desde el estallido de la guerra, nada se ha sabido del capit\u00e1n Chris Baldry, movilizado en el frente. En su casa, en las afueras de Londres, su esposa y su prima, devota admiradora de Chris, esperan con impaciencia cualquier novedad que les permita mantener la esperanza. Finalmente, llega una carta de un pariente cura que asegura que le ha encontrado en un hospital de campa\u00f1a sin un ara\u00f1azo, pero afectado por una crisis de amnesia que le ha borrado de la memoria en los \u00faltimos quince a\u00f1os. Ambas mujeres respiran aliviadas, pensando que su recuperaci\u00f3n es s\u00f3lo cuesti\u00f3n de d\u00edas o semanas; sin embargo, al llegar a casa, \u00e9l ni siquiera es capaz de identificar a su esposa, y le cuesta reconocer a su prima, que ahora de repente voz convertida en una mujer ya madura. El regreso del soldado es una novela extraordinariamente bella ya la vez inquietante, en la que Rebecca West explora la forma en que las emociones modifican, a veces dram\u00e1ticamente, el laberinto de nuestros recuerdos. En 1982 se realiz\u00f3 una versi\u00f3n cinematogr\u00e1fica, dirigida por Alan Bridges, con Alan Bates, Glenda Jackson, Julie Christie y Ann-Margret en los papeles protagonistas.     <\/p>\n","protected":false},"featured_media":618,"comment_status":"open","ping_status":"closed","template":"","meta":[],"product_brand":[],"product_cat":[65],"product_tag":[],"autor":[63],"editorial":[64],"class_list":{"0":"post-1207","1":"product","2":"type-product","3":"status-publish","4":"has-post-thumbnail","6":"product_cat-no-ficcion","7":"autor-rebecca-west-es","8":"editorial-viena-ediciones","10":"first","11":"instock","12":"taxable","13":"shipping-taxable","14":"purchasable","15":"product-type-simple"},"yoast_head":"<!-- This site is optimized with the Yoast SEO plugin v26.9 - https:\/\/yoast.com\/product\/yoast-seo-wordpress\/ -->\n<title>El Retorno del Soldado - Fundaci\u00f3 Les Voltes<\/title>\n<meta name=\"robots\" content=\"index, follow, max-snippet:-1, max-image-preview:large, max-video-preview:-1\" \/>\n<link rel=\"canonical\" href=\"https:\/\/lesvoltes.eu\/es\/producte\/el-retorno-del-soldado\/\" \/>\n<meta property=\"og:locale\" content=\"es_ES\" \/>\n<meta property=\"og:type\" content=\"article\" \/>\n<meta property=\"og:title\" content=\"El Retorno del Soldado - Fundaci\u00f3 Les Voltes\" \/>\n<meta property=\"og:description\" content=\"Desde el estallido de la guerra, nada se ha sabido del capit\u00e1n Chris Baldry, movilizado en el frente. En su casa, en las afueras de Londres, su esposa y su prima, devota admiradora de Chris, esperan con impaciencia cualquier novedad que les permita mantener la esperanza. Finalmente, llega una carta de un pariente cura que asegura que le ha encontrado en un hospital de campa\u00f1a sin un ara\u00f1azo, pero afectado por una crisis de amnesia que le ha borrado de la memoria en los \u00faltimos quince a\u00f1os. Ambas mujeres respiran aliviadas, pensando que su recuperaci\u00f3n es s\u00f3lo cuesti\u00f3n de d\u00edas o semanas; sin embargo, al llegar a casa, \u00e9l ni siquiera es capaz de identificar a su esposa, y le cuesta reconocer a su prima, que ahora de repente voz convertida en una mujer ya madura. El regreso del soldado es una novela extraordinariamente bella ya la vez inquietante, en la que Rebecca West explora la forma en que las emociones modifican, a veces dram\u00e1ticamente, el laberinto de nuestros recuerdos. En 1982 se realiz\u00f3 una versi\u00f3n cinematogr\u00e1fica, dirigida por Alan Bridges, con Alan Bates, Glenda Jackson, Julie Christie y Ann-Margret en los papeles protagonistas.\" \/>\n<meta property=\"og:url\" content=\"https:\/\/lesvoltes.eu\/es\/producte\/el-retorno-del-soldado\/\" \/>\n<meta property=\"og:site_name\" content=\"Fundaci\u00f3 Les Voltes\" \/>\n<meta property=\"og:image\" content=\"https:\/\/lesvoltes.eu\/wp-content\/uploads\/2025\/07\/8889b7841f07c21473f77f4e25159ff725a9d114.jpg\" \/>\n\t<meta property=\"og:image:width\" content=\"300\" \/>\n\t<meta property=\"og:image:height\" content=\"443\" \/>\n\t<meta property=\"og:image:type\" content=\"image\/jpeg\" \/>\n<meta name=\"twitter:card\" content=\"summary_large_image\" \/>\n<meta name=\"twitter:label1\" content=\"Tiempo de lectura\" \/>\n\t<meta name=\"twitter:data1\" content=\"1 minuto\" \/>\n<script type=\"application\/ld+json\" class=\"yoast-schema-graph\">{\"@context\":\"https:\/\/schema.org\",\"@graph\":[{\"@type\":\"WebPage\",\"@id\":\"https:\/\/lesvoltes.eu\/es\/producte\/el-retorno-del-soldado\/\",\"url\":\"https:\/\/lesvoltes.eu\/es\/producte\/el-retorno-del-soldado\/\",\"name\":\"El Retorno del Soldado - Fundaci\u00f3 Les Voltes\",\"isPartOf\":{\"@id\":\"https:\/\/lesvoltes.eu\/es\/#website\"},\"primaryImageOfPage\":{\"@id\":\"https:\/\/lesvoltes.eu\/es\/producte\/el-retorno-del-soldado\/#primaryimage\"},\"image\":{\"@id\":\"https:\/\/lesvoltes.eu\/es\/producte\/el-retorno-del-soldado\/#primaryimage\"},\"thumbnailUrl\":\"https:\/\/lesvoltes.eu\/wp-content\/uploads\/2025\/07\/8889b7841f07c21473f77f4e25159ff725a9d114.jpg\",\"datePublished\":\"2025-07-29T14:22:17+00:00\",\"breadcrumb\":{\"@id\":\"https:\/\/lesvoltes.eu\/es\/producte\/el-retorno-del-soldado\/#breadcrumb\"},\"inLanguage\":\"es\",\"potentialAction\":[{\"@type\":\"ReadAction\",\"target\":[\"https:\/\/lesvoltes.eu\/es\/producte\/el-retorno-del-soldado\/\"]}]},{\"@type\":\"ImageObject\",\"inLanguage\":\"es\",\"@id\":\"https:\/\/lesvoltes.eu\/es\/producte\/el-retorno-del-soldado\/#primaryimage\",\"url\":\"https:\/\/lesvoltes.eu\/wp-content\/uploads\/2025\/07\/8889b7841f07c21473f77f4e25159ff725a9d114.jpg\",\"contentUrl\":\"https:\/\/lesvoltes.eu\/wp-content\/uploads\/2025\/07\/8889b7841f07c21473f77f4e25159ff725a9d114.jpg\",\"width\":300,\"height\":443},{\"@type\":\"BreadcrumbList\",\"@id\":\"https:\/\/lesvoltes.eu\/es\/producte\/el-retorno-del-soldado\/#breadcrumb\",\"itemListElement\":[{\"@type\":\"ListItem\",\"position\":1,\"name\":\"Inici\",\"item\":\"https:\/\/lesvoltes.eu\/es\/inicio\/\"},{\"@type\":\"ListItem\",\"position\":2,\"name\":\"Tienda\",\"item\":\"https:\/\/lesvoltes.eu\/es\/tienda\/\"},{\"@type\":\"ListItem\",\"position\":3,\"name\":\"El Retorno del Soldado\"}]},{\"@type\":\"WebSite\",\"@id\":\"https:\/\/lesvoltes.eu\/es\/#website\",\"url\":\"https:\/\/lesvoltes.eu\/es\/\",\"name\":\"Fundaci\u00f3 Les Voltes\",\"description\":\"El Pa\u00eds el fa la gent, nosaltres hi posem les eines.\",\"publisher\":{\"@id\":\"https:\/\/lesvoltes.eu\/es\/#organization\"},\"potentialAction\":[{\"@type\":\"SearchAction\",\"target\":{\"@type\":\"EntryPoint\",\"urlTemplate\":\"https:\/\/lesvoltes.eu\/es\/?s={search_term_string}\"},\"query-input\":{\"@type\":\"PropertyValueSpecification\",\"valueRequired\":true,\"valueName\":\"search_term_string\"}}],\"inLanguage\":\"es\"},{\"@type\":\"Organization\",\"@id\":\"https:\/\/lesvoltes.eu\/es\/#organization\",\"name\":\"Fundaci\u00f3 Les Voltes\",\"url\":\"https:\/\/lesvoltes.eu\/es\/\",\"logo\":{\"@type\":\"ImageObject\",\"inLanguage\":\"es\",\"@id\":\"https:\/\/lesvoltes.eu\/es\/#\/schema\/logo\/image\/\",\"url\":\"https:\/\/lesvoltes.eu\/wp-content\/uploads\/2025\/07\/favicon-les-voltes-girona.png\",\"contentUrl\":\"https:\/\/lesvoltes.eu\/wp-content\/uploads\/2025\/07\/favicon-les-voltes-girona.png\",\"width\":1407,\"height\":1406,\"caption\":\"Fundaci\u00f3 Les Voltes\"},\"image\":{\"@id\":\"https:\/\/lesvoltes.eu\/es\/#\/schema\/logo\/image\/\"}}]}<\/script>\n<!-- \/ Yoast SEO plugin. -->","yoast_head_json":{"title":"El Retorno del Soldado - Fundaci\u00f3 Les Voltes","robots":{"index":"index","follow":"follow","max-snippet":"max-snippet:-1","max-image-preview":"max-image-preview:large","max-video-preview":"max-video-preview:-1"},"canonical":"https:\/\/lesvoltes.eu\/es\/producte\/el-retorno-del-soldado\/","og_locale":"es_ES","og_type":"article","og_title":"El Retorno del Soldado - Fundaci\u00f3 Les Voltes","og_description":"Desde el estallido de la guerra, nada se ha sabido del capit\u00e1n Chris Baldry, movilizado en el frente. En su casa, en las afueras de Londres, su esposa y su prima, devota admiradora de Chris, esperan con impaciencia cualquier novedad que les permita mantener la esperanza. Finalmente, llega una carta de un pariente cura que asegura que le ha encontrado en un hospital de campa\u00f1a sin un ara\u00f1azo, pero afectado por una crisis de amnesia que le ha borrado de la memoria en los \u00faltimos quince a\u00f1os. Ambas mujeres respiran aliviadas, pensando que su recuperaci\u00f3n es s\u00f3lo cuesti\u00f3n de d\u00edas o semanas; sin embargo, al llegar a casa, \u00e9l ni siquiera es capaz de identificar a su esposa, y le cuesta reconocer a su prima, que ahora de repente voz convertida en una mujer ya madura. El regreso del soldado es una novela extraordinariamente bella ya la vez inquietante, en la que Rebecca West explora la forma en que las emociones modifican, a veces dram\u00e1ticamente, el laberinto de nuestros recuerdos. En 1982 se realiz\u00f3 una versi\u00f3n cinematogr\u00e1fica, dirigida por Alan Bridges, con Alan Bates, Glenda Jackson, Julie Christie y Ann-Margret en los papeles protagonistas.","og_url":"https:\/\/lesvoltes.eu\/es\/producte\/el-retorno-del-soldado\/","og_site_name":"Fundaci\u00f3 Les Voltes","og_image":[{"width":300,"height":443,"url":"https:\/\/lesvoltes.eu\/wp-content\/uploads\/2025\/07\/8889b7841f07c21473f77f4e25159ff725a9d114.jpg","type":"image\/jpeg"}],"twitter_card":"summary_large_image","twitter_misc":{"Tiempo de lectura":"1 minuto"},"schema":{"@context":"https:\/\/schema.org","@graph":[{"@type":"WebPage","@id":"https:\/\/lesvoltes.eu\/es\/producte\/el-retorno-del-soldado\/","url":"https:\/\/lesvoltes.eu\/es\/producte\/el-retorno-del-soldado\/","name":"El Retorno del Soldado - Fundaci\u00f3 Les Voltes","isPartOf":{"@id":"https:\/\/lesvoltes.eu\/es\/#website"},"primaryImageOfPage":{"@id":"https:\/\/lesvoltes.eu\/es\/producte\/el-retorno-del-soldado\/#primaryimage"},"image":{"@id":"https:\/\/lesvoltes.eu\/es\/producte\/el-retorno-del-soldado\/#primaryimage"},"thumbnailUrl":"https:\/\/lesvoltes.eu\/wp-content\/uploads\/2025\/07\/8889b7841f07c21473f77f4e25159ff725a9d114.jpg","datePublished":"2025-07-29T14:22:17+00:00","breadcrumb":{"@id":"https:\/\/lesvoltes.eu\/es\/producte\/el-retorno-del-soldado\/#breadcrumb"},"inLanguage":"es","potentialAction":[{"@type":"ReadAction","target":["https:\/\/lesvoltes.eu\/es\/producte\/el-retorno-del-soldado\/"]}]},{"@type":"ImageObject","inLanguage":"es","@id":"https:\/\/lesvoltes.eu\/es\/producte\/el-retorno-del-soldado\/#primaryimage","url":"https:\/\/lesvoltes.eu\/wp-content\/uploads\/2025\/07\/8889b7841f07c21473f77f4e25159ff725a9d114.jpg","contentUrl":"https:\/\/lesvoltes.eu\/wp-content\/uploads\/2025\/07\/8889b7841f07c21473f77f4e25159ff725a9d114.jpg","width":300,"height":443},{"@type":"BreadcrumbList","@id":"https:\/\/lesvoltes.eu\/es\/producte\/el-retorno-del-soldado\/#breadcrumb","itemListElement":[{"@type":"ListItem","position":1,"name":"Inici","item":"https:\/\/lesvoltes.eu\/es\/inicio\/"},{"@type":"ListItem","position":2,"name":"Tienda","item":"https:\/\/lesvoltes.eu\/es\/tienda\/"},{"@type":"ListItem","position":3,"name":"El Retorno del Soldado"}]},{"@type":"WebSite","@id":"https:\/\/lesvoltes.eu\/es\/#website","url":"https:\/\/lesvoltes.eu\/es\/","name":"Fundaci\u00f3 Les Voltes","description":"El Pa\u00eds el fa la gent, nosaltres hi posem les eines.","publisher":{"@id":"https:\/\/lesvoltes.eu\/es\/#organization"},"potentialAction":[{"@type":"SearchAction","target":{"@type":"EntryPoint","urlTemplate":"https:\/\/lesvoltes.eu\/es\/?s={search_term_string}"},"query-input":{"@type":"PropertyValueSpecification","valueRequired":true,"valueName":"search_term_string"}}],"inLanguage":"es"},{"@type":"Organization","@id":"https:\/\/lesvoltes.eu\/es\/#organization","name":"Fundaci\u00f3 Les Voltes","url":"https:\/\/lesvoltes.eu\/es\/","logo":{"@type":"ImageObject","inLanguage":"es","@id":"https:\/\/lesvoltes.eu\/es\/#\/schema\/logo\/image\/","url":"https:\/\/lesvoltes.eu\/wp-content\/uploads\/2025\/07\/favicon-les-voltes-girona.png","contentUrl":"https:\/\/lesvoltes.eu\/wp-content\/uploads\/2025\/07\/favicon-les-voltes-girona.png","width":1407,"height":1406,"caption":"Fundaci\u00f3 Les Voltes"},"image":{"@id":"https:\/\/lesvoltes.eu\/es\/#\/schema\/logo\/image\/"}}]}},"_links":{"self":[{"href":"https:\/\/lesvoltes.eu\/es\/wp-json\/wp\/v2\/product\/1207","targetHints":{"allow":["GET"]}}],"collection":[{"href":"https:\/\/lesvoltes.eu\/es\/wp-json\/wp\/v2\/product"}],"about":[{"href":"https:\/\/lesvoltes.eu\/es\/wp-json\/wp\/v2\/types\/product"}],"replies":[{"embeddable":true,"href":"https:\/\/lesvoltes.eu\/es\/wp-json\/wp\/v2\/comments?post=1207"}],"wp:featuredmedia":[{"embeddable":true,"href":"https:\/\/lesvoltes.eu\/es\/wp-json\/wp\/v2\/media\/618"}],"wp:attachment":[{"href":"https:\/\/lesvoltes.eu\/es\/wp-json\/wp\/v2\/media?parent=1207"}],"wp:term":[{"taxonomy":"product_brand","embeddable":true,"href":"https:\/\/lesvoltes.eu\/es\/wp-json\/wp\/v2\/product_brand?post=1207"},{"taxonomy":"product_cat","embeddable":true,"href":"https:\/\/lesvoltes.eu\/es\/wp-json\/wp\/v2\/product_cat?post=1207"},{"taxonomy":"product_tag","embeddable":true,"href":"https:\/\/lesvoltes.eu\/es\/wp-json\/wp\/v2\/product_tag?post=1207"},{"taxonomy":"autor","embeddable":true,"href":"https:\/\/lesvoltes.eu\/es\/wp-json\/wp\/v2\/autor?post=1207"},{"taxonomy":"editorial","embeddable":true,"href":"https:\/\/lesvoltes.eu\/es\/wp-json\/wp\/v2\/editorial?post=1207"}],"curies":[{"name":"wp","href":"https:\/\/api.w.org\/{rel}","templated":true}]}}